{"id":15,"date":"2016-10-17T12:42:59","date_gmt":"2016-10-17T14:42:59","guid":{"rendered":"http:\/\/wwwt.his.puc-rio.br\/his\/home\/"},"modified":"2025-07-23T10:58:09","modified_gmt":"2025-07-23T13:58:09","slug":"home","status":"publish","type":"page","link":"https:\/\/www.his.puc-rio.br\/en\/","title":{"rendered":"HOME"},"content":{"rendered":"<p>\n\t\t<!-- MasterSlider -->\n\t\t<div id=\"P_MS69f105b2d8d6b\" class=\"master-slider-parent msl ms-parent-id-3\" style=\"max-width:1500px;\">\n\n\t\t\t\n\t\t\t<!-- MasterSlider Main -->\n\t\t\t<div id=\"MS69f105b2d8d6b\" class=\"master-slider ms-skin-default\" >\n\t\t\t\t \t\t\t\t \n\t\t\t\t<div  class=\"ms-slide\" data-delay=\"5\" data-fill-mode=\"fill\"  >\n\t\t\t\t\t<img decoding=\"async\" src=\"https:\/\/www.his.puc-rio.br\/wp-content\/plugins\/master-slider\/public\/assets\/css\/blank.gif\" alt=\"\" title=\"\" data-src=\"https:\/\/www.his.puc-rio.br\/wp-content\/uploads\/Boletim-de-Graduacao-2026.1-site.png\" \/>\n\t<a href=\"http:\/\/www.his.puc-rio.br\/wp-content\/uploads\/Boletim-de-Graduacao-2026.1-2.pdf\"     ><\/a>\n\n\t\t\t\t\t<div class=\"ms-info\"><h4 style=\"text-align: center;\"><span style=\"color: #000000;\"><br \/><br \/>Veja<\/span><span style=\"color: #0000ff;\"> <a style=\"color: #0000ff;\" href=\"http:\/\/www.his.puc-rio.br\/wp-content\/uploads\/Boletim-de-Graduacao-2026.1-2.pdf\" target=\"_blank\" rel=\"noopener\">aqui<\/a><\/span> <span style=\"color: #000000;\">o boletim da gradua\u00e7\u00e3o 2026.1<\/span><\/h4><\/div>\n\n\n\t<img decoding=\"async\" class=\"ms-thumb\" src=\"https:\/\/www.his.puc-rio.br\/wp-content\/uploads\/Boletim-de-Graduacao-2026.1-site-140x80.png\" alt=\"\" \/>\n\t<div class=\"ms-thumb\" ><div class=\"ms-tab-context\"><div class=&quot;ms-tab-context&quot;><\/div><\/div>\n<\/div>\n\t\t\t\t<\/div>\n\t\t\t\t<div  class=\"ms-slide\" data-delay=\"5\" data-fill-mode=\"fill\"  >\n\t\t\t\t\t<img decoding=\"async\" src=\"https:\/\/www.his.puc-rio.br\/wp-content\/plugins\/master-slider\/public\/assets\/css\/blank.gif\" alt=\"\" title=\"\" data-src=\"https:\/\/www.his.puc-rio.br\/wp-content\/uploads\/Boletim-de-pos-graduacao-2026.1-site.png\" \/>\n\t<a href=\"http:\/\/www.his.puc-rio.br\/wp-content\/uploads\/Boletim-de-Pos-Graduacao-2026.1-4-1.pdf\"     ><\/a>\n\n\t\t\t\t\t<div class=\"ms-info\"><h4 style=\"text-align: center;\"><span style=\"color: #000000;\"><br \/><br \/>Veja<\/span><span style=\"color: #0000ff;\"> <a style=\"color: #0000ff;\" href=\"http:\/\/www.his.puc-rio.br\/wp-content\/uploads\/Boletim-de-Pos-Graduacao-2026.1-4-1.pdf\" target=\"_blank\" rel=\"noopener\">aqui<\/a><\/span> <span style=\"color: #000000;\">o boletim da p\u00f3s-gradua\u00e7\u00e3o 2026.1<\/span><\/h4><\/div>\n\n\n\t<img decoding=\"async\" class=\"ms-thumb\" src=\"https:\/\/www.his.puc-rio.br\/wp-content\/uploads\/Boletim-de-pos-graduacao-2026.1-site-140x80.png\" alt=\"\" \/>\n\t<div class=\"ms-thumb\" ><div class=\"ms-tab-context\"><div class=&quot;ms-tab-context&quot;><\/div><\/div>\n<\/div>\n\t\t\t\t<\/div>\n\t\t\t\t<div  class=\"ms-slide\" data-delay=\"5\" data-fill-mode=\"fill\"  >\n\t\t\t\t\t<img decoding=\"async\" src=\"https:\/\/www.his.puc-rio.br\/wp-content\/plugins\/master-slider\/public\/assets\/css\/blank.gif\" alt=\"\" title=\"\" data-src=\"https:\/\/www.his.puc-rio.br\/wp-content\/uploads\/Edital-sanduiche-no-exterior-pdse-2026-site-Segunda-chamada.png\" \/>\n\t<a href=\"http:\/\/www.his.puc-rio.br\/wp-content\/uploads\/Edital_interno_PDSE_2026_Segunda_Chamada_assinado.pdf\"     ><\/a>\n\n\t\t\t\t\t<div class=\"ms-info\"><h6 style=\"text-align: center;\"><span style=\"color: #000000;\">SEGUNDA CHAMDA<br \/><br \/>Programa de Doutorado Sandu\u00edche no Exterior (PDSE) da CAPES<\/span><\/h6><h6 style=\"text-align: center;\"><span style=\"color: #000000;\">Edital de candidatura \u00e0s bolsas PPGHSC\/PUC-Rio PDSE\/CAPES_2026<\/span><\/h6><h6 style=\"text-align: center;\"><span style=\"color: #000000;\">Veja o edital <\/span><a style=\"color: #0000ff;\" href=\"http:\/\/www.his.puc-rio.br\/wp-content\/uploads\/Edital_interno_PDSE_2026_Segunda_Chamada_assinado.pdf\" target=\"_blank\" rel=\"noopener\">aqui<\/a><\/h6><\/div>\n\n\n\t<img decoding=\"async\" class=\"ms-thumb\" src=\"https:\/\/www.his.puc-rio.br\/wp-content\/uploads\/Edital-sanduiche-no-exterior-pdse-2026-site-Segunda-chamada-140x80.png\" alt=\"\" \/>\n\t<div class=\"ms-thumb\" ><div class=\"ms-tab-context\"><div class=&quot;ms-tab-context&quot;><\/div><\/div>\n<\/div>\n\t\t\t\t<\/div>\n\t\t\t\t<div  class=\"ms-slide\" data-delay=\"5\" data-fill-mode=\"fill\"  >\n\t\t\t\t\t<img decoding=\"async\" src=\"https:\/\/www.his.puc-rio.br\/wp-content\/plugins\/master-slider\/public\/assets\/css\/blank.gif\" alt=\"\" title=\"\" data-src=\"https:\/\/www.his.puc-rio.br\/wp-content\/uploads\/Vagas-pos-graduacao-historia-social-da-cultura-portugues-site.png\" \/>\n\t<a href=\"https:\/\/www.his.puc-rio.br\/pb\/o-programa-de-pos-graduacao-em-historia-social-da-cultura-da-puc-rio-divulga-a-selecao-de-candidatos-as-estrangeiros-as-a-bolsas-de-doutorado-sanduiche-do-programa-pec-pg-da-capes\/\"     ><\/a>\n\n\t\t\t\t\t<div class=\"ms-info\"><h5 style=\"text-align: center;\"><span style=\"color: #000000;\"><br \/>O Programa de P\u00f3s-Gradua\u00e7\u00e3o em Hist\u00f3ria Social da Cultura da PUC-Rio divulga a Sele\u00e7\u00e3o de candidatos (as) estrangeiros (as) a bolsas de Doutorado Sandu\u00edche do Programa PEC-PG da CAPES!<\/span><\/h5><h5 style=\"text-align: center;\"><span style=\"color: #000000;\">Mais informa\u00e7\u00f5es e edital<\/span> <span style=\"color: #0000ff;\"><a style=\"color: #0000ff;\" href=\"https:\/\/www.his.puc-rio.br\/pb\/o-programa-de-pos-graduacao-em-historia-social-da-cultura-da-puc-rio-divulga-a-selecao-de-candidatos-as-estrangeiros-as-a-bolsas-de-doutorado-sanduiche-do-programa-pec-pg-da-capes\/\">aqui<\/a><\/span><\/h5><\/div>\n\n\n\t<img decoding=\"async\" class=\"ms-thumb\" src=\"https:\/\/www.his.puc-rio.br\/wp-content\/uploads\/Vagas-pos-graduacao-historia-social-da-cultura-portugues-site-140x80.png\" alt=\"\" \/>\n\t<div class=\"ms-thumb\" ><div class=\"ms-tab-context\"><div class=&quot;ms-tab-context&quot;><\/div><\/div>\n<\/div>\n\t\t\t\t<\/div>\n\t\t\t\t<div  class=\"ms-slide\" data-delay=\"3\" data-fill-mode=\"fill\"  >\n\t\t\t\t\t<img decoding=\"async\" src=\"https:\/\/www.his.puc-rio.br\/wp-content\/plugins\/master-slider\/public\/assets\/css\/blank.gif\" alt=\"\" title=\"\" data-src=\"https:\/\/www.his.puc-rio.br\/wp-content\/uploads\/Painel-de-monografias-site-1.jpg\" \/>\n\n\t\t\t\t\t<div class=\"ms-info ms-info-empty\">&nbsp;<\/div>\n\n\n\t<img decoding=\"async\" class=\"ms-thumb\" src=\"https:\/\/www.his.puc-rio.br\/wp-content\/uploads\/Painel-de-monografias-site-1-140x80.jpg\" alt=\"\" \/>\n\t<div class=\"ms-thumb\" ><div class=\"ms-tab-context\"><div class=&quot;ms-tab-context&quot;><\/div><\/div>\n<\/div>\n\t\t\t\t<\/div>\n\n\t\t\t<\/div>\n\t\t\t<!-- END MasterSlider Main -->\n\n\t\t\t \n\t\t<\/div>\n\t\t<!-- END MasterSlider -->\n\n\t\t<script>\n\t\t(function ( $ ) {\n\t\t\t\"use strict\";\n\n\t\t\t$(function () {\n\t\t\t\tvar masterslider_8d6b = new MasterSlider();\n\n\t\t\t\t\/\/ slider controls\n\t\t\t\tmasterslider_8d6b.control('arrows'     ,{ autohide:false, overVideo:true  });\t\t\t\tmasterslider_8d6b.control('bullets'    ,{ autohide:false, overVideo:true, dir:'h', align:'bottom' , margin:10  });\n\n\t\t\t\tmasterslider_8d6b.control('thumblist'  ,{ autohide:false, overVideo:true, dir:'h', speed:17, inset:false, arrows:false, hover:false, customClass:'', align:'bottom',type:'thumbs', margin:5, width:140, height:80, space:5, fillMode:'fill'  });\n\t\t\t\tmasterslider_8d6b.control('slideinfo'  ,{ autohide:false, overVideo:true, dir:'v', align:'right',inset:false , margin:10  , size:220 });\n\t\t\t\t\/\/ slider setup\n\t\t\t\tmasterslider_8d6b.setup(\"MS69f105b2d8d6b\", {\n\t\t\t\t\t\twidth           : 1836,\n\t\t\t\t\t\theight          : 1000,\n\t\t\t\t\t\tminHeight       : 400,\n\t\t\t\t\t\tspace           : 0,\n\t\t\t\t\t\tstart           : 1,\n\t\t\t\t\t\tgrabCursor      : true,\n\t\t\t\t\t\tswipe           : true,\n\t\t\t\t\t\tmouse           : true,\n\t\t\t\t\t\tlayout          : \"boxed\",\n\t\t\t\t\t\twheel           : false,\n\t\t\t\t\t\tautoplay        : true,\n\t\t\t\t\t\tinstantStartLayers:false,\n\t\t\t\t\t\tloop            : true,\n\t\t\t\t\t\tshuffle         : false,\n\t\t\t\t\t\tpreload         : 0,\n\t\t\t\t\t\theightLimit     : true,\n\t\t\t\t\t\tautoHeight      : false,\n\t\t\t\t\t\tsmoothHeight    : true,\n\t\t\t\t\t\tendPause        : false,\n\t\t\t\t\t\toverPause       : true,\n\t\t\t\t\t\tfillMode        : \"fill\",\n\t\t\t\t\t\tcenterControls  : true,\n\t\t\t\t\t\tstartOnAppear   : false,\n\t\t\t\t\t\tlayersMode      : \"center\",\n\t\t\t\t\t\thideLayers      : false,\n\t\t\t\t\t\tfullscreenMargin: 0,\n\t\t\t\t\t\tspeed           : 20,\n\t\t\t\t\t\tdir             : \"h\",\n\t\t\t\t\t\tparallaxMode    : 'swipe',\n\t\t\t\t\t\tview            : \"basic\"\n\t\t\t\t});\n\n\t\t\t\t\n\t\t\t\twindow.masterslider_instances = window.masterslider_instances || [];\n\t\t\t\twindow.masterslider_instances.push( masterslider_8d6b );\n\t\t\t });\n\n\t\t})(jQuery);\n\t\t<\/script>\n\n<\/p>\n<h4>SOBRE O DEPARTAMENTO<\/h4>\n<hr \/>\n<p>O Departamento de Hist\u00f3ria da PUC-Rio, criado em 1941, oferece cursos de gradua\u00e7\u00e3o \u2013 Licenciatura e Bacharelado em Hist\u00f3ria \u2013 e de p\u00f3s-gradua\u00e7\u00e3o <em>strictu senso<\/em> \u2013 Mestrado e Doutorado em Hist\u00f3ria Social da Cultura \u2013, al\u00e9m de cursos de Especializa\u00e7\u00e3o \u2013 em Hist\u00f3ria da Arte e da Arquitetura no Brasil e Hist\u00f3ria e Cultura Afrodescendente. Participa, tamb\u00e9m, do Mestrado Profissional Em Ensino de Hist\u00f3ria (PROFHIST\u00d3RIA \u2013 CAPES).<\/p>\n<p>O <em>campus<\/em> integrado da PUC-Rio, no bairro carioca da G\u00e1vea, oferece instala\u00e7\u00f5es modernas de qualidade para o ensino e a pesquisa \u2013 bibliotecas, rede wi-fi em todo o campus, centro de computa\u00e7\u00e3o, etc. \u2013 e propicia aos alunos e professores do Departamento de Hist\u00f3ria uma intera\u00e7\u00e3o efetiva com as atividades acad\u00eamicas dos demais departamentos da Universidade, fortalecendo, na pr\u00e1tica, a perspectiva interdisciplinar que marca a forma\u00e7\u00e3o dos seus estudantes.<\/p>\n<h4><\/h4>\n<h4>DESTAQUES<\/h4>\n<hr \/>\n<div class='content-column one_half'><p><a href=\"http:\/\/www.his.puc-rio.br\/home\/destaques_laboratorios-2\/\" rel=\"attachment wp-att-3460\"><img loading=\"lazy\" decoding=\"async\" class=\"alignleft wp-image-3460 size-full\" src=\"http:\/\/www.his.puc-rio.br\/wp-content\/uploads\/destaques_laborato\u0301rios.png\" width=\"1024\" height=\"875\" srcset=\"https:\/\/www.his.puc-rio.br\/wp-content\/uploads\/destaques_laborato\u0301rios.png 1024w, https:\/\/www.his.puc-rio.br\/wp-content\/uploads\/destaques_laborato\u0301rios-300x256.png 300w, https:\/\/www.his.puc-rio.br\/wp-content\/uploads\/destaques_laborato\u0301rios-624x533.png 624w\" sizes=\"(max-width: 1024px) 100vw, 1024px\" \/><\/a><\/p>\n<h5>Laborat\u00f3rios, N\u00facleos e Grupos de Pesquisa.\u00a0Mais informa\u00e7\u00f5es <a href=\"\/\/www.his.puc-rio.br\/pos-graduacao\/laboratorios-nucleos-e-grupos-de-pesquisa\/&quot;\" target=\"&quot;_blank&quot;\" rel=\"&quot;noopener&quot; noopener\">aqui<\/a>.<\/h5><\/div><div class='content-column one_half last_column'><p><a href=\"https:\/\/www.youtube.com\/channel\/UC-rDVuOWQl07x77jFLrgB9A\"><img loading=\"lazy\" decoding=\"async\" class=\"alignnone wp-image-2898 size-full\" src=\"http:\/\/www.his.puc-rio.br\/wp-content\/uploads\/destaques_youtube.png\" width=\"1024\" height=\"875\" srcset=\"https:\/\/www.his.puc-rio.br\/wp-content\/uploads\/destaques_youtube.png 1024w, https:\/\/www.his.puc-rio.br\/wp-content\/uploads\/destaques_youtube-300x256.png 300w, https:\/\/www.his.puc-rio.br\/wp-content\/uploads\/destaques_youtube-624x533.png 624w\" sizes=\"(max-width: 1024px) 100vw, 1024px\" \/><\/a><\/p>\n<p>Veja alguns dos eventos realizados pelo Departamento de Hist\u00f3ria no nosso\u00a0<a href=\"\/\/www.youtube.com\/channel\/UC-rDVuOWQl07x77jFLrgB9A&quot;\">canal do Youtube<\/a>.<\/p><\/div><div class='clear_column'><\/div> <div class='content-column one_half'><p><a href=\"https:\/\/www.cce.puc-rio.br\/sitecce\/website\/website.dll\/folder?nCurso=historia-da-arte-e-da-arquitetura-no-brasil&amp;nInst=cce\"><img loading=\"lazy\" decoding=\"async\" class=\"alignnone wp-image-3461 size-full\" src=\"http:\/\/www.his.puc-rio.br\/wp-content\/uploads\/destaques_histo\u0301ria-da-arte-e-arquitetura-1.png\" width=\"1024\" height=\"875\" srcset=\"https:\/\/www.his.puc-rio.br\/wp-content\/uploads\/destaques_histo\u0301ria-da-arte-e-arquitetura-1.png 1024w, https:\/\/www.his.puc-rio.br\/wp-content\/uploads\/destaques_histo\u0301ria-da-arte-e-arquitetura-1-300x256.png 300w, https:\/\/www.his.puc-rio.br\/wp-content\/uploads\/destaques_histo\u0301ria-da-arte-e-arquitetura-1-624x533.png 624w\" sizes=\"(max-width: 1024px) 100vw, 1024px\" \/><\/a><\/p>\n<h5>Curso de p\u00f3s-gradua\u00e7\u00e3o &#8220;Hist\u00f3ria da Arte e Arquitetura&#8221;.<\/h5>\n<h5>Mais informa\u00e7\u00f5es <a href=\"\/\/www.cce.puc-rio.br\/sitecce\/website\/website.dll\/folder?nCurso=historia-da-arte-e-da-arquitetura-no-brasil&amp;nInst=cce&quot;\" target=\"&quot;_blank&quot;\" rel=\"&quot;noopener&quot; noopener\">aqui<\/a>.<\/h5><\/div><div class='content-column one_half last_column'><p><a href=\"https:\/\/cce.puc-rio.br\/sitecce\/website\/website.dll\/folder?nCurso=presenca-indigena-e-africana:-historias-da-africa-e-das-americas\"><img loading=\"lazy\" decoding=\"async\" class=\"alignnone size-full wp-image-3462\" src=\"http:\/\/www.his.puc-rio.br\/wp-content\/uploads\/destaques-presenc\u0327a-indi\u0301gena-e-africana.png\" alt=\"\" width=\"1024\" height=\"875\" srcset=\"https:\/\/www.his.puc-rio.br\/wp-content\/uploads\/destaques-presenc\u0327a-indi\u0301gena-e-africana.png 1024w, https:\/\/www.his.puc-rio.br\/wp-content\/uploads\/destaques-presenc\u0327a-indi\u0301gena-e-africana-300x256.png 300w, https:\/\/www.his.puc-rio.br\/wp-content\/uploads\/destaques-presenc\u0327a-indi\u0301gena-e-africana-624x533.png 624w\" sizes=\"(max-width: 1024px) 100vw, 1024px\" \/><\/a><\/p>\n<h5>Curso de extens\u00e3o online &#8220;Presen\u00e7a Ind\u00edgena e Africana:<\/h5>\n<h5>hist\u00f3rias da \u00c1frica e das Am\u00e9ricas&#8221;. Mais informa\u00e7\u00f5es <a href=\"-historias-da-africa-e-das-americas&quot;\" target=\"&quot;_blank&quot;\" rel=\"&quot;noopener&quot; noopener\">aqui<\/a>.<\/h5><\/div><div class='clear_column'><\/div><\/p>","protected":false},"excerpt":{"rendered":"<p>SOBRE O DEPARTAMENTO O Departamento de Hist\u00f3ria da PUC-Rio, criado em 1941, oferece cursos de gradua\u00e7\u00e3o \u2013 Licenciatura e Bacharelado em Hist\u00f3ria \u2013 e de p\u00f3s-gradua\u00e7\u00e3o strictu senso \u2013 Mestrado e Doutorado em Hist\u00f3ria Social da Cultura \u2013, al\u00e9m de<a class=\"moretag\" href=\"https:\/\/www.his.puc-rio.br\/en\/\">&#8230;<\/a><\/br><a href=\"https:\/\/www.his.puc-rio.br\/en\/\" class=\"read-more\">Leia mais..  <span class=\"glyphicon glyphicon-chevron-right\" ><\/span><\/a><\/p>\n","protected":false},"author":1,"featured_media":0,"parent":0,"menu_order":1,"comment_status":"open","ping_status":"open","template":"page-templates\/full-width.php","meta":{"footnotes":""},"yoast_head":"<!-- This site is optimized with the Yoast SEO plugin v23.5 - https:\/\/yoast.com\/wordpress\/plugins\/seo\/ -->\n<title>HOME - Departamento de Hist\u00f3ria da PUC-Rio<\/title>\n<meta name=\"robots\" content=\"index, follow, max-snippet:-1, max-image-preview:large, max-video-preview:-1\" \/>\n<link rel=\"canonical\" href=\"http:\/\/www.his.puc-rio.br\/en\/\" \/>\n<meta property=\"og:locale\" content=\"en_US\" \/>\n<meta property=\"og:type\" content=\"article\" \/>\n<meta property=\"og:title\" content=\"HOME - Departamento de Hist\u00f3ria da PUC-Rio\" \/>\n<meta property=\"og:description\" content=\"SOBRE O DEPARTAMENTO O Departamento de Hist\u00f3ria da PUC-Rio, criado em 1941, oferece cursos de gradua\u00e7\u00e3o \u2013 Licenciatura e Bacharelado em Hist\u00f3ria \u2013 e de p\u00f3s-gradua\u00e7\u00e3o strictu senso \u2013 Mestrado e Doutorado em Hist\u00f3ria Social da Cultura \u2013, al\u00e9m de...Leia mais..\" \/>\n<meta property=\"og:url\" content=\"http:\/\/www.his.puc-rio.br\/en\/\" \/>\n<meta property=\"og:site_name\" content=\"Departamento de Hist\u00f3ria da PUC-Rio\" \/>\n<meta property=\"article:modified_time\" content=\"2025-07-23T13:58:09+00:00\" \/>\n<meta property=\"og:image\" content=\"http:\/\/www.his.puc-rio.br\/wp-content\/uploads\/destaques_youtube.png\" \/>\n<meta name=\"twitter:card\" content=\"summary_large_image\" \/>\n<meta name=\"twitter:label1\" content=\"Est. reading time\" \/>\n\t<meta name=\"twitter:data1\" content=\"2 minutes\" \/>\n<script type=\"application\/ld+json\" class=\"yoast-schema-graph\">{\"@context\":\"https:\/\/schema.org\",\"@graph\":[{\"@type\":\"WebPage\",\"@id\":\"http:\/\/www.his.puc-rio.br\/en\/\",\"url\":\"http:\/\/www.his.puc-rio.br\/en\/\",\"name\":\"HOME - Departamento de Hist\u00f3ria da PUC-Rio\",\"isPartOf\":{\"@id\":\"http:\/\/www.his.puc-rio.br\/en\/#website\"},\"primaryImageOfPage\":{\"@id\":\"http:\/\/www.his.puc-rio.br\/en\/#primaryimage\"},\"image\":{\"@id\":\"http:\/\/www.his.puc-rio.br\/pb\/#primaryimage\"},\"thumbnailUrl\":\"http:\/\/www.his.puc-rio.br\/wp-content\/uploads\/destaques_youtube.png\",\"datePublished\":\"2016-10-17T14:42:59+00:00\",\"dateModified\":\"2025-07-23T13:58:09+00:00\",\"breadcrumb\":{\"@id\":\"http:\/\/www.his.puc-rio.br\/en\/#breadcrumb\"},\"inLanguage\":\"en-US\",\"potentialAction\":[{\"@type\":\"ReadAction\",\"target\":[[\"http:\/\/www.his.puc-rio.br\/en\/\"]]}]},{\"@type\":\"ImageObject\",\"inLanguage\":\"en-US\",\"@id\":\"http:\/\/www.his.puc-rio.br\/en\/#primaryimage\",\"url\":\"http:\/\/www.his.puc-rio.br\/wp-content\/uploads\/destaques_youtube.png\",\"contentUrl\":\"http:\/\/www.his.puc-rio.br\/wp-content\/uploads\/destaques_youtube.png\"},{\"@type\":\"BreadcrumbList\",\"@id\":\"http:\/\/www.his.puc-rio.br\/en\/#breadcrumb\",\"itemListElement\":[{\"@type\":\"ListItem\",\"position\":1,\"name\":\"In\u00edcio\",\"item\":\"http:\/\/www.his.puc-rio.br\/en\/\"},{\"@type\":\"ListItem\",\"position\":2,\"name\":\"HOME\"}]},{\"@type\":\"WebSite\",\"@id\":\"http:\/\/www.his.puc-rio.br\/en\/#website\",\"url\":\"http:\/\/www.his.puc-rio.br\/en\/\",\"name\":\"Departamento de Hist\u00f3ria da PUC-Rio\",\"description\":\"Cursos de Gradua\u00e7\u00e3o, P\u00f3s-gradua\u00e7\u00e3o, Mestrado e Doutorado\",\"potentialAction\":[{\"@type\":\"SearchAction\",\"target\":{\"@type\":\"EntryPoint\",\"urlTemplate\":\"http:\/\/www.his.puc-rio.br\/en\/?s={search_term_string}\"},\"query-input\":{\"@type\":\"PropertyValueSpecification\",\"valueRequired\":true,\"valueName\":\"search_term_string\"}}],\"inLanguage\":\"en-US\"}]}<\/script>\n<!-- \/ Yoast SEO plugin. -->","yoast_head_json":{"title":"HOME - Departamento de Hist\u00f3ria da PUC-Rio","robots":{"index":"index","follow":"follow","max-snippet":"max-snippet:-1","max-image-preview":"max-image-preview:large","max-video-preview":"max-video-preview:-1"},"canonical":"http:\/\/www.his.puc-rio.br\/en\/","og_locale":"en_US","og_type":"article","og_title":"HOME - Departamento de Hist\u00f3ria da PUC-Rio","og_description":"SOBRE O DEPARTAMENTO O Departamento de Hist\u00f3ria da PUC-Rio, criado em 1941, oferece cursos de gradua\u00e7\u00e3o \u2013 Licenciatura e Bacharelado em Hist\u00f3ria \u2013 e de p\u00f3s-gradua\u00e7\u00e3o strictu senso \u2013 Mestrado e Doutorado em Hist\u00f3ria Social da Cultura \u2013, al\u00e9m de...Leia mais..","og_url":"http:\/\/www.his.puc-rio.br\/en\/","og_site_name":"Departamento de Hist\u00f3ria da PUC-Rio","article_modified_time":"2025-07-23T13:58:09+00:00","og_image":[{"url":"http:\/\/www.his.puc-rio.br\/wp-content\/uploads\/destaques_youtube.png"}],"twitter_card":"summary_large_image","twitter_misc":{"Est. reading time":"2 minutes"},"schema":{"@context":"https:\/\/schema.org","@graph":[{"@type":"WebPage","@id":"http:\/\/www.his.puc-rio.br\/en\/","url":"http:\/\/www.his.puc-rio.br\/en\/","name":"HOME - Departamento de Hist\u00f3ria da PUC-Rio","isPartOf":{"@id":"http:\/\/www.his.puc-rio.br\/en\/#website"},"primaryImageOfPage":{"@id":"http:\/\/www.his.puc-rio.br\/en\/#primaryimage"},"image":{"@id":"http:\/\/www.his.puc-rio.br\/pb\/#primaryimage"},"thumbnailUrl":"http:\/\/www.his.puc-rio.br\/wp-content\/uploads\/destaques_youtube.png","datePublished":"2016-10-17T14:42:59+00:00","dateModified":"2025-07-23T13:58:09+00:00","breadcrumb":{"@id":"http:\/\/www.his.puc-rio.br\/en\/#breadcrumb"},"inLanguage":"en-US","potentialAction":[{"@type":"ReadAction","target":[["http:\/\/www.his.puc-rio.br\/en\/"]]}]},{"@type":"ImageObject","inLanguage":"en-US","@id":"http:\/\/www.his.puc-rio.br\/en\/#primaryimage","url":"http:\/\/www.his.puc-rio.br\/wp-content\/uploads\/destaques_youtube.png","contentUrl":"http:\/\/www.his.puc-rio.br\/wp-content\/uploads\/destaques_youtube.png"},{"@type":"BreadcrumbList","@id":"http:\/\/www.his.puc-rio.br\/en\/#breadcrumb","itemListElement":[{"@type":"ListItem","position":1,"name":"In\u00edcio","item":"http:\/\/www.his.puc-rio.br\/en\/"},{"@type":"ListItem","position":2,"name":"HOME"}]},{"@type":"WebSite","@id":"http:\/\/www.his.puc-rio.br\/en\/#website","url":"http:\/\/www.his.puc-rio.br\/en\/","name":"Departamento de Hist\u00f3ria da PUC-Rio","description":"Cursos de Gradua\u00e7\u00e3o, P\u00f3s-gradua\u00e7\u00e3o, Mestrado e Doutorado","potentialAction":[{"@type":"SearchAction","target":{"@type":"EntryPoint","urlTemplate":"http:\/\/www.his.puc-rio.br\/en\/?s={search_term_string}"},"query-input":{"@type":"PropertyValueSpecification","valueRequired":true,"valueName":"search_term_string"}}],"inLanguage":"en-US"}]}},"_links":{"self":[{"href":"https:\/\/www.his.puc-rio.br\/en\/wp-json\/wp\/v2\/pages\/15"}],"collection":[{"href":"https:\/\/www.his.puc-rio.br\/en\/wp-json\/wp\/v2\/pages"}],"about":[{"href":"https:\/\/www.his.puc-rio.br\/en\/wp-json\/wp\/v2\/types\/page"}],"author":[{"embeddable":true,"href":"https:\/\/www.his.puc-rio.br\/en\/wp-json\/wp\/v2\/users\/1"}],"replies":[{"embeddable":true,"href":"https:\/\/www.his.puc-rio.br\/en\/wp-json\/wp\/v2\/comments?post=15"}],"version-history":[{"count":301,"href":"https:\/\/www.his.puc-rio.br\/en\/wp-json\/wp\/v2\/pages\/15\/revisions"}],"predecessor-version":[{"id":4972,"href":"https:\/\/www.his.puc-rio.br\/en\/wp-json\/wp\/v2\/pages\/15\/revisions\/4972"}],"wp:attachment":[{"href":"https:\/\/www.his.puc-rio.br\/en\/wp-json\/wp\/v2\/media?parent=15"}],"curies":[{"name":"wp","href":"https:\/\/api.w.org\/{rel}","templated":true}]}}