{"id":34,"date":"2016-08-17T12:42:59","date_gmt":"2016-08-17T15:42:59","guid":{"rendered":"http:\/\/wwwt.his.puc-rio.br\/his\/pos-graduacao\/prof-hist-capes\/"},"modified":"2022-07-18T10:58:01","modified_gmt":"2022-07-18T13:58:01","slug":"prof-hist-capes","status":"publish","type":"page","link":"https:\/\/www.his.puc-rio.br\/en\/pos-graduacao\/prof-hist-capes\/","title":{"rendered":"PROF. HIST \/ CAPES"},"content":{"rendered":"<p><\/p>\n<h2 style=\"text-align: justify;\"><span style=\"color: #000000;\">Professional Master&#8217;s Degree in the Teaching of History<\/span><\/h2>\n<p>&nbsp;<\/p>\n<p style=\"text-align: justify;\"><span style=\"color: #000000;\"><strong>Link Capes:<\/strong> <\/span><span style=\"color: #0000ff;\"><a style=\"color: #0000ff;\" href=\"http:\/\/www.capes.gov.br\/sala-de-imprensa\/noticias\/7608-dezoito-universidades-aderem-ao-profhistoria\"><span style=\"color: #0000ff;\">http:\/\/www.capes.gov.br\/sala-de-imprensa\/noticias\/7608-dezoito-universidades-aderem-ao-profhistoria<\/span><\/a><\/span><\/p>\n<p style=\"text-align: justify;\"><span style=\"color: #000000;\"><strong>Coordinator:<\/strong> Prof. Maur\u00edcio Barreto de Alvarez Parada<br \/>\n<\/span><\/p>\n<p style=\"text-align: justify;\"><span style=\"color: #000000;\"><strong>See the notice :<\/strong><\/span> <span style=\"color: #0000ff;\"><a style=\"color: #0000ff;\" href=\"http:\/\/www.profhistoria.uerj.br\/\">http:\/\/www.profhistoria.uerj.br<\/a><\/span><\/p>\n<h5 style=\"text-align: justify;\"><span style=\"color: #000000;\">See<span style=\"color: #0000ff;\"> <a style=\"color: #0000ff;\" href=\"http:\/\/wwwt.his.puc-rio.br\/his\/en\/mestrado-profissional-2\/\" target=\"_blank\" rel=\"noopener\">here<\/a> <\/span>the completed dissertations<\/span><\/h5>\n<h5 style=\"text-align: justify;\"><span style=\"color: #0000ff;\"><b><a style=\"color: #0000ff;\" href=\"http:\/\/wwwt.his.puc-rio.br\/his\/corpo-docente-profhistoria-puc-rio\/\" target=\"_blank\" rel=\"noopener\">TEACHING BODY PROFHIST\u00d3RIA<\/a><\/b><\/span><\/h5>\n<p>&nbsp;<\/p>\n<p>&nbsp;<\/p>\n<h3 style=\"text-align: justify;\"><span style=\"color: #000000;\"><strong>Introduction<\/strong><\/span><\/h3>\n<p><span style=\"color: #000000;\"><strong>\u00a0<\/strong><\/span><\/p>\n<p style=\"text-align: justify;\"><span style=\"color: #000000;\">This is a <em>stricto sensu<\/em> graduate program in the teaching of history. Accredited by CAPES and the Ministry of Education, it consists of a 2-year course with an inter-institutional structure and it is offered nation-wide. It leads the student to the Master\u2019s Degree in the Teaching of History. Its main goal is to establish itself in the medium run as an important tool in the continued education of elementary level teachers in Brazil, providing graduates with certified qualifications to exercise the profession of history teacher.<\/span><\/p>\n<p style=\"text-align: justify;\"><span style=\"color: #000000;\"><em>PROFHIST\u00d3RIA<\/em> is under the coordination of the Federal University of Rio de Janeiro and is made up of Local Academic Boards which bring together institutions of higher education in several states of the federation, known as associate institutions. PUC-Rio is the only private university among the associate institutions integrating the program.<\/span><\/p>\n<p style=\"text-align: justify;\"><span style=\"color: #000000;\"><em>PROFHIST\u00d3RIA<\/em> seeks to develop articulation strategies between undergraduate and graduate programs and between elementary and higher education, stressing the meaningful role the university can perform in formulating and executing public policies for training elementary and middle school teachers. In this sense, it seeks to promote university activities beyond their traditional role in the early training of teachers by intervening in the continued education of teachers through the Professional Master\u2019s Program, thus aiming towards promoting a significant social impact.<\/span><\/p>\n<p>&nbsp;<\/p>\n<h3 style=\"text-align: justify;\"><span style=\"color: #000000;\"><strong>Teacher\u2019s Enrollment: timetable and criteria<\/strong><\/span><\/h3>\n<p>&nbsp;<\/p>\n<p style=\"text-align: justify;\"><span style=\"color: #000000;\">Teachers are accepted into <em>PROFHIST\u00d3RIA<\/em> and scholarships are distributed by means of a National Acceptance Examination based on a program whose contents are previously defined and publicized through a public announcement.<\/span><\/p>\n<p style=\"text-align: justify;\"><span style=\"color: #000000;\">The National Acceptance Examination consists of a single test given simultaneously at least once a year by the Local Academic Boards in the premises of the Associated Institutions. The norms presiding the National Acceptance Examination, the requirements for enrollment, the schedules and locations for the exams, the number of places available in each associated institution and the criteria for grading are defined in a public announcement by the National Academic Board.<\/span><\/p>\n<p style=\"text-align: justify;\"><span style=\"color: #000000;\">The place candidates obtain in the National Entrance Examination determines both the approval and selection of teachers, and also the distribution of scholarships, in accordance to the requirements determined by the sponsoring agencies. The availability of places offered by Local Academic Boards is considered separately.<\/span><\/p>\n<p style=\"text-align: justify;\"><span style=\"color: #000000;\">In order to be eligible for enrollment in the <em>PROFHIST\u00d3RIA<\/em> program, candidates must have a Licentiate diploma accredited by the Ministry of Education with concentration in the discipline History in Elementary Education that meets the requirements put forth by <em>PROFHIST\u00d3RIA<\/em>\u2019s National Entrance Examination.<\/span><\/p>\n<p style=\"text-align: justify;\"><span style=\"color: #000000;\">Teachers will be enrolled in the Associated Institutions in charge of issuing the Master\u2019s in the Teaching of History diploma once all requirements for the conclusion of this course are met.<\/span><\/p>\n<p>&nbsp;<\/p>\n<p>&nbsp;<\/p>\n<h3 style=\"text-align: justify;\"><span style=\"color: #000000;\"><strong>Areas of concentration and lines of research<\/strong><\/span><\/h3>\n<p>&nbsp;<\/p>\n<h4 style=\"text-align: justify;\"><span style=\"color: #000000;\"><strong>Area of concentration: The teaching of history<\/strong><\/span><\/h4>\n<p>&nbsp;<\/p>\n<p style=\"text-align: justify;\"><span style=\"color: #000000;\"><strong>Description: <\/strong>How can the knowledge of history contribute towards thinking the relationship between past \/ present \/ future, influenced by remembrance, by forgetting and by the expectations from individuals and groups, taking into account that to remember and to forget are integral aspects of life in society, of cultural identities and of political association? Starting off with this question, the graduate studies with emphasis on the Teaching of History addresses two complementary demands: On the one hand there is the demand to reflect upon school teaching, taking into account the schools\u2019 body of knowledge, its practices, and their relationship with the discipline. On the other hand, there is the need to understand the multiple ways of teaching and learning history in contemporary society beyond what is offered in school, creating a critical tension vis-\u00e0-vis both professional historiography and the teaching of the discipline at its different levels. Those demands stem from the current move toward memory and the struggle for rights, added to the tensions over the dispute between writing and teaching history, which have been diversifying its forms and promoting multiple ways of using (and abusing) the past. It is incumbent upon professionals in the field to probe this complex movement and the various resources proper to gaining historical knowledge so as to understand the historicity of experience and the many ways of writing and teaching History.<\/span><\/p>\n<p>&nbsp;<\/p>\n<h4><span style=\"color: #000000;\"><strong>Lines of Research<\/strong><\/span><\/h4>\n<p><span style=\"color: #000000;\"><strong>\u00a0<\/strong><\/span><\/p>\n<p style=\"text-align: justify;\"><span style=\"color: #000000;\"><strong>1) Forms of Historical Knowledge in Schools<\/strong><\/span><\/p>\n<p style=\"text-align: justify;\"><span style=\"color: #000000;\"><strong>Description:<\/strong> This line researches the processes of teaching and learning history, taking into account the specificities of the knowledges and practices the school mobilizes. The focus falls on the educational conditions to which teachers and students are subject and on the practice of history teaching at school, conceived as a locus of production and transmission of contents, and which meets parameters for organizing and classifying historical knowledge by means of a curriculum. Such curriculum is understood as historically constituted knowledge, that is, as a form of social and disciplinary regulation.<\/span><\/p>\n<p style=\"text-align: justify;\"><span style=\"color: #000000;\"><strong>\u00a0<\/strong><\/span><\/p>\n<p style=\"text-align: justify;\"><span style=\"color: #000000;\"><strong>2) Historical Languages and Narratives: Production and Dissemination<\/strong><\/span><\/p>\n<p style=\"text-align: justify;\"><span style=\"color: #000000;\"><strong>Description: <\/strong>This line researches the problem of language and historical narrative, taking into account varied sources such as books, movies, TV shows, websites, maps, photographs, and so on. Starting by questioning the use of language, the aim is to produce materials for educational use considering, among others, the possibility of scientific dissemination of history.<\/span><\/p>\n<p><span style=\"color: #000000;\"><strong>\u00a0<\/strong><\/span><\/p>\n<p style=\"text-align: justify;\"><span style=\"color: #000000;\"><strong>3) Historical Knowledge in Different Spaces of Memory<\/strong><\/span><\/p>\n<p style=\"text-align: justify;\"><span style=\"color: #000000;\"><strong>Description:<\/strong> This line researches the production and learning of history in non-school environments such as museums, theaters, cultural centers and the urban space in general. History is identified in this context as a socio-cultural reference practice. Research in this line focuses on the various forms of representing and using the past in public spaces with different characteristics from those observed in school. Examples of objects of study include historical tourism, monuments, civic feasts and exhibitions.<\/span><\/p>\n<p style=\"text-align: justify;\"><span style=\"color: #000000;\"><strong>\u00a0<\/strong><\/span><\/p>\n<p>&nbsp;<\/p>\n<h3 style=\"text-align: justify;\"><span style=\"color: #000000;\"><strong>End of Course Project \/ Master\u2019s Dissertation<\/strong><\/span><\/h3>\n<p>&nbsp;<\/p>\n<p style=\"text-align: justify;\"><span style=\"color: #000000;\">The Project\/Dissertation must aim both to translate what the student learned along the coursework <em>and<\/em> to produce knowledge that can be disseminated, analyzed and used by other area professionals within the different contexts where different forms of representing the past are mobilized.<\/span><\/p>\n<p style=\"text-align: justify;\"><span style=\"color: #000000;\">Despite its final format, this project <em>must<\/em> incorporate the three dimensions studied throughout the course:<\/span><\/p>\n<ul style=\"text-align: justify;\">\n<li><span style=\"color: #000000;\">the appropriation of recent studies and debates on the themes under scrutiny;<\/span><\/li>\n<li><span style=\"color: #000000;\">the critique of the knowledge and practices accumulated in this area;<\/span><\/li>\n<li><span style=\"color: #000000;\">the possibilities of producing and acting in the field of the teaching of history in such way as to lead to advances in the field\u2019s ongoing discussions and to the improvement of the practices of the history professionals, inside and\/or outside the classroom. To that end, the Dissertation must consist of two parts: A critical and analytical part covering dimensions 1 and 2 above; and a propositional part covering dimension 3 above.<\/span><\/li>\n<\/ul>\n<p style=\"text-align: justify;\"><span style=\"color: #000000;\">The final product may take a variety of formats such a dissertation text, a documentary, an exhibition, didactic material, an intervention project for a school, museum or similar venue, as long as it incorporates the three dimensions described above.<\/span><\/p>\n<p style=\"text-align: justify;\"><span style=\"color: #000000;\">The dissertation be carried on and evaluated in two stages:<\/span><\/p>\n<p style=\"text-align: justify;\"><span style=\"color: #000000;\">The first stage corresponds to the qualifying examination, which consists of the presentation and examination of the dissertation project, which must include the critical and analytical components of the course. This will take the form of a scholarly text that must include a statement and justification of the theme and the problem the research is tackling; the goals of the project and the chosen theoretical interlocutions; the plan which justifies the format of the projected dissertation. This stage should be ready by the end of the third semester, at which time the student will submit the paper to and discuss it with a committee made up of three professors, one of them being the student\u2019s advisor.<\/span><\/p>\n<p style=\"text-align: justify;\"><span style=\"color: #000000;\">The second stage corresponds to the dissertation proper, in a format to be determined in dialogue with the advising professor. The deadline for examination is the end of the fourth semester of the course. The thesis examination consists of an oral viva open to the general public by a committee of three PhD-holding professors, one of them being the adviser, and at least one other being a professor from outside the Associated Institution.<\/span><\/p>\n<p>&nbsp;<\/p>\n<p>&nbsp;<\/p>\n<h3 style=\"text-align: justify;\"><span style=\"color: #000000;\">Institui\u00e7\u00f5es Parceiras<\/span><\/h3>\n<p>&nbsp;<\/p>\n<h4 style=\"text-align: justify;\"><strong><span style=\"color: #000000;\">No Rio de Janeiro<\/span><\/strong><\/h4>\n<p>&nbsp;<\/p>\n<h5 style=\"text-align: justify;\"><span style=\"color: #000000;\">Universidade Federal do Rio de Janeiro \u2013 UFRJ (Coordena\u00e7\u00e3o Nacional)<\/span><br \/>\n<span style=\"color: #000000;\">Pontif\u00edcia Universidade Cat\u00f3lica do Rio de Janeiro \u2013 PUC-Rio<\/span><br \/>\n<span style=\"color: #000000;\">Universidade do Estado do Rio de Janeiro \u2013 UERJ<\/span><br \/>\n<span style=\"color: #000000;\">Universidade Federal do Estado do Rio de Janeiro \u2013 UNIRIO<\/span><br \/>\n<span style=\"color: #000000;\">Universidade Federal Fluminense \u2013 UFF<\/span><br \/>\n<span style=\"color: #000000;\">Universidade Federal Rural do Rio de Janeiro \u2013UFRRJ<\/span><\/h5>\n<p>&nbsp;<\/p>\n<h4 style=\"text-align: justify;\"><strong><span style=\"color: #000000;\">Nos Demais Estados<\/span><\/strong><\/h4>\n<p>&nbsp;<\/p>\n<h5 style=\"text-align: justify;\"><span style=\"color: #000000;\">Universidade do Estado de Santa Catarina \u2013 UDESC<\/span><br \/>\n<span style=\"color: #000000;\">Universidade Federal de Santa Catarina \u2013 UFSC<\/span><br \/>\n<span style=\"color: #000000;\">Universidade Federal de Santa Maria \u2013 UfSM<\/span><br \/>\n<span style=\"color: #000000;\">Universidade Federal do Rio Grande \u2013 FURG<\/span><br \/>\n<span style=\"color: #000000;\">Universidade Federal do Rio Grande do Sul \u2013 UFRGS<\/span><br \/>\n<span style=\"color: #000000;\">Universidade Federal de Tocantins \u2013 UFT<\/span><br \/>\n<span style=\"color: #000000;\">Universidade Estadual de Maring\u00e1 \u2013 UEM<\/span><br \/>\n<span style=\"color: #000000;\">Universidade Estadual do Mato Grosso do Sul \u2013 UEMS<\/span><br \/>\n<span style=\"color: #000000;\">Universidade Estadual de Ponta Grossa \u2013 UEPG<\/span><br \/>\n<span style=\"color: #000000;\">Universidade do Estado da Bahia \u2013 UNEB<\/span><br \/>\n<span style=\"color: #000000;\">Universidade do Estado do Mato Grosso \u2013 UNEMAT<\/span><br \/>\n<span style=\"color: #000000;\">Universidade Estadual do Paran\u00e1 \u2013 UNESPAR<\/span><br \/>\n<span style=\"color: #000000;\">Universidade Estadual de Campinas \u2013 UNICAMP<\/span><br \/>\n<span style=\"color: #000000;\">Universidade Regional do Cariri \u2013 URCA<\/span><br \/>\n<span style=\"color: #000000;\">Universidade de S\u00e3o Paulo \u2013 USP<\/span><br \/>\n<span style=\"color: #000000;\">Universidade Federal de Minas Gerais \u2013 UFMG<\/span><br \/>\n<span style=\"color: #000000;\">Universidade Federal do Mato Grosso \u2013 UFMT<\/span><br \/>\n<span style=\"color: #000000;\">Universidade Federal do Paran\u00e1 \u2013 UFPA<\/span><br \/>\n<span style=\"color: #000000;\">Universidade Federal de Pernambuco \u2013 UFPE<\/span><br \/>\n<span style=\"color: #000000;\">Universidade Federal do Paran\u00e1- UFPR<\/span><br \/>\n<span style=\"color: #000000;\">Universidade Federal do Rio Grande do Norte \u2013 UFRN<\/span><br \/>\n<span style=\"color: #000000;\">Universidade federal do Sergipe \u2013 UFS<\/span><br \/>\n<span style=\"color: #000000;\">Universidade Federal do Amap\u00e1 \u2013 UNIFAP<\/span><br \/>\n<span style=\"color: #000000;\">Universidade Federal de S\u00e3o Paulo \u2013 UNIFESP<\/span><\/h5>\n<p>&nbsp;<\/p>\n<div style=\"overflow: hidden; height: 1px;\">\n<p style=\"text-align: justify;\"><a href=\"http:\/\/www.passexamonline.com\/102-400.html\">102-400<\/a><br \/>\n<a href=\"http:\/\/www.passexamonline.com\/70-532.html\">70-532<\/a><br \/>\n<a href=\"http:\/\/www.passexamonline.com\/350-001.html\">350-001<\/a><br \/>\n<a href=\"http:\/\/www.itexamonline.com\/VCP550.html\">VCP550<\/a><br \/>\n<a href=\"http:\/\/www.passexamonline.com\/ADM-201.html\">ADM-201<\/a><br \/>\n<a href=\"http:\/\/www.passexamonly.com\/CRISC.html\">CRISC<\/a><br \/>\n<a href=\"http:\/\/www.itpassonline.com\/70-532.html\">70-532<\/a><br \/>\n<a href=\"http:\/\/www.itexamonline.com\/300-209.html\">300-209<\/a><br \/>\n<a href=\"http:\/\/www.itexamonline.com\/640-692.html\">640-692<\/a><br \/>\n<a href=\"http:\/\/rockleymanor.com\/?exam=300-075-exam.html\">300-075<\/a><br \/>\n<a href=\"http:\/\/on-cc.com\/?exam=300-075.html\">300-075<\/a><br \/>\n<a href=\"http:\/\/www.advokaternas.se\/?exam=200-125.html\">200-125<\/a> \u00a0,<br \/>\n<a href=\"https:\/\/www.onwell-japan.co.jp\/?exam=200-125.html\">200-125<\/a> \u00a0,<br \/>\n<a href=\"http:\/\/bbppbatu.bppsdmp.pertanian.go.id\/?exam=200-125.html\">200-125<\/a> \u00a0,<br \/>\n<a href=\"http:\/\/profstyle39.ru\/?exam=300-101.html\">300-101<\/a><br \/>\n<a href=\"http:\/\/corderoyintl.com\/?exam=300-075.html\">300-075<\/a><br \/>\n<a href=\"http:\/\/inunison.in\/?exam=210-260.html\">210-260<\/a><\/p>\n<\/div>\n<p><\/p>","protected":false},"excerpt":{"rendered":"<p>Professional Master&#8217;s Degree in the Teaching of History &nbsp; Link Capes: http:\/\/www.capes.gov.br\/sala-de-imprensa\/noticias\/7608-dezoito-universidades-aderem-ao-profhistoria Coordinator: Prof. Maur\u00edcio Barreto de Alvarez Parada See the notice : http:\/\/www.profhistoria.uerj.br See here the completed dissertations TEACHING BODY PROFHIST\u00d3RIA &nbsp; &nbsp; Introduction \u00a0 This is a stricto<a class=\"moretag\" href=\"https:\/\/www.his.puc-rio.br\/en\/pos-graduacao\/prof-hist-capes\/\">&#8230;<\/a><\/br><a href=\"https:\/\/www.his.puc-rio.br\/en\/pos-graduacao\/prof-hist-capes\/\" class=\"read-more\">Leia mais..  <span class=\"glyphicon glyphicon-chevron-right\" ><\/span><\/a><\/p>\n","protected":false},"author":1,"featured_media":0,"parent":18,"menu_order":20,"comment_status":"open","ping_status":"open","template":"page-templates\/full-width.php","meta":{"footnotes":""},"yoast_head":"<!-- This site is optimized with the Yoast SEO plugin v23.5 - https:\/\/yoast.com\/wordpress\/plugins\/seo\/ -->\n<title>PROF. HIST \/ CAPES - Departamento de Hist\u00f3ria da PUC-Rio<\/title>\n<meta name=\"robots\" content=\"index, follow, max-snippet:-1, max-image-preview:large, max-video-preview:-1\" \/>\n<link rel=\"canonical\" href=\"http:\/\/www.his.puc-rio.br\/en\/pos-graduacao\/prof-hist-capes\/\" \/>\n<meta property=\"og:locale\" content=\"en_US\" \/>\n<meta property=\"og:type\" content=\"article\" \/>\n<meta property=\"og:title\" content=\"PROF. HIST \/ CAPES - Departamento de Hist\u00f3ria da PUC-Rio\" \/>\n<meta property=\"og:description\" content=\"Professional Master&#8217;s Degree in the Teaching of History &nbsp; Link Capes: http:\/\/www.capes.gov.br\/sala-de-imprensa\/noticias\/7608-dezoito-universidades-aderem-ao-profhistoria Coordinator: Prof. Maur\u00edcio Barreto de Alvarez Parada See the notice : http:\/\/www.profhistoria.uerj.br See here the completed dissertations TEACHING BODY PROFHIST\u00d3RIA &nbsp; &nbsp; Introduction \u00a0 This is a stricto...Leia mais..\" \/>\n<meta property=\"og:url\" content=\"http:\/\/www.his.puc-rio.br\/en\/pos-graduacao\/prof-hist-capes\/\" \/>\n<meta property=\"og:site_name\" content=\"Departamento de Hist\u00f3ria da PUC-Rio\" \/>\n<meta property=\"article:modified_time\" content=\"2022-07-18T13:58:01+00:00\" \/>\n<meta name=\"twitter:card\" content=\"summary_large_image\" \/>\n<meta name=\"twitter:label1\" content=\"Est. reading time\" \/>\n\t<meta name=\"twitter:data1\" content=\"9 minutes\" \/>\n<script type=\"application\/ld+json\" class=\"yoast-schema-graph\">{\"@context\":\"https:\/\/schema.org\",\"@graph\":[{\"@type\":\"WebPage\",\"@id\":\"http:\/\/www.his.puc-rio.br\/en\/pos-graduacao\/prof-hist-capes\/\",\"url\":\"http:\/\/www.his.puc-rio.br\/en\/pos-graduacao\/prof-hist-capes\/\",\"name\":\"PROF. HIST \/ CAPES - Departamento de Hist\u00f3ria da PUC-Rio\",\"isPartOf\":{\"@id\":\"http:\/\/www.his.puc-rio.br\/en\/#website\"},\"datePublished\":\"2016-08-17T15:42:59+00:00\",\"dateModified\":\"2022-07-18T13:58:01+00:00\",\"breadcrumb\":{\"@id\":\"http:\/\/www.his.puc-rio.br\/en\/pos-graduacao\/prof-hist-capes\/#breadcrumb\"},\"inLanguage\":\"en-US\",\"potentialAction\":[{\"@type\":\"ReadAction\",\"target\":[[\"http:\/\/www.his.puc-rio.br\/en\/pos-graduacao\/prof-hist-capes\/\"]]}]},{\"@type\":\"BreadcrumbList\",\"@id\":\"http:\/\/www.his.puc-rio.br\/en\/pos-graduacao\/prof-hist-capes\/#breadcrumb\",\"itemListElement\":[{\"@type\":\"ListItem\",\"position\":1,\"name\":\"In\u00edcio\",\"item\":\"http:\/\/www.his.puc-rio.br\/en\/\"},{\"@type\":\"ListItem\",\"position\":2,\"name\":\"P\u00d3S GRADUA\u00c7\u00c3O\",\"item\":\"http:\/\/www.his.puc-rio.br\/en\/pos-graduacao\/\"},{\"@type\":\"ListItem\",\"position\":3,\"name\":\"PROFHIST\u00d3RIA\"}]},{\"@type\":\"WebSite\",\"@id\":\"http:\/\/www.his.puc-rio.br\/en\/#website\",\"url\":\"http:\/\/www.his.puc-rio.br\/en\/\",\"name\":\"Departamento de Hist\u00f3ria da PUC-Rio\",\"description\":\"Cursos de Gradua\u00e7\u00e3o, P\u00f3s-gradua\u00e7\u00e3o, Mestrado e Doutorado\",\"potentialAction\":[{\"@type\":\"SearchAction\",\"target\":{\"@type\":\"EntryPoint\",\"urlTemplate\":\"http:\/\/www.his.puc-rio.br\/en\/?s={search_term_string}\"},\"query-input\":{\"@type\":\"PropertyValueSpecification\",\"valueRequired\":true,\"valueName\":\"search_term_string\"}}],\"inLanguage\":\"en-US\"}]}<\/script>\n<!-- \/ Yoast SEO plugin. -->","yoast_head_json":{"title":"PROF. HIST \/ CAPES - Departamento de Hist\u00f3ria da PUC-Rio","robots":{"index":"index","follow":"follow","max-snippet":"max-snippet:-1","max-image-preview":"max-image-preview:large","max-video-preview":"max-video-preview:-1"},"canonical":"http:\/\/www.his.puc-rio.br\/en\/pos-graduacao\/prof-hist-capes\/","og_locale":"en_US","og_type":"article","og_title":"PROF. HIST \/ CAPES - Departamento de Hist\u00f3ria da PUC-Rio","og_description":"Professional Master&#8217;s Degree in the Teaching of History &nbsp; Link Capes: http:\/\/www.capes.gov.br\/sala-de-imprensa\/noticias\/7608-dezoito-universidades-aderem-ao-profhistoria Coordinator: Prof. Maur\u00edcio Barreto de Alvarez Parada See the notice : http:\/\/www.profhistoria.uerj.br See here the completed dissertations TEACHING BODY PROFHIST\u00d3RIA &nbsp; &nbsp; Introduction \u00a0 This is a stricto...Leia mais..","og_url":"http:\/\/www.his.puc-rio.br\/en\/pos-graduacao\/prof-hist-capes\/","og_site_name":"Departamento de Hist\u00f3ria da PUC-Rio","article_modified_time":"2022-07-18T13:58:01+00:00","twitter_card":"summary_large_image","twitter_misc":{"Est. reading time":"9 minutes"},"schema":{"@context":"https:\/\/schema.org","@graph":[{"@type":"WebPage","@id":"http:\/\/www.his.puc-rio.br\/en\/pos-graduacao\/prof-hist-capes\/","url":"http:\/\/www.his.puc-rio.br\/en\/pos-graduacao\/prof-hist-capes\/","name":"PROF. HIST \/ CAPES - Departamento de Hist\u00f3ria da PUC-Rio","isPartOf":{"@id":"http:\/\/www.his.puc-rio.br\/en\/#website"},"datePublished":"2016-08-17T15:42:59+00:00","dateModified":"2022-07-18T13:58:01+00:00","breadcrumb":{"@id":"http:\/\/www.his.puc-rio.br\/en\/pos-graduacao\/prof-hist-capes\/#breadcrumb"},"inLanguage":"en-US","potentialAction":[{"@type":"ReadAction","target":[["http:\/\/www.his.puc-rio.br\/en\/pos-graduacao\/prof-hist-capes\/"]]}]},{"@type":"BreadcrumbList","@id":"http:\/\/www.his.puc-rio.br\/en\/pos-graduacao\/prof-hist-capes\/#breadcrumb","itemListElement":[{"@type":"ListItem","position":1,"name":"In\u00edcio","item":"http:\/\/www.his.puc-rio.br\/en\/"},{"@type":"ListItem","position":2,"name":"P\u00d3S GRADUA\u00c7\u00c3O","item":"http:\/\/www.his.puc-rio.br\/en\/pos-graduacao\/"},{"@type":"ListItem","position":3,"name":"PROFHIST\u00d3RIA"}]},{"@type":"WebSite","@id":"http:\/\/www.his.puc-rio.br\/en\/#website","url":"http:\/\/www.his.puc-rio.br\/en\/","name":"Departamento de Hist\u00f3ria da PUC-Rio","description":"Cursos de Gradua\u00e7\u00e3o, P\u00f3s-gradua\u00e7\u00e3o, Mestrado e Doutorado","potentialAction":[{"@type":"SearchAction","target":{"@type":"EntryPoint","urlTemplate":"http:\/\/www.his.puc-rio.br\/en\/?s={search_term_string}"},"query-input":{"@type":"PropertyValueSpecification","valueRequired":true,"valueName":"search_term_string"}}],"inLanguage":"en-US"}]}},"_links":{"self":[{"href":"https:\/\/www.his.puc-rio.br\/en\/wp-json\/wp\/v2\/pages\/34"}],"collection":[{"href":"https:\/\/www.his.puc-rio.br\/en\/wp-json\/wp\/v2\/pages"}],"about":[{"href":"https:\/\/www.his.puc-rio.br\/en\/wp-json\/wp\/v2\/types\/page"}],"author":[{"embeddable":true,"href":"https:\/\/www.his.puc-rio.br\/en\/wp-json\/wp\/v2\/users\/1"}],"replies":[{"embeddable":true,"href":"https:\/\/www.his.puc-rio.br\/en\/wp-json\/wp\/v2\/comments?post=34"}],"version-history":[{"count":62,"href":"https:\/\/www.his.puc-rio.br\/en\/wp-json\/wp\/v2\/pages\/34\/revisions"}],"predecessor-version":[{"id":3681,"href":"https:\/\/www.his.puc-rio.br\/en\/wp-json\/wp\/v2\/pages\/34\/revisions\/3681"}],"up":[{"embeddable":true,"href":"https:\/\/www.his.puc-rio.br\/en\/wp-json\/wp\/v2\/pages\/18"}],"wp:attachment":[{"href":"https:\/\/www.his.puc-rio.br\/en\/wp-json\/wp\/v2\/media?parent=34"}],"curies":[{"name":"wp","href":"https:\/\/api.w.org\/{rel}","templated":true}]}}