{"id":3961,"date":"2023-03-03T12:16:51","date_gmt":"2023-03-03T15:16:51","guid":{"rendered":"http:\/\/www.his.puc-rio.br\/pb\/?post_type=tribe_events&#038;p=3961"},"modified":"2023-03-03T12:16:51","modified_gmt":"2023-03-03T15:16:51","slug":"oficina-brasil-o-teu-nome-e-dandara-fontes-memoria-e-historia","status":"publish","type":"tribe_events","link":"https:\/\/www.his.puc-rio.br\/en\/event\/portugues-oficina-brasil-o-teu-nome-e-dandara-fontes-memoria-e-historia\/","title":{"rendered":"(Portugu\u00eas) Oficina: &#8220;Brasil, o teu nome \u00e9 Dandara. Fontes, mem\u00f3ria e hist\u00f3ria&#8221;"},"content":{"rendered":"<p class=\"qtranxs-available-languages-message qtranxs-available-languages-message-en\">Sorry, this entry is only available in <a href=\"https:\/\/www.his.puc-rio.br\/pb\/wp-json\/wp\/v2\/tribe_events\/3961\" class=\"qtranxs-available-language-link qtranxs-available-language-link-pb\" title=\"Portugu\u00eas\">Portugu\u00eas<\/a>.<\/p><p><\/p>\n<h5><span style=\"color: #000000;\">Oficina:\u00a0No dia\u00a0<strong>9, quinta-feira, \u00e0s 9hs<\/strong>, no Anfiteatro Junito Brand\u00e3o, teremos a Oficina &#8220;Brasil, o teu nome \u00e9 Dandara. Fontes, mem\u00f3ria e hist\u00f3ria&#8221;, organizada pela profa. Crislayne e pelo PET\/Hist\u00f3ria. Pedimos que n\u00e3o registrem falta aos alunos integrantes do PET.\u00a0<\/span><\/h5>\n<h5><span style=\"color: #000000;\">Participe de atividade de recep\u00e7\u00e3o axs novxs alunxs do curso de Hist\u00f3ria &#8211; PUC-Rio. Aberta para quem est\u00e1 em outros per\u00edodos e cursos tamb\u00e9m.<\/span><\/h5>\n<div dir=\"auto\"><span style=\"color: #000000;\">Formul\u00e1rio de inscri\u00e7\u00e3o:<\/span>\u00a0<span style=\"color: #0000ff;\"><a class=\"x1i10hfl xjbqb8w x6umtig x1b1mbwd xaqea5y xav7gou x9f619 x1ypdohk xt0psk2 xe8uvvx xdj266r x11i5rnm xat24cr x1mh8g0r xexx8yu x4uap5 x18d9i69 xkhd6sd x16tdsg8 x1hl2dhg xggy1nq x1a2a7pz xt0b8zv x1fey0fg\" style=\"color: #0000ff;\" tabindex=\"0\" role=\"link\" href=\"https:\/\/forms.gle\/2nXjSn5w5K2UsrHy5?fbclid=IwAR25Gx6tMsSU1lcc_4mdxqZ0rxX1SQEYNCoDKpwyrAeWTjJ98JKj65I_F-I\" target=\"_blank\" rel=\"nofollow noopener\">https:\/\/forms.gle\/2nXjSn5w5K2UsrHy5<\/a><\/span><\/div>\n<div dir=\"auto\"><span style=\"color: #000000;\">O objetivo da oficina \u00e9 refletir, por meio da leitura paleogr\u00e1fica de um documento sobre a hist\u00f3ria de Palmares, sobre a representa\u00e7\u00e3o da personagem Dandara. O objetivo \u00e9 discutir como a mem\u00f3ria e a hist\u00f3ria se entrecruzam produzindo lembran\u00e7a e esquecimento, com destaque para o lugar dos arquivos e fontes na constru\u00e7\u00e3o do conhecimento hist\u00f3rico.<\/span><\/div>\n<h5><\/h5>\n<p><\/p>","protected":false},"excerpt":{"rendered":"<p>Sorry, this entry is only available in Portugu\u00eas. Oficina:\u00a0No dia\u00a09, quinta-feira, \u00e0s 9hs, no Anfiteatro Junito Brand\u00e3o, teremos a Oficina &#8220;Brasil, o teu nome \u00e9 Dandara. Fontes, mem\u00f3ria e hist\u00f3ria&#8221;, organizada pela profa. Crislayne e pelo PET\/Hist\u00f3ria. Pedimos que n\u00e3o<a class=\"moretag\" href=\"https:\/\/www.his.puc-rio.br\/en\/event\/portugues-oficina-brasil-o-teu-nome-e-dandara-fontes-memoria-e-historia\/\">&#8230;<\/a><\/br><a href=\"https:\/\/www.his.puc-rio.br\/en\/event\/portugues-oficina-brasil-o-teu-nome-e-dandara-fontes-memoria-e-historia\/\" class=\"read-more\">Leia mais..  <span class=\"glyphicon glyphicon-chevron-right\" ><\/span><\/a><\/p>\n","protected":false},"author":1,"featured_media":3962,"comment_status":"closed","ping_status":"closed","template":"","meta":{"_tribe_events_status":"","_tribe_events_status_reason":"","footnotes":""},"tags":[],"tribe_events_cat":[],"yoast_head":"<!-- This site is optimized with the Yoast SEO plugin v23.5 - https:\/\/yoast.com\/wordpress\/plugins\/seo\/ -->\n<title>(Portugu\u00eas) Oficina: &quot;Brasil, o teu nome \u00e9 Dandara. Fontes, mem\u00f3ria e hist\u00f3ria&quot; - Departamento de Hist\u00f3ria da PUC-Rio<\/title>\n<meta name=\"robots\" content=\"index, follow, max-snippet:-1, max-image-preview:large, max-video-preview:-1\" \/>\n<link rel=\"canonical\" href=\"https:\/\/www.his.puc-rio.br\/en\/event\/portugues-oficina-brasil-o-teu-nome-e-dandara-fontes-memoria-e-historia\/\" \/>\n<meta property=\"og:locale\" content=\"en_US\" \/>\n<meta property=\"og:type\" content=\"article\" \/>\n<meta property=\"og:title\" content=\"(Portugu\u00eas) Oficina: &quot;Brasil, o teu nome \u00e9 Dandara. Fontes, mem\u00f3ria e hist\u00f3ria&quot; - Departamento de Hist\u00f3ria da PUC-Rio\" \/>\n<meta property=\"og:description\" content=\"Sorry, this entry is only available in Portugu\u00eas. Oficina:\u00a0No dia\u00a09, quinta-feira, \u00e0s 9hs, no Anfiteatro Junito Brand\u00e3o, teremos a Oficina &#8220;Brasil, o teu nome \u00e9 Dandara. Fontes, mem\u00f3ria e hist\u00f3ria&#8221;, organizada pela profa. Crislayne e pelo PET\/Hist\u00f3ria. Pedimos que n\u00e3o...Leia mais..\" \/>\n<meta property=\"og:url\" content=\"https:\/\/www.his.puc-rio.br\/en\/event\/portugues-oficina-brasil-o-teu-nome-e-dandara-fontes-memoria-e-historia\/\" \/>\n<meta property=\"og:site_name\" content=\"Departamento de Hist\u00f3ria da PUC-Rio\" \/>\n<meta property=\"og:image\" content=\"https:\/\/www.his.puc-rio.br\/wp-content\/uploads\/333921638_1451476458589827_8186680416783742023_n.jpg\" \/>\n\t<meta property=\"og:image:width\" content=\"1080\" \/>\n\t<meta property=\"og:image:height\" content=\"1080\" \/>\n\t<meta property=\"og:image:type\" content=\"image\/jpeg\" \/>\n<meta name=\"twitter:card\" content=\"summary_large_image\" \/>\n<meta name=\"twitter:label1\" content=\"Est. reading time\" \/>\n\t<meta name=\"twitter:data1\" content=\"1 minute\" \/>\n<script type=\"application\/ld+json\" class=\"yoast-schema-graph\">{\"@context\":\"https:\/\/schema.org\",\"@graph\":[{\"@type\":\"WebPage\",\"@id\":\"https:\/\/www.his.puc-rio.br\/en\/event\/portugues-oficina-brasil-o-teu-nome-e-dandara-fontes-memoria-e-historia\/\",\"url\":\"https:\/\/www.his.puc-rio.br\/en\/event\/portugues-oficina-brasil-o-teu-nome-e-dandara-fontes-memoria-e-historia\/\",\"name\":\"(Portugu\u00eas) Oficina: \\\"Brasil, o teu nome \u00e9 Dandara. Fontes, mem\u00f3ria e hist\u00f3ria\\\" - Departamento de Hist\u00f3ria da PUC-Rio\",\"isPartOf\":{\"@id\":\"http:\/\/www.his.puc-rio.br\/en\/#website\"},\"primaryImageOfPage\":{\"@id\":\"https:\/\/www.his.puc-rio.br\/en\/event\/portugues-oficina-brasil-o-teu-nome-e-dandara-fontes-memoria-e-historia\/#primaryimage\"},\"image\":{\"@id\":\"https:\/\/www.his.puc-rio.br\/en\/event\/portugues-oficina-brasil-o-teu-nome-e-dandara-fontes-memoria-e-historia\/#primaryimage\"},\"thumbnailUrl\":\"https:\/\/www.his.puc-rio.br\/wp-content\/uploads\/333921638_1451476458589827_8186680416783742023_n.jpg\",\"datePublished\":\"2023-03-03T15:16:51+00:00\",\"dateModified\":\"2023-03-03T15:16:51+00:00\",\"breadcrumb\":{\"@id\":\"https:\/\/www.his.puc-rio.br\/en\/event\/portugues-oficina-brasil-o-teu-nome-e-dandara-fontes-memoria-e-historia\/#breadcrumb\"},\"inLanguage\":\"en-US\",\"potentialAction\":[{\"@type\":\"ReadAction\",\"target\":[[\"https:\/\/www.his.puc-rio.br\/en\/event\/portugues-oficina-brasil-o-teu-nome-e-dandara-fontes-memoria-e-historia\/\"]]}]},{\"@type\":\"ImageObject\",\"inLanguage\":\"en-US\",\"@id\":\"https:\/\/www.his.puc-rio.br\/en\/event\/portugues-oficina-brasil-o-teu-nome-e-dandara-fontes-memoria-e-historia\/#primaryimage\",\"url\":\"https:\/\/www.his.puc-rio.br\/wp-content\/uploads\/333921638_1451476458589827_8186680416783742023_n.jpg\",\"contentUrl\":\"https:\/\/www.his.puc-rio.br\/wp-content\/uploads\/333921638_1451476458589827_8186680416783742023_n.jpg\",\"width\":1080,\"height\":1080},{\"@type\":\"BreadcrumbList\",\"@id\":\"https:\/\/www.his.puc-rio.br\/en\/event\/portugues-oficina-brasil-o-teu-nome-e-dandara-fontes-memoria-e-historia\/#breadcrumb\",\"itemListElement\":[{\"@type\":\"ListItem\",\"position\":1,\"name\":\"In\u00edcio\",\"item\":\"http:\/\/www.his.puc-rio.br\/en\/\"},{\"@type\":\"ListItem\",\"position\":2,\"name\":\"Eventos\",\"item\":\"http:\/\/www.his.puc-rio.br\/en\/http-www-his-puc-rio-br-calendario\/\"},{\"@type\":\"ListItem\",\"position\":3,\"name\":\"(Portugu\u00eas) Oficina: &#8220;Brasil, o teu nome \u00e9 Dandara. Fontes, mem\u00f3ria e hist\u00f3ria&#8221;\"}]},{\"@type\":\"WebSite\",\"@id\":\"http:\/\/www.his.puc-rio.br\/en\/#website\",\"url\":\"http:\/\/www.his.puc-rio.br\/en\/\",\"name\":\"Departamento de Hist\u00f3ria da PUC-Rio\",\"description\":\"Cursos de Gradua\u00e7\u00e3o, P\u00f3s-gradua\u00e7\u00e3o, Mestrado e Doutorado\",\"potentialAction\":[{\"@type\":\"SearchAction\",\"target\":{\"@type\":\"EntryPoint\",\"urlTemplate\":\"http:\/\/www.his.puc-rio.br\/en\/?s={search_term_string}\"},\"query-input\":{\"@type\":\"PropertyValueSpecification\",\"valueRequired\":true,\"valueName\":\"search_term_string\"}}],\"inLanguage\":\"en-US\"}]}<\/script>\n<!-- \/ Yoast SEO plugin. -->","yoast_head_json":{"title":"(Portugu\u00eas) Oficina: \"Brasil, o teu nome \u00e9 Dandara. Fontes, mem\u00f3ria e hist\u00f3ria\" - Departamento de Hist\u00f3ria da PUC-Rio","robots":{"index":"index","follow":"follow","max-snippet":"max-snippet:-1","max-image-preview":"max-image-preview:large","max-video-preview":"max-video-preview:-1"},"canonical":"https:\/\/www.his.puc-rio.br\/en\/event\/portugues-oficina-brasil-o-teu-nome-e-dandara-fontes-memoria-e-historia\/","og_locale":"en_US","og_type":"article","og_title":"(Portugu\u00eas) Oficina: \"Brasil, o teu nome \u00e9 Dandara. Fontes, mem\u00f3ria e hist\u00f3ria\" - Departamento de Hist\u00f3ria da PUC-Rio","og_description":"Sorry, this entry is only available in Portugu\u00eas. Oficina:\u00a0No dia\u00a09, quinta-feira, \u00e0s 9hs, no Anfiteatro Junito Brand\u00e3o, teremos a Oficina &#8220;Brasil, o teu nome \u00e9 Dandara. Fontes, mem\u00f3ria e hist\u00f3ria&#8221;, organizada pela profa. Crislayne e pelo PET\/Hist\u00f3ria. Pedimos que n\u00e3o...Leia mais..","og_url":"https:\/\/www.his.puc-rio.br\/en\/event\/portugues-oficina-brasil-o-teu-nome-e-dandara-fontes-memoria-e-historia\/","og_site_name":"Departamento de Hist\u00f3ria da PUC-Rio","og_image":[{"width":1080,"height":1080,"url":"https:\/\/www.his.puc-rio.br\/wp-content\/uploads\/333921638_1451476458589827_8186680416783742023_n.jpg","type":"image\/jpeg"}],"twitter_card":"summary_large_image","twitter_misc":{"Est. reading time":"1 minute"},"schema":{"@context":"https:\/\/schema.org","@graph":[{"@type":"WebPage","@id":"https:\/\/www.his.puc-rio.br\/en\/event\/portugues-oficina-brasil-o-teu-nome-e-dandara-fontes-memoria-e-historia\/","url":"https:\/\/www.his.puc-rio.br\/en\/event\/portugues-oficina-brasil-o-teu-nome-e-dandara-fontes-memoria-e-historia\/","name":"(Portugu\u00eas) Oficina: \"Brasil, o teu nome \u00e9 Dandara. Fontes, mem\u00f3ria e hist\u00f3ria\" - Departamento de Hist\u00f3ria da PUC-Rio","isPartOf":{"@id":"http:\/\/www.his.puc-rio.br\/en\/#website"},"primaryImageOfPage":{"@id":"https:\/\/www.his.puc-rio.br\/en\/event\/portugues-oficina-brasil-o-teu-nome-e-dandara-fontes-memoria-e-historia\/#primaryimage"},"image":{"@id":"https:\/\/www.his.puc-rio.br\/en\/event\/portugues-oficina-brasil-o-teu-nome-e-dandara-fontes-memoria-e-historia\/#primaryimage"},"thumbnailUrl":"https:\/\/www.his.puc-rio.br\/wp-content\/uploads\/333921638_1451476458589827_8186680416783742023_n.jpg","datePublished":"2023-03-03T15:16:51+00:00","dateModified":"2023-03-03T15:16:51+00:00","breadcrumb":{"@id":"https:\/\/www.his.puc-rio.br\/en\/event\/portugues-oficina-brasil-o-teu-nome-e-dandara-fontes-memoria-e-historia\/#breadcrumb"},"inLanguage":"en-US","potentialAction":[{"@type":"ReadAction","target":[["https:\/\/www.his.puc-rio.br\/en\/event\/portugues-oficina-brasil-o-teu-nome-e-dandara-fontes-memoria-e-historia\/"]]}]},{"@type":"ImageObject","inLanguage":"en-US","@id":"https:\/\/www.his.puc-rio.br\/en\/event\/portugues-oficina-brasil-o-teu-nome-e-dandara-fontes-memoria-e-historia\/#primaryimage","url":"https:\/\/www.his.puc-rio.br\/wp-content\/uploads\/333921638_1451476458589827_8186680416783742023_n.jpg","contentUrl":"https:\/\/www.his.puc-rio.br\/wp-content\/uploads\/333921638_1451476458589827_8186680416783742023_n.jpg","width":1080,"height":1080},{"@type":"BreadcrumbList","@id":"https:\/\/www.his.puc-rio.br\/en\/event\/portugues-oficina-brasil-o-teu-nome-e-dandara-fontes-memoria-e-historia\/#breadcrumb","itemListElement":[{"@type":"ListItem","position":1,"name":"In\u00edcio","item":"http:\/\/www.his.puc-rio.br\/en\/"},{"@type":"ListItem","position":2,"name":"Eventos","item":"http:\/\/www.his.puc-rio.br\/en\/http-www-his-puc-rio-br-calendario\/"},{"@type":"ListItem","position":3,"name":"(Portugu\u00eas) Oficina: &#8220;Brasil, o teu nome \u00e9 Dandara. Fontes, mem\u00f3ria e hist\u00f3ria&#8221;"}]},{"@type":"WebSite","@id":"http:\/\/www.his.puc-rio.br\/en\/#website","url":"http:\/\/www.his.puc-rio.br\/en\/","name":"Departamento de Hist\u00f3ria da PUC-Rio","description":"Cursos de Gradua\u00e7\u00e3o, P\u00f3s-gradua\u00e7\u00e3o, Mestrado e Doutorado","potentialAction":[{"@type":"SearchAction","target":{"@type":"EntryPoint","urlTemplate":"http:\/\/www.his.puc-rio.br\/en\/?s={search_term_string}"},"query-input":{"@type":"PropertyValueSpecification","valueRequired":true,"valueName":"search_term_string"}}],"inLanguage":"en-US"}]}},"_links":{"self":[{"href":"https:\/\/www.his.puc-rio.br\/en\/wp-json\/wp\/v2\/tribe_events\/3961"}],"collection":[{"href":"https:\/\/www.his.puc-rio.br\/en\/wp-json\/wp\/v2\/tribe_events"}],"about":[{"href":"https:\/\/www.his.puc-rio.br\/en\/wp-json\/wp\/v2\/types\/tribe_events"}],"author":[{"embeddable":true,"href":"https:\/\/www.his.puc-rio.br\/en\/wp-json\/wp\/v2\/users\/1"}],"replies":[{"embeddable":true,"href":"https:\/\/www.his.puc-rio.br\/en\/wp-json\/wp\/v2\/comments?post=3961"}],"version-history":[{"count":1,"href":"https:\/\/www.his.puc-rio.br\/en\/wp-json\/wp\/v2\/tribe_events\/3961\/revisions"}],"predecessor-version":[{"id":3963,"href":"https:\/\/www.his.puc-rio.br\/en\/wp-json\/wp\/v2\/tribe_events\/3961\/revisions\/3963"}],"wp:featuredmedia":[{"embeddable":true,"href":"https:\/\/www.his.puc-rio.br\/en\/wp-json\/wp\/v2\/media\/3962"}],"wp:attachment":[{"href":"https:\/\/www.his.puc-rio.br\/en\/wp-json\/wp\/v2\/media?parent=3961"}],"wp:term":[{"taxonomy":"post_tag","embeddable":true,"href":"https:\/\/www.his.puc-rio.br\/en\/wp-json\/wp\/v2\/tags?post=3961"},{"taxonomy":"tribe_events_cat","embeddable":true,"href":"https:\/\/www.his.puc-rio.br\/en\/wp-json\/wp\/v2\/tribe_events_cat?post=3961"}],"curies":[{"name":"wp","href":"https:\/\/api.w.org\/{rel}","templated":true}]}}