{"id":3980,"date":"2023-03-21T10:20:19","date_gmt":"2023-03-21T13:20:19","guid":{"rendered":"http:\/\/www.his.puc-rio.br\/pb\/?post_type=tribe_events&#038;p=3980"},"modified":"2023-03-21T10:36:08","modified_gmt":"2023-03-21T13:36:08","slug":"aula-inaugural-luto-e-luta-o-movimento-de-maes-em-busca-por-justica-contra-a-violencia-de-estado-com-ana-paula-de-oliveira-co-fundadora-e-coordeadora-do-movimento-de-maes-de-manguinhos","status":"publish","type":"tribe_events","link":"https:\/\/www.his.puc-rio.br\/en\/event\/portugues-aula-inaugural-luto-e-luta-o-movimento-de-maes-em-busca-por-justica-contra-a-violencia-de-estado-com-ana-paula-de-oliveira-co-fundadora-e-coordeadora-do-movimento-de-maes-de-mangui\/","title":{"rendered":"(Portugu\u00eas) Aula Inaugural &#8211; &#8220;Luto e luta: o movimento de m\u00e3es em busca por justi\u00e7a contra a viol\u00eancia de Estado&#8221; , com Ana Paula de Oliveira, co-fundadora e coordeadora do Movimento de M\u00e3es de Manguinhos"},"content":{"rendered":"<p class=\"qtranxs-available-languages-message qtranxs-available-languages-message-en\">Sorry, this entry is only available in <a href=\"https:\/\/www.his.puc-rio.br\/pb\/wp-json\/wp\/v2\/tribe_events\/3980\" class=\"qtranxs-available-language-link qtranxs-available-language-link-pb\" title=\"Portugu\u00eas\">Portugu\u00eas<\/a>.<\/p><p><\/p>\n<h4><span style=\"color: #000000;\"><br \/>\nN\u00e3o perca a aula inaugural deste semestre do Dep. de Hist\u00f3ria com Ana Paula de Oliveira, co-fundadora e coordenadora do Movimento M\u00e3es de Manguinhos.<\/span><\/h4>\n<h4><span style=\"color: #000000;\">Dia 27 de mar\u00e7o, segunda-feira, \u00e0s 15h, no audit\u00f3rio FB8.<\/span><\/h4>\n<p><\/p>","protected":false},"excerpt":{"rendered":"<p>Sorry, this entry is only available in Portugu\u00eas. N\u00e3o perca a aula inaugural deste semestre do Dep. de Hist\u00f3ria com Ana Paula de Oliveira, co-fundadora e coordenadora do Movimento M\u00e3es de Manguinhos. Dia 27 de mar\u00e7o, segunda-feira, \u00e0s 15h, no<a class=\"moretag\" href=\"https:\/\/www.his.puc-rio.br\/en\/event\/portugues-aula-inaugural-luto-e-luta-o-movimento-de-maes-em-busca-por-justica-contra-a-violencia-de-estado-com-ana-paula-de-oliveira-co-fundadora-e-coordeadora-do-movimento-de-maes-de-mangui\/\">&#8230;<\/a><\/br><a href=\"https:\/\/www.his.puc-rio.br\/en\/event\/portugues-aula-inaugural-luto-e-luta-o-movimento-de-maes-em-busca-por-justica-contra-a-violencia-de-estado-com-ana-paula-de-oliveira-co-fundadora-e-coordeadora-do-movimento-de-maes-de-mangui\/\" class=\"read-more\">Leia mais..  <span class=\"glyphicon glyphicon-chevron-right\" ><\/span><\/a><\/p>\n","protected":false},"author":1,"featured_media":3974,"comment_status":"closed","ping_status":"closed","template":"","meta":{"_tribe_events_status":"","_tribe_events_status_reason":"","footnotes":""},"tags":[],"tribe_events_cat":[],"yoast_head":"<!-- This site is optimized with the Yoast SEO plugin v23.5 - https:\/\/yoast.com\/wordpress\/plugins\/seo\/ -->\n<title>(Portugu\u00eas) Aula Inaugural - &quot;Luto e luta: o movimento de m\u00e3es em busca por justi\u00e7a contra a viol\u00eancia de Estado&quot; , com Ana Paula de Oliveira, co-fundadora e coordeadora do Movimento de M\u00e3es de Manguinhos - Departamento de Hist\u00f3ria da PUC-Rio<\/title>\n<meta name=\"robots\" content=\"index, follow, max-snippet:-1, max-image-preview:large, max-video-preview:-1\" \/>\n<link rel=\"canonical\" href=\"https:\/\/www.his.puc-rio.br\/en\/event\/portugues-aula-inaugural-luto-e-luta-o-movimento-de-maes-em-busca-por-justica-contra-a-violencia-de-estado-com-ana-paula-de-oliveira-co-fundadora-e-coordeadora-do-movimento-de-maes-de-mangui\/\" \/>\n<meta property=\"og:locale\" content=\"en_US\" \/>\n<meta property=\"og:type\" content=\"article\" \/>\n<meta property=\"og:title\" content=\"(Portugu\u00eas) Aula Inaugural - &quot;Luto e luta: o movimento de m\u00e3es em busca por justi\u00e7a contra a viol\u00eancia de Estado&quot; , com Ana Paula de Oliveira, co-fundadora e coordeadora do Movimento de M\u00e3es de Manguinhos - Departamento de Hist\u00f3ria da PUC-Rio\" \/>\n<meta property=\"og:description\" content=\"Sorry, this entry is only available in Portugu\u00eas. N\u00e3o perca a aula inaugural deste semestre do Dep. de Hist\u00f3ria com Ana Paula de Oliveira, co-fundadora e coordenadora do Movimento M\u00e3es de Manguinhos. Dia 27 de mar\u00e7o, segunda-feira, \u00e0s 15h, no...Leia mais..\" \/>\n<meta property=\"og:url\" content=\"https:\/\/www.his.puc-rio.br\/en\/event\/portugues-aula-inaugural-luto-e-luta-o-movimento-de-maes-em-busca-por-justica-contra-a-violencia-de-estado-com-ana-paula-de-oliveira-co-fundadora-e-coordeadora-do-movimento-de-maes-de-mangui\/\" \/>\n<meta property=\"og:site_name\" content=\"Departamento de Hist\u00f3ria da PUC-Rio\" \/>\n<meta property=\"article:modified_time\" content=\"2023-03-21T13:36:08+00:00\" \/>\n<meta property=\"og:image\" content=\"https:\/\/www.his.puc-rio.br\/wp-content\/uploads\/Aula-Inaugural-Luto-e-luta-o-movimento-de-maes-site-1.jpg\" \/>\n\t<meta property=\"og:image:width\" content=\"1836\" \/>\n\t<meta property=\"og:image:height\" content=\"1000\" \/>\n\t<meta property=\"og:image:type\" content=\"image\/jpeg\" \/>\n<meta name=\"twitter:card\" content=\"summary_large_image\" \/>\n<meta name=\"twitter:label1\" content=\"Est. reading time\" \/>\n\t<meta name=\"twitter:data1\" content=\"1 minute\" \/>\n<script type=\"application\/ld+json\" class=\"yoast-schema-graph\">{\"@context\":\"https:\/\/schema.org\",\"@graph\":[{\"@type\":\"WebPage\",\"@id\":\"https:\/\/www.his.puc-rio.br\/en\/event\/portugues-aula-inaugural-luto-e-luta-o-movimento-de-maes-em-busca-por-justica-contra-a-violencia-de-estado-com-ana-paula-de-oliveira-co-fundadora-e-coordeadora-do-movimento-de-maes-de-mangui\/\",\"url\":\"https:\/\/www.his.puc-rio.br\/en\/event\/portugues-aula-inaugural-luto-e-luta-o-movimento-de-maes-em-busca-por-justica-contra-a-violencia-de-estado-com-ana-paula-de-oliveira-co-fundadora-e-coordeadora-do-movimento-de-maes-de-mangui\/\",\"name\":\"(Portugu\u00eas) Aula Inaugural - \\\"Luto e luta: o movimento de m\u00e3es em busca por justi\u00e7a contra a viol\u00eancia de Estado\\\" , com Ana Paula de Oliveira, co-fundadora e coordeadora do Movimento de M\u00e3es de Manguinhos - Departamento de Hist\u00f3ria da PUC-Rio\",\"isPartOf\":{\"@id\":\"http:\/\/www.his.puc-rio.br\/en\/#website\"},\"primaryImageOfPage\":{\"@id\":\"https:\/\/www.his.puc-rio.br\/en\/event\/portugues-aula-inaugural-luto-e-luta-o-movimento-de-maes-em-busca-por-justica-contra-a-violencia-de-estado-com-ana-paula-de-oliveira-co-fundadora-e-coordeadora-do-movimento-de-maes-de-mangui\/#primaryimage\"},\"image\":{\"@id\":\"https:\/\/www.his.puc-rio.br\/en\/event\/portugues-aula-inaugural-luto-e-luta-o-movimento-de-maes-em-busca-por-justica-contra-a-violencia-de-estado-com-ana-paula-de-oliveira-co-fundadora-e-coordeadora-do-movimento-de-maes-de-mangui\/#primaryimage\"},\"thumbnailUrl\":\"https:\/\/www.his.puc-rio.br\/wp-content\/uploads\/Aula-Inaugural-Luto-e-luta-o-movimento-de-maes-site-1.jpg\",\"datePublished\":\"2023-03-21T13:20:19+00:00\",\"dateModified\":\"2023-03-21T13:36:08+00:00\",\"breadcrumb\":{\"@id\":\"https:\/\/www.his.puc-rio.br\/en\/event\/portugues-aula-inaugural-luto-e-luta-o-movimento-de-maes-em-busca-por-justica-contra-a-violencia-de-estado-com-ana-paula-de-oliveira-co-fundadora-e-coordeadora-do-movimento-de-maes-de-mangui\/#breadcrumb\"},\"inLanguage\":\"en-US\",\"potentialAction\":[{\"@type\":\"ReadAction\",\"target\":[[\"https:\/\/www.his.puc-rio.br\/en\/event\/portugues-aula-inaugural-luto-e-luta-o-movimento-de-maes-em-busca-por-justica-contra-a-violencia-de-estado-com-ana-paula-de-oliveira-co-fundadora-e-coordeadora-do-movimento-de-maes-de-mangui\/\"]]}]},{\"@type\":\"ImageObject\",\"inLanguage\":\"en-US\",\"@id\":\"https:\/\/www.his.puc-rio.br\/en\/event\/portugues-aula-inaugural-luto-e-luta-o-movimento-de-maes-em-busca-por-justica-contra-a-violencia-de-estado-com-ana-paula-de-oliveira-co-fundadora-e-coordeadora-do-movimento-de-maes-de-mangui\/#primaryimage\",\"url\":\"https:\/\/www.his.puc-rio.br\/wp-content\/uploads\/Aula-Inaugural-Luto-e-luta-o-movimento-de-maes-site-1.jpg\",\"contentUrl\":\"https:\/\/www.his.puc-rio.br\/wp-content\/uploads\/Aula-Inaugural-Luto-e-luta-o-movimento-de-maes-site-1.jpg\",\"width\":1836,\"height\":1000},{\"@type\":\"BreadcrumbList\",\"@id\":\"https:\/\/www.his.puc-rio.br\/en\/event\/portugues-aula-inaugural-luto-e-luta-o-movimento-de-maes-em-busca-por-justica-contra-a-violencia-de-estado-com-ana-paula-de-oliveira-co-fundadora-e-coordeadora-do-movimento-de-maes-de-mangui\/#breadcrumb\",\"itemListElement\":[{\"@type\":\"ListItem\",\"position\":1,\"name\":\"In\u00edcio\",\"item\":\"http:\/\/www.his.puc-rio.br\/en\/\"},{\"@type\":\"ListItem\",\"position\":2,\"name\":\"Eventos\",\"item\":\"http:\/\/www.his.puc-rio.br\/en\/http-www-his-puc-rio-br-calendario\/\"},{\"@type\":\"ListItem\",\"position\":3,\"name\":\"(Portugu\u00eas) Aula Inaugural &#8211; &#8220;Luto e luta: o movimento de m\u00e3es em busca por justi\u00e7a contra a viol\u00eancia de Estado&#8221; , com Ana Paula de Oliveira, co-fundadora e coordeadora do Movimento de M\u00e3es de Manguinhos\"}]},{\"@type\":\"WebSite\",\"@id\":\"http:\/\/www.his.puc-rio.br\/en\/#website\",\"url\":\"http:\/\/www.his.puc-rio.br\/en\/\",\"name\":\"Departamento de Hist\u00f3ria da PUC-Rio\",\"description\":\"Cursos de Gradua\u00e7\u00e3o, P\u00f3s-gradua\u00e7\u00e3o, Mestrado e Doutorado\",\"potentialAction\":[{\"@type\":\"SearchAction\",\"target\":{\"@type\":\"EntryPoint\",\"urlTemplate\":\"http:\/\/www.his.puc-rio.br\/en\/?s={search_term_string}\"},\"query-input\":{\"@type\":\"PropertyValueSpecification\",\"valueRequired\":true,\"valueName\":\"search_term_string\"}}],\"inLanguage\":\"en-US\"}]}<\/script>\n<!-- \/ Yoast SEO plugin. -->","yoast_head_json":{"title":"(Portugu\u00eas) Aula Inaugural - \"Luto e luta: o movimento de m\u00e3es em busca por justi\u00e7a contra a viol\u00eancia de Estado\" , com Ana Paula de Oliveira, co-fundadora e coordeadora do Movimento de M\u00e3es de Manguinhos - Departamento de Hist\u00f3ria da PUC-Rio","robots":{"index":"index","follow":"follow","max-snippet":"max-snippet:-1","max-image-preview":"max-image-preview:large","max-video-preview":"max-video-preview:-1"},"canonical":"https:\/\/www.his.puc-rio.br\/en\/event\/portugues-aula-inaugural-luto-e-luta-o-movimento-de-maes-em-busca-por-justica-contra-a-violencia-de-estado-com-ana-paula-de-oliveira-co-fundadora-e-coordeadora-do-movimento-de-maes-de-mangui\/","og_locale":"en_US","og_type":"article","og_title":"(Portugu\u00eas) Aula Inaugural - \"Luto e luta: o movimento de m\u00e3es em busca por justi\u00e7a contra a viol\u00eancia de Estado\" , com Ana Paula de Oliveira, co-fundadora e coordeadora do Movimento de M\u00e3es de Manguinhos - Departamento de Hist\u00f3ria da PUC-Rio","og_description":"Sorry, this entry is only available in Portugu\u00eas. N\u00e3o perca a aula inaugural deste semestre do Dep. de Hist\u00f3ria com Ana Paula de Oliveira, co-fundadora e coordenadora do Movimento M\u00e3es de Manguinhos. Dia 27 de mar\u00e7o, segunda-feira, \u00e0s 15h, no...Leia mais..","og_url":"https:\/\/www.his.puc-rio.br\/en\/event\/portugues-aula-inaugural-luto-e-luta-o-movimento-de-maes-em-busca-por-justica-contra-a-violencia-de-estado-com-ana-paula-de-oliveira-co-fundadora-e-coordeadora-do-movimento-de-maes-de-mangui\/","og_site_name":"Departamento de Hist\u00f3ria da PUC-Rio","article_modified_time":"2023-03-21T13:36:08+00:00","og_image":[{"width":1836,"height":1000,"url":"https:\/\/www.his.puc-rio.br\/wp-content\/uploads\/Aula-Inaugural-Luto-e-luta-o-movimento-de-maes-site-1.jpg","type":"image\/jpeg"}],"twitter_card":"summary_large_image","twitter_misc":{"Est. reading time":"1 minute"},"schema":{"@context":"https:\/\/schema.org","@graph":[{"@type":"WebPage","@id":"https:\/\/www.his.puc-rio.br\/en\/event\/portugues-aula-inaugural-luto-e-luta-o-movimento-de-maes-em-busca-por-justica-contra-a-violencia-de-estado-com-ana-paula-de-oliveira-co-fundadora-e-coordeadora-do-movimento-de-maes-de-mangui\/","url":"https:\/\/www.his.puc-rio.br\/en\/event\/portugues-aula-inaugural-luto-e-luta-o-movimento-de-maes-em-busca-por-justica-contra-a-violencia-de-estado-com-ana-paula-de-oliveira-co-fundadora-e-coordeadora-do-movimento-de-maes-de-mangui\/","name":"(Portugu\u00eas) Aula Inaugural - \"Luto e luta: o movimento de m\u00e3es em busca por justi\u00e7a contra a viol\u00eancia de Estado\" , com Ana Paula de Oliveira, co-fundadora e coordeadora do Movimento de M\u00e3es de Manguinhos - Departamento de Hist\u00f3ria da PUC-Rio","isPartOf":{"@id":"http:\/\/www.his.puc-rio.br\/en\/#website"},"primaryImageOfPage":{"@id":"https:\/\/www.his.puc-rio.br\/en\/event\/portugues-aula-inaugural-luto-e-luta-o-movimento-de-maes-em-busca-por-justica-contra-a-violencia-de-estado-com-ana-paula-de-oliveira-co-fundadora-e-coordeadora-do-movimento-de-maes-de-mangui\/#primaryimage"},"image":{"@id":"https:\/\/www.his.puc-rio.br\/en\/event\/portugues-aula-inaugural-luto-e-luta-o-movimento-de-maes-em-busca-por-justica-contra-a-violencia-de-estado-com-ana-paula-de-oliveira-co-fundadora-e-coordeadora-do-movimento-de-maes-de-mangui\/#primaryimage"},"thumbnailUrl":"https:\/\/www.his.puc-rio.br\/wp-content\/uploads\/Aula-Inaugural-Luto-e-luta-o-movimento-de-maes-site-1.jpg","datePublished":"2023-03-21T13:20:19+00:00","dateModified":"2023-03-21T13:36:08+00:00","breadcrumb":{"@id":"https:\/\/www.his.puc-rio.br\/en\/event\/portugues-aula-inaugural-luto-e-luta-o-movimento-de-maes-em-busca-por-justica-contra-a-violencia-de-estado-com-ana-paula-de-oliveira-co-fundadora-e-coordeadora-do-movimento-de-maes-de-mangui\/#breadcrumb"},"inLanguage":"en-US","potentialAction":[{"@type":"ReadAction","target":[["https:\/\/www.his.puc-rio.br\/en\/event\/portugues-aula-inaugural-luto-e-luta-o-movimento-de-maes-em-busca-por-justica-contra-a-violencia-de-estado-com-ana-paula-de-oliveira-co-fundadora-e-coordeadora-do-movimento-de-maes-de-mangui\/"]]}]},{"@type":"ImageObject","inLanguage":"en-US","@id":"https:\/\/www.his.puc-rio.br\/en\/event\/portugues-aula-inaugural-luto-e-luta-o-movimento-de-maes-em-busca-por-justica-contra-a-violencia-de-estado-com-ana-paula-de-oliveira-co-fundadora-e-coordeadora-do-movimento-de-maes-de-mangui\/#primaryimage","url":"https:\/\/www.his.puc-rio.br\/wp-content\/uploads\/Aula-Inaugural-Luto-e-luta-o-movimento-de-maes-site-1.jpg","contentUrl":"https:\/\/www.his.puc-rio.br\/wp-content\/uploads\/Aula-Inaugural-Luto-e-luta-o-movimento-de-maes-site-1.jpg","width":1836,"height":1000},{"@type":"BreadcrumbList","@id":"https:\/\/www.his.puc-rio.br\/en\/event\/portugues-aula-inaugural-luto-e-luta-o-movimento-de-maes-em-busca-por-justica-contra-a-violencia-de-estado-com-ana-paula-de-oliveira-co-fundadora-e-coordeadora-do-movimento-de-maes-de-mangui\/#breadcrumb","itemListElement":[{"@type":"ListItem","position":1,"name":"In\u00edcio","item":"http:\/\/www.his.puc-rio.br\/en\/"},{"@type":"ListItem","position":2,"name":"Eventos","item":"http:\/\/www.his.puc-rio.br\/en\/http-www-his-puc-rio-br-calendario\/"},{"@type":"ListItem","position":3,"name":"(Portugu\u00eas) Aula Inaugural &#8211; &#8220;Luto e luta: o movimento de m\u00e3es em busca por justi\u00e7a contra a viol\u00eancia de Estado&#8221; , com Ana Paula de Oliveira, co-fundadora e coordeadora do Movimento de M\u00e3es de Manguinhos"}]},{"@type":"WebSite","@id":"http:\/\/www.his.puc-rio.br\/en\/#website","url":"http:\/\/www.his.puc-rio.br\/en\/","name":"Departamento de Hist\u00f3ria da PUC-Rio","description":"Cursos de Gradua\u00e7\u00e3o, P\u00f3s-gradua\u00e7\u00e3o, Mestrado e Doutorado","potentialAction":[{"@type":"SearchAction","target":{"@type":"EntryPoint","urlTemplate":"http:\/\/www.his.puc-rio.br\/en\/?s={search_term_string}"},"query-input":{"@type":"PropertyValueSpecification","valueRequired":true,"valueName":"search_term_string"}}],"inLanguage":"en-US"}]}},"_links":{"self":[{"href":"https:\/\/www.his.puc-rio.br\/en\/wp-json\/wp\/v2\/tribe_events\/3980"}],"collection":[{"href":"https:\/\/www.his.puc-rio.br\/en\/wp-json\/wp\/v2\/tribe_events"}],"about":[{"href":"https:\/\/www.his.puc-rio.br\/en\/wp-json\/wp\/v2\/types\/tribe_events"}],"author":[{"embeddable":true,"href":"https:\/\/www.his.puc-rio.br\/en\/wp-json\/wp\/v2\/users\/1"}],"replies":[{"embeddable":true,"href":"https:\/\/www.his.puc-rio.br\/en\/wp-json\/wp\/v2\/comments?post=3980"}],"version-history":[{"count":2,"href":"https:\/\/www.his.puc-rio.br\/en\/wp-json\/wp\/v2\/tribe_events\/3980\/revisions"}],"predecessor-version":[{"id":3983,"href":"https:\/\/www.his.puc-rio.br\/en\/wp-json\/wp\/v2\/tribe_events\/3980\/revisions\/3983"}],"wp:featuredmedia":[{"embeddable":true,"href":"https:\/\/www.his.puc-rio.br\/en\/wp-json\/wp\/v2\/media\/3974"}],"wp:attachment":[{"href":"https:\/\/www.his.puc-rio.br\/en\/wp-json\/wp\/v2\/media?parent=3980"}],"wp:term":[{"taxonomy":"post_tag","embeddable":true,"href":"https:\/\/www.his.puc-rio.br\/en\/wp-json\/wp\/v2\/tags?post=3980"},{"taxonomy":"tribe_events_cat","embeddable":true,"href":"https:\/\/www.his.puc-rio.br\/en\/wp-json\/wp\/v2\/tribe_events_cat?post=3980"}],"curies":[{"name":"wp","href":"https:\/\/api.w.org\/{rel}","templated":true}]}}