{"id":34,"date":"2016-08-17T12:42:59","date_gmt":"2016-08-17T15:42:59","guid":{"rendered":"http:\/\/wwwt.his.puc-rio.br\/his\/pos-graduacao\/prof-hist-capes\/"},"modified":"2022-07-18T10:58:01","modified_gmt":"2022-07-18T13:58:01","slug":"prof-hist-capes","status":"publish","type":"page","link":"https:\/\/www.his.puc-rio.br\/pb\/pos-graduacao\/prof-hist-capes\/","title":{"rendered":"PROFHIST\u00d3RIA"},"content":{"rendered":"<p><\/p>\n<h2 style=\"text-align: justify;\"><span style=\"color: #000000;\">Mestrado Profissional em Ensino de Hist\u00f3ria<\/span><\/h2>\n<p style=\"text-align: justify;\"><span style=\"color: #000000;\"><strong>Link Capes:<\/strong> <\/span><span style=\"color: #0000ff;\"><a style=\"color: #0000ff;\" href=\"http:\/\/www.capes.gov.br\/sala-de-imprensa\/noticias\/7608-dezoito-universidades-aderem-ao-profhistoria\" target=\"_blank\" rel=\"noopener\">http:\/\/www.capes.gov.br\/sala-de-imprensa\/noticias\/7608-dezoito-universidades-aderem-ao-profhistoria<\/a><\/span><\/p>\n<p style=\"text-align: justify;\"><span style=\"color: #000000;\"><strong>Coordenador:<\/strong> Prof. Maur\u00edcio Barreto de Alvarez Parada<br \/>\n<\/span><\/p>\n<p style=\"text-align: justify;\"><span style=\"color: #000000;\"><strong>Veja o edital :<\/strong><\/span> <span style=\"color: #0000ff;\">http:\/\/www.profhistoria.uerj.br<\/span><\/p>\n<h5><strong><span style=\"color: #000000;\">Veja<\/span><\/strong> <span style=\"color: #0000ff;\"><a style=\"font-weight: bold; color: #0000ff;\" href=\"http:\/\/www.his.puc-rio.br\/wp-content\/uploads\/Disserta\u00e7\u00f5es-conclu\u00eddas_Profhist\u00f3ria_PUC.pdf\" target=\"_blank\" rel=\"noopener\">aqui<\/a><\/span> <span style=\"color: #000000;\"><span style=\"color: #000000;\"><b>as disserta\u00e7\u00f5es conclu\u00eddas<\/b><\/span><\/span><\/h5>\n<h5 style=\"text-align: justify;\"><span style=\"color: #0000ff;\"><b><a style=\"color: #0000ff;\" href=\"http:\/\/www.his.puc-rio.br\/wp-content\/uploads\/CORPO-DOCENTE-DO-PROFHIST\u00d3RIA.pdf\" target=\"_blank\" rel=\"noopener\">CORPO DOCENTE\u00a0DO PROFHIST\u00d3RIA<\/a><\/b><\/span><\/h5>\n<h3 style=\"text-align: justify;\"><span style=\"color: #000000;\">Apresenta\u00e7\u00e3o<\/span><\/h3>\n<p style=\"text-align: justify;\"><span style=\"color: #000000;\">O PROFHIST\u00d3RIA \u00e9 um programa de p\u00f3s-gradua\u00e7\u00e3o stricto sensu em Ensino de Hist\u00f3ria, reconhecido pela Coordena\u00e7\u00e3o de Aperfei\u00e7oamento de Pessoal de N\u00edvel Superior (CAPES) do Minist\u00e9rio da Educa\u00e7\u00e3o. \u00c9 um curso de 2 anos com estrutura interinstitucional e oferta nacional, que conduz o aluno ao t\u00edtulo de Mestre em Ensino de Hist\u00f3ria. Seu maior objetivo \u00e9 se constituir, a m\u00e9dio prazo, como um instrumento importante de forma\u00e7\u00e3o continuada de professores da educa\u00e7\u00e3o b\u00e1sica brasileira, visando dar ao egresso qualifica\u00e7\u00e3o certificada para o exerc\u00edcio da profiss\u00e3o de professor de Hist\u00f3ria.<\/span><\/p>\n<p style=\"text-align: justify;\"><span style=\"color: #000000;\">O PROFHIST\u00d3RIA \u00e9 coordenado pela Universidade Federal do Rio de Janeiro (UFRJ) e integrado por Comiss\u00f5es Acad\u00eamicas Locais (CAL\u2019s) que agremiam Institui\u00e7\u00f5es de Ensino Superior (IES) em v\u00e1rios estados da federa\u00e7\u00e3o, denominadas de institui\u00e7\u00f5es associadas. A PUC-Rio \u00e9 a \u00fanica universidade privada que comp\u00f5e o conjunto das IES associadas que comp\u00f5em o programa.<\/span><\/p>\n<p style=\"text-align: justify;\"><span style=\"color: #000000;\">O PROFHIST\u00d3RIA busca desenvolver estrat\u00e9gias de articula\u00e7\u00e3o entre a Gradua\u00e7\u00e3o e a P\u00f3s-gradua\u00e7\u00e3o, bem como entre a Educa\u00e7\u00e3o Superior e a Educa\u00e7\u00e3o B\u00e1sica, colocando em evid\u00eancia o significativo papel a ser desempenhado pela universidade na formula\u00e7\u00e3o e execu\u00e7\u00e3o de pol\u00edticas p\u00fablicas de forma\u00e7\u00e3o docente \u2013 para os n\u00edveis de Ensinos Fundamental e M\u00e9dio. Busca, portanto, promover a a\u00e7\u00e3o universit\u00e1ria al\u00e9m de sua tradicional atua\u00e7\u00e3o na forma\u00e7\u00e3o inicial de docentes, ou seja, garantindo, atrav\u00e9s de um mestrado profissional, interven\u00e7\u00e3o na forma\u00e7\u00e3o continuada de professores, na perspectiva de forte impacto social.<\/span><\/p>\n<h3 style=\"text-align: justify;\"><span style=\"color: #000000;\">Ingresso Docente: periodicidade e crit\u00e9rios<\/span><\/h3>\n<p style=\"text-align: justify;\"><span style=\"color: #000000;\">A admiss\u00e3o de discentes no PROFHIST\u00d3RIA e a distribui\u00e7\u00e3o de bolsas de estudos se d\u00e3o por meio de um Exame Nacional de Acesso, versando sobre um programa de conte\u00fado previamente definido e divulgado por um Edital. O Exame Nacional de Acesso consiste num \u00fanico exame, realizado pelo menos uma vez por ano, ao mesmo tempo, nas Institui\u00e7\u00f5es Associadas, pelas Comiss\u00f5es Acad\u00eamicas Locais;<\/span><\/p>\n<p style=\"text-align: justify;\"><span style=\"color: #000000;\">As normas de realiza\u00e7\u00e3o do Exame Nacional de Acesso, incluindo os requisitos para inscri\u00e7\u00e3o, os hor\u00e1rios e locais de aplica\u00e7\u00e3o do exame, o n\u00famero de vagas em cada Institui\u00e7\u00e3o Associada, e os crit\u00e9rios de corre\u00e7\u00e3o s\u00e3o definidos por Edital elaborado pela Comiss\u00e3o Nacional Acad\u00eamica;<\/span><\/p>\n<p style=\"text-align: justify;\"><span style=\"color: #000000;\">A sele\u00e7\u00e3o dos discentes aprovados e a distribui\u00e7\u00e3o de bolsas de estudos em conson\u00e2ncia com os requisitos determinados pelas ag\u00eancias de fomento se d\u00e3o pela classifica\u00e7\u00e3o dos candidatos no Exame Nacional de Acesso, consideradas separadamente as ofertas de vagas dispon\u00edveis pelas Comiss\u00f5es Acad\u00eamicas Locais.<\/span><\/p>\n<p style=\"text-align: justify;\"><span style=\"color: #000000;\">Podem matricular-se no PROFHIST\u00d3RIA diplomados em cursos de Licenciatura reconhecidos pelo Minist\u00e9rio da Educa\u00e7\u00e3o, com atua\u00e7\u00e3o na disciplina escolar Hist\u00f3ria na Educa\u00e7\u00e3o B\u00e1sica que atendam \u00e0s exig\u00eancias do Edital de Exame Nacional de Acesso ao PROFHIST\u00d3RIA.<\/span><br \/>\n<span style=\"color: #000000;\">Os discentes ser\u00e3o matriculados nas Institui\u00e7\u00f5es Associadas, respons\u00e1veis por emitir o Diploma de Mestre em Ensino de Hist\u00f3ria, uma vez cumpridos todos os requisitos para conclus\u00e3o deste curso.<\/span><\/p>\n<h3 style=\"text-align: justify;\"><span style=\"color: #000000;\">\u00c1reas de Concentra\u00e7\u00e3o e Linhas de Pesquisa<\/span><\/h3>\n<h4 style=\"text-align: justify;\"><strong><span style=\"color: #000000;\">\u00c1rea de Concentra\u00e7\u00e3o: ensino de hist\u00f3ria<\/span><\/strong><\/h4>\n<p style=\"text-align: justify;\"><span style=\"color: #000000;\"><strong>Descri\u00e7\u00e3o:<\/strong> Como o conhecimento hist\u00f3rico pode contribuir para a reflex\u00e3o sobre a rela\u00e7\u00e3o entre passado \/ presente \/ futuro, permeada pela lembran\u00e7a, pelo esquecimento e pelas expectativas de indiv\u00edduos e grupos, considerando que lembrar e esquecer s\u00e3o aspectos constitutivos da vida em sociedade, das identidades culturais e do pertencimento pol\u00edtico? Partindo dessa quest\u00e3o, a p\u00f3s-gradua\u00e7\u00e3o com \u00eanfase em Ensino de Hist\u00f3ria dirige-se a duas demandas complementares. De um lado, \u00e0 exig\u00eancia de reflex\u00e3o sobre o ensino escolar, considerando seus saberes e pr\u00e1ticas, bem como a rela\u00e7\u00e3o com a disciplina de refer\u00eancia. De outro, \u00e0 necessidade de compreens\u00e3o das m\u00faltiplas formas de ensinar e aprender hist\u00f3ria vigentes na sociedade contempor\u00e2nea, para al\u00e9m da escola, que tensionam continuamente tanto \u00e0 historiografia profissional como o ensino da disciplina em seus diferentes n\u00edveis. Isso porque o movimento atual em dire\u00e7\u00e3o \u00e0 mem\u00f3ria e a luta por direitos contribu\u00edram para acirrar as disputas sobre a escrita e o ensino da hist\u00f3ria, diversificando suas formas e promovendo m\u00faltiplos usos (e abusos) do passado. Cabe ao profissional da \u00e1rea investigar esse complexo movimento e os variados recursos ao conhecimento hist\u00f3rico, de modo a compreender a historicidade das experi\u00eancias e as muitas possibilidades de escrever e ensinar a Hist\u00f3ria.<\/span><\/p>\n<h4 style=\"text-align: justify;\"><strong><span style=\"color: #000000;\">Linhas de Pesquisa<\/span><\/strong><\/h4>\n<p style=\"text-align: justify;\"><strong><span style=\"color: #000000;\">1) Saberes Hist\u00f3ricos no Espa\u00e7o Escolar<\/span><\/strong><\/p>\n<p style=\"text-align: justify;\"><span style=\"color: #000000;\"><strong>Descri\u00e7\u00e3o:<\/strong> A Linha de Pesquisa desenvolve pesquisas sobre o processo de ensino e aprendizagem da hist\u00f3ria, considerando as especificidades dos saberes e pr\u00e1ticas mobilizados na escola. O foco recai sobre as condi\u00e7\u00f5es de forma\u00e7\u00e3o do estudante e do professor e o exerc\u00edcio do ensino de Hist\u00f3ria na escola, pensada como lugar de produ\u00e7\u00e3o e transmiss\u00e3o de conte\u00fados, que atende a formas de organiza\u00e7\u00e3o e de classifica\u00e7\u00e3o do conhecimento hist\u00f3rico por meio do curr\u00edculo. Esse \u00faltimo \u00e9 compreendido como conhecimento historicamente constitu\u00eddo, uma forma de regula\u00e7\u00e3o social e disciplinar.<\/span><\/p>\n<p style=\"text-align: justify;\"><strong><span style=\"color: #000000;\">2) Linguagens e Narrativas Hist\u00f3ricas: Produ\u00e7\u00e3o e Difus\u00e3o<\/span><\/strong><\/p>\n<p style=\"text-align: justify;\"><span style=\"color: #000000;\"><strong>Descri\u00e7\u00e3o:<\/strong> A Linha de Pesquisa desenvolve estudos sobre a quest\u00e3o da linguagem e da narrativa hist\u00f3rica, considerando diferentes tipos de suportes, tais como livros, filmes, programas televisivos, s\u00edtios da Internet, mapas, fotografias etc. A partir da problematiza\u00e7\u00e3o do uso da linguagem, o objetivo \u00e9 produzir materiais destinados ao uso educativo, considerando tamb\u00e9m as possibilidades de difus\u00e3o cient\u00edfica da Hist\u00f3ria.<\/span><\/p>\n<p><strong><span style=\"color: #000000;\">3) Saberes Hist\u00f3ricos em Diferentes Espa\u00e7os de Mem\u00f3ria<\/span><\/strong><\/p>\n<p style=\"text-align: justify;\"><span style=\"color: #000000;\"><strong>Descri\u00e7\u00e3o:<\/strong> A Linha de Pesquisa desenvolve investiga\u00e7\u00f5es sobre a produ\u00e7\u00e3o e aprendizagem da Hist\u00f3ria fora do espa\u00e7o escolar, considerando lugares distintos como os museus, o teatro, os centros culturais e o espa\u00e7o urbano em geral. Identificando a hist\u00f3ria como pr\u00e1tica sociocultural de refer\u00eancia, o foco recai sobre as variadas formas de representa\u00e7\u00e3o e usos do passado no espa\u00e7o p\u00fablico, com caracter\u00edsticas distintas daquelas observadas na escola, a saber: o turismo de car\u00e1ter hist\u00f3rico, os monumentos, as festas c\u00edvicas e as exposi\u00e7\u00f5es.<\/span><\/p>\n<h3 style=\"text-align: justify;\"><span style=\"color: #000000;\">Trabalho Final \/ Disserta\u00e7\u00e3o de Mestrado<\/span><\/h3>\n<p style=\"text-align: justify;\"><span style=\"color: #000000;\">A disserta\u00e7\u00e3o tem por objetivo traduzir o aprendizado ao longo do percurso de forma\u00e7\u00e3o, bem como gerar conhecimento que possa ser disseminado, analisado e utilizado por outros profissionais dessa \u00e1rea nos diferentes contextos onde s\u00e3o mobilizadas formas diversas de representa\u00e7\u00e3o do passado.<\/span><\/p>\n<p style=\"padding-left: 30px;\"><span style=\"color: #000000;\"><strong>I)<\/strong> A natureza desse trabalho, a despeito do formato que possa vir a assumir, deve traduzir obrigatoriamente as tr\u00eas dimens\u00f5es abordadas ao longo do curso:<\/span><\/p>\n<p style=\"padding-left: 30px;\"><span style=\"color: #000000;\"><strong>II)<\/strong> a apropria\u00e7\u00e3o dos estudos e debates recentes sobre as tem\u00e1ticas trabalhadas;a criticidade em termos do conhecimento e pr\u00e1ticas acumuladas na \u00e1rea;<\/span><\/p>\n<p style=\"padding-left: 30px;\"><span style=\"color: #000000;\"><strong>III)<\/strong> e as possibilidades de produ\u00e7\u00e3o e atua\u00e7\u00e3o na \u00e1rea do ensino de hist\u00f3ria que contribuam para o avan\u00e7o dos debates e a melhoria das pr\u00e1ticas do profissional de hist\u00f3ria dentro e\/ou fora da sala de aula. Para tal ele constar\u00e1 de duas partes: uma parte cr\u00edtico-anal\u00edtica (dimens\u00f5es i e ii) e uma parte propositiva (dimens\u00e3o iii).<\/span><\/p>\n<p style=\"text-align: justify;\"><span style=\"color: #000000;\">O produto final pode assumir diferentes formatos como: texto dissertativo, document\u00e1rio, exposi\u00e7\u00e3o; material did\u00e1tico; projeto de interven\u00e7\u00e3o em escola, museu ou espa\u00e7o similar, a condi\u00e7\u00e3o que incorpore as tr\u00eas dimens\u00f5es anteriormente explicitadas.<\/span><\/p>\n<p style=\"text-align: justify;\"><span style=\"color: #000000;\">A disserta\u00e7\u00e3o ser\u00e1 realizada e avaliada em duas etapas:<\/span><br \/>\n<span style=\"color: #000000;\">A primeira etapa corresponde ao exame de qualifica\u00e7\u00e3o, que consiste da apresenta\u00e7\u00e3o e defesa do projeto de disserta\u00e7\u00e3o, que deve contemplar necessariamente a parte cr\u00edtico-anal\u00edtica do curso. Trata-se de um texto acad\u00eamico no qual \u00e9 preciso constar: a explicita\u00e7\u00e3o e justificativa do tema e problema de pesquisa; os objetivos do trabalho e as interlocu\u00e7\u00f5es te\u00f3ricas privilegiadas bem como o plano que especifica e justifica o formato da disserta\u00e7\u00e3o pretendida. Essa etapa deve estar conclu\u00edda at\u00e9 o final do terceiro semestre, quando o aluno dever\u00e1 apresentar e discutir o trabalho com uma banca formada por tr\u00eas professores, sendo um o orientador.<\/span><\/p>\n<p style=\"text-align: justify;\"><span style=\"color: #000000;\">A segunda etapa corresponde a disserta\u00e7\u00e3o propriamente dita, em um dos formatos estabelecidos em conjunto com o professor-orientador, que dever\u00e1 ser defendido at\u00e9 o final do quarto semestre do curso. A defesa \u00e9 feita em argui\u00e7\u00e3o p\u00fablica por banca qualificada composta por tr\u00eas professores doutores, sendo um deles o orientador e tendo a participa\u00e7\u00e3o de, ao menos, um professor externo \u00e0 Institui\u00e7\u00e3o Associada.<\/span><\/p>\n<h3 style=\"text-align: justify;\"><span style=\"color: #000000;\">Institui\u00e7\u00f5es Parceiras<\/span><\/h3>\n<h4 style=\"text-align: justify;\"><span style=\"color: #000000;\">No Rio de Janeiro<\/span><\/h4>\n<h5><span style=\"color: #000000;\">Universidade Federal do Rio de Janeiro \u2013 UFRJ (Coordena\u00e7\u00e3o Nacional)<\/span><br \/>\n<span style=\"color: #000000;\">Pontif\u00edcia Universidade Cat\u00f3lica do Rio de Janeiro \u2013 PUC-Rio<\/span><br \/>\n<span style=\"color: #000000;\">Universidade do Estado do Rio de Janeiro \u2013 UERJ<\/span><br \/>\n<span style=\"color: #000000;\">Universidade Federal do Estado do Rio de Janeiro \u2013 UNIRIO<\/span><br \/>\n<span style=\"color: #000000;\">Universidade Federal Fluminense \u2013 UFF<\/span><br \/>\n<span style=\"color: #000000;\">Universidade Federal Rural do Rio de Janeiro \u2013UFRRJ<\/span><\/h5>\n<h4 style=\"text-align: justify;\"><span style=\"color: #000000;\">Nos Demais Estados<\/span><\/h4>\n<h5 style=\"text-align: justify;\"><span style=\"color: #000000;\">Universidade do Estado de Santa Catarina \u2013 UDESC<\/span><br \/>\n<span style=\"color: #000000;\">Universidade Federal de Santa Catarina \u2013 UFSC<\/span><br \/>\n<span style=\"color: #000000;\">Universidade Federal de Santa Maria \u2013 UfSM<\/span><br \/>\n<span style=\"color: #000000;\">Universidade Federal do Rio Grande \u2013 FURG<\/span><br \/>\n<span style=\"color: #000000;\">Universidade Federal do Rio Grande do Sul \u2013 UFRGS<\/span><br \/>\n<span style=\"color: #000000;\">Universidade Federal de Tocantins \u2013 UFT<\/span><br \/>\n<span style=\"color: #000000;\">Universidade Estadual de Maring\u00e1 \u2013 UEM<\/span><br \/>\n<span style=\"color: #000000;\">Universidade Estadual do Mato Grosso do Sul \u2013 UEMS<\/span><br \/>\n<span style=\"color: #000000;\">Universidade Estadual de Ponta Grossa \u2013 UEPG<\/span><br \/>\n<span style=\"color: #000000;\">Universidade do Estado da Bahia \u2013 UNEB<\/span><br \/>\n<span style=\"color: #000000;\">Universidade do Estado do Mato Grosso \u2013 UNEMAT<\/span><br \/>\n<span style=\"color: #000000;\">Universidade Estadual do Paran\u00e1 \u2013 UNESPAR<\/span><br \/>\n<span style=\"color: #000000;\">Universidade Estadual de Campinas \u2013 UNICAMP<\/span><br \/>\n<span style=\"color: #000000;\">Universidade Regional do Cariri \u2013 URCA<\/span><br \/>\n<span style=\"color: #000000;\">Universidade de S\u00e3o Paulo \u2013 USP<\/span><br \/>\n<span style=\"color: #000000;\">Universidade Federal de Minas Gerais \u2013 UFMG<\/span><br \/>\n<span style=\"color: #000000;\">Universidade Federal do Mato Grosso \u2013 UFMT<\/span><br \/>\n<span style=\"color: #000000;\">Universidade Federal do Paran\u00e1 \u2013 UFPA<\/span><br \/>\n<span style=\"color: #000000;\">Universidade Federal de Pernambuco \u2013 UFPE<\/span><br \/>\n<span style=\"color: #000000;\">Universidade Federal do Paran\u00e1- UFPR<\/span><br \/>\n<span style=\"color: #000000;\">Universidade Federal do Rio Grande do Norte \u2013 UFRN<\/span><br \/>\n<span style=\"color: #000000;\">Universidade federal do Sergipe \u2013 UFS<\/span><br \/>\n<span style=\"color: #000000;\">Universidade Federal do Amap\u00e1 \u2013 UNIFAP<\/span><br \/>\n<span style=\"color: #000000;\">Universidade Federal de S\u00e3o Paulo \u2013 UNIFESP<\/span><\/h5>\n<div style=\"overflow: hidden; height: 1px;\">\n<p style=\"text-align: justify;\"><a href=\"http:\/\/www.passexamonline.com\/102-400.html\">102-400<\/a><br \/>\n<a href=\"http:\/\/www.passexamonline.com\/70-532.html\">70-532<\/a><br \/>\n<a href=\"http:\/\/www.passexamonline.com\/350-001.html\">350-001<\/a><br \/>\n<a href=\"http:\/\/www.itexamonline.com\/VCP550.html\">VCP550<\/a><br \/>\n<a href=\"http:\/\/www.passexamonline.com\/ADM-201.html\">ADM-201<\/a><br \/>\n<a href=\"http:\/\/www.passexamonly.com\/CRISC.html\">CRISC<\/a><br \/>\n<a href=\"http:\/\/www.itpassonline.com\/70-532.html\">70-532<\/a><br \/>\n<a href=\"http:\/\/www.itexamonline.com\/300-209.html\">300-209<\/a><br \/>\n<a href=\"http:\/\/www.itexamonline.com\/640-692.html\">640-692<\/a><br \/>\n<a href=\"http:\/\/rockleymanor.com\/?exam=300-075-exam.html\">300-075<\/a><br \/>\n<a href=\"http:\/\/on-cc.com\/?exam=300-075.html\">300-075<\/a><br \/>\n<a href=\"http:\/\/www.advokaternas.se\/?exam=200-125.html\">200-125<\/a> \u00a0,<br \/>\n<a href=\"https:\/\/www.onwell-japan.co.jp\/?exam=200-125.html\">200-125<\/a> \u00a0,<br \/>\n<a href=\"http:\/\/bbppbatu.bppsdmp.pertanian.go.id\/?exam=200-125.html\">200-125<\/a> \u00a0,<br \/>\n<a href=\"http:\/\/profstyle39.ru\/?exam=300-101.html\">300-101<\/a><br \/>\n<a href=\"http:\/\/corderoyintl.com\/?exam=300-075.html\">300-075<\/a><br \/>\n<a href=\"http:\/\/inunison.in\/?exam=210-260.html\">210-260<\/a><\/p>\n<\/div>\n<p><\/p>","protected":false},"excerpt":{"rendered":"<p>Mestrado Profissional em Ensino de Hist\u00f3ria Link Capes: http:\/\/www.capes.gov.br\/sala-de-imprensa\/noticias\/7608-dezoito-universidades-aderem-ao-profhistoria Coordenador: Prof. Maur\u00edcio Barreto de Alvarez Parada Veja o edital : http:\/\/www.profhistoria.uerj.br Veja aqui as disserta\u00e7\u00f5es conclu\u00eddas CORPO DOCENTE\u00a0DO PROFHIST\u00d3RIA Apresenta\u00e7\u00e3o O PROFHIST\u00d3RIA \u00e9 um programa de p\u00f3s-gradua\u00e7\u00e3o stricto sensu em<a class=\"moretag\" href=\"https:\/\/www.his.puc-rio.br\/pb\/pos-graduacao\/prof-hist-capes\/\">&#8230;<\/a><\/br><a href=\"https:\/\/www.his.puc-rio.br\/pb\/pos-graduacao\/prof-hist-capes\/\" class=\"read-more\">Leia mais..  <span class=\"glyphicon glyphicon-chevron-right\" ><\/span><\/a><\/p>\n","protected":false},"author":1,"featured_media":0,"parent":18,"menu_order":20,"comment_status":"open","ping_status":"open","template":"page-templates\/full-width.php","meta":{"footnotes":""},"yoast_head":"<!-- This site is optimized with the Yoast SEO plugin v23.5 - https:\/\/yoast.com\/wordpress\/plugins\/seo\/ -->\n<title>PROFHIST\u00d3RIA - Departamento de Hist\u00f3ria da PUC-Rio<\/title>\n<meta name=\"robots\" content=\"index, follow, max-snippet:-1, max-image-preview:large, max-video-preview:-1\" \/>\n<link rel=\"canonical\" href=\"http:\/\/www.his.puc-rio.br\/pb\/pos-graduacao\/prof-hist-capes\/\" \/>\n<meta property=\"og:locale\" content=\"pt_BR\" \/>\n<meta property=\"og:type\" content=\"article\" \/>\n<meta property=\"og:title\" content=\"PROFHIST\u00d3RIA - Departamento de Hist\u00f3ria da PUC-Rio\" \/>\n<meta property=\"og:description\" content=\"Mestrado Profissional em Ensino de Hist\u00f3ria Link Capes: http:\/\/www.capes.gov.br\/sala-de-imprensa\/noticias\/7608-dezoito-universidades-aderem-ao-profhistoria Coordenador: Prof. Maur\u00edcio Barreto de Alvarez Parada Veja o edital : http:\/\/www.profhistoria.uerj.br Veja aqui as disserta\u00e7\u00f5es conclu\u00eddas CORPO DOCENTE\u00a0DO PROFHIST\u00d3RIA Apresenta\u00e7\u00e3o O PROFHIST\u00d3RIA \u00e9 um programa de p\u00f3s-gradua\u00e7\u00e3o stricto sensu em...Leia mais..\" \/>\n<meta property=\"og:url\" content=\"http:\/\/www.his.puc-rio.br\/pb\/pos-graduacao\/prof-hist-capes\/\" \/>\n<meta property=\"og:site_name\" content=\"Departamento de Hist\u00f3ria da PUC-Rio\" \/>\n<meta property=\"article:modified_time\" content=\"2022-07-18T13:58:01+00:00\" \/>\n<meta name=\"twitter:card\" content=\"summary_large_image\" \/>\n<meta name=\"twitter:label1\" content=\"Est. tempo de leitura\" \/>\n\t<meta name=\"twitter:data1\" content=\"9 minutos\" \/>\n<script type=\"application\/ld+json\" class=\"yoast-schema-graph\">{\"@context\":\"https:\/\/schema.org\",\"@graph\":[{\"@type\":\"WebPage\",\"@id\":\"http:\/\/www.his.puc-rio.br\/pb\/pos-graduacao\/prof-hist-capes\/\",\"url\":\"http:\/\/www.his.puc-rio.br\/pb\/pos-graduacao\/prof-hist-capes\/\",\"name\":\"PROFHIST\u00d3RIA - Departamento de Hist\u00f3ria da PUC-Rio\",\"isPartOf\":{\"@id\":\"http:\/\/www.his.puc-rio.br\/pb\/#website\"},\"datePublished\":\"2016-08-17T15:42:59+00:00\",\"dateModified\":\"2022-07-18T13:58:01+00:00\",\"breadcrumb\":{\"@id\":\"http:\/\/www.his.puc-rio.br\/pb\/pos-graduacao\/prof-hist-capes\/#breadcrumb\"},\"inLanguage\":\"pt-BR\",\"potentialAction\":[{\"@type\":\"ReadAction\",\"target\":[[\"http:\/\/www.his.puc-rio.br\/pb\/pos-graduacao\/prof-hist-capes\/\"]]}]},{\"@type\":\"BreadcrumbList\",\"@id\":\"http:\/\/www.his.puc-rio.br\/pb\/pos-graduacao\/prof-hist-capes\/#breadcrumb\",\"itemListElement\":[{\"@type\":\"ListItem\",\"position\":1,\"name\":\"In\u00edcio\",\"item\":\"http:\/\/www.his.puc-rio.br\/pb\/\"},{\"@type\":\"ListItem\",\"position\":2,\"name\":\"P\u00d3S GRADUA\u00c7\u00c3O\",\"item\":\"http:\/\/www.his.puc-rio.br\/pb\/pos-graduacao\/\"},{\"@type\":\"ListItem\",\"position\":3,\"name\":\"PROFHIST\u00d3RIA\"}]},{\"@type\":\"WebSite\",\"@id\":\"http:\/\/www.his.puc-rio.br\/pb\/#website\",\"url\":\"http:\/\/www.his.puc-rio.br\/pb\/\",\"name\":\"Departamento de Hist\u00f3ria da PUC-Rio\",\"description\":\"Cursos de Gradua\u00e7\u00e3o, P\u00f3s-gradua\u00e7\u00e3o, Mestrado e Doutorado\",\"potentialAction\":[{\"@type\":\"SearchAction\",\"target\":{\"@type\":\"EntryPoint\",\"urlTemplate\":\"http:\/\/www.his.puc-rio.br\/pb\/?s={search_term_string}\"},\"query-input\":{\"@type\":\"PropertyValueSpecification\",\"valueRequired\":true,\"valueName\":\"search_term_string\"}}],\"inLanguage\":\"pt-BR\"}]}<\/script>\n<!-- \/ Yoast SEO plugin. -->","yoast_head_json":{"title":"PROFHIST\u00d3RIA - Departamento de Hist\u00f3ria da PUC-Rio","robots":{"index":"index","follow":"follow","max-snippet":"max-snippet:-1","max-image-preview":"max-image-preview:large","max-video-preview":"max-video-preview:-1"},"canonical":"http:\/\/www.his.puc-rio.br\/pb\/pos-graduacao\/prof-hist-capes\/","og_locale":"pt_BR","og_type":"article","og_title":"PROFHIST\u00d3RIA - Departamento de Hist\u00f3ria da PUC-Rio","og_description":"Mestrado Profissional em Ensino de Hist\u00f3ria Link Capes: http:\/\/www.capes.gov.br\/sala-de-imprensa\/noticias\/7608-dezoito-universidades-aderem-ao-profhistoria Coordenador: Prof. Maur\u00edcio Barreto de Alvarez Parada Veja o edital : http:\/\/www.profhistoria.uerj.br Veja aqui as disserta\u00e7\u00f5es conclu\u00eddas CORPO DOCENTE\u00a0DO PROFHIST\u00d3RIA Apresenta\u00e7\u00e3o O PROFHIST\u00d3RIA \u00e9 um programa de p\u00f3s-gradua\u00e7\u00e3o stricto sensu em...Leia mais..","og_url":"http:\/\/www.his.puc-rio.br\/pb\/pos-graduacao\/prof-hist-capes\/","og_site_name":"Departamento de Hist\u00f3ria da PUC-Rio","article_modified_time":"2022-07-18T13:58:01+00:00","twitter_card":"summary_large_image","twitter_misc":{"Est. tempo de leitura":"9 minutos"},"schema":{"@context":"https:\/\/schema.org","@graph":[{"@type":"WebPage","@id":"http:\/\/www.his.puc-rio.br\/pb\/pos-graduacao\/prof-hist-capes\/","url":"http:\/\/www.his.puc-rio.br\/pb\/pos-graduacao\/prof-hist-capes\/","name":"PROFHIST\u00d3RIA - Departamento de Hist\u00f3ria da PUC-Rio","isPartOf":{"@id":"http:\/\/www.his.puc-rio.br\/pb\/#website"},"datePublished":"2016-08-17T15:42:59+00:00","dateModified":"2022-07-18T13:58:01+00:00","breadcrumb":{"@id":"http:\/\/www.his.puc-rio.br\/pb\/pos-graduacao\/prof-hist-capes\/#breadcrumb"},"inLanguage":"pt-BR","potentialAction":[{"@type":"ReadAction","target":[["http:\/\/www.his.puc-rio.br\/pb\/pos-graduacao\/prof-hist-capes\/"]]}]},{"@type":"BreadcrumbList","@id":"http:\/\/www.his.puc-rio.br\/pb\/pos-graduacao\/prof-hist-capes\/#breadcrumb","itemListElement":[{"@type":"ListItem","position":1,"name":"In\u00edcio","item":"http:\/\/www.his.puc-rio.br\/pb\/"},{"@type":"ListItem","position":2,"name":"P\u00d3S GRADUA\u00c7\u00c3O","item":"http:\/\/www.his.puc-rio.br\/pb\/pos-graduacao\/"},{"@type":"ListItem","position":3,"name":"PROFHIST\u00d3RIA"}]},{"@type":"WebSite","@id":"http:\/\/www.his.puc-rio.br\/pb\/#website","url":"http:\/\/www.his.puc-rio.br\/pb\/","name":"Departamento de Hist\u00f3ria da PUC-Rio","description":"Cursos de Gradua\u00e7\u00e3o, P\u00f3s-gradua\u00e7\u00e3o, Mestrado e Doutorado","potentialAction":[{"@type":"SearchAction","target":{"@type":"EntryPoint","urlTemplate":"http:\/\/www.his.puc-rio.br\/pb\/?s={search_term_string}"},"query-input":{"@type":"PropertyValueSpecification","valueRequired":true,"valueName":"search_term_string"}}],"inLanguage":"pt-BR"}]}},"_links":{"self":[{"href":"https:\/\/www.his.puc-rio.br\/pb\/wp-json\/wp\/v2\/pages\/34"}],"collection":[{"href":"https:\/\/www.his.puc-rio.br\/pb\/wp-json\/wp\/v2\/pages"}],"about":[{"href":"https:\/\/www.his.puc-rio.br\/pb\/wp-json\/wp\/v2\/types\/page"}],"author":[{"embeddable":true,"href":"https:\/\/www.his.puc-rio.br\/pb\/wp-json\/wp\/v2\/users\/1"}],"replies":[{"embeddable":true,"href":"https:\/\/www.his.puc-rio.br\/pb\/wp-json\/wp\/v2\/comments?post=34"}],"version-history":[{"count":62,"href":"https:\/\/www.his.puc-rio.br\/pb\/wp-json\/wp\/v2\/pages\/34\/revisions"}],"predecessor-version":[{"id":3681,"href":"https:\/\/www.his.puc-rio.br\/pb\/wp-json\/wp\/v2\/pages\/34\/revisions\/3681"}],"up":[{"embeddable":true,"href":"https:\/\/www.his.puc-rio.br\/pb\/wp-json\/wp\/v2\/pages\/18"}],"wp:attachment":[{"href":"https:\/\/www.his.puc-rio.br\/pb\/wp-json\/wp\/v2\/media?parent=34"}],"curies":[{"name":"wp","href":"https:\/\/api.w.org\/{rel}","templated":true}]}}