{"id":3629,"date":"2022-07-04T10:43:22","date_gmt":"2022-07-04T13:43:22","guid":{"rendered":"http:\/\/www.his.puc-rio.br\/?page_id=3629"},"modified":"2025-08-05T08:58:33","modified_gmt":"2025-08-05T11:58:33","slug":"teste-doutorado","status":"publish","type":"page","link":"https:\/\/www.his.puc-rio.br\/pb\/doutorado\/","title":{"rendered":"DOUTORADO"},"content":{"rendered":"<p><\/p>\n<p style=\"user-select: text;\"><span style=\"color: #000000;\"><strong style=\"user-select: text;\">Doutorado 2025<\/strong><\/span><\/p>\n<table style=\"user-select: text;\" width=\"625\">\n<tbody style=\"user-select: text;\">\n<tr style=\"user-select: text;\">\n<td style=\"user-select: text;\" width=\"621\"><span style=\"color: #000000;\"><strong style=\"user-select: text;\">Os ensaios escondidos na obra Respiraci\u00f3n artificial de Ricardo Piglia<br style=\"user-select: text;\" \/><\/strong>MATEUS CAVALCANTI MELO<strong style=\"user-select: text;\"><br style=\"user-select: text;\" \/><\/strong>Data da defesa: 16\/09\/2024<\/span><br style=\"user-select: text;\" \/><span style=\"color: #000000;\">Banca: Diego Antonio Galeano<\/span><br style=\"user-select: text;\" \/><span style=\"color: #000000;\">Selma Alves Pantoja<\/span><br style=\"user-select: text;\" \/><span style=\"color: #000000;\">Roberto Guedes Ferreira<\/span><br style=\"user-select: text;\" \/><span style=\"color: #000000;\">Fl\u00e1via Maria de Carvalho<\/span><br style=\"user-select: text;\" \/><span style=\"color: #000000;\">Regiane Augusto de Mattos (presidente e orientador)<\/span><br style=\"user-select: text;\" \/><span style=\"color: #000000;\">Tese em PDF<\/span>\u00a0\u00a0<span style=\"color: #0000ff;\"><a style=\"color: #0000ff;\" href=\"https:\/\/www.maxwell.vrac.puc-rio.br\/projetosEspeciais\/ETDs\/consultas\/conteudo.php?strSecao=resultado&amp;nrSeq=71165&amp;idi=1%20class=\">aqui<\/a><\/span><\/td>\n<\/tr>\n<tr style=\"user-select: text;\">\n<td style=\"user-select: text;\" width=\"621\"><span style=\"color: #000000;\"><strong style=\"user-select: text;\">Intervalos cinzas: Oswaldo Goeldi e os fragmentos de outra modernidade no Brasil<br style=\"user-select: text;\" \/><\/strong>MARCOS FERREIRA VILELA<strong style=\"user-select: text;\"><br style=\"user-select: text;\" \/><\/strong>Data da defesa:17\/03\/2025<\/span><br style=\"user-select: text;\" \/><span style=\"color: #000000;\">Banca: Maur\u00edcio Barreto Alvarez Parada<\/span><br style=\"user-select: text;\" \/><span style=\"color: #000000;\">Eduardo Wright Cardoso<\/span><br style=\"user-select: text;\" \/><span style=\"color: #000000;\">Julio Cesar Pimentel Pinto Filho<\/span><br style=\"user-select: text;\" \/><span style=\"color: #000000;\">Daniel Balderston<\/span><br style=\"user-select: text;\" \/><span style=\"color: #000000;\">Henrique Estrada Rodrigues (presidente e orientador)<\/span><br style=\"user-select: text;\" \/><span style=\"color: #000000;\">Tese em PDF\u00a0<\/span>\u00a0<span style=\"color: #0000ff;\"><a style=\"color: #0000ff;\" href=\"https:\/\/www.maxwell.vrac.puc-rio.br\/projetosEspeciais\/ETDs\/consultas\/conteudo.php?strSecao=resultado&amp;nrSeq=70466&amp;idi=1%20class=\">aqui<\/a><\/span><\/td>\n<\/tr>\n<\/tbody>\n<\/table>\n<p style=\"user-select: text;\"><strong style=\"user-select: text;\">\u00a0<\/strong><span style=\"color: #000000;\"><strong style=\"user-select: text;\">Doutorado 2024<\/strong><\/span><\/p>\n<table style=\"user-select: text;\" width=\"626\">\n<tbody style=\"user-select: text;\">\n<tr style=\"user-select: text;\">\n<td style=\"user-select: text;\" width=\"622\"><span style=\"color: #000000; user-select: text;\"><strong style=\"user-select: text;\">Jackson Pollock e John Cage: Acontecimento em A\u00e7\u00e3o<br style=\"user-select: text;\" \/><\/strong>CAMILA PISANI MEDINA<\/span><br style=\"user-select: text;\" \/><span style=\"color: #000000; user-select: text;\">Data da defesa: 27\/11\/2024<\/span><br style=\"user-select: text;\" \/><span style=\"color: #000000; user-select: text;\">Banca: Jose Thomaz Almeida Brum Duarte<\/span><br style=\"user-select: text;\" \/><span style=\"color: #000000; user-select: text;\">Lorenzo Mammi<\/span><br style=\"user-select: text;\" \/><span style=\"color: #000000; user-select: text;\">Renato De Andrade Lessa<br \/>\nRonaldo Brito Fernandes (Coorientador)<\/span><br style=\"user-select: text;\" \/><span style=\"color: #000000; user-select: text;\">Antonio Jardim<\/span><br style=\"user-select: text;\" \/><span style=\"color: #000000; user-select: text;\">Joao Masao Kamita (presidente e orientador)<\/span><br style=\"user-select: text;\" \/><span style=\"color: #000000; user-select: text;\">Tese em PDF<\/span>\u00a0\u00a0<span style=\"color: #ff0000; user-select: text;\">aqui<\/span><\/td>\n<\/tr>\n<tr style=\"user-select: text;\">\n<td style=\"user-select: text;\" width=\"622\"><span style=\"color: #000000;\"><strong style=\"user-select: text;\">No trilho dos direitos: os trabalhadores da Estrada de Ferro Central do <\/strong><\/span><span style=\"color: #000000;\"><strong style=\"user-select: text;\">Brasil (Rio de Janeiro, 1865-1922)<br style=\"user-select: text;\" \/><\/strong><\/span><span style=\"color: #000000;\">ELAINA REIOLI CIRILO SERFATY<strong style=\"user-select: text;\"><br style=\"user-select: text;\" \/><\/strong>Data da defesa: 20\/02\/2024<\/span><br style=\"user-select: text;\" \/><span style=\"color: #000000;\">Banca: Larissa Rosa Corr\u00eaa<\/span><br style=\"user-select: text;\" \/><span style=\"color: #000000;\">Felipe Azevedo e Souza<br style=\"user-select: text;\" \/><\/span><span style=\"color: #000000;\">Silvana Alejandra Palermo<\/span><br style=\"user-select: text;\" \/><span style=\"color: #000000;\">Marcelo Mac Cord<\/span><br style=\"user-select: text;\" \/><span style=\"color: #000000;\">Leonardo Affonso de Miranda Pereira (presidente e orientador)<\/span><br style=\"user-select: text;\" \/><span style=\"color: #000000;\">Tese em PDF<\/span>\u00a0\u00a0<span style=\"color: #0000ff;\"><a style=\"color: #0000ff;\" href=\"https:\/\/www.maxwell.vrac.puc-rio.br\/projetosEspeciais\/ETDs\/consultas\/conteudo.php?strSecao=resultado&amp;nrSeq=66555&amp;idi=1%20class=\">aqui<\/a><\/span><\/td>\n<\/tr>\n<tr style=\"user-select: text;\">\n<td style=\"user-select: text;\" width=\"622\"><span style=\"color: #000000;\"><strong style=\"user-select: text;\">Neg\u00f3cios da seguran\u00e7a <\/strong><strong style=\"user-select: text;\">Guardas comerciais e vigil\u00e2ncia portu\u00e1ria no Rio de Janeiro (1885-1937)<br style=\"user-select: text;\" \/><\/strong><span style=\"font-family: inherit; font-size: inherit;\">PEDRO GUIMARAES MARQUES<br style=\"user-select: text;\" \/><\/span>Data da defesa: 08\/08\/2024<\/span><br style=\"user-select: text;\" \/><span style=\"color: #000000;\">Banca: Jaime Rodrigues<\/span><br style=\"user-select: text;\" \/><span style=\"color: #000000;\">Felipe Azevedo e Souza<\/span><br style=\"user-select: text;\" \/><span style=\"color: #000000;\">Erika Bastos Arantes<\/span><br style=\"user-select: text;\" \/><span style=\"color: #000000;\">Susana Soares Branco Dur\u00e3o<\/span><br style=\"user-select: text;\" \/><span style=\"color: #000000;\">Diego Antonio Galeano (presidente e orientador)<\/span><br style=\"user-select: text;\" \/><span style=\"color: #000000;\">Tese em PDF<\/span>\u00a0\u00a0<span style=\"color: #0000ff;\"><a style=\"color: #0000ff;\" href=\"https:\/\/www.maxwell.vrac.puc-rio.br\/projetosEspeciais\/ETDs\/consultas\/conteudo.php?strSecao=resultado&amp;nrSeq=68320&amp;idi=1%20class=\">aqui<\/a><\/span><\/td>\n<\/tr>\n<tr style=\"user-select: text;\">\n<td style=\"user-select: text;\" width=\"622\"><span style=\"color: #000000;\"><strong style=\"user-select: text;\">De filhos de mar em fora a filhos da terra. A inser\u00e7\u00e3o social de degredados no Reino de Angola (S\u00e9culo XVIII)<br style=\"user-select: text;\" \/><\/strong>JULIANA DIOGO ABRAH\u00c3O<strong style=\"user-select: text;\"><br style=\"user-select: text;\" \/><\/strong>Data da defesa: 16\/09\/2024<\/span><br style=\"user-select: text;\" \/><span style=\"color: #000000;\">Banca: Diego Antonio Galeano<\/span><br style=\"user-select: text;\" \/><span style=\"color: #000000;\">Selma Alves Pantoja<\/span><br style=\"user-select: text;\" \/><span style=\"color: #000000;\">Roberto Guedes Ferreira<\/span><br style=\"user-select: text;\" \/><span style=\"color: #000000;\">Fl\u00e1via Maria de Carvalho<\/span><br style=\"user-select: text;\" \/><span style=\"color: #000000;\">Regiane Augusto de Mattos (presidente e orientador)<\/span><br style=\"user-select: text;\" \/><span style=\"color: #000000;\">Tese em PDF\u00a0<\/span>\u00a0<span style=\"color: #ff0000;\">aqui<\/span><\/td>\n<\/tr>\n<tr style=\"user-select: text;\">\n<td style=\"user-select: text;\" width=\"622\"><span style=\"color: #000000;\"><strong style=\"user-select: text;\">Necrotopia: um estudo sobre a arquitetura das fazendas de caf\u00e9 do Vale do Para\u00edba Fluminense no s\u00e9culo XIX<br style=\"user-select: text;\" \/><\/strong>LUIS GUSTAVO COSTA ARAUJO<\/span><br style=\"user-select: text;\" \/><span style=\"color: #000000;\">Data da defesa: 06\/08\/2024<\/span><br style=\"user-select: text;\" \/><span style=\"color: #000000;\">Banca: Otavio Leonidio Ribeiro<\/span><br style=\"user-select: text;\" \/><span style=\"color: #000000;\">Ju\u00e7ara da Silva Barbosa de Mello<\/span><br style=\"user-select: text;\" \/><span style=\"color: #000000;\">Paulo Roberto Carvalho Tavares<\/span><br style=\"user-select: text;\" \/><span style=\"color: #000000;\">Yna\u00ea Lopes dos Santos<\/span><br style=\"user-select: text;\" \/><span style=\"color: #000000;\">Joao Masao Kamita (presidente e orientador)<\/span><br style=\"user-select: text;\" \/><span style=\"color: #000000;\">Tese em PDF<\/span>\u00a0\u00a0<span style=\"color: #0000ff;\"><a style=\"color: #0000ff;\" href=\"https:\/\/www.maxwell.vrac.puc-rio.br\/colecao.php?strSecao=resultado&amp;nrSeq=69844&amp;idi1\">aqui<\/a><\/span><\/td>\n<\/tr>\n<tr style=\"user-select: text;\">\n<td style=\"user-select: text;\" width=\"622\"><span style=\"color: #000000;\"><strong style=\"user-select: text;\">Corpos em conflu\u00eancia. A po\u00e9tica coparticipativa de Rubiane Maia<br style=\"user-select: text;\" \/><\/strong>TATIANE PAIVA COVA<\/span><br style=\"user-select: text;\" \/><span style=\"color: #000000;\">Data da defesa:19\/08\/2024<\/span><br style=\"user-select: text;\" \/><span style=\"color: #000000;\">Banca: Jorge Luiz Rocha de Vasconcellos<\/span><br style=\"user-select: text;\" \/><span style=\"color: #000000;\">Regiane Augusto de Mattos<\/span><br style=\"user-select: text;\" \/><span style=\"color: #000000;\">Viviane Furtado Matesco<\/span><br style=\"user-select: text;\" \/><span style=\"color: #000000;\">Denise Esp\u00edrito Santo da Silva<\/span><br style=\"user-select: text;\" \/><span style=\"color: #000000;\">Otavio Leonidio Ribeiro (presidente e orientador)<\/span><br style=\"user-select: text;\" \/><span style=\"color: #000000;\">Tese em PDF<\/span>\u00a0\u00a0<span style=\"color: #ff0000;\"><u style=\"user-select: text;\">aqui<\/u><\/span><\/td>\n<\/tr>\n<\/tbody>\n<\/table>\n<p style=\"user-select: text;\">\n<p style=\"user-select: text;\"><strong style=\"color: #000000; font-size: 1.14286rem; user-select: text;\">Doutorado 2023<\/strong><\/p>\n<table style=\"user-select: text;\" width=\"625\">\n<tbody style=\"user-select: text;\">\n<tr style=\"user-select: text;\">\n<td style=\"user-select: text;\" width=\"621\"><span style=\"color: #000000;\"><strong style=\"user-select: text;\">Colonialismo, dial\u00e9tica e depend\u00eancia e na historiografia liter\u00e1ria de Antonio Candido (1960-1973)<br style=\"user-select: text;\" \/><\/strong>CAIRO DE SOUZA BARBOSA<strong style=\"user-select: text;\"><br style=\"user-select: text;\" \/><\/strong>Data da defesa: 20\/12\/2023<\/span><br style=\"user-select: text;\" \/><span style=\"color: #000000;\">Banca: Maria Elisa Noronha de S\u00e1<\/span><br style=\"user-select: text;\" \/><span style=\"color: #000000;\">Eduardo Wright Cardoso<\/span><br style=\"user-select: text;\" \/><span style=\"color: #000000;\">Beatriz de Moraes Vieira<\/span><br style=\"user-select: text;\" \/><span style=\"color: #000000;\">Edu Teruki Otsuka<\/span><br style=\"user-select: text;\" \/><span style=\"color: #000000;\">Henrique Estrada Rodrigues (presidente e orientador)<\/span><br style=\"user-select: text;\" \/><span style=\"color: #000000;\">Tese em PDF\u00a0\u00a0<span style=\"color: #0000ff;\"><a style=\"color: #0000ff;\" href=\"https:\/\/www.maxwell.vrac.puc-rio.br\/65950\/65950.PDF\">aqui<\/a><\/span><\/span><\/td>\n<\/tr>\n<\/tbody>\n<\/table>\n<table style=\"user-select: text;\" width=\"625\">\n<tbody style=\"user-select: text;\">\n<tr style=\"user-select: text;\">\n<td style=\"user-select: text;\" width=\"621\"><span style=\"color: #000000;\"><strong style=\"user-select: text;\">Abram as portas e libertem os fantasmas: o corredor tur\u00edstico de fazendas hist\u00f3ricas no Brasil e nos Estados Unidos<br style=\"user-select: text;\" \/><\/strong>IOHANA BRITO DE FREITAS<strong style=\"user-select: text;\"><br style=\"user-select: text;\" \/><\/strong>Data da defesa: 11\/10\/2023<\/span><br style=\"user-select: text;\" \/><span style=\"color: #000000;\">Banca: Martha Campos Abreu<\/span><br style=\"user-select: text;\" \/><span style=\"color: #000000;\">Iamara da Silva Viana<\/span><br style=\"user-select: text;\" \/><span style=\"color: #000000;\">Fl\u00e1vio dos Santos Gomes<\/span><br style=\"user-select: text;\" \/><span style=\"color: #000000;\">Marcos Felipe de Brum Lopes<\/span><br style=\"user-select: text;\" \/><span style=\"color: #000000;\">Ju\u00e7ara da Silva Barbosa de Mello (presidente e orientador)<\/span><br style=\"user-select: text;\" \/><span style=\"color: #000000;\">Tese em PDF\u00a0\u00a0<span style=\"color: #0000ff;\"><a style=\"color: #0000ff;\" href=\"https:\/\/www.maxwell.vrac.puc-rio.br\/66025\/66025.PDF\">aqui<\/a><\/span><\/span><\/td>\n<\/tr>\n<tr style=\"user-select: text;\">\n<td style=\"user-select: text;\" width=\"621\"><span style=\"color: #000000;\"><strong style=\"user-select: text;\">Enredados por las Perlas: Historias conectadas de trabajadores ind\u00edgenas, europeos y africanos en el atl\u00e1ntico de las perlas (1498-1650)<br style=\"user-select: text;\" \/><\/strong>FIDEL ALFONSO RODRIGUEZ VELASQUEZ<strong style=\"user-select: text;\"><br style=\"user-select: text;\" \/><\/strong>Data da defesa: 28\/06\/2023<\/span><br style=\"user-select: text;\" \/><span style=\"color: #000000;\">Banca: Jaime Rodrigues<\/span><br style=\"user-select: text;\" \/><span style=\"color: #000000;\">Diego Antonio Galeano<\/span><br style=\"user-select: text;\" \/><span style=\"color: #000000;\">Jos\u00e9 Augusto Nunes da Silva Horta<\/span><br style=\"user-select: text;\" \/><span style=\"color: #000000;\">David Wheat<\/span><br style=\"user-select: text;\" \/><span style=\"color: #000000;\">Crislayne Gloss Mar\u00e3o Alfagali (presidente e orientador)<\/span><br style=\"user-select: text;\" \/><span style=\"color: #000000;\">Tese em PDF\u00a0\u00a0<span style=\"color: #0000ff;\"><u style=\"user-select: text;\">aqui<\/u><\/span><\/span><\/td>\n<\/tr>\n<\/tbody>\n<\/table>\n<table style=\"user-select: text;\" width=\"625\">\n<tbody style=\"user-select: text;\">\n<tr style=\"user-select: text;\">\n<td style=\"user-select: text;\" width=\"621\"><span style=\"color: #000000;\"><strong style=\"user-select: text;\">Arquitetura Carioca nas d\u00e9cadas de 1960-70: Articula\u00e7\u00f5es em redes de socializa\u00e7\u00e3o<br style=\"user-select: text;\" \/><\/strong>MONICA CAVALCANTE DE AGUIAR<strong style=\"user-select: text;\"><br style=\"user-select: text;\" \/><\/strong>Data da defesa: 11\/05\/2023<\/span><br style=\"user-select: text;\" \/><span style=\"color: #000000;\">Banca: Roberto Lu\u00eds Torres Conduru<\/span><br style=\"user-select: text;\" \/><span style=\"color: #000000;\">Ana Luiza de Souza Nobre<\/span><br style=\"user-select: text;\" \/><span style=\"color: #000000;\">Gustavo Rocha-Peixoto<\/span><br style=\"user-select: text;\" \/><span style=\"color: #000000;\">Ruth Verde Zein<\/span><br style=\"user-select: text;\" \/><span style=\"color: #000000;\">Joao Masao Kamita (presidente e orientador)<\/span><br style=\"user-select: text;\" \/><span style=\"color: #000000;\">Tese em PDF\u00a0\u00a0<span style=\"color: #0000ff;\"><a style=\"color: #0000ff;\" href=\"https:\/\/www.maxwell.vrac.puc-rio.br\/63800\/63800.PDF\">aqui<\/a><\/span><\/span><\/td>\n<\/tr>\n<tr style=\"user-select: text;\">\n<td style=\"user-select: text;\" width=\"621\"><span style=\"color: #000000;\"><strong style=\"user-select: text;\">\u00a0<\/strong><strong style=\"user-select: text;\">&#8220;A expuls\u00e3o a ferros de um feto n\u00e3o vi\u00e1vel, uma gigantesca empresa de abortos.&#8221;: A filosofia de Hist\u00f3ria de Georges Bernanos como cr\u00edtica a modernidade<br style=\"user-select: text;\" \/><\/strong>ANA CAROLINA CAVALCANTI DE MEDEIROS<strong style=\"user-select: text;\"><br style=\"user-select: text;\" \/><\/strong>Data da defesa: 20\/04\/2023<\/span><br style=\"user-select: text;\" \/><span style=\"color: #000000;\">Banca: Marcelo Gantus Jasmin<\/span><br style=\"user-select: text;\" \/><span style=\"color: #000000;\">Eduardo Wright Cardoso<\/span><br style=\"user-select: text;\" \/><span style=\"color: #000000;\">Francine Iegelski<\/span><br style=\"user-select: text;\" \/><span style=\"color: #000000;\">Juliette Dumont<\/span><br style=\"user-select: text;\" \/><span style=\"color: #000000;\">Maur\u00edcio Barreto Alvarez Parada (presidente e orientador)<\/span><br style=\"user-select: text;\" \/><span style=\"color: #000000;\">Tese em PDF\u00a0\u00a0<span style=\"color: #0000ff;\"><a style=\"color: #0000ff;\" href=\"https:\/\/www.maxwell.vrac.puc-rio.br\/65916\/65916.PDF\">aqui<\/a><\/span><\/span><\/td>\n<\/tr>\n<\/tbody>\n<\/table>\n<table style=\"user-select: text;\" width=\"625\">\n<tbody style=\"user-select: text;\">\n<tr style=\"user-select: text;\">\n<td style=\"user-select: text;\" width=\"621\"><span style=\"color: #000000;\"><strong style=\"user-select: text;\">O cultivo do olhar: folclore, paisagem e romantismo na obra de Jorge Prelor\u00e1n (1965-1975)\u201d<br style=\"user-select: text;\" \/><\/strong>ANA CAROLINE MATIAS ALENCAR<strong style=\"user-select: text;\"><br style=\"user-select: text;\" \/><\/strong>Data da defesa: 04\/04\/2023<\/span><br style=\"user-select: text;\" \/><span style=\"color: #000000;\">Banca: Maur\u00edcio Barreto Alvarez Parada<\/span><br style=\"user-select: text;\" \/><span style=\"color: #000000;\">Patricia Leal Azevedo Corr\u00eaa<\/span><br style=\"user-select: text;\" \/><span style=\"color: #000000;\">Pedro Spinola Pereira Caldas<\/span><br style=\"user-select: text;\" \/><span style=\"color: #000000;\">Henrique Estrada Rodrigues<\/span><br style=\"user-select: text;\" \/><span style=\"color: #000000;\">Maria Elisa Noronha de S\u00e1 (presidente e orientador)<\/span><br style=\"user-select: text;\" \/><span style=\"color: #000000;\">Tese em PDF\u00a0\u00a0<span style=\"color: #0000ff;\"><a style=\"color: #0000ff;\" href=\"https:\/\/www.maxwell.vrac.puc-rio.br\/63615\/63615.PDF\">aqui<\/a><\/span><\/span><\/td>\n<\/tr>\n<\/tbody>\n<\/table>\n<p style=\"user-select: text;\"><span style=\"color: #000000;\"><strong style=\"user-select: text;\">\u00a0<\/strong><\/span><\/p>\n<h3 style=\"user-select: text;\"><span style=\"color: #000000;\"><strong style=\"user-select: text;\">\u00a0<\/strong><\/span><span style=\"color: #000000;\"><strong style=\"user-select: text;\">Doutorado 2022<\/strong><\/span><\/h3>\n<table style=\"user-select: text;\" width=\"625\">\n<tbody style=\"user-select: text;\">\n<tr style=\"user-select: text;\">\n<td style=\"user-select: text;\" width=\"791\"><span style=\"color: #000000;\"><strong style=\"user-select: text;\">\u201cA TRINCA DE CARUARU\u201d: Os irm\u00e3os Jos\u00e9, Jo\u00e3o e Elysio Cond\u00e9 e a imprensa liter\u00e1ria na cidade do Rio de Janeiro em meados das d\u00e9cadas 1940 e 1950<br style=\"user-select: text;\" \/><\/strong>RUBERVAL JOSE DA SILVA<strong style=\"user-select: text;\"><br style=\"user-select: text;\" \/><\/strong>Data da defesa: 30\/11\/2022<\/span><br style=\"user-select: text;\" \/><span style=\"color: #000000;\">Banca: Angela Maria de Castro Gomes<\/span><br style=\"user-select: text;\" \/><span style=\"color: #000000;\">Durval Muniz de Albuquerque J\u00fanior<\/span><br style=\"user-select: text;\" \/><span style=\"color: #000000;\">Bernardo Borges Buarque de Hollanda<\/span><br style=\"user-select: text;\" \/><span style=\"color: #000000;\">Larissa Rosa Corr\u00eaa<\/span><br style=\"user-select: text;\" \/><span style=\"color: #000000;\">Ju\u00e7ara da Silva Barbosa de Mello (presidente e orientador)<\/span><br style=\"user-select: text;\" \/><span style=\"color: #000000;\">Tese em PDF\u00a0\u00a0<span style=\"color: #0000ff;\"><a style=\"color: #0000ff;\" href=\"https:\/\/www.maxwell.vrac.puc-rio.br\/62587\/62587.PDF\">aqui<\/a><\/span><\/span><\/td>\n<\/tr>\n<\/tbody>\n<\/table>\n<table style=\"user-select: text;\" width=\"625\">\n<tbody style=\"user-select: text;\">\n<tr style=\"user-select: text;\">\n<td style=\"user-select: text;\" width=\"621\"><span style=\"color: #000000;\"><strong style=\"user-select: text;\">Por uma Epistemologia Amorosa: Do Amor (1822) de Stendhal como Teoria do Conhecimento<br style=\"user-select: text;\" \/><\/strong>CLARISSA MATTOS FARIAS<strong style=\"user-select: text;\"><br style=\"user-select: text;\" \/><\/strong>Data da defesa: 30\/08\/2022<\/span><br style=\"user-select: text;\" \/><span style=\"color: #000000;\">Banca: Jo\u00e3o de Azevedo e Dias Duarte<\/span><br style=\"user-select: text;\" \/><span style=\"color: #000000;\">Maria Juliana Gambogi Teixeira<\/span><br style=\"user-select: text;\" \/><span style=\"color: #000000;\">Marcelo Jacques de Moraes<\/span><br style=\"user-select: text;\" \/><span style=\"color: #000000;\">Beatriz Cerisara Gil<\/span><br style=\"user-select: text;\" \/><span style=\"color: #000000;\">Henrique Estrada Rodrigues (presidente e orientador)<\/span><br style=\"user-select: text;\" \/><span style=\"color: #000000;\">Tese em PDF\u00a0\u00a0<span style=\"color: #0000ff;\"><a style=\"color: #0000ff;\" href=\"https:\/\/www.maxwell.vrac.puc-rio.br\/61801\/61801.PDF\">aqui<\/a><\/span><\/span><\/td>\n<\/tr>\n<tr style=\"user-select: text;\">\n<td style=\"user-select: text;\" width=\"621\"><span style=\"color: #000000;\"><strong style=\"user-select: text;\">Hist\u00f3ria Po\u00e9tica e Po\u00e9tica da Hist\u00f3ria: Aproxima\u00e7\u00f5es entre poesia e hist\u00f3ria nas obras ensa\u00edsticas e nas poesias de Octavio Paz (1914-1998)<br style=\"user-select: text;\" \/><\/strong>MAYCON DA SILVA TANNIS<strong style=\"user-select: text;\"><br style=\"user-select: text;\" \/><\/strong>Data da defesa: 19\/08\/2022<\/span><br style=\"user-select: text;\" \/><span style=\"color: #000000;\">Banca: Eduardo Wright Cardoso<\/span><br style=\"user-select: text;\" \/><span style=\"color: #000000;\">Henrique Estrada Rodrigues<\/span><br style=\"user-select: text;\" \/><span style=\"color: #000000;\">Aline Magalh\u00e3es Pinto<\/span><br style=\"user-select: text;\" \/><span style=\"color: #000000;\">Francine Iegelski<\/span><br style=\"user-select: text;\" \/><span style=\"color: #000000;\">Luiz de Fran\u00e7a Costa Lima Filho (presidente e orientador)<\/span><br style=\"user-select: text;\" \/><span style=\"color: #000000;\">Tese em PDF\u00a0\u00a0<span style=\"color: #0000ff;\"><a style=\"color: #0000ff;\" href=\"https:\/\/www.maxwell.vrac.puc-rio.br\/61854\/61854.PDF\">aqui<\/a><\/span><\/span><\/td>\n<\/tr>\n<\/tbody>\n<\/table>\n<table style=\"user-select: text;\" width=\"625\">\n<tbody style=\"user-select: text;\">\n<tr style=\"user-select: text;\">\n<td style=\"user-select: text;\" width=\"621\"><span style=\"color: #000000;\"><strong style=\"user-select: text;\">O Cavalete de Vidro: Imagens de uma Museografia em Longa Exposi\u00e7\u00e3o<br style=\"user-select: text;\" \/><\/strong>LUIZA BATISTA AMARAL<strong style=\"user-select: text;\"><br style=\"user-select: text;\" \/><\/strong>Data da defesa: 23\/06\/2022<\/span><br style=\"user-select: text;\" \/><span style=\"color: #000000;\">Banca: Joao Masao Kamita<\/span><br style=\"user-select: text;\" \/><span style=\"color: #000000;\">Zoy Anastassakis<\/span><br style=\"user-select: text;\" \/><span style=\"color: #000000;\">Alexander Gaiotto Miyoshi<\/span><br style=\"user-select: text;\" \/><span style=\"color: #000000;\">Helouise Lima Costa<\/span><br style=\"user-select: text;\" \/><span style=\"color: #000000;\">Sergio Bruno Guimar\u00e3es Martins (presidente e orientador)<\/span><br style=\"user-select: text;\" \/><span style=\"color: #000000;\">Tese em PDF\u00a0\u00a0<span style=\"color: #0000ff;\"><u style=\"user-select: text;\"><a style=\"color: #0000ff;\" href=\"https:\/\/www.maxwell.vrac.puc-rio.br\/60483\/60483.PDF\">aqui<\/a><\/u><\/span><\/span><\/td>\n<\/tr>\n<tr style=\"user-select: text;\">\n<td style=\"user-select: text;\" width=\"621\"><span style=\"color: #000000;\"><strong style=\"user-select: text;\">M\u00edmesis e pintura moderna: Manet e o problema das imagens<br style=\"user-select: text;\" \/><\/strong>MATHEUS FILIPE ALVES M DRUMOND<strong style=\"user-select: text;\"><br style=\"user-select: text;\" \/><\/strong>Data da defesa: 06\/05\/2022<\/span><br style=\"user-select: text;\" \/><span style=\"color: #000000;\">Banca: Maria Flora Sussekind<\/span><br style=\"user-select: text;\" \/><span style=\"color: #000000;\">Guilherme da Silva Bueno<\/span><br style=\"user-select: text;\" \/><span style=\"color: #000000;\">Pedro S\u00fcssekind Viveiros de Castro<\/span><br style=\"user-select: text;\" \/><span style=\"color: #000000;\">Vera Beatriz Cordeiro Siqueira<\/span><br style=\"user-select: text;\" \/><span style=\"color: #000000;\">Luiz de Fran\u00e7a Costa Lima Filho (presidente e orientador)<\/span><br style=\"user-select: text;\" \/><span style=\"color: #000000;\">Tese em PDF\u00a0\u00a0<span style=\"color: #0000ff;\">aqui<\/span><\/span><\/td>\n<\/tr>\n<\/tbody>\n<\/table>\n<table style=\"user-select: text;\" width=\"625\">\n<tbody style=\"user-select: text;\">\n<tr style=\"user-select: text;\">\n<td style=\"user-select: text;\" width=\"791\"><span style=\"color: #000000;\"><strong style=\"user-select: text;\">Monumento, Simboliza\u00e7\u00e3o e o Lugar da Monumentalidade na Arquitetura Moderna<br style=\"user-select: text;\" \/><\/strong>ANTONIO RENATO GUARINO LOPES<strong style=\"user-select: text;\"><br style=\"user-select: text;\" \/><\/strong>Data da defesa: 15\/03\/2022<\/span><br style=\"user-select: text;\" \/><span style=\"color: #000000;\">Banca: Ana Luiza de Souza Nobre<\/span><br style=\"user-select: text;\" \/><span style=\"color: #000000;\">Maria Cristina Nascentes Cabral<\/span><br style=\"user-select: text;\" \/><span style=\"color: #000000;\">Rodrigo Cristiano Queiroz<\/span><br style=\"user-select: text;\" \/><span style=\"color: #000000;\">Jose Tavares Correia de Lira<\/span><br style=\"user-select: text;\" \/><span style=\"color: #000000;\">Joao Masao Kamita (presidente e orientador)<\/span><br style=\"user-select: text;\" \/><span style=\"color: #000000;\">Tese em PDF\u00a0\u00a0<span style=\"color: #0000ff;\"><a style=\"color: #0000ff;\" href=\"https:\/\/www.dbd.puc-rio.br\/pergamum\/tesesabertas\/1712720_2021_completo.pdf\">aqui<\/a><\/span><\/span><\/td>\n<\/tr>\n<\/tbody>\n<\/table>\n<h3 style=\"user-select: text;\"><\/h3>\n<h3 style=\"user-select: text;\"><span style=\"color: #000000;\"><strong style=\"user-select: text;\">Doutorado 2021<\/strong><\/span><\/h3>\n<table style=\"user-select: text;\" width=\"625\">\n<tbody style=\"user-select: text;\">\n<tr style=\"user-select: text;\">\n<td style=\"user-select: text;\" width=\"791\"><span style=\"color: #000000;\"><strong style=\"user-select: text;\">\u201cComo uma revoada de p\u00e1ssaros\u201d: uma hist\u00f3ria do movimento ind\u00edgena na ditadura militar brasileira<\/strong><strong style=\"user-select: text;\"><br style=\"user-select: text;\" \/><\/strong>JOAO GABRIEL DA SILVA ASCENSO<strong style=\"user-select: text;\"><br style=\"user-select: text;\" \/><\/strong>Data da defesa: 10\/12\/2021<\/span><br style=\"user-select: text;\" \/><span style=\"color: #000000;\">Banca: Leonardo Affonso de Miranda Pereira<\/span><br style=\"user-select: text;\" \/><span style=\"color: #000000;\">Barbara Weinstein<\/span><br style=\"user-select: text;\" \/><span style=\"color: #000000;\">Jose Ribamar Bessa Freire<\/span><br style=\"user-select: text;\" \/><span style=\"color: #000000;\">Vania Maria Losada Moreira<\/span><br style=\"user-select: text;\" \/><span style=\"color: #000000;\">Larissa Rosa Corr\u00eaa (presidente e orientador)<\/span><br style=\"user-select: text;\" \/><span style=\"color: #000000;\">Tese em PDF\u00a0\u00a0<span style=\"color: #0000ff;\">aqui<\/span><\/span><\/td>\n<\/tr>\n<\/tbody>\n<\/table>\n<table style=\"user-select: text;\" width=\"625\">\n<tbody style=\"user-select: text;\">\n<tr style=\"user-select: text;\">\n<td style=\"user-select: text;\" width=\"791\"><span style=\"color: #000000;\"><strong style=\"user-select: text;\">Modernidade em constela\u00e7\u00e3o: Experi\u00eancias est\u00e9ticas simbolistas e modernistas em revistas liter\u00e1rias na cena finissecular (Buenos Aires, Ciudad de M\u00e9xico, Paris e Rio de Janeiro, anos 1886-1904)<\/strong><strong style=\"user-select: text;\"><br style=\"user-select: text;\" \/><\/strong>MARIANA ALBUQUERQUE GOMES<strong style=\"user-select: text;\"><br style=\"user-select: text;\" \/><\/strong>Data da defesa: 29\/10\/2021<\/span><br style=\"user-select: text;\" \/><span style=\"color: #000000;\">Banca: Antonio Edmilson Martins Rodrigues<\/span><br style=\"user-select: text;\" \/><span style=\"color: #000000;\">Laura Moutinho Nery<\/span><br style=\"user-select: text;\" \/><span style=\"color: #000000;\">Adriane Aparecida Vidal Costa<\/span><br style=\"user-select: text;\" \/><span style=\"color: #000000;\">Vera L\u00facia de Oliveira Lins<\/span><br style=\"user-select: text;\" \/><span style=\"color: #000000;\">Maria Elisa Noronha de S\u00e1 (presidente e orientador)<\/span><br style=\"user-select: text;\" \/><span style=\"color: #000000;\">Tese em PDF\u00a0\u00a0<span style=\"color: #0000ff;\"><a style=\"color: #0000ff;\" href=\"https:\/\/www.dbd.puc-rio.br\/pergamum\/tesesabertas\/1712720_2021_completo.pdf\">aqui<\/a><\/span><\/span><\/td>\n<\/tr>\n<\/tbody>\n<\/table>\n<table style=\"user-select: text;\" width=\"625\">\n<tbody style=\"user-select: text;\">\n<tr style=\"user-select: text;\">\n<td style=\"user-select: text;\" width=\"791\"><span style=\"color: #000000;\"><strong style=\"user-select: text;\">Kuzumbuca: panelas sem tampa. Territorialidades, experi\u00eancias sociais e trocas culturais do consumo alimentar em Luanda (1949-1973)<\/strong><strong style=\"user-select: text;\"><br style=\"user-select: text;\" \/><\/strong>KARINA HELENA RAMOS<strong style=\"user-select: text;\"><br style=\"user-select: text;\" \/><\/strong>Data da defesa: 07\/10\/2021<\/span><br style=\"user-select: text;\" \/><span style=\"color: #000000;\">Banca: Crislayne Gloss Mar\u00e3o Alfagali<\/span><br style=\"user-select: text;\" \/><span style=\"color: #000000;\">Marcelo Bittencourt Ivair Pinto<\/span><br style=\"user-select: text;\" \/><span style=\"color: #000000;\">Rita de C\u00e1ssia Natal Chaves<\/span><br style=\"user-select: text;\" \/><span style=\"color: #000000;\">Vanessa dos Santos Oliveira<\/span><br style=\"user-select: text;\" \/><span style=\"color: #000000;\">Regiane Augusto de Mattos (presidente e orientador)<\/span><br style=\"user-select: text;\" \/><span style=\"color: #000000;\">Tese em PDF\u00a0\u00a0<span style=\"color: #0000ff;\">aqui<\/span><\/span><\/td>\n<\/tr>\n<\/tbody>\n<\/table>\n<table style=\"user-select: text;\" width=\"625\">\n<tbody style=\"user-select: text;\">\n<tr style=\"user-select: text;\">\n<td style=\"user-select: text;\" width=\"791\"><span style=\"color: #000000;\"><strong style=\"user-select: text;\">Sobrevivendo ao teste do tempo: interpreta\u00e7\u00f5es da Hist\u00f3ria em Sid Meier\u2019s Civilization<\/strong><strong style=\"user-select: text;\"><br style=\"user-select: text;\" \/><\/strong>MARCO DE ALMEIDA FORNACIARI<strong style=\"user-select: text;\"><br style=\"user-select: text;\" \/><\/strong>Data da defesa: 01\/10\/2021<\/span><br style=\"user-select: text;\" \/><span style=\"color: #000000;\">Banca: Eduardo Wright Cardoso<\/span><br style=\"user-select: text;\" \/><span style=\"color: #000000;\">Emmanoel Martins Ferreira<\/span><br style=\"user-select: text;\" \/><span style=\"color: #000000;\">Jo\u00e3o de Azevedo e Dias Duarte<\/span><br style=\"user-select: text;\" \/><span style=\"color: #000000;\">Helyom Rogerio Reis Viana da Silva Teles<\/span><br style=\"user-select: text;\" \/><span style=\"color: #000000;\">Maur\u00edcio Barreto Alvarez Parada (presidente e orientador)<\/span><br style=\"user-select: text;\" \/><span style=\"color: #000000;\">Tese em PDF\u00a0\u00a0<span style=\"color: #0000ff;\"><a style=\"color: #0000ff;\" href=\"https:\/\/www.dbd.puc-rio.br\/pergamum\/tesesabertas\/1713195_2021_completo.pdf\">aqui<\/a><\/span><\/span><\/td>\n<\/tr>\n<\/tbody>\n<\/table>\n<table style=\"user-select: text;\" width=\"625\">\n<tbody style=\"user-select: text;\">\n<tr style=\"user-select: text;\">\n<td style=\"user-select: text;\" width=\"791\"><span style=\"color: #000000;\"><strong style=\"user-select: text;\">Quando o museu \u00e9 uma luta! A cria\u00e7\u00e3o do Museu da Beira da Linha do Coque e Museu das Remo\u00e7\u00f5es<\/strong><strong style=\"user-select: text;\"><br style=\"user-select: text;\" \/><\/strong>GLEYCE KELLY MACIEL HEITOR<strong style=\"user-select: text;\"><br style=\"user-select: text;\" \/><\/strong>Data da defesa: 30\/08\/2021<\/span><br style=\"user-select: text;\" \/><span style=\"color: #000000;\">Banca: Ju\u00e7ara da Silva Barbosa de Mello<\/span><br style=\"user-select: text;\" \/><span style=\"color: #000000;\">Rafael Soares Gon\u00e7alves<\/span><br style=\"user-select: text;\" \/><span style=\"color: #000000;\">Sabrina Marques Parracho Sant&#8217;Anna<\/span><br style=\"user-select: text;\" \/><span style=\"color: #000000;\">Hugo Menezes Neto<\/span><br style=\"user-select: text;\" \/><span style=\"color: #000000;\">Maur\u00edcio Barreto Alvarez Parada (presidente e orientador)<\/span><br style=\"user-select: text;\" \/><span style=\"color: #000000;\">Tese em PDF\u00a0\u00a0<span style=\"color: #0000ff;\"><a style=\"color: #0000ff;\" href=\"https:\/\/www.dbd.puc-rio.br\/pergamum\/tesesabertas\/1613034_2021_completo.pdf\">aqui<\/a><\/span><\/span><\/td>\n<\/tr>\n<\/tbody>\n<\/table>\n<table style=\"user-select: text;\" width=\"625\">\n<tbody style=\"user-select: text;\">\n<tr style=\"user-select: text;\">\n<td style=\"user-select: text;\" width=\"791\"><span style=\"color: #000000;\"><strong style=\"user-select: text;\">Dial\u00e9tica c\u00ednica: Ou, como escrever uma hist\u00f3ria do cinismo?<\/strong><strong style=\"user-select: text;\"><br style=\"user-select: text;\" \/><\/strong>GABRIEL BARROSO VERTULLI CARNEIRO<strong style=\"user-select: text;\"><br style=\"user-select: text;\" \/><\/strong>Data da defesa: 27\/08\/2021<\/span><br style=\"user-select: text;\" \/><span style=\"color: #000000;\">Banca: Lu\u00edsa Severo Buarque de Holanda<\/span><br style=\"user-select: text;\" \/><span style=\"color: #000000;\">Olimar Flores J\u00fanior<\/span><br style=\"user-select: text;\" \/><span style=\"color: #000000;\">Felipe Charbel Teixeira<\/span><br style=\"user-select: text;\" \/><span style=\"color: #000000;\">Henrique Estrada Rodrigues<\/span><br style=\"user-select: text;\" \/><span style=\"color: #000000;\">Marcelo Gantus Jasmin (presidente e orientador)<\/span><br style=\"user-select: text;\" \/><span style=\"color: #000000;\">Tese em PDF\u00a0\u00a0<span style=\"color: #0000ff;\"><a style=\"color: #0000ff;\" href=\"https:\/\/www.dbd.puc-rio.br\/pergamum\/tesesabertas\/1712715_2021_completo.pdf\">aqui<\/a><\/span><\/span><\/td>\n<\/tr>\n<\/tbody>\n<\/table>\n<table style=\"user-select: text;\" width=\"625\">\n<tbody style=\"user-select: text;\">\n<tr style=\"user-select: text;\">\n<td style=\"user-select: text;\" width=\"791\"><span style=\"color: #000000;\"><strong style=\"user-select: text;\">\u201cO Dipanda tcha-tcha Tozui e\u201d: hist\u00f3ria e conex\u00f5es culturais atrav\u00e9s da rumba congolesa (1940 -1965)<\/strong><strong style=\"user-select: text;\"><br style=\"user-select: text;\" \/><\/strong>EVELYN ROSA DO NASCIMENTO<strong style=\"user-select: text;\"><br style=\"user-select: text;\" \/><\/strong>Data da defesa: 25\/06\/2021<\/span><br style=\"user-select: text;\" \/><span style=\"color: #000000;\">Banca: Leonardo Affonso de Miranda Pereira<\/span><br style=\"user-select: text;\" \/><span style=\"color: #000000;\">Alain Pascal Kaly<\/span><br style=\"user-select: text;\" \/><span style=\"color: #000000;\">Marina Annie Martine Berthet Ribeiro<\/span><br style=\"user-select: text;\" \/><span style=\"color: #000000;\">Jacques M. F. Depelchin<\/span><br style=\"user-select: text;\" \/><span style=\"color: #000000;\">Regiane Augusto de Mattos (presidente e orientador)<\/span><br style=\"user-select: text;\" \/><span style=\"color: #000000;\">Tese em PDF\u00a0\u00a0<span style=\"color: #0000ff;\"><a style=\"color: #0000ff;\" href=\"https:\/\/www.dbd.puc-rio.br\/pergamum\/tesesabertas\/1613031_2021_completo.pdf\">aqui<\/a><\/span><\/span><\/td>\n<\/tr>\n<\/tbody>\n<\/table>\n<table style=\"user-select: text;\" width=\"625\">\n<tbody style=\"user-select: text;\">\n<tr style=\"user-select: text;\">\n<td style=\"user-select: text;\" width=\"791\"><span style=\"color: #000000;\"><strong style=\"user-select: text;\">&#8216;Soldados do fogo\u2019: uma hist\u00f3ria social do Corpo de Bombeiros do Rio de Janeiro nas d\u00e9cadas de 1880-1910<\/strong><strong style=\"user-select: text;\"><br style=\"user-select: text;\" \/><\/strong>VITOR LEANDRO DE SOUZA<strong style=\"user-select: text;\"><br style=\"user-select: text;\" \/><\/strong>Data da defesa: 14\/05\/2021<\/span><br style=\"user-select: text;\" \/><span style=\"color: #000000;\">Banca: Leonardo Affonso de Miranda Pereira<\/span><br style=\"user-select: text;\" \/><span style=\"color: #000000;\">Adriana Barreto de Souza<\/span><br style=\"user-select: text;\" \/><span style=\"color: #000000;\">Paulo Cruz Terra<\/span><br style=\"user-select: text;\" \/><span style=\"color: #000000;\">C\u00e2ndido Gon\u00e7alo Rocha Gon\u00e7alves<\/span><br style=\"user-select: text;\" \/><span style=\"color: #000000;\">Diego Antonio Galeano (presidente e orientador)<\/span><br style=\"user-select: text;\" \/><span style=\"color: #000000;\">Tese em PDF \u00a0<span style=\"color: #0000ff;\"><a style=\"color: #0000ff;\" href=\"https:\/\/www.dbd.puc-rio.br\/pergamum\/tesesabertas\/1613042_2021_completo.pdf\">aqui<\/a><\/span><\/span><\/td>\n<\/tr>\n<\/tbody>\n<\/table>\n<table style=\"user-select: text;\" width=\"625\">\n<tbody style=\"user-select: text;\">\n<tr style=\"user-select: text;\">\n<td style=\"user-select: text;\" width=\"791\"><span style=\"color: #000000;\"><strong style=\"user-select: text;\">\u201cDante como Poeta da Unidade. Erich Auerbach e a Dantologia Alem\u00e3 dos Anos 1920-1930\u201d<\/strong><strong style=\"user-select: text;\"><br style=\"user-select: text;\" \/><\/strong>PATRICIA DA SILVA REIS<strong style=\"user-select: text;\"><br style=\"user-select: text;\" \/><\/strong>Data da defesa: 13\/05\/2021<\/span><br style=\"user-select: text;\" \/><span style=\"color: #000000;\">Banca: Jo\u00e3o de Azevedo e Dias Duarte<\/span><br style=\"user-select: text;\" \/><span style=\"color: #000000;\">Leopoldo Garcia Pinto Waizbort<\/span><br style=\"user-select: text;\" \/><span style=\"color: #000000;\">Thiago Lima Nicodemo<\/span><br style=\"user-select: text;\" \/><span style=\"color: #000000;\">Ottmar Ette<\/span><br style=\"user-select: text;\" \/><span style=\"color: #000000;\">Henrique Estrada Rodrigues (presidente e orientador)<\/span><br style=\"user-select: text;\" \/><span style=\"color: #000000;\">Tese em PDF\u00a0\u00a0<span style=\"color: #0000ff;\">aqui<\/span><\/span><\/td>\n<\/tr>\n<\/tbody>\n<\/table>\n<table style=\"user-select: text;\" width=\"625\">\n<tbody style=\"user-select: text;\">\n<tr style=\"user-select: text;\">\n<td style=\"user-select: text;\" width=\"791\"><span style=\"color: #000000;\"><strong style=\"user-select: text;\">Agostinho: De Tagaste \u00e0 Hipona<\/strong><strong style=\"user-select: text;\"><br style=\"user-select: text;\" \/><\/strong>WALESKA SOUTO MAIA<strong style=\"user-select: text;\"><br style=\"user-select: text;\" \/><\/strong>Data da defesa: 22\/04\/2021<\/span><br style=\"user-select: text;\" \/><span style=\"color: #000000;\">Banca: Fl\u00e1via Maria Schlee Eyler<\/span><br style=\"user-select: text;\" \/><span style=\"color: #000000;\">M\u00e1rio Jorge da Motta Bastos<\/span><br style=\"user-select: text;\" \/><span style=\"color: #000000;\">Alain Pascal Kaly<\/span><br style=\"user-select: text;\" \/><span style=\"color: #000000;\">Uiran Gebara da Silva<\/span><br style=\"user-select: text;\" \/><span style=\"color: #000000;\">Regiane Augusto de Mattos (presidente e orientador)<\/span><br style=\"user-select: text;\" \/><span style=\"color: #000000;\">Tese em PDF\u00a0\u00a0<span style=\"color: #0000ff;\">aqui<\/span><\/span><\/td>\n<\/tr>\n<\/tbody>\n<\/table>\n<table style=\"user-select: text;\" width=\"625\">\n<tbody style=\"user-select: text;\">\n<tr style=\"user-select: text;\">\n<td style=\"user-select: text;\" width=\"791\"><span style=\"color: #000000;\"><strong style=\"user-select: text;\">\u201cUma elegia \u00e0 imageria\u201d: fic\u00e7\u00e3o e met\u00e1fora a partir dos escritos liter\u00e1rios e ensa\u00edsticos de Virginia Woolf (1911-1941)<\/strong><strong style=\"user-select: text;\"><br style=\"user-select: text;\" \/><\/strong>ANA CAROLINA DE AZEVEDO GUEDES<strong style=\"user-select: text;\"><br style=\"user-select: text;\" \/><\/strong>Data da defesa: 26\/02\/2021<\/span><br style=\"user-select: text;\" \/><span style=\"color: #000000;\">Banca: \u00a0Eduardo Wright Cardoso<\/span><br style=\"user-select: text;\" \/><span style=\"color: #000000;\">Aline Magalh\u00e3es Pinto<\/span><br style=\"user-select: text;\" \/><span style=\"color: #000000;\">Luiza Larangeira da Silva Mello<\/span><br style=\"user-select: text;\" \/><span style=\"color: #000000;\">Maria Flora Sussekind<\/span><br style=\"user-select: text;\" \/><span style=\"color: #000000;\">Luiz de Fran\u00e7a Costa Lima Filho (presidente e orientador)<\/span><br style=\"user-select: text;\" \/><span style=\"color: #000000;\">Tese em PDF\u00a0\u00a0<span style=\"color: #0000ff;\">aqui<\/span><\/span><\/td>\n<\/tr>\n<\/tbody>\n<\/table>\n<h3 style=\"user-select: text;\"><\/h3>\n<h3 style=\"user-select: text;\"><span style=\"color: #000000;\"><strong style=\"user-select: text;\">Doutorado 2020<\/strong><\/span><\/h3>\n<table style=\"user-select: text;\" width=\"625\">\n<tbody style=\"user-select: text;\">\n<tr style=\"user-select: text;\">\n<td style=\"user-select: text;\" width=\"791\"><span style=\"color: #000000;\"><strong style=\"user-select: text;\">A ret\u00f3rica racialista da branquitude nas disputas pela defini\u00e7\u00e3o da ideia de brasileiro (1820-1847)<\/strong><strong style=\"user-select: text;\"><br style=\"user-select: text;\" \/><\/strong>FABIANA RODRIGUES DIAS<strong style=\"user-select: text;\"><br style=\"user-select: text;\" \/><\/strong>Data da defesa: 17\/12\/2020<\/span><br style=\"user-select: text;\" \/><span style=\"color: #000000;\">Banca: Daniel Pinha Silva<\/span><br style=\"user-select: text;\" \/><span style=\"color: #000000;\">Eduardo Wright Cardoso<\/span><br style=\"user-select: text;\" \/><span style=\"color: #000000;\">Lorelai Brilhante Kury<\/span><br style=\"user-select: text;\" \/><span style=\"color: #000000;\">Ju\u00e7ara da Silva Barbosa de Mello<\/span><br style=\"user-select: text;\" \/><span style=\"color: #000000;\">Marco Antonio Villela Pamplona (presidente e orientador)<\/span><br style=\"user-select: text;\" \/><span style=\"color: #000000;\">Tese em PDF\u00a0\u00a0<span style=\"color: #0000ff;\"><a style=\"color: #0000ff;\" href=\"http:\/\/www.dbd.puc-rio.br\/pergamum\/tesesabertas\/1613033_2020_completo.pdf\">aqui<\/a><\/span><\/span><\/td>\n<\/tr>\n<\/tbody>\n<\/table>\n<table style=\"user-select: text;\" width=\"625\">\n<tbody style=\"user-select: text;\">\n<tr style=\"user-select: text;\">\n<td style=\"user-select: text;\" width=\"781\"><span style=\"color: #000000;\"><strong style=\"user-select: text;\">O metr\u00f4 de moscou: realidade e fic\u00e7\u00e3o em Origens do totalitarismo de Hannah Arendt.<\/strong><strong style=\"user-select: text;\"><br style=\"user-select: text;\" \/><\/strong>RODRIGO FAMPA NEGREIROS LIMA<strong style=\"user-select: text;\"><br style=\"user-select: text;\" \/><\/strong>Data da defesa:\u00a030\/11\/2020<\/span><br style=\"user-select: text;\" \/><span style=\"color: #000000;\">Banca: Jo\u00e3o de Azevedo e Dias Duarte<\/span><br style=\"user-select: text;\" \/><span style=\"color: #000000;\">Maur\u00edcio Barreto Alvarez Parada<\/span><br style=\"user-select: text;\" \/><span style=\"color: #000000;\">Helo\u00edsa Maria Murgel Starling<\/span><br style=\"user-select: text;\" \/><span style=\"color: #000000;\">Eduardo Jardim de Moraes<\/span><br style=\"user-select: text;\" \/><span style=\"color: #000000;\">Marcelo Gantus Jasmin (presidente e orientador)<\/span><br style=\"user-select: text;\" \/><span style=\"color: #000000;\">Tese em PDF\u00a0\u00a0<span style=\"color: #0000ff;\"><a style=\"color: #0000ff;\" href=\"http:\/\/www.dbd.puc-rio.br\/pergamum\/biblioteca\/php\/mostrateses.php?open=1&amp;arqtese=1613041_2020_Indice.html\">aqui<\/a><\/span><\/span><\/td>\n<\/tr>\n<\/tbody>\n<\/table>\n<table style=\"user-select: text;\" width=\"625\">\n<tbody style=\"user-select: text;\">\n<tr style=\"user-select: text;\">\n<td style=\"user-select: text;\" width=\"748\"><span style=\"color: #000000;\"><strong style=\"user-select: text;\">A flor e o espinho. A forma\u00e7\u00e3o brasileira de Sergio Buarque de Holanda<\/strong><strong style=\"user-select: text;\"><br style=\"user-select: text;\" \/><\/strong>ANDRE JOBIM MARTINS<strong style=\"user-select: text;\"><br style=\"user-select: text;\" \/><\/strong>Data da defesa: 21\/10\/2020<\/span><br style=\"user-select: text;\" \/><span style=\"color: #000000;\">Banca: Henrique Estrada Rodrigues<\/span><br style=\"user-select: text;\" \/><span style=\"color: #000000;\">Pedro Meira Monteiro<\/span><br style=\"user-select: text;\" \/><span style=\"color: #000000;\">Sergio Alcides Pereira do Amaral<\/span><br style=\"user-select: text;\" \/><span style=\"color: #000000;\">Thiago Lima Nicodemo<\/span><br style=\"user-select: text;\" \/><span style=\"color: #000000;\">Luiz de Fran\u00e7a Costa Lima Filho (presidente e orientador)<\/span><br style=\"user-select: text;\" \/><span style=\"color: #000000;\">Tese em PDF\u00a0\u00a0<span style=\"color: #0000ff;\"><u style=\"user-select: text;\">aqui<\/u><\/span><\/span><\/td>\n<\/tr>\n<\/tbody>\n<\/table>\n<table style=\"user-select: text;\" width=\"625\">\n<tbody style=\"user-select: text;\">\n<tr style=\"user-select: text;\">\n<td style=\"user-select: text;\" width=\"707\"><span style=\"color: #000000;\"><strong style=\"user-select: text;\">Pollock, Rauschenberg e Cage. Formas residuais do pict\u00f3rico na era da reprodu\u00e7\u00e3o t\u00e9cnica<\/strong><\/span><br style=\"user-select: text;\" \/><span style=\"color: #000000;\">ALESSANDRA BERGAMASCHI<\/span><br style=\"user-select: text;\" \/><span style=\"color: #000000;\">Data da defesa:\u00a010\/06\/2020<\/span><br style=\"user-select: text;\" \/><span style=\"color: #000000;\">Banca: Luiz Camillo Dolabella Portella Osorio de Almeida<\/span><br style=\"user-select: text;\" \/><span style=\"color: #000000;\">Otavio Leonidio Ribeiro<\/span><br style=\"user-select: text;\" \/><span style=\"color: #000000;\">Mauricio Lissovsky<\/span><br style=\"user-select: text;\" \/><span style=\"color: #000000;\">Kaira Marie Caba\u00f1as<\/span><br style=\"user-select: text;\" \/><span style=\"color: #000000;\">Sergio Bruno Guimar\u00e3es Martins (presidente e orientador)<\/span><br style=\"user-select: text;\" \/><span style=\"color: #000000;\">Tese em PDF\u00a0\u00a0<span style=\"color: #0000ff;\"><a style=\"color: #0000ff;\" href=\"http:\/\/www.dbd.puc-rio.br\/pergamum\/biblioteca\/php\/mostrateses.php?open=1&amp;arqtese=1613026_2020_Indice.html\">aqui<\/a><\/span><\/span><\/td>\n<\/tr>\n<\/tbody>\n<\/table>\n<table style=\"user-select: text;\" width=\"625\">\n<tbody style=\"user-select: text;\">\n<tr style=\"user-select: text;\">\n<td style=\"user-select: text;\" width=\"682\"><span style=\"color: #000000;\"><strong style=\"user-select: text;\">Entre cultura e natureza: A patrimonializa\u00e7\u00e3o do litoral fluminense<\/strong><strong style=\"user-select: text;\"><br style=\"user-select: text;\" \/><\/strong>JULIENE DO VALLE TARDELI CRUZ<strong style=\"user-select: text;\"><br style=\"user-select: text;\" \/><\/strong>Data da defesa: 15\/09\/2020<\/span><br style=\"user-select: text;\" \/><span style=\"color: #000000;\">Banca: Simone Dubeux Berardo Carneiro da Cunha<\/span><br style=\"user-select: text;\" \/><span style=\"color: #000000;\">Catia Antonia da Silva<\/span><br style=\"user-select: text;\" \/><span style=\"color: #000000;\">Rui Aniceto Nascimento Fernandes<\/span><br style=\"user-select: text;\" \/><span style=\"color: #000000;\">Leila Bianchi Aguiar<\/span><br style=\"user-select: text;\" \/><span style=\"color: #000000;\">Ju\u00e7ara da Silva Barbosa de Mello (presidente e orientador)<\/span><br style=\"user-select: text;\" \/><span style=\"color: #000000;\">Tese em PDF\u00a0\u00a0<span style=\"color: #0000ff;\"><a style=\"color: #0000ff;\" href=\"http:\/\/www.dbd.puc-rio.br\/pergamum\/biblioteca\/php\/mostrateses.php?open=1&amp;arqtese=1613037_2020_Indice.html\">aqui<\/a><\/span><\/span><\/td>\n<\/tr>\n<\/tbody>\n<\/table>\n<table style=\"user-select: text;\" width=\"625\">\n<tbody style=\"user-select: text;\">\n<tr style=\"user-select: text;\">\n<td style=\"user-select: text;\" width=\"753\"><span style=\"color: #000000;\"><strong style=\"user-select: text;\">Arte na pris\u00e3o: Documentos-testemunhos das experi\u00eancias de presos pol\u00edticos de S\u00e3o Paulo durante a ditadura militar<\/strong><strong style=\"user-select: text;\"><br style=\"user-select: text;\" \/><\/strong>ANDREA SIQUEIRA D ALESSANDRI FORTI<strong style=\"user-select: text;\"><br style=\"user-select: text;\" \/><\/strong>Data da defesa: 25\/08\/2020<\/span><br style=\"user-select: text;\" \/><span style=\"color: #000000;\">Banca: Diego Antonio Galeano<\/span><br style=\"user-select: text;\" \/><span style=\"color: #000000;\">Samantha Viz Quadrat<\/span><br style=\"user-select: text;\" \/><span style=\"color: #000000;\">Icleia Thiesen<\/span><br style=\"user-select: text;\" \/><span style=\"color: #000000;\">Glaucia Kruse Villas B\u00f4as<\/span><br style=\"user-select: text;\" \/><span style=\"color: #000000;\">Larissa Rosa Corr\u00eaa (presidente e orientador)<\/span><br style=\"user-select: text;\" \/><span style=\"color: #000000;\">Tese em PDF\u00a0\u00a0<span style=\"color: #0000ff;\"><a style=\"color: #0000ff;\" href=\"http:\/\/www.dbd.puc-rio.br\/pergamum\/biblioteca\/php\/mostrateses.php?open=1&amp;arqtese=1512185_2020_Indice.html\">aqui<\/a><\/span><\/span><\/td>\n<\/tr>\n<\/tbody>\n<\/table>\n<table style=\"user-select: text;\" width=\"625\">\n<tbody style=\"user-select: text;\">\n<tr style=\"user-select: text;\">\n<td style=\"user-select: text;\" width=\"745\"><span style=\"color: #000000;\"><strong style=\"user-select: text;\">\u201cDe baile em baile\u201d. A Social History of Rio de Janeiro\u2019s funk music<\/strong><strong style=\"user-select: text;\"><br style=\"user-select: text;\" \/><\/strong>JULIANA LESSA VIEIRA<strong style=\"user-select: text;\"><br style=\"user-select: text;\" \/><\/strong>Data da defesa:\u00a0<\/span><br style=\"user-select: text;\" \/><span style=\"color: #000000;\">Banca: Adriana Carvalho Lopes<\/span><br style=\"user-select: text;\" \/><span style=\"color: #000000;\">Frederico Oliveira Coelho<\/span><br style=\"user-select: text;\" \/><span style=\"color: #000000;\">Adriana Facina Gurgel do Amaral<\/span><br style=\"user-select: text;\" \/><span style=\"color: #000000;\">Romulo Costa Mattos<\/span><br style=\"user-select: text;\" \/><span style=\"color: #000000;\">Leonardo Affonso de Miranda Pereira (presidente e orientador)<\/span><br style=\"user-select: text;\" \/><span style=\"color: #000000;\">Tese em PDF\u00a0\u00a0<span style=\"color: #0000ff;\"><a style=\"color: #0000ff;\" href=\"http:\/\/www.dbd.puc-rio.br\/pergamum\/biblioteca\/php\/mostrateses.php?open=1&amp;arqtese=1512188_2020_Indice.html\">aqui<\/a><\/span><\/span><\/td>\n<\/tr>\n<\/tbody>\n<\/table>\n<table style=\"user-select: text;\" width=\"625\">\n<tbody style=\"user-select: text;\">\n<tr style=\"user-select: text;\">\n<td style=\"user-select: text;\" width=\"749\"><span style=\"color: #000000;\"><strong style=\"user-select: text;\">Impulso e espacialidade na linguagem: dos rom\u00e2nticos \u00e0 biologia cognitiva<\/strong><strong style=\"user-select: text;\"><br style=\"user-select: text;\" \/><\/strong>MARIA LUISA NOUJAIM TEIXEIRA<strong style=\"user-select: text;\"><br style=\"user-select: text;\" \/><\/strong>Data da defesa: 17\/04\/2020<\/span><br style=\"user-select: text;\" \/><span style=\"color: #000000;\">Banca:) Pedro Spinola Pereira Caldas<\/span><br style=\"user-select: text;\" \/><span style=\"color: #000000;\">Luiz Fernando Dias Duarte<\/span><br style=\"user-select: text;\" \/><span style=\"color: #000000;\">Marcia S\u00e1 Cavalcante Schuback<\/span><br style=\"user-select: text;\" \/><span style=\"color: #000000;\">Lucia Ricotta Vilela Pinto<\/span><br style=\"user-select: text;\" \/><span style=\"color: #000000;\">Luiz de Fran\u00e7a Costa Lima Filho (presidente e orientador<\/span><br style=\"user-select: text;\" \/><span style=\"color: #000000;\">Tese em PDF\u00a0\u00a0<span style=\"color: #0000ff;\"><a style=\"color: #0000ff;\" href=\"http:\/\/www.dbd.puc-rio.br\/pergamum\/biblioteca\/php\/mostrateses.php?open=1&amp;arqtese=1613039_2020_Indice.html\">aqui<\/a><\/span><\/span><\/td>\n<\/tr>\n<\/tbody>\n<\/table>\n<table style=\"user-select: text;\" width=\"625\">\n<tbody style=\"user-select: text;\">\n<tr style=\"user-select: text;\">\n<td style=\"user-select: text;\" width=\"782\"><span style=\"color: #000000;\"><strong style=\"user-select: text;\">\u00catre caricaturiste. Le m\u00e9tier de dessinateur de presse \u00e0 Rio de Janeiro (1844-1888)<\/strong><\/span><br style=\"user-select: text;\" \/><span style=\"color: #000000;\">ALINE DELL ORTO<\/span><br style=\"user-select: text;\" \/><span style=\"color: #000000;\">Data da defesa:<\/span><br style=\"user-select: text;\" \/><span style=\"color: #000000;\">Banca: Prof. Ilmar Rohloff de Mattos<\/span><br style=\"user-select: text;\" \/><span style=\"color: #000000;\">Profa. Anne Lafont<\/span><br style=\"user-select: text;\" \/><span style=\"color: #000000;\">Profa. Tania de Luca<\/span><br style=\"user-select: text;\" \/><span style=\"color: #000000;\">Profa. Laura de Mello e Souza<\/span><br style=\"user-select: text;\" \/><span style=\"color: #000000;\">Prof. Dominic Hardy<\/span><br style=\"user-select: text;\" \/><span style=\"color: #000000;\">Prof. Luiz Roberto Azevedo Cunha Christophe<\/span><br style=\"user-select: text;\" \/><span style=\"color: #000000;\">Prochasson (Orientador)<\/span><br style=\"user-select: text;\" \/><span style=\"color: #000000;\">Tese em PDF\u00a0\u00a0<span style=\"color: #0000ff;\"><u style=\"user-select: text;\">aqui<\/u><\/span><\/span><\/td>\n<\/tr>\n<\/tbody>\n<\/table>\n<h3 style=\"user-select: text;\"><\/h3>\n<h3 style=\"user-select: text;\"><span style=\"color: #000000;\"><strong style=\"user-select: text;\">Doutorado 2019<\/strong><\/span><\/h3>\n<table style=\"user-select: text;\" width=\"625\">\n<tbody style=\"user-select: text;\">\n<tr style=\"user-select: text;\">\n<td style=\"user-select: text;\" width=\"808\"><span style=\"color: #000000;\"><strong style=\"user-select: text;\">Sherlock Holmes no Brasil: Elysio de Carvalho e a constru\u00e7\u00e3o da pol\u00edcia cient\u00edfica no Rio de Janeiro (1907-1915)<\/strong><strong style=\"user-select: text;\"><br style=\"user-select: text;\" \/><\/strong>MARILIA RODRIGUES DE OLIVEIRA<strong style=\"user-select: text;\"><br style=\"user-select: text;\" \/><\/strong>Data da defesa:<\/span><br style=\"user-select: text;\" \/><span style=\"color: #000000;\">Banca: Leonardo Affonso de Miranda Pereira<\/span><br style=\"user-select: text;\" \/><span style=\"color: #000000;\">Marcos Luiz Bretas da Fonseca<\/span><br style=\"user-select: text;\" \/><span style=\"color: #000000;\">C\u00e2ndido Gon\u00e7alo Rocha Gon\u00e7alves<\/span><br style=\"user-select: text;\" \/><span style=\"color: #000000;\">Lila Mar\u00eda Caimari<\/span><br style=\"user-select: text;\" \/><span style=\"color: #000000;\">Diego Antonio Galeano (presidente e orientador)<\/span><br style=\"user-select: text;\" \/><span style=\"color: #000000;\">Tese em PDF\u00a0\u00a0<span style=\"color: #0000ff;\"><a style=\"color: #0000ff;\" href=\"http:\/\/www.dbd.puc-rio.br\/pergamum\/tesesabertas\/1512190_2019_completo.pdf\">aqui<\/a><\/span><\/span><\/td>\n<\/tr>\n<\/tbody>\n<\/table>\n<table style=\"user-select: text;\" width=\"625\">\n<tbody style=\"user-select: text;\">\n<tr style=\"user-select: text;\">\n<td style=\"user-select: text;\" width=\"819\"><span style=\"color: #000000;\"><strong style=\"user-select: text;\">Arquiteturas do desaparecimento<\/strong><strong style=\"user-select: text;\"><br style=\"user-select: text;\" \/><\/strong>SILVANA CASTRO NICOLLI<strong style=\"user-select: text;\"><br style=\"user-select: text;\" \/><\/strong>Data da defesa: 03\/05\/2019<\/span><br style=\"user-select: text;\" \/><span style=\"color: #000000;\">Banca: Joao Masao Kamita<\/span><br style=\"user-select: text;\" \/><span style=\"color: #000000;\">Luiz de Fran\u00e7a Costa Lima Filho<\/span><br style=\"user-select: text;\" \/><span style=\"color: #000000;\">Ver\u00f4nica Miranda Damasceno<\/span><br style=\"user-select: text;\" \/><span style=\"color: #000000;\">Carlos Eduardo Forte Feferman<\/span><br style=\"user-select: text;\" \/><span style=\"color: #000000;\">Antonio Edmilson Martins Rodrigues (presidente e orientador)<\/span><br style=\"user-select: text;\" \/><span style=\"color: #000000;\">Tese em PDF\u00a0\u00a0<span style=\"color: #0000ff;\"><a style=\"color: #0000ff;\" href=\"http:\/\/www.dbd.puc-rio.br\/pergamum\/biblioteca\/php\/mostrateses.php?open=1&amp;arqtese=1412231_2019_Indice.html\">aqui<\/a><\/span><\/span><\/td>\n<\/tr>\n<\/tbody>\n<\/table>\n<table style=\"user-select: text;\" width=\"625\">\n<tbody style=\"user-select: text;\">\n<tr style=\"user-select: text;\">\n<td style=\"user-select: text;\" width=\"747\"><span style=\"color: #000000;\"><strong style=\"user-select: text;\">A Rocinha em constru\u00e7\u00e3o: a hist\u00f3ria social de uma favela na primeira metade do s\u00e9culo XX<\/strong><strong style=\"user-select: text;\"><br style=\"user-select: text;\" \/><\/strong>MARIANA BARBOSA CARVALHO DA COSTA<strong style=\"user-select: text;\"><br style=\"user-select: text;\" \/><\/strong>Data da defesa: 30\/10\/2019<\/span><br style=\"user-select: text;\" \/><span style=\"color: #000000;\">Banca: Margarida de Souza Neves<\/span><br style=\"user-select: text;\" \/><span style=\"color: #000000;\">Mariana Cavalcanti Rocha dos Santos<\/span><br style=\"user-select: text;\" \/><span style=\"color: #000000;\">Rafael Soares Gon\u00e7alves<\/span><br style=\"user-select: text;\" \/><span style=\"color: #000000;\">Paulo Roberto Ribeiro Fontes<\/span><br style=\"user-select: text;\" \/><span style=\"color: #000000;\">Leonardo Affonso de Miranda Pereira (presidente e orientador)<\/span><br style=\"user-select: text;\" \/><span style=\"color: #000000;\">Tese em PDF\u00a0\u00a0<span style=\"color: #0000ff;\"><a style=\"color: #0000ff;\" href=\"http:\/\/www.dbd.puc-rio.br\/pergamum\/biblioteca\/php\/mostrateses.php?open=1&amp;arqtese=1512189_2019_Indice.html\">aqui<\/a><\/span><\/span><\/td>\n<\/tr>\n<\/tbody>\n<\/table>\n<table style=\"user-select: text;\" width=\"625\">\n<tbody style=\"user-select: text;\">\n<tr style=\"user-select: text;\">\n<td style=\"user-select: text;\" width=\"780\"><span style=\"color: #000000;\"><strong style=\"user-select: text;\">As fun\u00e7\u00f5es das esculturas jesu\u00edtas de acervos brasileiros<\/strong><strong style=\"user-select: text;\"><br style=\"user-select: text;\" \/><\/strong>FLAVIO ANTONIO CARDOSO GIL<strong style=\"user-select: text;\"><br style=\"user-select: text;\" \/><\/strong>Data da defesa: 11\/11\/2019<\/span><br style=\"user-select: text;\" \/><span style=\"color: #000000;\">Banca: Antonio Edmilson Martins Rodrigues<\/span><br style=\"user-select: text;\" \/><span style=\"color: #000000;\">Dalton Almeida Raphael<\/span><br style=\"user-select: text;\" \/><span style=\"color: #000000;\">Renata Maria de Almeida Martins<\/span><br style=\"user-select: text;\" \/><span style=\"color: #000000;\">Myriam Andrade Ribeiro de Oliveira Joao<\/span><br style=\"user-select: text;\" \/><span style=\"color: #000000;\">Masao Kamita (presidente e orientador)<\/span><br style=\"user-select: text;\" \/><span style=\"color: #000000;\">Tese em PDF\u00a0\u00a0<span style=\"color: #0000ff;\"><u style=\"user-select: text;\">aqui<\/u><\/span><\/span><\/td>\n<\/tr>\n<\/tbody>\n<\/table>\n<h3 style=\"user-select: text;\"><\/h3>\n<h3 style=\"user-select: text;\"><span style=\"color: #000000;\"><strong style=\"user-select: text;\">Doutorado 2018<\/strong><\/span><\/h3>\n<table style=\"user-select: text;\" width=\"625\">\n<tbody style=\"user-select: text;\">\n<tr style=\"user-select: text;\">\n<td style=\"user-select: text;\" width=\"718\"><span style=\"color: #000000;\"><strong style=\"user-select: text;\">Degas e a fotografia: a (re) inven\u00e7\u00e3o do olhar<\/strong><strong style=\"user-select: text;\"><br style=\"user-select: text;\" \/><\/strong>ANDREZA DE LIMA RIBEIRO TEIXEIRA<strong style=\"user-select: text;\"><br style=\"user-select: text;\" \/><\/strong>Data da defesa: 20\/03\/2018<\/span><br style=\"user-select: text;\" \/><span style=\"color: #000000;\">Banca: Otavio Leonidio Ribeiro<\/span><br style=\"user-select: text;\" \/><span style=\"color: #000000;\">Patricia Leal Azevedo Corr\u00eaa<\/span><br style=\"user-select: text;\" \/><span style=\"color: #000000;\">Amaury Fernandes da Silva Junior<\/span><br style=\"user-select: text;\" \/><span style=\"color: #000000;\">Elena Mar\u00eda O Neill Hughes<\/span><br style=\"user-select: text;\" \/><span style=\"color: #000000;\">Ronaldo Brito Fernandes (presidente e orientador)<\/span><br style=\"user-select: text;\" \/><span style=\"color: #000000;\">Tese em PDF\u00a0\u00a0<span style=\"color: #0000ff;\"><a style=\"color: #0000ff;\" href=\"http:\/\/www.dbd.puc-rio.br\/pergamum\/biblioteca\/php\/mostrateses.php?open=1&amp;arqtese=1312320_2018_Indice.html\">aqui<\/a><\/span><\/span><\/td>\n<\/tr>\n<\/tbody>\n<\/table>\n<p style=\"user-select: text;\"><span style=\"color: #000000;\"><strong style=\"user-select: text;\">\u00a0<\/strong><\/span><\/p>\n<table style=\"user-select: text;\" width=\"625\">\n<tbody style=\"user-select: text;\">\n<tr style=\"user-select: text;\">\n<td style=\"user-select: text;\" width=\"762\"><span style=\"color: #000000;\"><strong style=\"user-select: text;\">Tempo e Maat na Antiga Kemet<\/strong><strong style=\"user-select: text;\"><br style=\"user-select: text;\" \/><\/strong>GISELLE MARQUES CAMARA<strong style=\"user-select: text;\"><br style=\"user-select: text;\" \/><\/strong>Data da defesa: 26\/03\/2018<\/span><br style=\"user-select: text;\" \/><span style=\"color: #000000;\">Banca: Julio Cesar Mendon\u00e7a Gralha<\/span><br style=\"user-select: text;\" \/><span style=\"color: #000000;\">Liliane Cristina Coelho<\/span><br style=\"user-select: text;\" \/><span style=\"color: #000000;\">Moacir Elias Santos<\/span><br style=\"user-select: text;\" \/><span style=\"color: #000000;\">Cassio de Araujo Duarte<\/span><br style=\"user-select: text;\" \/><span style=\"color: #000000;\">Marcelo Gantus Jasmin (presidente e orientador)<\/span><br style=\"user-select: text;\" \/><span style=\"color: #000000;\">Tese em PDF\u00a0\u00a0<span style=\"color: #0000ff;\"><a style=\"color: #0000ff;\" href=\"http:\/\/www.dbd.puc-rio.br\/pergamum\/biblioteca\/php\/mostrateses.php?open=1&amp;arqtese=1312322_2018_Indice.html\">aqui<\/a><\/span><\/span><\/td>\n<\/tr>\n<\/tbody>\n<\/table>\n<table style=\"user-select: text;\" width=\"625\">\n<tbody style=\"user-select: text;\">\n<tr style=\"user-select: text;\">\n<td style=\"user-select: text;\" width=\"799\"><span style=\"color: #000000;\"><strong style=\"user-select: text;\">A Musa e o Elefante. Cultura historiogr\u00e1fica &amp; cr\u00f4nica na Primeira Modernidade: Portugal &amp; as vis\u00f5es da \u00c1sia (S\u00e9cs. XVI-XVII)<\/strong><strong style=\"user-select: text;\"><br style=\"user-select: text;\" \/><\/strong>BRUNO OMAR DE SOUZA<strong style=\"user-select: text;\"><br style=\"user-select: text;\" \/><\/strong>Data da defesa: 26\/04\/2018<\/span><br style=\"user-select: text;\" \/><span style=\"color: #000000;\">Banca: Fernando Felizardo Nicolazzi<\/span><br style=\"user-select: text;\" \/><span style=\"color: #000000;\">Weder Ferreira da Silva<\/span><br style=\"user-select: text;\" \/><span style=\"color: #000000;\">Fl\u00e1via Maria Schlee Eyler<\/span><br style=\"user-select: text;\" \/><span style=\"color: #000000;\">Regiane Augusto de Mattos<\/span><br style=\"user-select: text;\" \/><span style=\"color: #000000;\">Luiz de Fran\u00e7a Costa Lima Filho (presidente e orientador)<\/span><br style=\"user-select: text;\" \/><span style=\"color: #000000;\">Tese em PDF\u00a0\u00a0<span style=\"color: #0000ff;\"><a style=\"color: #0000ff;\" href=\"http:\/\/www.dbd.puc-rio.br\/pergamum\/biblioteca\/php\/mostrateses.php?open=1&amp;arqtese=1412222_2018_Indice.html\">aqui<\/a><\/span><\/span><\/td>\n<\/tr>\n<\/tbody>\n<\/table>\n<table style=\"user-select: text;\" width=\"625\">\n<tbody style=\"user-select: text;\">\n<tr style=\"user-select: text;\">\n<td style=\"user-select: text;\" width=\"800\"><span style=\"color: #000000;\"><strong style=\"user-select: text;\">Jos\u00e9 Mart\u00ed e os Estados Unidos: a interpreta\u00e7\u00e3o hist\u00f3rica da sociedade norte-americana nos ensaios do cubano Jos\u00e9 Mart\u00ed (1853-1895)<\/strong><strong style=\"user-select: text;\"><br style=\"user-select: text;\" \/><\/strong>LUCAS MACHADO DOS SANTOS<strong style=\"user-select: text;\"><br style=\"user-select: text;\" \/><\/strong>Data da defesa: 16\/10\/2018<\/span><br style=\"user-select: text;\" \/><span style=\"color: #000000;\">Banca: Maria Elisa Noronha de S\u00e1<\/span><br style=\"user-select: text;\" \/><span style=\"color: #000000;\">Fernando Luiz Vale Castro<\/span><br style=\"user-select: text;\" \/><span style=\"color: #000000;\">Cec\u00edlia da Silva Azevedo<\/span><br style=\"user-select: text;\" \/><span style=\"color: #000000;\">Flavio Limoncic<\/span><br style=\"user-select: text;\" \/><span style=\"color: #000000;\">Marco Antonio Villela Pamplona (presidente e orientador)<\/span><br style=\"user-select: text;\" \/><span style=\"color: #000000;\">Tese em PDF\u00a0\u00a0<span style=\"color: #0000ff;\"><a style=\"color: #0000ff;\" href=\"http:\/\/www.dbd.puc-rio.br\/pergamum\/biblioteca\/php\/mostrateses.php?open=1&amp;arqtese=1412225_2018_Indice.html\">aqui<\/a><\/span><\/span><\/td>\n<\/tr>\n<\/tbody>\n<\/table>\n<table style=\"user-select: text;\" width=\"625\">\n<tbody style=\"user-select: text;\">\n<tr style=\"user-select: text;\">\n<td style=\"user-select: text;\" width=\"799\"><span style=\"color: #000000;\"><strong style=\"user-select: text;\">Ex\u00edlio como forma<\/strong><strong style=\"user-select: text;\"><br style=\"user-select: text;\" \/><\/strong>MANUELA RODRIGUES FANTINATO<strong style=\"user-select: text;\"><br style=\"user-select: text;\" \/><\/strong>Data da defesa: 08\/03\/2018<strong style=\"user-select: text;\"><br style=\"user-select: text;\" \/><\/strong>Banca: Julio Cesar Vallad\u00e3o Diniz<strong style=\"user-select: text;\"><br style=\"user-select: text;\" \/><\/strong>Marcelo Gantus Jasmin<strong style=\"user-select: text;\"><br style=\"user-select: text;\" \/><\/strong>Gustavo Bernardo Galv\u00e3o Krause<strong style=\"user-select: text;\"><br style=\"user-select: text;\" \/><\/strong>Frederico Oliveira Coelho<strong style=\"user-select: text;\"><br style=\"user-select: text;\" \/><\/strong>Maur\u00edcio Barreto Alvarez Parada (presidente e orientador)<strong style=\"user-select: text;\"><br style=\"user-select: text;\" \/><\/strong>Tese em PDF\u00a0\u00a0<span style=\"color: #0000ff;\"><a style=\"color: #0000ff;\" href=\"http:\/\/www.dbd.puc-rio.br\/pergamum\/biblioteca\/php\/mostrateses.php?open=1&amp;arqtese=1312323_2018_Indice.html\">aqui<\/a><\/span><\/span><\/td>\n<\/tr>\n<\/tbody>\n<\/table>\n<table style=\"user-select: text;\" width=\"625\">\n<tbody style=\"user-select: text;\">\n<tr style=\"user-select: text;\">\n<td style=\"user-select: text;\" width=\"793\"><span style=\"color: #000000;\"><strong style=\"user-select: text;\">The Silent Hero: George Padmore, Di\u00e1spora e Pan-Africanismo<\/strong><strong style=\"user-select: text;\"><br style=\"user-select: text;\" \/><\/strong>PABLO DE OLIVEIRA DE MATTOS<strong style=\"user-select: text;\"><br style=\"user-select: text;\" \/><\/strong>Data da defesa: 10\/09\/2018<\/span><br style=\"user-select: text;\" \/><span style=\"color: #000000;\">Banca: Regiane Augusto de Mattos<\/span><br style=\"user-select: text;\" \/><span style=\"color: #000000;\">Marcelo Bittencourt Ivair Pinto<\/span><br style=\"user-select: text;\" \/><span style=\"color: #000000;\">Murilo Sebe Bon Meihy<\/span><br style=\"user-select: text;\" \/><span style=\"color: #000000;\">Valdemir Donizette Zamparoni<\/span><br style=\"user-select: text;\" \/><span style=\"color: #000000;\">Maur\u00edcio Barreto Alvarez Parada (presidente e orientador)<\/span><br style=\"user-select: text;\" \/><span style=\"color: #000000;\">Tese em PDF\u00a0\u00a0<span style=\"color: #0000ff;\"><a style=\"color: #0000ff;\" href=\"http:\/\/www.dbd.puc-rio.br\/pergamum\/biblioteca\/php\/mostrateses.php?open=1&amp;arqtese=1412226_2018_Indice.html\">aqui<\/a><\/span><\/span><\/td>\n<\/tr>\n<\/tbody>\n<\/table>\n<table style=\"user-select: text;\" width=\"625\">\n<tbody style=\"user-select: text;\">\n<tr style=\"user-select: text;\">\n<td style=\"user-select: text;\" width=\"827\"><span style=\"color: #000000;\"><strong style=\"user-select: text;\">A origem dos extremos: a teoria da linguagem no conceito de obra de arte do primeiro Walter Benjamin<\/strong><strong style=\"user-select: text;\"><br style=\"user-select: text;\" \/><\/strong>SERGIANO ALCANTARA DA SILVA<strong style=\"user-select: text;\"><br style=\"user-select: text;\" \/><\/strong>Data da defesa: 30\/08\/2018<\/span><br style=\"user-select: text;\" \/><span style=\"color: #000000;\">Banca: Aline Magalh\u00e3es Pinto<\/span><br style=\"user-select: text;\" \/><span style=\"color: #000000;\">Henrique Estrada Rodrigues<\/span><br style=\"user-select: text;\" \/><span style=\"color: #000000;\">Fl\u00e1via Maria Schlee Eyler<\/span><br style=\"user-select: text;\" \/><span style=\"color: #000000;\">Susana Kampff Lages<\/span><br style=\"user-select: text;\" \/><span style=\"color: #000000;\">Luiz de Fran\u00e7a Costa Lima Filho (presidente e orientador)<\/span><br style=\"user-select: text;\" \/><span style=\"color: #000000;\">Tese em PDF\u00a0\u00a0<span style=\"color: #0000ff;\"><a style=\"color: #0000ff;\" href=\"http:\/\/www.dbd.puc-rio.br\/pergamum\/biblioteca\/php\/mostrateses.php?open=1&amp;arqtese=1412227_2018_Indice.html\">aqui<\/a><\/span><\/span><\/td>\n<\/tr>\n<\/tbody>\n<\/table>\n<table style=\"user-select: text;\" width=\"625\">\n<tbody style=\"user-select: text;\">\n<tr style=\"user-select: text;\">\n<td style=\"user-select: text;\" width=\"809\"><span style=\"color: #000000;\"><strong style=\"user-select: text;\">No cora\u00e7\u00e3o da cidade. Mem\u00f3ria, poesia, arquitetura e as narrativas sobre o Parque do Flamengo (1950 \u2013 1960)<\/strong><strong style=\"user-select: text;\"><br style=\"user-select: text;\" \/><\/strong>SILVIA ILG BYINGTON<strong style=\"user-select: text;\"><br style=\"user-select: text;\" \/><\/strong>Data da defesa: 25\/10\/2018<\/span><br style=\"user-select: text;\" \/><span style=\"color: #000000;\">Banca: Jose Reginaldo Santos Goncalves<\/span><br style=\"user-select: text;\" \/><span style=\"color: #000000;\">Maria Helena Rolim Capelato<\/span><br style=\"user-select: text;\" \/><span style=\"color: #000000;\">Otavio Leonidio Ribeiro<\/span><br style=\"user-select: text;\" \/><span style=\"color: #000000;\">Leonardo Affonso de Miranda Pereira<\/span><br style=\"user-select: text;\" \/><span style=\"color: #000000;\">Margarida de Souza Neves (presidente e orientador)<\/span><br style=\"user-select: text;\" \/><span style=\"color: #000000;\">Tese em PDF\u00a0\u00a0<span style=\"color: #0000ff;\"><a style=\"color: #0000ff;\" href=\"http:\/\/www.dbd.puc-rio.br\/pergamum\/biblioteca\/php\/mostrateses.php?open=1&amp;arqtese=1312326_2018_Indice.html\">aqui<\/a><\/span><\/span><\/td>\n<\/tr>\n<\/tbody>\n<\/table>\n<h3 style=\"user-select: text;\"><\/h3>\n<h3 style=\"user-select: text;\"><span style=\"color: #000000;\"><strong style=\"user-select: text;\">Doutorado 2017<\/strong><\/span><\/h3>\n<table style=\"user-select: text;\" width=\"625\">\n<tbody style=\"user-select: text;\">\n<tr style=\"user-select: text;\">\n<td style=\"user-select: text;\" width=\"803\"><span style=\"color: #000000;\"><strong style=\"user-select: text;\">Considere o Fracasso: Ensaio, ensa\u00edsmo e aspira\u00e7\u00e3o em Robert Musil<\/strong><strong style=\"user-select: text;\"><br style=\"user-select: text;\" \/><\/strong>BRUNO GARCIA E SOUZA<strong style=\"user-select: text;\"><br style=\"user-select: text;\" \/><\/strong>Data da defesa: 29\/09\/2017<\/span><br style=\"user-select: text;\" \/><span style=\"color: #000000;\">Banca: Jo\u00e3o de Azevedo e Dias Duarte<\/span><br style=\"user-select: text;\" \/><span style=\"color: #000000;\">Felipe Charbel Teixeira<\/span><br style=\"user-select: text;\" \/><span style=\"color: #000000;\">Pedro Spinola Pereira Caldas<\/span><br style=\"user-select: text;\" \/><span style=\"color: #000000;\">Antonio Alcir Bernardez Pecora<\/span><br style=\"user-select: text;\" \/><span style=\"color: #000000;\">Maur\u00edcio Barreto Alvarez Parada (presidente e orientador)<\/span><br style=\"user-select: text;\" \/><span style=\"color: #000000;\">Tese em PDF\u00a0\u00a0<span style=\"color: #0000ff;\"><a style=\"color: #0000ff;\" href=\"http:\/\/www.dbd.puc-rio.br\/pergamum\/biblioteca\/php\/mostrateses.php?open=1&amp;arqtese=1312321_2017_Indice.html\">aqui<\/a><\/span><\/span><\/td>\n<\/tr>\n<\/tbody>\n<\/table>\n<table style=\"user-select: text;\" width=\"625\">\n<tbody style=\"user-select: text;\">\n<tr style=\"user-select: text;\">\n<td style=\"user-select: text;\" width=\"802\"><span style=\"color: #000000;\"><strong style=\"user-select: text;\">Entre a Araucania maldita e o Deserto ind\u00f4mito: Debates oitocentistas sobre a Pacifica\u00e7\u00e3o da Araucania no Chile e a Conquista do Deserto na Argentina<\/strong><strong style=\"user-select: text;\"><br style=\"user-select: text;\" \/><\/strong>ALESSANDRA GONZALEZ DE C SEIXLACK<strong style=\"user-select: text;\"><br style=\"user-select: text;\" \/><\/strong>Data da defesa: 22\/06\/2017<\/span><br style=\"user-select: text;\" \/><span style=\"color: #000000;\">Banca: Fernando Luiz Vale Castro<\/span><br style=\"user-select: text;\" \/><span style=\"color: #000000;\">Gabriel Passetti<\/span><br style=\"user-select: text;\" \/><span style=\"color: #000000;\">Jorge Eduardo Myers<\/span><br style=\"user-select: text;\" \/><span style=\"color: #000000;\">Maria Elisa Noronha de S\u00e1<\/span><br style=\"user-select: text;\" \/><span style=\"color: #000000;\">Marco Antonio Villela Pamplona (presidente e orientador)<\/span><br style=\"user-select: text;\" \/><span style=\"color: #000000;\">Tese em PDF\u00a0\u00a0<span style=\"color: #0000ff;\"><a style=\"color: #0000ff;\" href=\"https:\/\/www.maxwell.vrac.puc-rio.br\/colecao.php?strSecao=resultado&amp;nrSeq=32653@1\">aqui<\/a><\/span><\/span><\/td>\n<\/tr>\n<\/tbody>\n<\/table>\n<p style=\"user-select: text;\"><span style=\"color: #000000;\"><strong style=\"user-select: text;\">\u00a0<\/strong><\/span><\/p>\n<table style=\"user-select: text;\" width=\"625\">\n<tbody style=\"user-select: text;\">\n<tr style=\"user-select: text;\">\n<td style=\"user-select: text;\" width=\"808\"><span style=\"color: #000000;\"><strong style=\"user-select: text;\">Autonomia e sujei\u00e7\u00e3o na aporia da modernidade japonesa: representa\u00e7\u00f5es do corpo violado como express\u00e3o pol\u00edtica<\/strong><strong style=\"user-select: text;\"><br style=\"user-select: text;\" \/><\/strong>MARCIA REGINA CASTURINO<strong style=\"user-select: text;\"><br style=\"user-select: text;\" \/><\/strong>Data da defesa:\u00a027\/04\/2017<\/span><br style=\"user-select: text;\" \/><span style=\"color: #000000;\">Banca: Sergio Bruno Guimar\u00e3es Martins<\/span><br style=\"user-select: text;\" \/><span style=\"color: #000000;\">Denise Berruezo Portinari<\/span><br style=\"user-select: text;\" \/><span style=\"color: #000000;\">Michiko Okano<\/span><br style=\"user-select: text;\" \/><span style=\"color: #000000;\">Misaki Tanaka \u2013 Mii Saki<\/span><br style=\"user-select: text;\" \/><span style=\"color: #000000;\">Maur\u00edcio Barreto Alvarez Parada (presidente e orientador)<\/span><br style=\"user-select: text;\" \/><span style=\"color: #000000;\">Tese em PDF\u00a0\u00a0<span style=\"color: #0000ff;\"><a style=\"color: #0000ff;\" href=\"http:\/\/www.dbd.puc-rio.br\/pergamum\/biblioteca\/php\/mostrateses.php?open=1&amp;arqtese=1211382_2017_Indice.html\">aqui<\/a><\/span><\/span><\/td>\n<\/tr>\n<\/tbody>\n<\/table>\n<table style=\"user-select: text;\" width=\"625\">\n<tbody style=\"user-select: text;\">\n<tr style=\"user-select: text;\">\n<td style=\"user-select: text;\" width=\"797\"><span style=\"color: #000000;\"><strong style=\"user-select: text;\">Velhos e novos mundos: \u00c1ngel Rama em seu Diario (1974-1983)<\/strong><strong style=\"user-select: text;\"><br style=\"user-select: text;\" \/><\/strong>PEDRO DEMENECH<strong style=\"user-select: text;\"><br style=\"user-select: text;\" \/><\/strong>Data da defesa: 20\/04\/2017<\/span><br style=\"user-select: text;\" \/><span style=\"color: #000000;\">Banca: Diego Antonio Galeano<\/span><br style=\"user-select: text;\" \/><span style=\"color: #000000;\">Henrique Estrada Rodrigues<\/span><br style=\"user-select: text;\" \/><span style=\"color: #000000;\">Gustavo Naves Franco<\/span><br style=\"user-select: text;\" \/><span style=\"color: #000000;\">Priscila Ribeiro Dorella<\/span><br style=\"user-select: text;\" \/><span style=\"color: #000000;\">Maria Elisa Noronha de S\u00e1 (presidente e orientador)<\/span><br style=\"user-select: text;\" \/><span style=\"color: #000000;\">Tese em PDF\u00a0\u00a0<span style=\"color: #0000ff;\"><a style=\"color: #0000ff;\" href=\"http:\/\/eds.a.ebscohost.com\/eds\/detail\/detail?vid=38&amp;sid=c9f2f3d4-40f7-4bf2-a052-92466f4a0795%40sessionmgr4007&amp;bdata=Jmxhbmc9cHQtYnImc2l0ZT1lZHMtbGl2ZSZzY29wZT1zaXRl#AN=puc.219878&amp;db=cat06910a\">aqui<\/a><\/span><\/span><\/td>\n<\/tr>\n<\/tbody>\n<\/table>\n<table style=\"user-select: text;\" width=\"625\">\n<tbody style=\"user-select: text;\">\n<tr style=\"user-select: text;\">\n<td style=\"user-select: text;\" width=\"787\"><span style=\"color: #000000;\"><strong style=\"user-select: text;\">Mira Schendel. A Rede da Obra<\/strong><strong style=\"user-select: text;\"><br style=\"user-select: text;\" \/><\/strong>PATRICIA MOREIRA LAMBERT<strong style=\"user-select: text;\"><br style=\"user-select: text;\" \/><\/strong>Data da defesa: 30\/03\/2017<\/span><br style=\"user-select: text;\" \/><span style=\"color: #000000;\">Banca: S\u00f4nia Salzstein Goldberg<\/span><br style=\"user-select: text;\" \/><span style=\"color: #000000;\">Patricia Leal Azevedo Corr\u00eaa<\/span><br style=\"user-select: text;\" \/><span style=\"color: #000000;\">Maria Eduarda Castro Magalh\u00e3es Marques<\/span><br style=\"user-select: text;\" \/><span style=\"color: #000000;\">Elena Mar\u00eda O Neill Hughes<\/span><br style=\"user-select: text;\" \/><span style=\"color: #000000;\">Ronaldo Brito Fernandes (presidente e orientador)<\/span><br style=\"user-select: text;\" \/><span style=\"color: #000000;\">Tese em PDF\u00a0\u00a0<span style=\"color: #0000ff;\"><a style=\"color: #0000ff;\" href=\"http:\/\/www.dbd.puc-rio.br\/pergamum\/biblioteca\/php\/mostrateses.php?open=1&amp;arqtese=1211383_2017_Indice.html\">aqui<\/a><\/span><\/span><\/td>\n<\/tr>\n<\/tbody>\n<\/table>\n<table style=\"user-select: text;\" width=\"625\">\n<tbody style=\"user-select: text;\">\n<tr style=\"user-select: text;\">\n<td style=\"user-select: text;\" width=\"791\"><span style=\"color: #000000;\"><strong style=\"user-select: text;\">Percursos da mem\u00f3ria: narrativas sobre patrim\u00f4nio no Museu de Arqueologia de Itaipu<\/strong><strong style=\"user-select: text;\"><br style=\"user-select: text;\" \/><\/strong>MARIA DE SIMONE FERREIRA<strong style=\"user-select: text;\"><br style=\"user-select: text;\" \/><\/strong>Data da defesa: 28\/03\/2017<\/span><br style=\"user-select: text;\" \/><span style=\"color: #000000;\">Banca: Ju\u00e7ara da Silva Barbosa de Mello<\/span><br style=\"user-select: text;\" \/><span style=\"color: #000000;\">Alejandra Saladino<\/span><br style=\"user-select: text;\" \/><span style=\"color: #000000;\">Paulo Knauss de Mendon\u00e7a<\/span><br style=\"user-select: text;\" \/><span style=\"color: #000000;\">Regina Maria do Rego Monteiro de Abreu<\/span><br style=\"user-select: text;\" \/><span style=\"color: #000000;\">Edmilson Martins Rodrigues (presidente e orientador)<\/span><br style=\"user-select: text;\" \/><span style=\"color: #000000;\">Tese em PDF\u00a0\u00a0<span style=\"color: #0000ff;\"><a style=\"color: #0000ff;\" href=\"http:\/\/www.dbd.puc-rio.br\/pergamum\/biblioteca\/php\/mostrateses.php?open=1&amp;arqtese=1312324_2017_Indice.html\">aqui<\/a><\/span><\/span><\/td>\n<\/tr>\n<\/tbody>\n<\/table>\n<table style=\"user-select: text;\" width=\"625\">\n<tbody style=\"user-select: text;\">\n<tr style=\"user-select: text;\">\n<td style=\"user-select: text;\" width=\"783\"><span style=\"color: #000000;\"><strong style=\"user-select: text;\">Vis\u00f5es do Modernismo: os formalismos de Rosalind Krauss<\/strong><strong style=\"user-select: text;\"><br style=\"user-select: text;\" \/><\/strong>MANOEL ALEXANDRE S F DE SOUSA<strong style=\"user-select: text;\"><br style=\"user-select: text;\" \/><\/strong>Data da defesa: 07\/03\/2017<\/span><br style=\"user-select: text;\" \/><span style=\"color: #000000;\">Banca: Luiz Camillo Dolabella Portella Osorio de Almeida<\/span><br style=\"user-select: text;\" \/><span style=\"color: #000000;\">Ronaldo Brito Fernandes<\/span><br style=\"user-select: text;\" \/><span style=\"color: #000000;\">Maria Flora Sussekind<\/span><br style=\"user-select: text;\" \/><span style=\"color: #000000;\">Ricardo Roclaw Basbaum<\/span><br style=\"user-select: text;\" \/><span style=\"color: #000000;\">Marcelo Gantus Jasmin (presidente e orientador)<\/span><br style=\"user-select: text;\" \/><span style=\"color: #000000;\">Tese em PDF\u00a0\u00a0<span style=\"color: #0000ff;\"><a style=\"color: #0000ff;\" href=\"http:\/\/www.dbd.puc-rio.br\/pergamum\/biblioteca\/php\/mostrateses.php?open=1&amp;arqtese=1211381_2017_Indice.html\">aqui<\/a><\/span><\/span><\/td>\n<\/tr>\n<\/tbody>\n<\/table>\n<h3 style=\"user-select: text;\"><\/h3>\n<h3 style=\"user-select: text;\"><span style=\"color: #000000;\"><strong style=\"user-select: text;\">Doutorado 2016<\/strong><\/span><\/h3>\n<table style=\"user-select: text;\" width=\"625\">\n<tbody style=\"user-select: text;\">\n<tr style=\"user-select: text;\">\n<td style=\"user-select: text;\" width=\"791\"><span style=\"color: #000000;\"><strong style=\"user-select: text;\">As Festas Reais no Rio de Janeiro (segunda metade do s\u00e9culo XVIII)<\/strong><strong style=\"user-select: text;\"><br style=\"user-select: text;\" \/><\/strong>ROBERTA MARTINELLI E BARBOSA<strong style=\"user-select: text;\"><br style=\"user-select: text;\" \/><\/strong>Data da defesa: 20\/12\/2016<\/span><br style=\"user-select: text;\" \/><span style=\"color: #000000;\">Banca: Eun\u00edcia Barros Barcelos Fernandes<\/span><br style=\"user-select: text;\" \/><span style=\"color: #000000;\">Ivana Stolze Lima<\/span><br style=\"user-select: text;\" \/><span style=\"color: #000000;\">Luciano Raposo de Almeida Figueiredo<\/span><br style=\"user-select: text;\" \/><span style=\"color: #000000;\">Maria Fernanda Baptista Bicalho<\/span><br style=\"user-select: text;\" \/><span style=\"color: #000000;\">Leonardo Affonso de Miranda Pereira (presidente e orientador)<\/span><br style=\"user-select: text;\" \/><span style=\"color: #000000;\">Tese em PDF\u00a0\u00a0<span style=\"color: #0000ff;\"><a style=\"color: #0000ff;\" href=\"http:\/\/www.dbd.puc-rio.br\/pergamum\/tesesabertas\/1211384_2016_completo.pdf\">aqui<\/a><\/span><\/span><\/td>\n<\/tr>\n<\/tbody>\n<\/table>\n<table style=\"user-select: text;\" width=\"625\">\n<tbody style=\"user-select: text;\">\n<tr style=\"user-select: text;\">\n<td style=\"user-select: text;\" width=\"791\"><span style=\"color: #000000;\"><strong style=\"user-select: text;\">Nas fronteiras do ec\u00fameno: a inven\u00e7\u00e3o da Guin\u00e9 nas narrativas de viagens e cartografia dos primeiros contatos, s\u00e9culos XV e XVI<\/strong><strong style=\"user-select: text;\"><br style=\"user-select: text;\" \/><\/strong>LETICIA CRISTINA FONSECA DESTRO<strong style=\"user-select: text;\"><br style=\"user-select: text;\" \/><\/strong>Data da defesa: 07\/10\/2016<\/span><br style=\"user-select: text;\" \/><span style=\"color: #000000;\">Banca: Henrique Jos\u00e9 Sampaio Soares de Sousa Leit\u00e3o<\/span><br style=\"user-select: text;\" \/><span style=\"color: #000000;\">Heloisa Meireles Gesteira<\/span><br style=\"user-select: text;\" \/><span style=\"color: #000000;\">Manolo Garcia Florentino<\/span><br style=\"user-select: text;\" \/><span style=\"color: #000000;\">Regiane Augusto de Mattos<\/span><br style=\"user-select: text;\" \/><span style=\"color: #000000;\">Fl\u00e1via Maria Schlee Eyler (presidente e orientador)<\/span><br style=\"user-select: text;\" \/><span style=\"color: #000000;\">Tese em PDF\u00a0\u00a0<span style=\"color: #0000ff;\"><a style=\"color: #0000ff;\" href=\"http:\/\/www.dbd.puc-rio.br\/pergamum\/tesesabertas\/1211380_2016_completo.pdf\">aqui<\/a><\/span><\/span><\/td>\n<\/tr>\n<\/tbody>\n<\/table>\n<table style=\"user-select: text;\" width=\"625\">\n<tbody style=\"user-select: text;\">\n<tr style=\"user-select: text;\">\n<td style=\"user-select: text;\" width=\"791\"><span style=\"color: #000000;\"><strong style=\"user-select: text;\">EM BUSCA DA COR LOCAL: OS MODOS DE VER E FAZER VER NAS OBRAS DE JOS\u00c9 DE ALENCAR E EUCLIDES DA CUNHA<\/strong><strong style=\"user-select: text;\"><br style=\"user-select: text;\" \/><\/strong>EDUARDO WRIGHT CARDOSO<strong style=\"user-select: text;\"><br style=\"user-select: text;\" \/><\/strong>Data da defesa: 20\/04\/2016<\/span><br style=\"user-select: text;\" \/><span style=\"color: #000000;\">Banca: Marcelo Gantus Jasmin<\/span><br style=\"user-select: text;\" \/><span style=\"color: #000000;\">Rodrigo Turin<\/span><br style=\"user-select: text;\" \/><span style=\"color: #000000;\">Sergio Alcides Pereira do Amaral<\/span><br style=\"user-select: text;\" \/><span style=\"color: #000000;\">Tem\u00edstocles Am\u00e9rico Corr\u00eaa Cezar<\/span><br style=\"user-select: text;\" \/><span style=\"color: #000000;\">Henrique Estrada Rodrigues\u00a0(presidente e orientador)<\/span><br style=\"user-select: text;\" \/><span style=\"color: #000000;\">Tese em PDF\u00a0\u00a0<span style=\"color: #0000ff;\"><a style=\"color: #0000ff;\" href=\"https:\/\/www.maxwell.vrac.puc-rio.br\/colecao.php?strSecao=resultado&amp;nrSeq=27882@1\">aqui<\/a><\/span><\/span><\/td>\n<\/tr>\n<\/tbody>\n<\/table>\n<table style=\"user-select: text;\" width=\"625\">\n<tbody style=\"user-select: text;\">\n<tr style=\"user-select: text;\">\n<td style=\"user-select: text;\" width=\"791\"><span style=\"color: #000000;\"><strong style=\"user-select: text;\">Os caracteres po\u00e9ticos de Giambattista Vico: filosofia e filologia na Ci\u00eancia nova (1725, 1730 e 1744)<\/strong><strong style=\"user-select: text;\"><br style=\"user-select: text;\" \/><\/strong>RENATA SAMMER<strong style=\"user-select: text;\"><br style=\"user-select: text;\" \/><\/strong>Data da defesa: 08\/04\/2016<\/span><br style=\"user-select: text;\" \/><span style=\"color: #000000;\">Banca: Henrique Estrada Rodrigues<\/span><br style=\"user-select: text;\" \/><span style=\"color: #000000;\">Nabil Ara\u00fajo de Souza<\/span><br style=\"user-select: text;\" \/><span style=\"color: #000000;\">Pedro Spinola Pereira Caldas<\/span><br style=\"user-select: text;\" \/><span style=\"color: #000000;\">Sergio Alcides Pereira do Amaral<\/span><br style=\"user-select: text;\" \/><span style=\"color: #000000;\">Luiz de Fran\u00e7a Costa Lima Filho (presidente e orientador)<\/span><br style=\"user-select: text;\" \/><span style=\"color: #000000;\">Tese em PDF\u00a0\u00a0<span style=\"color: #0000ff;\"><a style=\"color: #0000ff;\" href=\"https:\/\/www.maxwell.vrac.puc-rio.br\/colecao.php?strSecao=resultado&amp;nrSeq=27797@1\">aqui<\/a><\/span><\/span><\/td>\n<\/tr>\n<\/tbody>\n<\/table>\n<table style=\"user-select: text;\" width=\"625\">\n<tbody style=\"user-select: text;\">\n<tr style=\"user-select: text;\">\n<td style=\"user-select: text;\" width=\"791\"><span style=\"color: #000000;\"><strong style=\"user-select: text;\">Paisagem, Arquitetura, Cidade. Uma discuss\u00e3o acerca da produ\u00e7\u00e3o do espa\u00e7o moderno.<\/strong><strong style=\"user-select: text;\"><br style=\"user-select: text;\" \/><\/strong>ANA PAULA POLIZZO<strong style=\"user-select: text;\"><br style=\"user-select: text;\" \/><\/strong>Data da defesa: 08\/04\/2016<\/span><br style=\"user-select: text;\" \/><span style=\"color: #000000;\">Banca: Edmilson Martins Rodrigues<\/span><br style=\"user-select: text;\" \/><span style=\"color: #000000;\">Ab\u00edlio da Silva Guerra Neto<\/span><br style=\"user-select: text;\" \/><span style=\"color: #000000;\">Fabiola do Valle Zonno<\/span><br style=\"user-select: text;\" \/><span style=\"color: #000000;\">Otavio Leonidio Ribeiro<\/span><br style=\"user-select: text;\" \/><span style=\"color: #000000;\">Joao Masao Kamita\u00a0 (presidente e orientador)<\/span><br style=\"user-select: text;\" \/><span style=\"color: #000000;\">Tese em PDF\u00a0\u00a0<span style=\"color: #0000ff;\"><a style=\"color: #0000ff;\" href=\"http:\/\/www.dbd.puc-rio.br\/pergamum\/tesesabertas\/1111889_2016_completo.pdf\">aqui<\/a><\/span><\/span><\/td>\n<\/tr>\n<\/tbody>\n<\/table>\n<table style=\"user-select: text;\" width=\"625\">\n<tbody style=\"user-select: text;\">\n<tr style=\"user-select: text;\">\n<td style=\"user-select: text;\" width=\"791\"><span style=\"color: #000000;\"><strong style=\"user-select: text;\">Desejo, viol\u00eancia e cristianismo: g\u00eanese de uma hist\u00f3ria apocal\u00edptica em Ren\u00e9 Girard<\/strong><strong style=\"user-select: text;\"><br style=\"user-select: text;\" \/><\/strong>LAISE HELENA BARBOSA ARA\u00daJO SALES PINHEIRO<strong style=\"user-select: text;\"><br style=\"user-select: text;\" \/><\/strong>Data da defesa: 01\/04\/2016<\/span><br style=\"user-select: text;\" \/><span style=\"color: #000000;\">Banca: Alexandre Marques Cabral<\/span><br style=\"user-select: text;\" \/><span style=\"color: #000000;\">Maria In\u00eas Senra Anachoreta<\/span><br style=\"user-select: text;\" \/><span style=\"color: #000000;\">Marcelo Gantus Jasmin<\/span><br style=\"user-select: text;\" \/><span style=\"color: #000000;\">Ricardo Augusto Benzaquen de Araujo<\/span><br style=\"user-select: text;\" \/><span style=\"color: #000000;\">Sandro Alex de Souza Sim\u00f5es<\/span><br style=\"user-select: text;\" \/><span style=\"color: #000000;\">Luiz de Fran\u00e7a Costa Lima Filho (presidente e orientador)<\/span><br style=\"user-select: text;\" \/><span style=\"color: #000000;\">Tese em PDF\u00a0\u00a0<span style=\"color: #0000ff;\"><a style=\"color: #0000ff;\" href=\"http:\/\/www.dbd.puc-rio.br\/pergamum\/tesesabertas\/1111902_2016_completo.pdf\">aqui<\/a><\/span><\/span><\/td>\n<\/tr>\n<\/tbody>\n<\/table>\n<h3 style=\"user-select: text;\"><\/h3>\n<h3 style=\"user-select: text;\"><span style=\"color: #000000;\"><strong style=\"user-select: text;\">Doutorado 2015<\/strong><\/span><\/h3>\n<table style=\"user-select: text;\" width=\"625\">\n<tbody style=\"user-select: text;\">\n<tr style=\"user-select: text;\">\n<td style=\"user-select: text;\" width=\"791\"><span style=\"color: #000000;\"><strong style=\"user-select: text;\">Continuum Aut\u00f4nomo: sobre as obras de Stockhausen e Eisenman<\/strong><strong style=\"user-select: text;\"><br style=\"user-select: text;\" \/><\/strong>FRANCISCO PALMEIRA DE LUCENA<strong style=\"user-select: text;\"><br style=\"user-select: text;\" \/><\/strong>Data da defesa: 04\/12\/2015<\/span><br style=\"user-select: text;\" \/><span style=\"color: #000000;\">Banca: Carole Gubernikoff<\/span><br style=\"user-select: text;\" \/><span style=\"color: #000000;\">Guilherme Carlos Lassance dos Santos Abreu<\/span><br style=\"user-select: text;\" \/><span style=\"color: #000000;\">Guilherme Teixeira Wisnik<\/span><br style=\"user-select: text;\" \/><span style=\"color: #000000;\">Otavio Leonidio Ribeiro<\/span><br style=\"user-select: text;\" \/><span style=\"color: #000000;\">Joao Masao Kamita\u00a0 (presidente e orientador)<\/span><br style=\"user-select: text;\" \/><span style=\"color: #000000;\">Tese em PDF\u00a0\u00a0<span style=\"color: #0000ff;\"><a style=\"color: #0000ff;\" href=\"http:\/\/www.dbd.puc-rio.br\/pergamum\/biblioteca\/php\/mostrateses.php?open=1&amp;arqtese=1111891_2015_Indice.html\">aqui<\/a><\/span><\/span><\/td>\n<\/tr>\n<\/tbody>\n<\/table>\n<table style=\"user-select: text;\" width=\"625\">\n<tbody style=\"user-select: text;\">\n<tr style=\"user-select: text;\">\n<td style=\"user-select: text;\" width=\"791\"><span style=\"color: #000000;\"><strong style=\"user-select: text;\">Autobiografia e a t\u00eanue fronteira entre os g\u00eaneros narrativos<\/strong><strong style=\"user-select: text;\"><br style=\"user-select: text;\" \/><\/strong>ISABEL CRISTINA FERNANDES AULER<strong style=\"user-select: text;\"><br style=\"user-select: text;\" \/><\/strong>Data da defesa: 02\/09\/2015<\/span><br style=\"user-select: text;\" \/><span style=\"color: #000000;\">Banca: Ana L\u00facia Machado de Oliveira<\/span><br style=\"user-select: text;\" \/><span style=\"color: #000000;\">Felipe Charbel Teixeira<\/span><br style=\"user-select: text;\" \/><span style=\"color: #000000;\">Henrique Estrada Rodrigues<\/span><br style=\"user-select: text;\" \/><span style=\"color: #000000;\">Maur\u00edcio Barreto Alvarez Parada<\/span><br style=\"user-select: text;\" \/><span style=\"color: #000000;\">Luiz de Fran\u00e7a Costa Lima Filho (presidente e orientador)<\/span><br style=\"user-select: text;\" \/><span style=\"color: #000000;\">Tese em PDF\u00a0\u00a0<span style=\"color: #0000ff;\"><a style=\"color: #0000ff;\" href=\"http:\/\/www.dbd.puc-rio.br\/pergamum\/biblioteca\/php\/mostrateses.php?open=1&amp;arqtese=1111901_2015_Indice.html\">aqui<\/a><\/span><\/span><\/td>\n<\/tr>\n<\/tbody>\n<\/table>\n<table style=\"user-select: text;\" width=\"625\">\n<tbody style=\"user-select: text;\">\n<tr style=\"user-select: text;\">\n<td style=\"user-select: text;\" width=\"791\"><span style=\"color: #000000;\"><strong style=\"user-select: text;\">O Gesto no V\u00f4o: autofigura\u00e7\u00e3o, cotidiano e experi\u00eancia urbana em Marques Rebelo<\/strong><strong style=\"user-select: text;\"><br style=\"user-select: text;\" \/><\/strong>RAFAEL LIMA ALVES DE SOUZA<strong style=\"user-select: text;\"><br style=\"user-select: text;\" \/><\/strong>Data da defesa: 14\/08\/2015<\/span><br style=\"user-select: text;\" \/><span style=\"color: #000000;\">Banca: Andr\u00e9a Sirihal Werkema<\/span><br style=\"user-select: text;\" \/><span style=\"color: #000000;\">Carlos Alvarez Maia<\/span><br style=\"user-select: text;\" \/><span style=\"color: #000000;\">Daniel Pinha Silva<\/span><br style=\"user-select: text;\" \/><span style=\"color: #000000;\">Henrique Estrada Rodrigues<\/span><br style=\"user-select: text;\" \/><span style=\"color: #000000;\">Antonio Edmilson Martins Rodrigues (presidente e orientador)<\/span><br style=\"user-select: text;\" \/><span style=\"color: #000000;\">Tese em PDF\u00a0\u00a0<span style=\"color: #0000ff;\"><a style=\"color: #0000ff;\" href=\"http:\/\/www.dbd.puc-rio.br\/pergamum\/biblioteca\/php\/mostrateses.php?open=1&amp;arqtese=1111903_2015_Indice.html\">aqui<\/a><\/span><\/span><\/td>\n<\/tr>\n<\/tbody>\n<\/table>\n<table style=\"user-select: text;\" width=\"625\">\n<tbody style=\"user-select: text;\">\n<tr style=\"user-select: text;\">\n<td style=\"user-select: text;\" width=\"791\"><span style=\"color: #000000;\"><strong style=\"user-select: text;\">O Renascimento de Giulio Carlo Argan: um estudo sobre o espa\u00e7o<\/strong><strong style=\"user-select: text;\"><br style=\"user-select: text;\" \/><\/strong>JO\u00c3O C\u00cdCERO TEIXEIRA BEZERRA<strong style=\"user-select: text;\"><br style=\"user-select: text;\" \/><\/strong>Data da defesa: 14\/04\/2015<\/span><br style=\"user-select: text;\" \/><span style=\"color: #000000;\">Banca: Fl\u00e1via Maria Schlee Eyler<\/span><br style=\"user-select: text;\" \/><span style=\"color: #000000;\">Jose Thomaz Almeida Brum Duarte<\/span><br style=\"user-select: text;\" \/><span style=\"color: #000000;\">S\u00f4nia Salzstein Goldberg<\/span><br style=\"user-select: text;\" \/><span style=\"color: #000000;\">Vera Beatriz Cordeiro Siqueira<\/span><br style=\"user-select: text;\" \/><span style=\"color: #000000;\">Ronaldo Brito Fernandes (presidente e orientador)<\/span><br style=\"user-select: text;\" \/><span style=\"color: #000000;\">Tese em PDF\u00a0\u00a0<span style=\"color: #0000ff;\"><a style=\"color: #0000ff;\" href=\"http:\/\/www.dbd.puc-rio.br\/pergamum\/biblioteca\/php\/mostrateses.php?open=1&amp;arqtese=1011840_2015_Indice.html\">aqui<\/a><\/span><\/span><\/td>\n<\/tr>\n<\/tbody>\n<\/table>\n<table style=\"user-select: text;\" width=\"625\">\n<tbody style=\"user-select: text;\">\n<tr style=\"user-select: text;\">\n<td style=\"user-select: text;\" width=\"791\"><span style=\"color: #000000;\"><strong style=\"user-select: text;\">El secreto de la historia universal: un misterio para Leopold von Ranke<\/strong><strong style=\"user-select: text;\"><br style=\"user-select: text;\" \/><\/strong>B\u00c1RBARA NATALIA G\u00d3MEZ<strong style=\"user-select: text;\"><br style=\"user-select: text;\" \/><\/strong>Data da defesa: 10\/04\/2015<\/span><br style=\"user-select: text;\" \/><span style=\"color: #000000;\">Banca: Antonio Edmilson Martins Rodrigues<\/span><br style=\"user-select: text;\" \/><span style=\"color: #000000;\">Guilherme Paulo Castagnoli Pereira das Neves<\/span><br style=\"user-select: text;\" \/><span style=\"color: #000000;\">Henrique Estrada Rodrigues<\/span><br style=\"user-select: text;\" \/><span style=\"color: #000000;\">Julio Cesar Bentivoglio<\/span><br style=\"user-select: text;\" \/><span style=\"color: #000000;\">Marcelo Gantus Jasmin (presidente e orientador)<\/span><br style=\"user-select: text;\" \/><span style=\"color: #000000;\">Tese em PDF\u00a0\u00a0<span style=\"color: #0000ff;\"><a style=\"color: #0000ff;\" href=\"http:\/\/www.dbd.puc-rio.br\/pergamum\/biblioteca\/php\/mostrateses.php?open=1&amp;arqtese=1111890_2015_Indice.html\">aqui<\/a><\/span><\/span><\/td>\n<\/tr>\n<\/tbody>\n<\/table>\n<h3 style=\"user-select: text;\"><\/h3>\n<h3 style=\"user-select: text;\"><span style=\"color: #000000;\"><strong style=\"user-select: text;\">Doutorado 2014<\/strong><\/span><\/h3>\n<table style=\"user-select: text;\" width=\"625\">\n<tbody style=\"user-select: text;\">\n<tr style=\"user-select: text;\">\n<td style=\"user-select: text;\" width=\"791\"><span style=\"color: #000000;\"><strong style=\"user-select: text;\">Os Lugares da Forma. Considera\u00e7\u00f5es sobre a obra de Waltercio Caldas<\/strong><strong style=\"user-select: text;\"><br style=\"user-select: text;\" \/><\/strong>GILTON MONTEIRO DOS SANTOS JUNIOR<strong style=\"user-select: text;\"><br style=\"user-select: text;\" \/><\/strong>Data da defesa: 18\/12\/2014<\/span><br style=\"user-select: text;\" \/><span style=\"color: #000000;\">Banca: Cezar Tadeu Bartholomeu<\/span><br style=\"user-select: text;\" \/><span style=\"color: #000000;\">Jose Thomaz Almeida Brum Duarte<\/span><br style=\"user-select: text;\" \/><span style=\"color: #000000;\">Leila Maria Brasil Danziger<\/span><br style=\"user-select: text;\" \/><span style=\"color: #000000;\">Vera Beatriz Cordeiro Siqueira<\/span><br style=\"user-select: text;\" \/><span style=\"color: #000000;\">Ronaldo Brito Fernandes\u00a0 (presidente e orientador)<\/span><br style=\"user-select: text;\" \/><span style=\"color: #000000;\">Tese em PDF\u00a0\u00a0<span style=\"color: #0000ff;\"><a style=\"color: #0000ff;\" href=\"http:\/\/www.dbd.puc-rio.br\/pergamum\/biblioteca\/php\/mostrateses.php?open=1&amp;arqtese=1011838_2014_Indice.html\">aqui<\/a><\/span><\/span><\/td>\n<\/tr>\n<\/tbody>\n<\/table>\n<table style=\"user-select: text;\" width=\"625\">\n<tbody style=\"user-select: text;\">\n<tr style=\"user-select: text;\">\n<td style=\"user-select: text;\" width=\"791\"><span style=\"color: #000000;\"><strong style=\"user-select: text;\">Antologia e pol\u00eamica: a quest\u00e3o do barroco na cr\u00edtica e na historiografia liter\u00e1ria de Antonio Candido e Haroldo de Campos<\/strong><strong style=\"user-select: text;\"><br style=\"user-select: text;\" \/><\/strong>HENRIQUE PINHEIRO COSTA GAIO<strong style=\"user-select: text;\"><br style=\"user-select: text;\" \/><\/strong>Data da defesa: 15\/12\/2014<\/span><br style=\"user-select: text;\" \/><span style=\"color: #000000;\">Banca: Andr\u00e9 Pereira Botelho<\/span><br style=\"user-select: text;\" \/><span style=\"color: #000000;\">Antonio Edmilson Martins Rodrigues<\/span><br style=\"user-select: text;\" \/><span style=\"color: #000000;\">Gustavo Naves Franco<\/span><br style=\"user-select: text;\" \/><span style=\"color: #000000;\">Henrique Estrada Rodrigues<\/span><br style=\"user-select: text;\" \/><span style=\"color: #000000;\">Ricardo Augusto Benzaquen de Araujo (presidente e orientador)<\/span><br style=\"user-select: text;\" \/><span style=\"color: #000000;\">Tese em PDF\u00a0\u00a0<span style=\"color: #0000ff;\"><a style=\"color: #0000ff;\" href=\"http:\/\/www.dbd.puc-rio.br\/pergamum\/biblioteca\/php\/mostrateses.php?open=1&amp;arqtese=1011839_2014_Indice.html\">aqui<\/a><\/span><\/span><\/td>\n<\/tr>\n<\/tbody>\n<\/table>\n<table style=\"user-select: text;\" width=\"625\">\n<tbody style=\"user-select: text;\">\n<tr style=\"user-select: text;\">\n<td style=\"user-select: text;\" width=\"791\"><span style=\"color: #000000;\"><strong style=\"user-select: text;\">No Fio da Borda: O Conceitualismo de Dan Graham<\/strong><strong style=\"user-select: text;\"><br style=\"user-select: text;\" \/><\/strong>MICHEL NUNES LOPES MASSON<strong style=\"user-select: text;\"><br style=\"user-select: text;\" \/><\/strong>Data da defesa Eleonora Batista Fabiao<\/span><br style=\"user-select: text;\" \/><span style=\"color: #000000;\">Patricia Leal Azevedo Corr\u00eaa<\/span><br style=\"user-select: text;\" \/><span style=\"color: #000000;\">Ricardo Roclaw Basbaum<\/span><br style=\"user-select: text;\" \/><span style=\"color: #000000;\">Vera Beatriz Cordeiro Siqueira: 10\/12\/2014<\/span><br style=\"user-select: text;\" \/><span style=\"color: #000000;\">Banca: <\/span><br style=\"user-select: text;\" \/><span style=\"color: #000000;\">Ronaldo Brito Fernandes (presidente e orientador)<\/span><br style=\"user-select: text;\" \/><span style=\"color: #000000;\">Tese em PDF\u00a0\u00a0<span style=\"color: #0000ff;\"><a style=\"color: #0000ff;\" href=\"http:\/\/www.dbd.puc-rio.br\/pergamum\/biblioteca\/php\/mostrateses.php?open=1&amp;arqtese=1011844_2014_Indice.html\">aqui<\/a><\/span><\/span><\/td>\n<\/tr>\n<\/tbody>\n<\/table>\n<table style=\"user-select: text;\" width=\"625\">\n<tbody style=\"user-select: text;\">\n<tr style=\"user-select: text;\">\n<td style=\"user-select: text;\" width=\"791\"><span style=\"color: #000000;\"><strong style=\"user-select: text;\">Povo, democracia e legalidade nas linguagens pol\u00edticas do Brasil (1945 \u2013 1964) e do Chile (1938 \u2013 1973) no contexto das experi\u00eancias democr\u00e1ticas de massa<\/strong><strong style=\"user-select: text;\"><br style=\"user-select: text;\" \/><\/strong>MARIO ANGELO BRANDAO DE OLIVEIRA MIRANDA<strong style=\"user-select: text;\"><br style=\"user-select: text;\" \/><\/strong>Data da defesa: 10\/10\/2014<\/span><br style=\"user-select: text;\" \/><span style=\"color: #000000;\">Banca: Lu\u00eds Reznik (orientador)<\/span><br style=\"user-select: text;\" \/><span style=\"color: #000000;\">Alfredo Riquelme Seg\u00f3via<\/span><br style=\"user-select: text;\" \/><span style=\"color: #000000;\">Angela Maria de Castro Gomes<\/span><br style=\"user-select: text;\" \/><span style=\"color: #000000;\">Lucilia de Almeida Neves Delgado<\/span><br style=\"user-select: text;\" \/><span style=\"color: #000000;\">Pablo Whipple Mor\u00e1n<\/span><br style=\"user-select: text;\" \/><span style=\"color: #000000;\">Maria Elisa Noronha de S\u00e1 (presidente)<\/span><br style=\"user-select: text;\" \/><span style=\"color: #000000;\">Tese em PDF\u00a0\u00a0<span style=\"color: #0000ff;\"><a style=\"color: #0000ff;\" href=\"http:\/\/www.dbd.puc-rio.br\/pergamum\/biblioteca\/php\/mostrateses.php?open=1&amp;arqtese=1011843_2014_Indice.html\">aqui<\/a><\/span><\/span><\/td>\n<\/tr>\n<\/tbody>\n<\/table>\n<table style=\"user-select: text;\" width=\"625\">\n<tbody style=\"user-select: text;\">\n<tr style=\"user-select: text;\">\n<td style=\"user-select: text;\" width=\"791\"><span style=\"color: #000000;\"><strong style=\"user-select: text;\">A Hist\u00f3ria em Desconcerto: As An\u00e9kdota de Proc\u00f3pio de Cesareia e a Antiguidade Tardia<\/strong><strong style=\"user-select: text;\"><br style=\"user-select: text;\" \/><\/strong>VICTOR RIBEIRO VILLON<strong style=\"user-select: text;\"><br style=\"user-select: text;\" \/><\/strong>Data da defesa: 07\/08\/2014<\/span><br style=\"user-select: text;\" \/><span style=\"color: #000000;\">Banca: Antonio Edmilson Martins Rodrigues<\/span><br style=\"user-select: text;\" \/><span style=\"color: #000000;\">Dulcileide Virginio do Nascimento<\/span><br style=\"user-select: text;\" \/><span style=\"color: #000000;\">Maria Elizabeth Bueno de Godoy<\/span><br style=\"user-select: text;\" \/><span style=\"color: #000000;\">Miriam Sutter Medeiros<\/span><br style=\"user-select: text;\" \/><span style=\"color: #000000;\">Fl\u00e1via Maria Schlee Eyler (presidente e orientador)<\/span><br style=\"user-select: text;\" \/><span style=\"color: #000000;\">Tese em PDF\u00a0\u00a0<span style=\"color: #0000ff;\"><a style=\"color: #0000ff;\" href=\"http:\/\/www.dbd.puc-rio.br\/pergamum\/biblioteca\/php\/mostrateses.php?open=1&amp;arqtese=1011847_2014_Indice.html\">aqui<\/a><\/span><\/span><\/td>\n<\/tr>\n<\/tbody>\n<\/table>\n<table style=\"user-select: text;\" width=\"625\">\n<tbody style=\"user-select: text;\">\n<tr style=\"user-select: text;\">\n<td style=\"user-select: text;\" width=\"791\"><span style=\"color: #000000;\"><strong style=\"user-select: text;\">Da arte (,) da hist\u00f3ria: A imagina\u00e7\u00e3o como cria\u00e7\u00e3o e conhecimento<\/strong><strong style=\"user-select: text;\"><br style=\"user-select: text;\" \/><\/strong>MARIA EUGENIA GAY<strong style=\"user-select: text;\"><br style=\"user-select: text;\" \/><\/strong>Data da defesa: 30\/05\/2014<\/span><br style=\"user-select: text;\" \/><span style=\"color: #000000;\">Banca: Norma C\u00f4rtes Gouveia de Melo<\/span><br style=\"user-select: text;\" \/><span style=\"color: #000000;\">Pedro Spinola Pereira Caldas<\/span><br style=\"user-select: text;\" \/><span style=\"color: #000000;\">Patrick Estellita Cavalcanti Pessoa<\/span><br style=\"user-select: text;\" \/><span style=\"color: #000000;\">Marcelo Gantus Jasmin<\/span><br style=\"user-select: text;\" \/><span style=\"color: #000000;\">Ronaldo Brito Fernandes (presidente e orientador)<\/span><br style=\"user-select: text;\" \/><span style=\"color: #000000;\">Tese em PDF\u00a0\u00a0<span style=\"color: #0000ff;\"><a style=\"color: #0000ff;\" href=\"https:\/\/www.maxwell.vrac.puc-rio.br\/colecao.php?strSecao=resultado&amp;nrSeq=24734@1\">aqui<\/a><\/span><\/span><\/td>\n<\/tr>\n<\/tbody>\n<\/table>\n<table style=\"user-select: text;\" width=\"625\">\n<tbody style=\"user-select: text;\">\n<tr style=\"user-select: text;\">\n<td style=\"user-select: text;\" width=\"791\"><span style=\"color: #000000;\"><strong style=\"user-select: text;\">As ordens honor\u00edficas e a independ\u00eancia do Brasil: o papel das condecora\u00e7\u00f5es na constru\u00e7\u00e3o do Estado Imperial Brasileiro (1822 \u2013 1831)<\/strong><strong style=\"user-select: text;\"><br style=\"user-select: text;\" \/><\/strong>CAMILA BORGES DA SILVA<strong style=\"user-select: text;\"><br style=\"user-select: text;\" \/><\/strong>Data da defesa: 14\/02\/2014<\/span><br style=\"user-select: text;\" \/><span style=\"color: #000000;\">Banca: Gladys Sabina Ribeiro<\/span><br style=\"user-select: text;\" \/><span style=\"color: #000000;\">Ivana Stolze Lima<\/span><br style=\"user-select: text;\" \/><span style=\"color: #000000;\">L\u00facia Maria Bastos Pereira das Neves<\/span><br style=\"user-select: text;\" \/><span style=\"color: #000000;\">Ricardo Henrique Salles<\/span><br style=\"user-select: text;\" \/><span style=\"color: #000000;\">Antonio Edmilson Martins Rodrigues (presidente e orientador)<\/span><br style=\"user-select: text;\" \/><span style=\"color: #000000;\">Tese em PDF\u00a0\u00a0<span style=\"color: #0000ff;\"><a style=\"color: #0000ff;\" href=\"http:\/\/www.dbd.puc-rio.br\/pergamum\/biblioteca\/php\/mostrateses.php?open=1&amp;arqtese=1011837_2014_Indice.html\">aqui<\/a><\/span><\/span><\/td>\n<\/tr>\n<\/tbody>\n<\/table>\n<h3 style=\"user-select: text;\"><\/h3>\n<h3 style=\"user-select: text;\"><span style=\"color: #000000;\"><strong style=\"user-select: text;\">Doutorado 2013<\/strong><\/span><\/h3>\n<table style=\"user-select: text;\" width=\"625\">\n<tbody style=\"user-select: text;\">\n<tr style=\"user-select: text;\">\n<td style=\"user-select: text;\" width=\"791\"><span style=\"color: #000000;\"><strong style=\"user-select: text;\">Giorgio Morandi e o respeito pelas coisas de uso<\/strong><strong style=\"user-select: text;\"><br style=\"user-select: text;\" \/><\/strong>JORGE HENRIQUE SAY\u00c3O CARNEIRO<strong style=\"user-select: text;\"><br style=\"user-select: text;\" \/><\/strong>Data da defesa: 09\/12\/2013<\/span><br style=\"user-select: text;\" \/><span style=\"color: #000000;\">Banca: Lorenzo Mammi<\/span><br style=\"user-select: text;\" \/><span style=\"color: #000000;\">Jose Thomaz Almeida Brum Duarte<\/span><br style=\"user-select: text;\" \/><span style=\"color: #000000;\">Patricia Leal Azevedo Corr\u00eaa<\/span><br style=\"user-select: text;\" \/><span style=\"color: #000000;\">Vera Beatriz Cordeiro Siqueira<\/span><br style=\"user-select: text;\" \/><span style=\"color: #000000;\">Ronaldo Brito Fernandes (presidente e orientador)<\/span><br style=\"user-select: text;\" \/><span style=\"color: #000000;\">Tese em PDF\u00a0\u00a0<span style=\"color: #0000ff;\"><a style=\"color: #0000ff;\" href=\"http:\/\/www2.dbd.puc-rio.br\/pergamum\/biblioteca\/php\/mostrateses.php?open=1&amp;arqtese=0912299_2013_Indice.html\">aqui<\/a><\/span><\/span><\/td>\n<\/tr>\n<\/tbody>\n<\/table>\n<table style=\"user-select: text;\" width=\"625\">\n<tbody style=\"user-select: text;\">\n<tr style=\"user-select: text;\">\n<td style=\"user-select: text;\" width=\"791\"><span style=\"color: #000000;\"><strong style=\"user-select: text;\">O Progresso do Peregrino: religi\u00e3o e pol\u00edtica na g\u00eanese do Iluminismo ingl\u00eas, 1660-1714<\/strong><strong style=\"user-select: text;\"><br style=\"user-select: text;\" \/><\/strong>JO\u00c3O DE AZEVEDO E DIAS DUARTE<strong style=\"user-select: text;\"><br style=\"user-select: text;\" \/><\/strong>Data da defesa: 04\/11\/2013<\/span><br style=\"user-select: text;\" \/><span style=\"color: #000000;\">Banca: Marcelo Gantus Jasmin<\/span><br style=\"user-select: text;\" \/><span style=\"color: #000000;\">Bernardo Medeiros Ferreira da Silva<\/span><br style=\"user-select: text;\" \/><span style=\"color: #000000;\">Eunice Ostrensky<\/span><br style=\"user-select: text;\" \/><span style=\"color: #000000;\">Marcelo da Silva Timotheo da Costa<\/span><br style=\"user-select: text;\" \/><span style=\"color: #000000;\">Ricardo Augusto Benzaquen de Araujo\u00a0(presidente e orientador)<\/span><br style=\"user-select: text;\" \/><span style=\"color: #000000;\">Tese em PDF\u00a0\u00a0<span style=\"color: #0000ff;\"><a style=\"color: #0000ff;\" href=\"http:\/\/www2.dbd.puc-rio.br\/pergamum\/biblioteca\/php\/mostrateses.php?open=1&amp;arqtese=0912293_2013_Indice.html\">aqui<\/a><\/span><\/span><\/td>\n<\/tr>\n<\/tbody>\n<\/table>\n<table style=\"user-select: text;\" width=\"625\">\n<tbody style=\"user-select: text;\">\n<tr style=\"user-select: text;\">\n<td style=\"user-select: text;\" width=\"791\"><span style=\"color: #000000;\"><strong style=\"user-select: text;\">Fragmentos urbanos da modernidade: a fotografia em Buenos Aires e no Rio de Janeiro na passagem do s\u00e9culo XIX para o XX<\/strong><strong style=\"user-select: text;\"><br style=\"user-select: text;\" \/><\/strong>VIVIANE DA SILVA ARAUJO<strong style=\"user-select: text;\"><br style=\"user-select: text;\" \/><\/strong>Data da defesa: 20\/09\/2013<\/span><br style=\"user-select: text;\" \/><span style=\"color: #000000;\">Banca: Andre Nunes de Azevedo<\/span><br style=\"user-select: text;\" \/><span style=\"color: #000000;\">Antonio Edmilson Martins Rodrigues<\/span><br style=\"user-select: text;\" \/><span style=\"color: #000000;\">Joaquim Mar\u00e7al Ferreira de Andrade<\/span><br style=\"user-select: text;\" \/><span style=\"color: #000000;\">Jorge Eduardo Myers<\/span><br style=\"user-select: text;\" \/><span style=\"color: #000000;\">Maria Elisa Noronha de S\u00e1 (presidente e orientador)<\/span><br style=\"user-select: text;\" \/><span style=\"color: #000000;\">Tese em PDF\u00a0\u00a0<span style=\"color: #0000ff;\"><a style=\"color: #0000ff;\" href=\"http:\/\/www.dbd.puc-rio.br\/pergamum\/biblioteca\/php\/mostrateses.php?open=1&amp;arqtese=0912305_2013_Indice.html\">aqui<\/a><\/span><\/span><\/td>\n<\/tr>\n<\/tbody>\n<\/table>\n<table style=\"user-select: text;\" width=\"625\">\n<tbody style=\"user-select: text;\">\n<tr style=\"user-select: text;\">\n<td style=\"user-select: text;\" width=\"791\"><span style=\"color: #000000;\"><strong style=\"user-select: text;\">Carl Einstein: Por Uma Outra Leitura da Forma<\/strong><strong style=\"user-select: text;\"><br style=\"user-select: text;\" \/><\/strong>ELENA MARIA O NEILL HUGHES<strong style=\"user-select: text;\"><br style=\"user-select: text;\" \/><\/strong>Data da defesa: 12\/06\/2013<\/span><br style=\"user-select: text;\" \/><span style=\"color: #000000;\">Banca: Liliane Meffre<\/span><br style=\"user-select: text;\" \/><span style=\"color: #000000;\">Ricardo Augusto Benzaquen de Araujo<\/span><br style=\"user-select: text;\" \/><span style=\"color: #000000;\">Roberto Lu\u00eds Torres Conduru<\/span><br style=\"user-select: text;\" \/><span style=\"color: #000000;\">Vera Beatriz Cordeiro Siqueira Ronaldo<\/span><br style=\"user-select: text;\" \/><span style=\"color: #000000;\">Brito Fernandes (presidente e orientador)<\/span><br style=\"user-select: text;\" \/><span style=\"color: #000000;\">Tese em PDF\u00a0\u00a0<span style=\"color: #0000ff;\"><a style=\"color: #0000ff;\" href=\"http:\/\/www.dbd.puc-rio.br\/pergamum\/biblioteca\/php\/mostrateses.php?open=1&amp;arqtese=0912290_2013_Indice.html\">aqui<\/a><\/span><\/span><\/td>\n<\/tr>\n<\/tbody>\n<\/table>\n<table style=\"user-select: text;\" width=\"625\">\n<tbody style=\"user-select: text;\">\n<tr style=\"user-select: text;\">\n<td style=\"user-select: text;\" width=\"791\"><span style=\"color: #000000;\"><strong style=\"user-select: text;\">A t\u00e9cnica como totalidade: uma abordagem da obra de Ernst J\u00fcnger no entreguerras<\/strong><strong style=\"user-select: text;\"><br style=\"user-select: text;\" \/><\/strong>VICTOR DE OLIVEIRA PINTO COELHO<strong style=\"user-select: text;\"><br style=\"user-select: text;\" \/><\/strong>Data da defesa: 26\/04\/2013<\/span><br style=\"user-select: text;\" \/><span style=\"color: #000000;\">Banca: Bernardo Medeiros Ferreira da Silva<\/span><br style=\"user-select: text;\" \/><span style=\"color: #000000;\">Julio Cesar Bentivoglio<\/span><br style=\"user-select: text;\" \/><span style=\"color: #000000;\">Ricardo Augusto Benzaquen de Araujo<\/span><br style=\"user-select: text;\" \/><span style=\"color: #000000;\">S\u00e9rgio Ricardo da Mata<\/span><br style=\"user-select: text;\" \/><span style=\"color: #000000;\">Luiz de Fran\u00e7a Costa Lima Filho (presidente e orientador)<\/span><br style=\"user-select: text;\" \/><span style=\"color: #000000;\">Tese em PDF\u00a0\u00a0<span style=\"color: #0000ff;\"><a style=\"color: #0000ff;\" href=\"http:\/\/www2.dbd.puc-rio.br\/pergamum\/biblioteca\/php\/mostrateses.php?open=1&amp;arqtese=0912304_2013_Indice.html\">aqui<\/a><\/span><\/span><\/td>\n<\/tr>\n<\/tbody>\n<\/table>\n<table style=\"user-select: text;\" width=\"625\">\n<tbody style=\"user-select: text;\">\n<tr style=\"user-select: text;\">\n<td style=\"user-select: text;\" width=\"791\"><span style=\"color: #000000;\"><strong style=\"user-select: text;\">Escrever, morrer \u2013 estudos sobre a imagem da morte nos ensaios de Maurice Blanchot<\/strong><strong style=\"user-select: text;\"><br style=\"user-select: text;\" \/><\/strong>ALINE MAGALH\u00c3ES PINTO<strong style=\"user-select: text;\"><br style=\"user-select: text;\" \/><\/strong>Data da defesa: 25\/04\/2013<\/span><br style=\"user-select: text;\" \/><span style=\"color: #000000;\">Banca: Fernando Augusto da Rocha Rodrigues<\/span><br style=\"user-select: text;\" \/><span style=\"color: #000000;\">Henrique Estrada Rodrigues<\/span><br style=\"user-select: text;\" \/><span style=\"color: #000000;\">Marcelo Gantus Jasmin<\/span><br style=\"user-select: text;\" \/><span style=\"color: #000000;\">Sergio Alcides Pereira do Amaral<\/span><br style=\"user-select: text;\" \/><span style=\"color: #000000;\">Luiz de Fran\u00e7a Costa Lima Filho (presidente e orientador)<\/span><br style=\"user-select: text;\" \/><span style=\"color: #000000;\">Tese em PDF\u00a0\u00a0<span style=\"color: #0000ff;\">aqui<\/span><\/span><\/td>\n<\/tr>\n<\/tbody>\n<\/table>\n<table style=\"user-select: text;\" width=\"625\">\n<tbody style=\"user-select: text;\">\n<tr style=\"user-select: text;\">\n<td style=\"user-select: text;\" width=\"791\"><span style=\"color: #000000;\"><strong style=\"user-select: text;\">Fragilidade monarquista: das dissid\u00eancias pol\u00edticas de fins do Imp\u00e9rio \u00e0s rea\u00e7\u00f5es na primeira d\u00e9cada republicana (1860-1900)<\/strong><strong style=\"user-select: text;\"><br style=\"user-select: text;\" \/><\/strong>AMANDA MUZZI GOMES<strong style=\"user-select: text;\"><br style=\"user-select: text;\" \/><\/strong>Data da defesa: 11\/04\/2013<\/span><br style=\"user-select: text;\" \/><span style=\"color: #000000;\">Banca: Marcelo de Souza Magalh\u00e3es<\/span><br style=\"user-select: text;\" \/><span style=\"color: #000000;\">M\u00e1rcia de Almeida Gon\u00e7alves<\/span><br style=\"user-select: text;\" \/><span style=\"color: #000000;\">Moema de Rezende Vergara<\/span><br style=\"user-select: text;\" \/><span style=\"color: #000000;\">Ricardo Henrique Salles<\/span><br style=\"user-select: text;\" \/><span style=\"color: #000000;\">Marco Antonio Villela Pamplona (presidente e orientador)<\/span><br style=\"user-select: text;\" \/><span style=\"color: #000000;\">Tese em PDF\u00a0\u00a0<span style=\"color: #0000ff;\"><a style=\"color: #0000ff;\" href=\"http:\/\/www2.dbd.puc-rio.br\/pergamum\/biblioteca\/php\/mostrateses.php?open=1&amp;arqtese=0812329_2013_Indice.html\">aqui<\/a><\/span><\/span><\/td>\n<\/tr>\n<\/tbody>\n<\/table>\n<table style=\"user-select: text;\" width=\"625\">\n<tbody style=\"user-select: text;\">\n<tr style=\"user-select: text;\">\n<td style=\"user-select: text;\" width=\"791\"><span style=\"color: #000000;\"><strong style=\"user-select: text;\">Feminiza\u00e7\u00e3o da Cultura Contempor\u00e2nea Poetiza\u00e7\u00e3o, Er\u00f3tica e Carnavaliza\u00e7\u00e3o<\/strong><strong style=\"user-select: text;\"><br style=\"user-select: text;\" \/><\/strong>GLORIA GEORGINA SEDDON<strong style=\"user-select: text;\"><br style=\"user-select: text;\" \/><\/strong>Data da defesa: 25\/03\/2013<\/span><br style=\"user-select: text;\" \/><span style=\"color: #000000;\">Banca: Barbara Peccei Szaniecki<\/span><br style=\"user-select: text;\" \/><span style=\"color: #000000;\">Esther Maria de Magalh\u00e3es Arantes<\/span><br style=\"user-select: text;\" \/><span style=\"color: #000000;\">Fl\u00e1via Maria Schlee Eyler<\/span><br style=\"user-select: text;\" \/><span style=\"color: #000000;\">Josaida de Oliveira Gondar<\/span><br style=\"user-select: text;\" \/><span style=\"color: #000000;\">Antonio Edmilson Martins Rodrigues (presidente e orientador)<\/span><br style=\"user-select: text;\" \/><span style=\"color: #000000;\">Tese em PDF\u00a0\u00a0<span style=\"color: #0000ff;\"><a style=\"color: #0000ff;\" href=\"http:\/\/www.dbd.puc-rio.br\/pergamum\/biblioteca\/php\/mostrateses.php?open=1&amp;arqtese=0812339_2013_Indice.html\">aqui<\/a><\/span><\/span><\/td>\n<\/tr>\n<\/tbody>\n<\/table>\n<table style=\"user-select: text;\" width=\"625\">\n<tbody style=\"user-select: text;\">\n<tr style=\"user-select: text;\">\n<td style=\"user-select: text;\" width=\"791\"><span style=\"color: #000000;\"><strong style=\"user-select: text;\">Arquitetos sem halo \u2013 a a\u00e7\u00e3o dos escrit\u00f3rios M.M.M.Roberto e Henrique Mindlin Arquitetos Associados<\/strong><strong style=\"user-select: text;\"><br style=\"user-select: text;\" \/><\/strong>ANTONIO JOS\u00c9 DE SENA BATISTA<strong style=\"user-select: text;\"><br style=\"user-select: text;\" \/><\/strong>Data da defesa: 04\/03\/2013<\/span><br style=\"user-select: text;\" \/><span style=\"color: #000000;\">Banca: Ana Luiza de Souza Nobre<\/span><br style=\"user-select: text;\" \/><span style=\"color: #000000;\">Renato Luiz Sobral Anelli<\/span><br style=\"user-select: text;\" \/><span style=\"color: #000000;\">Ricardo Augusto Benzaquen de Araujo<\/span><br style=\"user-select: text;\" \/><span style=\"color: #000000;\">Roberto Lu\u00eds Torres Conduru<\/span><br style=\"user-select: text;\" \/><span style=\"color: #000000;\">Joao Masao Kamita (presidente e orientador)<\/span><br style=\"user-select: text;\" \/><span style=\"color: #000000;\">Tese em PDF\u00a0\u00a0<span style=\"color: #0000ff;\"><a style=\"color: #0000ff;\" href=\"http:\/\/www2.dbd.puc-rio.br\/pergamum\/biblioteca\/php\/mostrateses.php?open=1&amp;arqtese=0812333_2013_Indice.html\">aqui<\/a><\/span><\/span><\/td>\n<\/tr>\n<\/tbody>\n<\/table>\n<h3 style=\"user-select: text;\"><\/h3>\n<h3 style=\"user-select: text;\"><span style=\"color: #000000;\"><u style=\"user-select: text;\">Doutorado 2012<\/u><\/span><\/h3>\n<table style=\"user-select: text;\" width=\"625\">\n<tbody style=\"user-select: text;\">\n<tr style=\"user-select: text;\">\n<td style=\"user-select: text;\" width=\"791\"><span style=\"color: #000000;\"><strong style=\"user-select: text;\">Proclama\u00e7\u00e3o e revolta: recep\u00e7\u00f5es da Rep\u00fablica pelos s\u00f3cios do IHGB e a vida da cidade (1880 \u2013 1900)<\/strong><strong style=\"user-select: text;\"><br style=\"user-select: text;\" \/><\/strong>FRANCISCO GOUVEA DE SOUSA<strong style=\"user-select: text;\"><br style=\"user-select: text;\" \/><\/strong>Data da defesa: 14\/12\/2012<\/span><br style=\"user-select: text;\" \/><span style=\"color: #000000;\">Banca: Maria Tereza Chaves de Mello<\/span><br style=\"user-select: text;\" \/><span style=\"color: #000000;\">M\u00e1rcia de Almeida Gon\u00e7alves<\/span><br style=\"user-select: text;\" \/><span style=\"color: #000000;\">Rodrigo Turin<\/span><br style=\"user-select: text;\" \/><span style=\"color: #000000;\">Valdei Lopes de Araujo<\/span><br style=\"user-select: text;\" \/><span style=\"color: #000000;\">Ilmar Rohloff de Mattos\u00a0(presidente e orientador)<\/span><br style=\"user-select: text;\" \/><span style=\"color: #000000;\">Tese em PDF\u00a0\u00a0<span style=\"color: #0000ff;\"><a style=\"color: #0000ff;\" href=\"https:\/\/www.maxwell.vrac.puc-rio.br\/colecao.php?strSecao=resultado&amp;nrSeq=21927@1\">aqui<\/a><\/span><\/span><\/td>\n<\/tr>\n<\/tbody>\n<\/table>\n<table style=\"user-select: text;\" width=\"625\">\n<tbody style=\"user-select: text;\">\n<tr style=\"user-select: text;\">\n<td style=\"user-select: text;\" width=\"791\"><span style=\"color: #000000;\"><strong style=\"user-select: text;\">Feira de S\u00e3o Crist\u00f3v\u00e3o: contando hist\u00f3rias, tecendo mem\u00f3rias<\/strong><strong style=\"user-select: text;\"><br style=\"user-select: text;\" \/><\/strong>SYLVIA REGINA BASTOS NEMER<strong style=\"user-select: text;\"><br style=\"user-select: text;\" \/><\/strong>Data da defesa: 14\/12\/2012<\/span><br style=\"user-select: text;\" \/><span style=\"color: #000000;\">Banca: Ana Luiza de Souza Nobre<\/span><br style=\"user-select: text;\" \/><span style=\"color: #000000;\">Renato Luiz Sobral Anelli<\/span><br style=\"user-select: text;\" \/><span style=\"color: #000000;\">Ricardo Augusto Benzaquen de Araujo<\/span><br style=\"user-select: text;\" \/><span style=\"color: #000000;\">Roberto Lu\u00eds Torres Conduru<\/span><br style=\"user-select: text;\" \/><span style=\"color: #000000;\">Joao Masao Kamita (presidente e orientador)<\/span><br style=\"user-select: text;\" \/><span style=\"color: #000000;\">Tese em PDF\u00a0\u00a0<span style=\"color: #0000ff;\"><a style=\"color: #0000ff;\" href=\"http:\/\/www2.dbd.puc-rio.br\/pergamum\/biblioteca\/php\/mostrateses.php?open=1&amp;arqtese=0912302_2012_Indice.html\">aqui<\/a><\/span><\/span><\/td>\n<\/tr>\n<\/tbody>\n<\/table>\n<table style=\"user-select: text;\" width=\"625\">\n<tbody style=\"user-select: text;\">\n<tr style=\"user-select: text;\">\n<td style=\"user-select: text;\" width=\"791\"><span style=\"color: #000000;\"><strong style=\"user-select: text;\">Fios da rede: industrial e trabalhadores na cria\u00e7\u00e3o e expans\u00e3o de um grupo empresarial (1920-1949)<\/strong><strong style=\"user-select: text;\"><br style=\"user-select: text;\" \/><\/strong>JU\u00c7ARA DA SILVA BARBOSA DE MELLO<strong style=\"user-select: text;\"><br style=\"user-select: text;\" \/><\/strong>Data da defesa: 11\/12\/2012<\/span><br style=\"user-select: text;\" \/><span style=\"color: #000000;\">Banca: Alexandre Fortes<\/span><br style=\"user-select: text;\" \/><span style=\"color: #000000;\">Antonio Luigi Negro<\/span><br style=\"user-select: text;\" \/><span style=\"color: #000000;\">Jose Sergio Leite Lopes<\/span><br style=\"user-select: text;\" \/><span style=\"color: #000000;\">Leonardo Affonso de Miranda Pereira<\/span><br style=\"user-select: text;\" \/><span style=\"color: #000000;\">Lu\u00eds Reznik (presidente e orientador)<\/span><br style=\"user-select: text;\" \/><span style=\"color: #000000;\">Tese em PDF\u00a0\u00a0<span style=\"color: #0000ff;\"><a style=\"color: #0000ff;\" href=\"http:\/\/www2.dbd.puc-rio.br\/pergamum\/biblioteca\/php\/mostrateses.php?open=1&amp;arqtese=0912300_2012_Indice.html\">aqui<\/a><\/span><\/span><\/td>\n<\/tr>\n<\/tbody>\n<\/table>\n<table style=\"user-select: text;\" width=\"625\">\n<tbody style=\"user-select: text;\">\n<tr style=\"user-select: text;\">\n<td style=\"user-select: text;\" width=\"791\"><span style=\"color: #000000;\"><strong style=\"user-select: text;\">Leste Oeste: frentes de expans\u00e3o em bravo sert\u00e3o [Rio de Janeiro-Minas Gerais, XVIII-XIX<\/strong><strong style=\"user-select: text;\"><br style=\"user-select: text;\" \/><\/strong>ANA MARIA REIS DE FARIA<strong style=\"user-select: text;\"><br style=\"user-select: text;\" \/><\/strong>Data da defesa: 30\/11\/2012<\/span><br style=\"user-select: text;\" \/><span style=\"color: #000000;\">Banca: Joao Pacheco de Oliveira Filho<\/span><br style=\"user-select: text;\" \/><span style=\"color: #000000;\">Ilmar Rohloff de Mattos<\/span><br style=\"user-select: text;\" \/><span style=\"color: #000000;\">Marcia Sueli Amantino<\/span><br style=\"user-select: text;\" \/><span style=\"color: #000000;\">Ricardo Henrique Salles<\/span><br style=\"user-select: text;\" \/><span style=\"color: #000000;\">Eun\u00edcia Barros Barcelos Fernandes (presidente e orientador)<\/span><br style=\"user-select: text;\" \/><span style=\"color: #000000;\">Tese em PDF\u00a0\u00a0<span style=\"color: #0000ff;\"><a style=\"color: #0000ff;\" href=\"http:\/\/www.dbd.puc-rio.br\/pergamum\/biblioteca\/php\/mostrateses.php?open=1&amp;arqtese=0812330_2012_Indice.html\">aqui<\/a><\/span><\/span><\/td>\n<\/tr>\n<\/tbody>\n<\/table>\n<table style=\"user-select: text;\" width=\"625\">\n<tbody style=\"user-select: text;\">\n<tr style=\"user-select: text;\">\n<td style=\"user-select: text;\" width=\"791\"><span style=\"color: #000000;\"><strong style=\"user-select: text;\">Sonho de imortalidade: O Ideal do homem moderno nos escritos filos\u00f3ficos de Friedrich Schiller<\/strong><strong style=\"user-select: text;\"><br style=\"user-select: text;\" \/><\/strong>G\u00c9SSICA G\u00d3ES GUIMAR\u00c3ES GAIO<strong style=\"user-select: text;\"><br style=\"user-select: text;\" \/><\/strong>Data da defesa: 26\/10\/2012<\/span><br style=\"user-select: text;\" \/><span style=\"color: #000000;\">Banca: Antonio Edmilson Martins Rodrigues<\/span><br style=\"user-select: text;\" \/><span style=\"color: #000000;\">Danrlei de Freitas Azevedo<\/span><br style=\"user-select: text;\" \/><span style=\"color: #000000;\">Fl\u00e1via Maria Schlee EylerJ<\/span><br style=\"user-select: text;\" \/><span style=\"color: #000000;\">ulio Cesar Bentivoglio<\/span><br style=\"user-select: text;\" \/><span style=\"color: #000000;\">Luiz de Fran\u00e7a Costa Lima Filho (presidente e orientador)<\/span><br style=\"user-select: text;\" \/><span style=\"color: #000000;\">Tese em PDF\u00a0\u00a0<span style=\"color: #0000ff;\"><a style=\"color: #0000ff;\" href=\"http:\/\/www2.dbd.puc-rio.br\/pergamum\/biblioteca\/php\/mostrateses.php?open=1&amp;arqtese=0812337_2012_Indice.html\">aqui<\/a><\/span><\/span><\/td>\n<\/tr>\n<\/tbody>\n<\/table>\n<table style=\"user-select: text;\" width=\"625\">\n<tbody style=\"user-select: text;\">\n<tr style=\"user-select: text;\">\n<td style=\"user-select: text;\" width=\"791\"><span style=\"color: #000000;\"><strong style=\"user-select: text;\">Apropria\u00e7\u00e3o e recusa: Machado de Assis e o debate sobre a modernidade brasileira na d\u00e9cada de 1870<\/strong><strong style=\"user-select: text;\"><br style=\"user-select: text;\" \/><\/strong>DANIEL PINHA SILVA<strong style=\"user-select: text;\"><br style=\"user-select: text;\" \/><\/strong>Data da defesa: 28\/09\/2012<\/span><br style=\"user-select: text;\" \/><span style=\"color: #000000;\">Banca: Felipe Charbel Teixeira<\/span><br style=\"user-select: text;\" \/><span style=\"color: #000000;\">Henrique Estrada Rodrigues<\/span><br style=\"user-select: text;\" \/><span style=\"color: #000000;\">M\u00e1rcia de Almeida Gon\u00e7alves<\/span><br style=\"user-select: text;\" \/><span style=\"color: #000000;\">Valdei Lopes de Araujo<\/span><br style=\"user-select: text;\" \/><span style=\"color: #000000;\">Antonio Edmilson Martins Rodrigues (presidente e orientador)<\/span><br style=\"user-select: text;\" \/><span style=\"color: #000000;\">Tese em PDF\u00a0\u00a0<span style=\"color: #0000ff;\"><a style=\"color: #0000ff;\" href=\"http:\/\/www2.dbd.puc-rio.br\/pergamum\/biblioteca\/php\/mostrateses.php?open=1&amp;arqtese=0812334_2012_Indice.html\">aqui<\/a><\/span><\/span><\/td>\n<\/tr>\n<\/tbody>\n<\/table>\n<table style=\"user-select: text;\" width=\"625\">\n<tbody style=\"user-select: text;\">\n<tr style=\"user-select: text;\">\n<td style=\"user-select: text;\" width=\"791\"><span style=\"color: #000000;\"><strong style=\"user-select: text;\">A ideia de Hist\u00f3ria em Matias Airesm<\/strong><strong style=\"user-select: text;\"><br style=\"user-select: text;\" \/><\/strong>MANNUELLA LUZ DE OLIVEIRA VALINHAS<strong style=\"user-select: text;\"><br style=\"user-select: text;\" \/><\/strong>Data da defesa: 21\/09\/2012<\/span><br style=\"user-select: text;\" \/><span style=\"color: #000000;\">Banca: Daniel Wanderson Ferreira<\/span><br style=\"user-select: text;\" \/><span style=\"color: #000000;\">Henrique Estrada Rodrigues<\/span><br style=\"user-select: text;\" \/><span style=\"color: #000000;\">Joao Adolfo Hansen<\/span><br style=\"user-select: text;\" \/><span style=\"color: #000000;\">Ricardo Augusto Benzaquen de Araujo<\/span><br style=\"user-select: text;\" \/><span style=\"color: #000000;\">Luiz de Fran\u00e7a Costa Lima Filho (presidente e orientador)<\/span><br style=\"user-select: text;\" \/><span style=\"color: #000000;\">Tese em PDF\u00a0\u00a0<span style=\"color: #0000ff;\"><a style=\"color: #0000ff;\" href=\"http:\/\/www2.dbd.puc-rio.br\/pergamum\/biblioteca\/php\/mostrateses.php?open=1&amp;arqtese=0812340_2012_Indice.html\">aqui<\/a><\/span><\/span><\/td>\n<\/tr>\n<\/tbody>\n<\/table>\n<table style=\"user-select: text;\" width=\"625\">\n<tbody style=\"user-select: text;\">\n<tr style=\"user-select: text;\">\n<td style=\"user-select: text;\" width=\"791\"><span style=\"color: #000000;\"><strong style=\"user-select: text;\">As festas da Aboli\u00e7\u00e3o: o 13 de Maio e seus significados no Rio de Janeiro (1888-1908)<\/strong><strong style=\"user-select: text;\"><br style=\"user-select: text;\" \/><\/strong>RENATA FIGUEIREDO MORAES<strong style=\"user-select: text;\"><br style=\"user-select: text;\" \/><\/strong>Data da defesa: 04\/09\/2012<\/span><br style=\"user-select: text;\" \/><span style=\"color: #000000;\">Banca: Ivana Stolze Lima<\/span><br style=\"user-select: text;\" \/><span style=\"color: #000000;\">Margarida de Souza Neves<\/span><br style=\"user-select: text;\" \/><span style=\"color: #000000;\">Martha Campos Abreu<\/span><br style=\"user-select: text;\" \/><span style=\"color: #000000;\">Wlamyra Ribeiro de Albuquerque<\/span><br style=\"user-select: text;\" \/><span style=\"color: #000000;\">Leonardo Affonso de Miranda Pereira\u00a0 (presidente e orientador)<\/span><br style=\"user-select: text;\" \/><span style=\"color: #000000;\">Tese em PDF\u00a0\u00a0<span style=\"color: #0000ff;\"><a style=\"color: #0000ff;\" href=\"http:\/\/www2.dbd.puc-rio.br\/pergamum\/biblioteca\/php\/mostrateses.php?open=1&amp;arqtese=0812341_2012_Indice.html\">aqui<\/a><\/span><\/span><\/td>\n<\/tr>\n<\/tbody>\n<\/table>\n<table style=\"user-select: text;\" width=\"625\">\n<tbody style=\"user-select: text;\">\n<tr style=\"user-select: text;\">\n<td style=\"user-select: text;\" width=\"791\"><span style=\"color: #000000;\"><strong style=\"user-select: text;\">Ilustra\u00e7\u00e3o e Mem\u00f3ria: a Impress\u00e3o R\u00e9gia do Rio de Janeiro e o projeto do novo imp\u00e9rio portugu\u00eas<\/strong><strong style=\"user-select: text;\"><br style=\"user-select: text;\" \/><\/strong>S\u00c9RGIO HAMILTON DA SILVA BARRA<strong style=\"user-select: text;\"><br style=\"user-select: text;\" \/><\/strong>Data da defesa: 30\/08\/2012<\/span><br style=\"user-select: text;\" \/><span style=\"color: #000000;\">Banca: Ana Rosa Cloclet da Silva<\/span><br style=\"user-select: text;\" \/><span style=\"color: #000000;\">Ivana Stolze Lima<\/span><br style=\"user-select: text;\" \/><span style=\"color: #000000;\">L\u00facia Maria Bastos Pereira das Neves<\/span><br style=\"user-select: text;\" \/><span style=\"color: #000000;\">M\u00e1rcia de Almeida Gon\u00e7alves<\/span><br style=\"user-select: text;\" \/><span style=\"color: #000000;\">Ilmar Rohloff de Mattos (presidente e orientador)<\/span><br style=\"user-select: text;\" \/><span style=\"color: #000000;\">Tese em PDF\u00a0\u00a0<span style=\"color: #0000ff;\"><a style=\"color: #0000ff;\" href=\"http:\/\/www2.dbd.puc-rio.br\/pergamum\/biblioteca\/php\/mostrateses.php?open=1&amp;arqtese=0812343_2012_Indice.html\">aqui<\/a><\/span><\/span><\/td>\n<\/tr>\n<\/tbody>\n<\/table>\n<table style=\"user-select: text;\" width=\"625\">\n<tbody style=\"user-select: text;\">\n<tr style=\"user-select: text;\">\n<td style=\"user-select: text;\" width=\"791\"><span style=\"color: #000000;\"><strong style=\"user-select: text;\">O Conceito de Formalismo e Arquitetura Moderna. Contribui\u00e7\u00e3o para uma Revis\u00e3o Cr\u00edtica da Obra de Oscar Niemeyer<\/strong><strong style=\"user-select: text;\"><br style=\"user-select: text;\" \/><\/strong>SYLVIA DE SOUZA E SILVA R COUTINHO<strong style=\"user-select: text;\"><br style=\"user-select: text;\" \/><\/strong>Data da defesa: 26\/03\/2012<\/span><br style=\"user-select: text;\" \/><span style=\"color: #000000;\">Banca: Cec\u00edlia Martins de Mello<\/span><br style=\"user-select: text;\" \/><span style=\"color: #000000;\">Jos\u00e9 Tavares Correia de Lira<\/span><br style=\"user-select: text;\" \/><span style=\"color: #000000;\">Maria Cristina Nascentes Cabral<\/span><br style=\"user-select: text;\" \/><span style=\"color: #000000;\">Ronaldo Brito Fernandes<\/span><br style=\"user-select: text;\" \/><span style=\"color: #000000;\">Joao Masao Kamita\u00a0 (presidente e orientador)<\/span><br style=\"user-select: text;\" \/><span style=\"color: #000000;\">Tese em PDF\u00a0\u00a0<a style=\"color: #000000;\" href=\"http:\/\/www2.dbd.puc-rio.br\/pergamum\/biblioteca\/php\/mostrateses.php?open=1&amp;arqtese=0710599_2012_Indice.html\">aqui<\/a><\/span><\/td>\n<\/tr>\n<\/tbody>\n<\/table>\n<h3 style=\"user-select: text;\"><\/h3>\n<h3 style=\"user-select: text;\"><span style=\"color: #000000;\"><u style=\"user-select: text;\">Doutorado 2011<\/u><\/span><\/h3>\n<table style=\"user-select: text;\" width=\"625\">\n<tbody style=\"user-select: text;\">\n<tr style=\"user-select: text;\">\n<td style=\"user-select: text;\" width=\"791\"><span style=\"color: #000000;\"><strong style=\"user-select: text;\">O pensamento da cor na obra de Josef Albers<\/strong><strong style=\"user-select: text;\"><br style=\"user-select: text;\" \/><\/strong>PALOMA OLIVEIRA DE CARVALHO SANTOS<strong style=\"user-select: text;\"><br style=\"user-select: text;\" \/><\/strong>Data da defesa: 01\/12\/2011<\/span><br style=\"user-select: text;\" \/><span style=\"color: #000000;\">Banca: Ana Luiza de Souza Nobre<\/span><br style=\"user-select: text;\" \/><span style=\"color: #000000;\">Cec\u00edlia Martins de Mello<\/span><br style=\"user-select: text;\" \/><span style=\"color: #000000;\">Roberto Lu\u00eds Torres Conduru<\/span><br style=\"user-select: text;\" \/><span style=\"color: #000000;\">Rodrigo Figueira Naves<\/span><br style=\"user-select: text;\" \/><span style=\"color: #000000;\">Joao Masao Kamita\u00a0 (presidente e orientador)<\/span><br style=\"user-select: text;\" \/><span style=\"color: #000000;\">Tese em PDF\u00a0\u00a0<span style=\"color: #0000ff;\"><a style=\"color: #0000ff;\" href=\"http:\/\/www2.dbd.puc-rio.br\/pergamum\/biblioteca\/php\/mostrateses.php?open=1&amp;arqtese=0710596_2011_Indice.html\">aqui<\/a><\/span><\/span><\/td>\n<\/tr>\n<\/tbody>\n<\/table>\n<table style=\"user-select: text;\" width=\"625\">\n<tbody style=\"user-select: text;\">\n<tr style=\"user-select: text;\">\n<td style=\"user-select: text;\" width=\"791\"><span style=\"color: #000000;\"><strong style=\"user-select: text;\">A galera heterog\u00eanea: naturalidade, trajet\u00f3ria e cultura dos recrutas e marinheiros da Armada Nacional e Imperial do Brasil, c.1822 \u2013 c. 1854<\/strong><strong style=\"user-select: text;\"><br style=\"user-select: text;\" \/><\/strong>SILVANA CASSAB JEHA<strong style=\"user-select: text;\"><br style=\"user-select: text;\" \/><\/strong>Data da defesa: 15\/09\/2011<\/span><br style=\"user-select: text;\" \/><span style=\"color: #000000;\">Banca: Jaime Rodrigues<\/span><br style=\"user-select: text;\" \/><span style=\"color: #000000;\">Ivana Stolze Lima<\/span><br style=\"user-select: text;\" \/><span style=\"color: #000000;\">Marcus Joaquim Maciel de Carvalho<\/span><br style=\"user-select: text;\" \/><span style=\"color: #000000;\">Ricardo Henrique Salles<\/span><br style=\"user-select: text;\" \/><span style=\"color: #000000;\">Ilmar Rohloff de Mattos (presidente e orientador)<\/span><br style=\"user-select: text;\" \/><span style=\"color: #000000;\">Tese em PDF\u00a0\u00a0<span style=\"color: #0000ff;\"><a style=\"color: #0000ff;\" href=\"https:\/\/www.maxwell.vrac.puc-rio.br\/colecao.php?strSecao=resultado&amp;nrSeq=19350@1\">aqui<\/a><\/span><\/span><\/td>\n<\/tr>\n<\/tbody>\n<\/table>\n<table style=\"user-select: text;\" width=\"625\">\n<tbody style=\"user-select: text;\">\n<tr style=\"user-select: text;\">\n<td style=\"user-select: text;\" width=\"791\"><span style=\"color: #000000;\"><strong style=\"user-select: text;\">Construindo Hist\u00f3rias e Mem\u00f3rias: O IHGB e o IAGP em meio \u00e0s celebra\u00e7\u00f5es do centen\u00e1rio do movimento pernambucano de 1817<\/strong><strong style=\"user-select: text;\"><br style=\"user-select: text;\" \/><\/strong>MARIANA DOS SANTOS RIBEIRO<strong style=\"user-select: text;\"><br style=\"user-select: text;\" \/><\/strong>Data da defesa: 13\/09\/2011<\/span><br style=\"user-select: text;\" \/><span style=\"color: #000000;\">Banca: Ilmar Rohloff de Mattos<\/span><br style=\"user-select: text;\" \/><span style=\"color: #000000;\">M\u00e1rcia de Almeida Gon\u00e7alves<\/span><br style=\"user-select: text;\" \/><span style=\"color: #000000;\">Norma C\u00f4rtes Gouveia de Melo<\/span><br style=\"user-select: text;\" \/><span style=\"color: #000000;\">Silvia Carla Pereira de Brito Fonseca<\/span><br style=\"user-select: text;\" \/><span style=\"color: #000000;\">Marco Antonio Villela Pamplona (presidente e orientador)<\/span><br style=\"user-select: text;\" \/><span style=\"color: #000000;\">Tese em PDF\u00a0\u00a0<span style=\"color: #0000ff;\"><a style=\"color: #0000ff;\" href=\"https:\/\/www.maxwell.vrac.puc-rio.br\/colecao.php?strSecao=resultado&amp;nrSeq=19904@1\">aqui<\/a><\/span><\/span><\/td>\n<\/tr>\n<\/tbody>\n<\/table>\n<table style=\"user-select: text;\" width=\"625\">\n<tbody style=\"user-select: text;\">\n<tr style=\"user-select: text;\">\n<td style=\"user-select: text;\" width=\"791\"><span style=\"color: #000000;\"><strong style=\"user-select: text;\">Cidade, reformas urbanas e modernidade: o Rio de Janeiro em di\u00e1logo com Jo\u00e3o do Rio e Augusto Malta<\/strong><strong style=\"user-select: text;\"><br style=\"user-select: text;\" \/><\/strong>AMANDA DANELLI COSTA<strong style=\"user-select: text;\"><br style=\"user-select: text;\" \/><\/strong>Data da defesa: 08\/09\/2011<\/span><br style=\"user-select: text;\" \/><span style=\"color: #000000;\">Banca: Andr\u00e9 Nunes de Azevedo<\/span><br style=\"user-select: text;\" \/><span style=\"color: #000000;\">M\u00e1rcia de Almeida Gon\u00e7alves<\/span><br style=\"user-select: text;\" \/><span style=\"color: #000000;\">Marcelo Antonio Sotratti<\/span><br style=\"user-select: text;\" \/><span style=\"color: #000000;\">Rafael Cardoso Denis<\/span><br style=\"user-select: text;\" \/><span style=\"color: #000000;\">Antonio Edmilson Martins Rodrigues (presidente e orientador)<\/span><br style=\"user-select: text;\" \/><span style=\"color: #000000;\">Tese em PDF\u00a0\u00a0<span style=\"color: #0000ff;\"><a style=\"color: #0000ff;\" href=\"https:\/\/www.maxwell.vrac.puc-rio.br\/colecao.php?strSecao=resultado&amp;nrSeq=21717@1\">aqui<\/a><\/span><\/span><\/td>\n<\/tr>\n<\/tbody>\n<\/table>\n<table style=\"user-select: text;\" width=\"625\">\n<tbody style=\"user-select: text;\">\n<tr style=\"user-select: text;\">\n<td style=\"user-select: text;\" width=\"791\"><span style=\"color: #000000;\"><strong style=\"user-select: text;\">Crian\u00e7as do sert\u00e3o: a hist\u00f3ria de vida dos jaguncinhos da guerra de Canudos<\/strong><strong style=\"user-select: text;\"><br style=\"user-select: text;\" \/><\/strong>VANESSA SATTAMINI VARAO MONTEIRO<strong style=\"user-select: text;\"><br style=\"user-select: text;\" \/><\/strong>Data da defesa: 06\/09\/2011<\/span><br style=\"user-select: text;\" \/><span style=\"color: #000000;\">Banca: Angela Maria de Castro Gomes<\/span><br style=\"user-select: text;\" \/><span style=\"color: #000000;\">Adriana de Resende Barreto Vianna<\/span><br style=\"user-select: text;\" \/><span style=\"color: #000000;\">Leonardo Affonso de Miranda Pereira<\/span><br style=\"user-select: text;\" \/><span style=\"color: #000000;\">M\u00e1rcia de Almeida Gon\u00e7alves<\/span><br style=\"user-select: text;\" \/><span style=\"color: #000000;\">Margarida de Souza Neves\u00a0 (presidente e orientador)<\/span><br style=\"user-select: text;\" \/><span style=\"color: #000000;\">Tese em PDF\u00a0\u00a0<span style=\"color: #0000ff;\"><a style=\"color: #0000ff;\" href=\"http:\/\/www2.dbd.puc-rio.br\/pergamum\/biblioteca\/php\/mostrateses.php?open=1&amp;arqtese=0710601_2011_Indice.html\">aqui<\/a><\/span><\/span><\/td>\n<\/tr>\n<\/tbody>\n<\/table>\n<table style=\"user-select: text;\" width=\"625\">\n<tbody style=\"user-select: text;\">\n<tr style=\"user-select: text;\">\n<td style=\"user-select: text;\" width=\"791\"><span style=\"color: #000000;\"><strong style=\"user-select: text;\">Mem\u00f3rias de filhos de militantes e as heran\u00e7as pol\u00edticas de uma gera\u00e7\u00e3o<\/strong><strong style=\"user-select: text;\"><br style=\"user-select: text;\" \/><\/strong>TATIANA MOREIRA CAMPOS PAIVA<strong style=\"user-select: text;\"><br style=\"user-select: text;\" \/><\/strong>Data da defesa: 29\/08\/2011<\/span><br style=\"user-select: text;\" \/><span style=\"color: #000000;\">Banca: Adriana de Resende Barreto Vianna<\/span><br style=\"user-select: text;\" \/><span style=\"color: #000000;\">Denise Rollemberg Cruz<\/span><br style=\"user-select: text;\" \/><span style=\"color: #000000;\">Lu\u00eds Reznik<\/span><br style=\"user-select: text;\" \/><span style=\"color: #000000;\">Maur\u00edcio Barreto Alvarez Parada<\/span><br style=\"user-select: text;\" \/><span style=\"color: #000000;\">Margarida de Souza Neves (presidente e orientador)<\/span><br style=\"user-select: text;\" \/><span style=\"color: #000000;\">Tese em PDF\u00a0\u00a0<span style=\"color: #0000ff;\"><a style=\"color: #0000ff;\" href=\"http:\/\/www2.dbd.puc-rio.br\/pergamum\/biblioteca\/php\/mostrateses.php?open=1&amp;arqtese=0710600_2011_Indice.html\">aqui<\/a><\/span><\/span><\/td>\n<\/tr>\n<\/tbody>\n<\/table>\n<table style=\"user-select: text;\" width=\"625\">\n<tbody style=\"user-select: text;\">\n<tr style=\"user-select: text;\">\n<td style=\"user-select: text;\" width=\"791\"><span style=\"color: #000000;\"><strong style=\"user-select: text;\">Poesia, hist\u00f3ria e economia pol\u00edtica nos Suspiros Po\u00e9ticos e Saudades e na Revista Niter\u00f3i. Os primeiros Rom\u00e2nticos e a civiliza\u00e7\u00e3o do Imp\u00e9rio do Brasil.<\/strong><strong style=\"user-select: text;\"><br style=\"user-select: text;\" \/><\/strong>MARCELO DE MELLO RANGEL<strong style=\"user-select: text;\"><br style=\"user-select: text;\" \/><\/strong>Data da defesa: 08\/04\/2011<\/span><br style=\"user-select: text;\" \/><span style=\"color: #000000;\">Banca: Andr\u00e9 Nunes de Azevedo<\/span><br style=\"user-select: text;\" \/><span style=\"color: #000000;\">Felipe Charbel Teixeira<\/span><br style=\"user-select: text;\" \/><span style=\"color: #000000;\">M\u00e1rcia de Almeida Gon\u00e7alves<\/span><br style=\"user-select: text;\" \/><span style=\"color: #000000;\">Valdei Lopes de Araujo<\/span><br style=\"user-select: text;\" \/><span style=\"color: #000000;\">Ilmar Rohloff de Mattos\u00a0 (presidente e orientador)<\/span><br style=\"user-select: text;\" \/><span style=\"color: #000000;\">Tese em PDF\u00a0\u00a0<span style=\"color: #0000ff;\"><a style=\"color: #0000ff;\" href=\"https:\/\/www.maxwell.vrac.puc-rio.br\/colecao.php?strSecao=resultado&amp;nrSeq=18523@1\">aqui<\/a><\/span><\/span><\/td>\n<\/tr>\n<\/tbody>\n<\/table>\n<table style=\"user-select: text;\" width=\"625\">\n<tbody style=\"user-select: text;\">\n<tr style=\"user-select: text;\">\n<td style=\"user-select: text;\" width=\"791\"><span style=\"color: #000000;\"><strong style=\"user-select: text;\">Visualidade da escravid\u00e3o: representa\u00e7\u00f5es e pr\u00e1ticas de vestu\u00e1rio no cotidiano dos escravos na cidade do Rio de Janeiro oitocentista.<\/strong><strong style=\"user-select: text;\"><br style=\"user-select: text;\" \/><\/strong>PATR\u00cdCIA MARCH DE SOUZA<strong style=\"user-select: text;\"><br style=\"user-select: text;\" \/><\/strong>Data da defesa: 04\/04\/2011<\/span><br style=\"user-select: text;\" \/><span style=\"color: #000000;\">Banca: Andrea Barbosa Marzano<\/span><br style=\"user-select: text;\" \/><span style=\"color: #000000;\">Ivana Stolze Lima<\/span><br style=\"user-select: text;\" \/><span style=\"color: #000000;\">Luiz Carlos Soares<\/span><br style=\"user-select: text;\" \/><span style=\"color: #000000;\">Margarida de Souza Neves<\/span><br style=\"user-select: text;\" \/><span style=\"color: #000000;\">Ilmar Rohloff de Mattos (presidente e orientador)<\/span><br style=\"user-select: text;\" \/><span style=\"color: #000000;\">Tese em PDF\u00a0\u00a0<span style=\"color: #0000ff;\"><a style=\"color: #0000ff;\" href=\"https:\/\/www.maxwell.vrac.puc-rio.br\/colecao.php?strSecao=resultado&amp;nrSeq=17541@1\">aqui<\/a><\/span><\/span><\/td>\n<\/tr>\n<\/tbody>\n<\/table>\n<table style=\"user-select: text;\" width=\"625\">\n<tbody style=\"user-select: text;\">\n<tr style=\"user-select: text;\">\n<td style=\"user-select: text;\" width=\"791\"><span style=\"color: #000000;\"><strong style=\"user-select: text;\">L\u00f3gica e Empiria: considera\u00e7\u00f5es sobre a t\u00e9cnica e o projeto moderno de arquitetura no Brasil.<\/strong><strong style=\"user-select: text;\"><br style=\"user-select: text;\" \/><\/strong>DENISE CHINI SOLOT<strong style=\"user-select: text;\"><br style=\"user-select: text;\" \/><\/strong>Data da defesa: 22\/03\/2011<\/span><br style=\"user-select: text;\" \/><span style=\"color: #000000;\">Banca: Antonio Edmilson Martins Rodrigues<\/span><br style=\"user-select: text;\" \/><span style=\"color: #000000;\">Ana Luiza de Souza Nobre<\/span><br style=\"user-select: text;\" \/><span style=\"color: #000000;\">Roberto Lu\u00eds Torres Conduru<\/span><br style=\"user-select: text;\" \/><span style=\"color: #000000;\">Ronaldo Brito Fernandes<\/span><br style=\"user-select: text;\" \/><span style=\"color: #000000;\">Joao Masao Kamita\u00a0 (presidente e orientador)<\/span><br style=\"user-select: text;\" \/><span style=\"color: #000000;\">Tese em PDF\u00a0\u00a0<span style=\"color: #0000ff;\"><a style=\"color: #0000ff;\" href=\"http:\/\/www2.dbd.puc-rio.br\/pergamum\/biblioteca\/php\/mostrateses.php?open=1&amp;arqtese=0610619_2011_Indice.html\">aqui<\/a><\/span><\/span><\/td>\n<\/tr>\n<\/tbody>\n<\/table>\n<h3 style=\"user-select: text;\"><\/h3>\n<h3 style=\"user-select: text;\"><span style=\"color: #000000;\"><u style=\"user-select: text;\">Doutorado 2010<\/u><\/span><\/h3>\n<table style=\"user-select: text;\" width=\"625\">\n<tbody style=\"user-select: text;\">\n<tr style=\"user-select: text;\">\n<td style=\"user-select: text;\" width=\"791\"><span style=\"color: #000000;\"><strong style=\"user-select: text;\">Imagens do Feminino: A Constru\u00e7\u00e3o de G\u00eaneros na Televis\u00e3o Brasileira<\/strong><strong style=\"user-select: text;\"><br style=\"user-select: text;\" \/><\/strong>SILVIA REGINA DE ALMEIDA FIUZA<strong style=\"user-select: text;\"><br style=\"user-select: text;\" \/><\/strong>Data da defesa: 08\/10\/2010<\/span><br style=\"user-select: text;\" \/><span style=\"color: #000000;\">Banca: Antonio Edmilson Martins Rodrigues<\/span><br style=\"user-select: text;\" \/><span style=\"color: #000000;\">Gilberto Cardoso Alves Velho<\/span><br style=\"user-select: text;\" \/><span style=\"color: #000000;\">Luiz Fernando Dias Duarte<\/span><br style=\"user-select: text;\" \/><span style=\"color: #000000;\">Maria Alice Rezende de Carvalho<\/span><br style=\"user-select: text;\" \/><span style=\"color: #000000;\">Ricardo Augusto Benzaquen de Araujo (presidente e orientador)<\/span><br style=\"user-select: text;\" \/><span style=\"color: #000000;\">Tese em PDF\u00a0\u00a0<span style=\"color: #0000ff;\"><a style=\"color: #0000ff;\" href=\"http:\/\/www2.dbd.puc-rio.br\/pergamum\/biblioteca\/php\/mostrateses.php?open=1&amp;arqtese=0610627_10_Indice.html\">aqui<\/a><\/span><\/span><\/td>\n<\/tr>\n<\/tbody>\n<\/table>\n<table style=\"user-select: text;\" width=\"625\">\n<tbody style=\"user-select: text;\">\n<tr style=\"user-select: text;\">\n<td style=\"user-select: text;\" width=\"791\"><span style=\"color: #000000;\"><strong style=\"user-select: text;\">Homens de neg\u00f3cio, de f\u00e9 e de poder pol\u00edtico: a Ordem Terceira de S\u00e3o Francisco do Recife, 1695- 1711<\/strong><strong style=\"user-select: text;\"><br style=\"user-select: text;\" \/><\/strong>MARIA EDUARDA CASTRO M MARQUES<strong style=\"user-select: text;\"><br style=\"user-select: text;\" \/><\/strong>Data da defesa: 30\/09\/2010<\/span><br style=\"user-select: text;\" \/><span style=\"color: #000000;\">Banca: Caio C\u00e9sar Boschi<\/span><br style=\"user-select: text;\" \/><span style=\"color: #000000;\">Daniela Buono Calainho<\/span><br style=\"user-select: text;\" \/><span style=\"color: #000000;\">Evaldo Cabral de Mello<\/span><br style=\"user-select: text;\" \/><span style=\"color: #000000;\">Eun\u00edcia Barros Barcelos Fernandes<\/span><br style=\"user-select: text;\" \/><span style=\"color: #000000;\">Ilmar Rohloff de Mattos\u00a0 (presidente e orientador)<\/span><br style=\"user-select: text;\" \/><span style=\"color: #000000;\">Tese em PDF\u00a0\u00a0<span style=\"color: #0000ff;\"><a style=\"color: #0000ff;\" href=\"https:\/\/www.maxwell.vrac.puc-rio.br\/colecao.php?strSecao=resultado&amp;nrSeq=16755@1\">aqui<\/a><\/span><\/span><\/td>\n<\/tr>\n<\/tbody>\n<\/table>\n<table style=\"user-select: text;\" width=\"625\">\n<tbody style=\"user-select: text;\">\n<tr style=\"user-select: text;\">\n<td style=\"user-select: text;\" width=\"791\"><span style=\"color: #000000;\"><strong style=\"user-select: text;\">As matrizes discursivas do pensamento de Sade<\/strong><strong style=\"user-select: text;\"><br style=\"user-select: text;\" \/><\/strong>DANIEL WANDERSON FERREIRA<strong style=\"user-select: text;\"><br style=\"user-select: text;\" \/><\/strong>Data da defesa:16\/09\/2010<\/span><br style=\"user-select: text;\" \/><span style=\"color: #000000;\">Banca: Angela Filomena Perricone Pastura<\/span><br style=\"user-select: text;\" \/><span style=\"color: #000000;\">Fl\u00e1via Maria Schlee Eyler<\/span><br style=\"user-select: text;\" \/><span style=\"color: #000000;\">Em\u00edlia Mendes Lopes<\/span><br style=\"user-select: text;\" \/><span style=\"color: #000000;\">Ida L\u00facia Machado<\/span><br style=\"user-select: text;\" \/><span style=\"color: #000000;\">Jo\u00e3o Adolfo Hanse<\/span><br style=\"user-select: text;\" \/><span style=\"color: #000000;\">Antonio Edmilson Martins Rodrigues (presidente e orientador)<\/span><br style=\"user-select: text;\" \/><span style=\"color: #000000;\">Tese em PDF\u00a0\u00a0<span style=\"color: #0000ff;\"><a style=\"color: #0000ff;\" href=\"http:\/\/www2.dbd.puc-rio.br\/pergamum\/biblioteca\/php\/mostrateses.php?open=1&amp;arqtese=0610618_10_Indice.html\">aqui<\/a><\/span><\/span><\/td>\n<\/tr>\n<\/tbody>\n<\/table>\n<table style=\"user-select: text;\" width=\"625\">\n<tbody style=\"user-select: text;\">\n<tr style=\"user-select: text;\">\n<td style=\"user-select: text;\" width=\"791\"><span style=\"color: #000000;\"><strong style=\"user-select: text;\">L\u00f3gica e Empiria: considera\u00e7\u00f5es sobre a t\u00e9cnica e o projeto moderno de arquitetura no Brasil.<\/strong><strong style=\"user-select: text;\"><br style=\"user-select: text;\" \/><\/strong>FABIOLA DO VALLE ZONNO<\/span><br style=\"user-select: text;\" \/><span style=\"color: #000000;\">Data da defesa: 23\/08\/2010<\/span><br style=\"user-select: text;\" \/><span style=\"color: #000000;\">Banca: Ana Luiza de Souza Nobre<\/span><br style=\"user-select: text;\" \/><span style=\"color: #000000;\">Agnaldo Aric\u00ea Caldas Farias<\/span><br style=\"user-select: text;\" \/><span style=\"color: #000000;\">Cec\u00edlia Martins de Mello<\/span><br style=\"user-select: text;\" \/><span style=\"color: #000000;\">Roberto Lu\u00eds Torres Conduru<\/span><br style=\"user-select: text;\" \/><span style=\"color: #000000;\">Sonia Hilf Schulz<\/span><br style=\"user-select: text;\" \/><span style=\"color: #000000;\">Joao Masao Kamita\u00a0 (presidente e orientador)<\/span><br style=\"user-select: text;\" \/><span style=\"color: #000000;\">Tese em PDF\u00a0\u00a0<span style=\"color: #0000ff;\"><a style=\"color: #0000ff;\" href=\"https:\/\/www.maxwell.vrac.puc-rio.br\/colecao.php?strSecao=resultado&amp;nrSeq=21625@1%20http:\/\/www.maxwell.lambda.ele.puc-rio.br\/Busca_etds.php?strSecao=resultado&amp;nrSeq=21625@2\">aqui<\/a><\/span><\/span><\/td>\n<\/tr>\n<\/tbody>\n<\/table>\n<table style=\"user-select: text;\" width=\"625\">\n<tbody style=\"user-select: text;\">\n<tr style=\"user-select: text;\">\n<td style=\"user-select: text;\" width=\"791\"><span style=\"color: #000000;\"><strong style=\"user-select: text;\">O rumor do corpo na deriva das palavras: uma reflex\u00e3o sobre as rela\u00e7\u00f5es entre o corpo e a escrita a partir do trabalho de Juan Dom\u00ednguez<\/strong><strong style=\"user-select: text;\"><br style=\"user-select: text;\" \/><\/strong>LUCIA YANEZ SILVA<strong style=\"user-select: text;\"><br style=\"user-select: text;\" \/><\/strong>Data da defesa: 18\/08\/2010<\/span><br style=\"user-select: text;\" \/><span style=\"color: #000000;\">Banca: Ana Paula Veiga Kiffer<\/span><br style=\"user-select: text;\" \/><span style=\"color: #000000;\">Joana Ribeiro da Silva Tavares<\/span><br style=\"user-select: text;\" \/><span style=\"color: #000000;\">Jos\u00e9 da Costa Filho<\/span><br style=\"user-select: text;\" \/><span style=\"color: #000000;\">Patricia Leal Azevedo Corr\u00eaa<\/span><br style=\"user-select: text;\" \/><span style=\"color: #000000;\">Cec\u00edlia Cotrim Martins de Mello (presidente e orientador)<\/span><br style=\"user-select: text;\" \/><span style=\"color: #000000;\">Tese em PDF\u00a0\u00a0<span style=\"color: #0000ff;\"><a style=\"color: #0000ff;\" href=\"https:\/\/www.maxwell.vrac.puc-rio.br\/colecao.php?strSecao=resultado&amp;nrSeq=17220@1\">aqui<\/a><\/span><\/span><\/td>\n<\/tr>\n<\/tbody>\n<\/table>\n<table style=\"user-select: text;\" width=\"625\">\n<tbody style=\"user-select: text;\">\n<tr style=\"user-select: text;\">\n<td style=\"user-select: text;\" width=\"791\"><span style=\"color: #000000;\"><strong style=\"user-select: text;\">Depois da Queda. A representa\u00e7\u00e3o da cultura nacional norte-americana na obra tardia de Henry James (1904-1907)<\/strong><strong style=\"user-select: text;\"><br style=\"user-select: text;\" \/><\/strong>LUIZA LARANGEIRA DA SILVA MELLO<strong style=\"user-select: text;\"><br style=\"user-select: text;\" \/><\/strong>Data da defesa: 27\/07\/2010<\/span><br style=\"user-select: text;\" \/><span style=\"color: #000000;\">Banca: Jose Reginaldo Santos Goncalves<\/span><br style=\"user-select: text;\" \/><span style=\"color: #000000;\">Luiz de Fran\u00e7a Costa Lima Filho<\/span><br style=\"user-select: text;\" \/><span style=\"color: #000000;\">Marcelo da Silva Timotheo da Costa<\/span><br style=\"user-select: text;\" \/><span style=\"color: #000000;\">Paulo Fernando Henriques Britto<\/span><br style=\"user-select: text;\" \/><span style=\"color: #000000;\">Ricardo Augusto Benzaquen de Araujo (presidente e orientador)<\/span><br style=\"user-select: text;\" \/><span style=\"color: #000000;\">Tese em PDF\u00a0\u00a0<span style=\"color: #0000ff;\"><a style=\"color: #0000ff;\" href=\"http:\/\/www2.dbd.puc-rio.br\/pergamum\/biblioteca\/php\/mostrateses.php?open=1&amp;arqtese=0610624_10_Indice.html\">aqui<\/a><\/span><\/span><\/td>\n<\/tr>\n<\/tbody>\n<\/table>\n<table style=\"user-select: text;\" width=\"625\">\n<tbody style=\"user-select: text;\">\n<tr style=\"user-select: text;\">\n<td style=\"user-select: text;\" width=\"791\"><span style=\"color: #000000;\"><strong style=\"user-select: text;\">A roda da fortuna: modernismo e adapta\u00e7\u00e3o em Ra\u00edzes do Brasil de S\u00e9rgio Buarque de Holanda<\/strong><strong style=\"user-select: text;\"><br style=\"user-select: text;\" \/><\/strong>LEONARDO AYRES PADILHA<strong style=\"user-select: text;\"><br style=\"user-select: text;\" \/><\/strong>Data da defesa: 12\/03\/2010<\/span><br style=\"user-select: text;\" \/><span style=\"color: #000000;\">Banca: Antonio Edmilson Martins Rodrigues<\/span><br style=\"user-select: text;\" \/><span style=\"color: #000000;\">Glaucia Kruse Villas B\u00f4as<\/span><br style=\"user-select: text;\" \/><span style=\"color: #000000;\">Marcelo da Silva Timotheo da Costa<\/span><br style=\"user-select: text;\" \/><span style=\"color: #000000;\">Robert Wegner<\/span><br style=\"user-select: text;\" \/><span style=\"color: #000000;\">Ricardo Augusto Benzaquen de Araujo (presidente e orientador)<\/span><br style=\"user-select: text;\" \/><span style=\"color: #000000;\">Tese em PDF\u00a0\u00a0<span style=\"color: #0000ff;\"><a style=\"color: #0000ff;\" href=\"http:\/\/www2.dbd.puc-rio.br\/pergamum\/biblioteca\/php\/mostrateses.php?open=1&amp;arqtese=0510832_10_Indice.html\">aqui<\/a><\/span><\/span><\/td>\n<\/tr>\n<\/tbody>\n<\/table>\n<h3 style=\"user-select: text;\"><\/h3>\n<h3 style=\"user-select: text;\"><span style=\"color: #000000;\"><u style=\"user-select: text;\">Doutorado 2009<\/u><\/span><\/h3>\n<table style=\"user-select: text;\" width=\"625\">\n<tbody style=\"user-select: text;\">\n<tr style=\"user-select: text;\">\n<td style=\"user-select: text;\" width=\"791\"><span style=\"color: #000000;\"><strong style=\"user-select: text;\">O Reinado do Congo no Imp\u00e9rio do Brasil Congado de Minas Gerais no s\u00e9culo XIX e as mem\u00f3rias da \u00c1frica Central<\/strong><strong style=\"user-select: text;\"><br style=\"user-select: text;\" \/><\/strong>LARISSA OLIVEIRA DE GABARRA<strong style=\"user-select: text;\"><br style=\"user-select: text;\" \/><\/strong>Data da defesa: 17\/11\/2009<\/span><br style=\"user-select: text;\" \/><span style=\"color: #000000;\">Banca: M\u00f4nica Lima e Souza<\/span><br style=\"user-select: text;\" \/><span style=\"color: #000000;\">Robert Wayne Andrew Slenes<\/span><br style=\"user-select: text;\" \/><span style=\"color: #000000;\">Marcelo Bittencourt Ivair Pinto<\/span><br style=\"user-select: text;\" \/><span style=\"color: #000000;\">Leonardo Affonso de Miranda Pereira<\/span><br style=\"user-select: text;\" \/><span style=\"color: #000000;\">Margarida de Souza Neves (presidente e orientador)<\/span><br style=\"user-select: text;\" \/><span style=\"color: #000000;\">Tese em PDF\u00a0\u00a0<span style=\"color: #0000ff;\"><a style=\"color: #0000ff;\" href=\"http:\/\/www2.dbd.puc-rio.br\/pergamum\/biblioteca\/php\/mostrateses.php?open=1&amp;arqtese=0510831_09_Indice.html\">aqui<\/a><\/span><\/span><\/td>\n<\/tr>\n<\/tbody>\n<\/table>\n<table style=\"user-select: text;\" width=\"625\">\n<tbody style=\"user-select: text;\">\n<tr style=\"user-select: text;\">\n<td style=\"user-select: text;\" width=\"791\"><span style=\"color: #000000;\"><strong style=\"user-select: text;\">Historiografia e identidade fluminense. A escrita da hist\u00f3ria e os usos do passado no Estado do Rio de Janeiro entre as d\u00e9cadas de 1930 e 1950<\/strong><\/span><br style=\"user-select: text;\" \/><span style=\"color: #000000;\">RUI ANICETO NASCIMENTO FERNANDES<strong style=\"user-select: text;\"><br style=\"user-select: text;\" \/><\/strong>Data da defesa: 22\/09\/2009<\/span><br style=\"user-select: text;\" \/><span style=\"color: #000000;\">Banca: Durval Muniz de Albuquerque J\u00fanior<\/span><br style=\"user-select: text;\" \/><span style=\"color: #000000;\">Ilmar Rohloff de Mattos<\/span><br style=\"user-select: text;\" \/><span style=\"color: #000000;\">M\u00e1rcia de Almeida Gon\u00e7alves<\/span><br style=\"user-select: text;\" \/><span style=\"color: #000000;\">Manoel Luiz Lima Salgado Guimar\u00e3es<\/span><br style=\"user-select: text;\" \/><span style=\"color: #000000;\">Lu\u00eds Reznik (presidente e orientador)<\/span><br style=\"user-select: text;\" \/><span style=\"color: #000000;\">Tese em PDF\u00a0\u00a0<span style=\"color: #0000ff;\"><a style=\"color: #0000ff;\" href=\"https:\/\/www.maxwell.vrac.puc-rio.br\/colecao.php?strSecao=resultado&amp;nrSeq=15474@1\">aqui<\/a><\/span><\/span><\/td>\n<\/tr>\n<\/tbody>\n<\/table>\n<table style=\"user-select: text;\" width=\"625\">\n<tbody style=\"user-select: text;\">\n<tr style=\"user-select: text;\">\n<td style=\"user-select: text;\" width=\"791\"><span style=\"color: #000000;\"><strong style=\"user-select: text;\">As Formas da Inf\u00e2mia: pol\u00edtica e est\u00e9tica na obra de Jorge Luis Borges (1921-1955)<\/strong><strong style=\"user-select: text;\"><br style=\"user-select: text;\" \/><\/strong>GUSTAVO NAVES FRANCO<strong style=\"user-select: text;\"><br style=\"user-select: text;\" \/><\/strong>Data da defesa: 14\/08\/2009<\/span><br style=\"user-select: text;\" \/><span style=\"color: #000000;\">Banca: Antonio Edmilson Martins Rodrigues<\/span><br style=\"user-select: text;\" \/><span style=\"color: #000000;\">Sergio Miceli Pess\u00f4a de Barros<\/span><br style=\"user-select: text;\" \/><span style=\"color: #000000;\">Paulo Fernando Henriques Britto<\/span><br style=\"user-select: text;\" \/><span style=\"color: #000000;\">Leopoldo Garcia Pinto Waizbort<\/span><br style=\"user-select: text;\" \/><span style=\"color: #000000;\">Ricardo Augusto Benzaquen de Araujo (presidente e orientador)<\/span><br style=\"user-select: text;\" \/><span style=\"color: #000000;\">Tese em PDF\u00a0\u00a0<span style=\"color: #0000ff;\"><a style=\"color: #0000ff;\" href=\"http:\/\/www2.dbd.puc-rio.br\/pergamum\/biblioteca\/php\/mostrateses.php?open=1&amp;arqtese=0510830_09_Indice.html\">aqui<\/a><\/span><\/span><\/td>\n<\/tr>\n<\/tbody>\n<\/table>\n<h3 style=\"user-select: text;\"><\/h3>\n<h3 style=\"user-select: text;\"><span style=\"color: #000000;\"><u style=\"user-select: text;\">Doutorado 2008<\/u><\/span><\/h3>\n<table style=\"user-select: text;\" width=\"625\">\n<tbody style=\"user-select: text;\">\n<tr style=\"user-select: text;\">\n<td style=\"user-select: text;\" width=\"791\"><span style=\"color: #000000;\"><strong style=\"user-select: text;\">Morte da arte: a apar\u00eancia est\u00e9tica desencantada<\/strong><strong style=\"user-select: text;\"><br style=\"user-select: text;\" \/><\/strong>DANRLEI DE FREITAS AZEVEDO<strong style=\"user-select: text;\"><br style=\"user-select: text;\" \/><\/strong>Data da defesa: 19\/12\/2008<\/span><br style=\"user-select: text;\" \/><span style=\"color: #000000;\">Banca: Ronaldo Brito Fernandes<\/span><br style=\"user-select: text;\" \/><span style=\"color: #000000;\">Ricardo Jos\u00e9 Corr\u00eaa Barbosa<\/span><br style=\"user-select: text;\" \/><span style=\"color: #000000;\">Alberto de Almeida Prado Tassinari<\/span><br style=\"user-select: text;\" \/><span style=\"color: #000000;\">Luiz Camillo Dolabella Portella Osorio de Almeida<\/span><br style=\"user-select: text;\" \/><span style=\"color: #000000;\">Luiz de Fran\u00e7a Costa Lima Filho (presidente e orientador)<\/span><br style=\"user-select: text;\" \/><span style=\"color: #000000;\">Tese em PDF\u00a0\u00a0<span style=\"color: #0000ff;\"><a style=\"color: #0000ff;\" href=\"http:\/\/www.dbd.puc-rio.br\/pergamum\/biblioteca\/php\/mostrateses.php?open=1&amp;arqtese=0410550_2008_Indice.html\">aqui<\/a><\/span><\/span><\/td>\n<\/tr>\n<\/tbody>\n<\/table>\n<table style=\"user-select: text;\" width=\"625\">\n<tbody style=\"user-select: text;\">\n<tr style=\"user-select: text;\">\n<td style=\"user-select: text;\" width=\"791\"><span style=\"color: #000000;\"><strong style=\"user-select: text;\">Richard Serra e Robert Smithson: a escultura no contexto nova-iorquino<\/strong><strong style=\"user-select: text;\"><br style=\"user-select: text;\" \/><\/strong>MARTHA TELLES MACHADO DA SILVA<strong style=\"user-select: text;\"><br style=\"user-select: text;\" \/><\/strong>Data da defesa: 27\/11\/2008<\/span><br style=\"user-select: text;\" \/><span style=\"color: #000000;\">Banca: Cec\u00edlia Martins de Mello<\/span><br style=\"user-select: text;\" \/><span style=\"color: #000000;\">Paulo Venancio Filho<\/span><br style=\"user-select: text;\" \/><span style=\"color: #000000;\">Luiz Camillo Dolabella Portella Osorio de Almeida<\/span><br style=\"user-select: text;\" \/><span style=\"color: #000000;\">Sheila Cabo Geraldo<\/span><br style=\"user-select: text;\" \/><span style=\"color: #000000;\">Joao Masao Kamita (presidente e orientador)<\/span><br style=\"user-select: text;\" \/><span style=\"color: #000000;\">Tese em PDF\u00a0\u00a0<span style=\"color: #0000ff;\"><a style=\"color: #0000ff;\" href=\"http:\/\/www.dbd.puc-rio.br\/pergamum\/biblioteca\/php\/mostrateses.php?open=1&amp;arqtese=0410554_2008_Indice.html\">aqui<\/a><\/span><\/span><\/td>\n<\/tr>\n<\/tbody>\n<\/table>\n<table style=\"user-select: text;\" width=\"625\">\n<tbody style=\"user-select: text;\">\n<tr style=\"user-select: text;\">\n<td style=\"user-select: text;\" width=\"791\"><span style=\"color: #000000;\"><strong style=\"user-select: text;\">Marc Ferrez e o Rio de Janeiro de seu tempo<\/strong><strong style=\"user-select: text;\"><br style=\"user-select: text;\" \/><\/strong>MARIANA GON\u00c7ALVES MONTEIRO DE BARROS<strong style=\"user-select: text;\"><br style=\"user-select: text;\" \/><\/strong>Data da defesa: 30\/09\/2008<\/span><br style=\"user-select: text;\" \/><span style=\"color: #000000;\">Banca: Ulpiano Toledo Bezerra de Meneses<\/span><br style=\"user-select: text;\" \/><span style=\"color: #000000;\">Antonio Edmilson Martins Rodrigues<\/span><br style=\"user-select: text;\" \/><span style=\"color: #000000;\">Maria Inez Turazzi<\/span><br style=\"user-select: text;\" \/><span style=\"color: #000000;\">Eun\u00edcia Barros Barcelos<\/span><br style=\"user-select: text;\" \/><span style=\"color: #000000;\">Fernandes Margarida de Souza Neves Araujo (presidente e orientador)<\/span><br style=\"user-select: text;\" \/><span style=\"color: #000000;\">Tese em PDF\u00a0\u00a0<span style=\"color: #0000ff;\"><a style=\"color: #0000ff;\" href=\"http:\/\/www2.dbd.puc-rio.br\/pergamum\/biblioteca\/php\/mostrateses.php?open=1&amp;arqtese=0410553_08_Indice.html\">aqui<\/a><\/span><\/span><\/td>\n<\/tr>\n<\/tbody>\n<\/table>\n<table style=\"user-select: text;\" width=\"625\">\n<tbody style=\"user-select: text;\">\n<tr style=\"user-select: text;\">\n<td style=\"user-select: text;\" width=\"791\"><span style=\"color: #000000;\"><strong style=\"user-select: text;\">Uma leitura de Da Gl\u00f3ria e Da Presun\u00e7\u00e3o e a id\u00e9ia de autoretrato nos Ensaios de Montaigne<\/strong><strong style=\"user-select: text;\"><br style=\"user-select: text;\" \/><\/strong>S\u00c9RGIO XAVIER GOMES DE ARA\u00daJO<strong style=\"user-select: text;\"><br style=\"user-select: text;\" \/><\/strong>Data da defesa: 12\/09\/2008<\/span><br style=\"user-select: text;\" \/><span style=\"color: #000000;\">Banca: Ricardo Augusto Benzaquen de Araujo<\/span><br style=\"user-select: text;\" \/><span style=\"color: #000000;\">Maria das Gra\u00e7as de Souza<\/span><br style=\"user-select: text;\" \/><span style=\"color: #000000;\">Danilo Marcondes de Souza Filho<\/span><br style=\"user-select: text;\" \/><span style=\"color: #000000;\">S\u00e9rgio Cardoso<\/span><br style=\"user-select: text;\" \/><span style=\"color: #000000;\">Antonio Edmilson Martins Rodrigues (presidente e orientador)<\/span><br style=\"user-select: text;\" \/><span style=\"color: #000000;\">Tese em PDF\u00a0\u00a0<span style=\"color: #0000ff;\"><a style=\"color: #0000ff;\" href=\"http:\/\/www2.dbd.puc-rio.br\/pergamum\/biblioteca\/php\/mostrateses.php?open=1&amp;arqtese=0410556_08_Indice.html\">aqui<\/a><\/span><\/span><\/td>\n<\/tr>\n<\/tbody>\n<\/table>\n<table style=\"user-select: text;\" width=\"625\">\n<tbody style=\"user-select: text;\">\n<tr style=\"user-select: text;\">\n<td style=\"user-select: text;\" width=\"791\"><span style=\"color: #000000;\"><strong style=\"user-select: text;\">Timoneiros: ret\u00f3rica, prud\u00eancia e hist\u00f3ria em Maquiavel e Guicciardini<\/strong><strong style=\"user-select: text;\"><br style=\"user-select: text;\" \/><\/strong>FELIPE CHARBEL TEIXEIRA<strong style=\"user-select: text;\"><br style=\"user-select: text;\" \/><\/strong>Data da defesa: 02\/06\/2008<\/span><br style=\"user-select: text;\" \/><span style=\"color: #000000;\">Banca: Andr\u00e9a Daher<\/span><br style=\"user-select: text;\" \/><span style=\"color: #000000;\">Bernardo Medeiros Ferreira da Silva<\/span><br style=\"user-select: text;\" \/><span style=\"color: #000000;\">Monica Grin Monteiro de Barros<\/span><br style=\"user-select: text;\" \/><span style=\"color: #000000;\">Ricardo Augusto Benzaquen de Araujo<\/span><br style=\"user-select: text;\" \/><span style=\"color: #000000;\">Marcelo Gantus Jasmin (presidente e orientador)<\/span><br style=\"user-select: text;\" \/><span style=\"color: #000000;\">Tese em PDF\u00a0\u00a0<span style=\"color: #0000ff;\"><a style=\"color: #0000ff;\" href=\"http:\/\/www2.dbd.puc-rio.br\/pergamum\/biblioteca\/php\/mostrateses.php?open=1&amp;arqtese=0410551_08_Indice.html\">aqui<\/a><\/span><\/span><\/td>\n<\/tr>\n<\/tbody>\n<\/table>\n<table style=\"user-select: text;\" width=\"625\">\n<tbody style=\"user-select: text;\">\n<tr style=\"user-select: text;\">\n<td style=\"user-select: text;\" width=\"791\"><span style=\"color: #000000;\"><strong style=\"user-select: text;\">O tempo dos pioneiros: cinematografia no s\u00e9culo XIX<\/strong><strong style=\"user-select: text;\"><br style=\"user-select: text;\" \/><\/strong>FELIPE FERNANDES BRAGA<strong style=\"user-select: text;\"><br style=\"user-select: text;\" \/><\/strong>Data da defesa: 06\/05\/2008<\/span><br style=\"user-select: text;\" \/><span style=\"color: #000000;\">Banca: Karl Erik Schollhammer<\/span><br style=\"user-select: text;\" \/><span style=\"color: #000000;\">Mauricio Lissovsky<\/span><br style=\"user-select: text;\" \/><span style=\"color: #000000;\">Consuelo da Luz Lins<\/span><br style=\"user-select: text;\" \/><span style=\"color: #000000;\">Antonio Edmilson Martins Rodrigues<\/span><br style=\"user-select: text;\" \/><span style=\"color: #000000;\">Berenice de Oliveira Cavalcante (presidente e orientador)<\/span><br style=\"user-select: text;\" \/><span style=\"color: #000000;\">Tese em PDF\u00a0\u00a0<span style=\"color: #0000ff;\"><a style=\"color: #0000ff;\" href=\"http:\/\/www2.dbd.puc-rio.br\/pergamum\/biblioteca\/php\/mostrateses.php?open=1&amp;arqtese=0410552_08_Indice.html\">aqui<\/a><\/span><\/span><\/td>\n<\/tr>\n<\/tbody>\n<\/table>\n<table style=\"user-select: text;\" width=\"625\">\n<tbody style=\"user-select: text;\">\n<tr style=\"user-select: text;\">\n<td style=\"user-select: text;\" width=\"791\"><span style=\"color: #000000;\"><strong style=\"user-select: text;\">O clube como vontade e representa\u00e7\u00e3o: o jornalismo esportivo e a forma\u00e7\u00e3o das torcidas organizadas de futebol do Rio de Janeiro (1967-1988)<\/strong><strong style=\"user-select: text;\"><br style=\"user-select: text;\" \/><\/strong>BERNARDO BORGES BUARQUE DE HOLLANDA<strong style=\"user-select: text;\"><br style=\"user-select: text;\" \/><\/strong>Data da defesa: 25\/04\/2008<\/span><br style=\"user-select: text;\" \/><span style=\"color: #000000;\">Banca: Luiz Henrique de Toledo<\/span><br style=\"user-select: text;\" \/><span style=\"color: #000000;\">Mauricio Murad<\/span><br style=\"user-select: text;\" \/><span style=\"color: #000000;\">Ricardo Augusto Benzaquen de Araujo<\/span><br style=\"user-select: text;\" \/><span style=\"color: #000000;\">Jos\u00e9 S\u00e9rgio Leite Lopes<\/span><br style=\"user-select: text;\" \/><span style=\"color: #000000;\">Margarida de Souza Neves (presidente e orientador)<\/span><br style=\"user-select: text;\" \/><span style=\"color: #000000;\">Tese em PDF\u00a0\u00a0<span style=\"color: #0000ff;\"><a style=\"color: #0000ff;\" href=\"http:\/\/www2.dbd.puc-rio.br\/pergamum\/biblioteca\/php\/mostrateses.php?open=1&amp;arqtese=0310346_08_Indice.html\">aqui<\/a><\/span><\/span><\/td>\n<\/tr>\n<\/tbody>\n<\/table>\n<table style=\"user-select: text;\" width=\"625\">\n<tbody style=\"user-select: text;\">\n<tr style=\"user-select: text;\">\n<td style=\"user-select: text;\" width=\"791\"><span style=\"color: #000000;\"><strong style=\"user-select: text;\">Fios cortantes: Projeto e produto, arquitetura e design no Rio de Janeiro (1950 \u2013 70)<\/strong><strong style=\"user-select: text;\"><br style=\"user-select: text;\" \/><\/strong>ANA LUIZA DE SOUZA NOBRE<strong style=\"user-select: text;\"><br style=\"user-select: text;\" \/><\/strong>Data da defesa: 25\/04\/2008<\/span><br style=\"user-select: text;\" \/><span style=\"color: #000000;\">Banca: Roberto Lu\u00eds Torres Conduru<\/span><br style=\"user-select: text;\" \/><span style=\"color: #000000;\">Cesar Augusto Coelho Guimar\u00e3es<\/span><br style=\"user-select: text;\" \/><span style=\"color: #000000;\">Joao Masao Kamita<\/span><br style=\"user-select: text;\" \/><span style=\"color: #000000;\">Renato Luiz Sobral Anelli<\/span><br style=\"user-select: text;\" \/><span style=\"color: #000000;\">Jos\u00e9 Tavares Correia de Lira<\/span><br style=\"user-select: text;\" \/><span style=\"color: #000000;\">Ronaldo Brito Fernandes (presidente e orientador)<\/span><br style=\"user-select: text;\" \/><span style=\"color: #000000;\">Tese em PDF\u00a0\u00a0<span style=\"color: #0000ff;\"><a style=\"color: #0000ff;\" href=\"http:\/\/www.dbd.puc-rio.br\/pergamum\/biblioteca\/php\/mostrateses.php?open=1&amp;arqtese=0410548_2008_Indice.html\">aqui<\/a><\/span><\/span><\/td>\n<\/tr>\n<\/tbody>\n<\/table>\n<table style=\"user-select: text;\" width=\"625\">\n<tbody style=\"user-select: text;\">\n<tr style=\"user-select: text;\">\n<td style=\"user-select: text;\" width=\"791\"><span style=\"color: #000000;\"><strong style=\"user-select: text;\">A inven\u00e7\u00e3o da toler\u00e2ncia: pol\u00edtica e guerras de religi\u00e3o na Fran\u00e7a do s\u00e9culo XVI<\/strong><strong style=\"user-select: text;\"><br style=\"user-select: text;\" \/><\/strong>CATARINA COSTA D\u2019AMARAL<strong style=\"user-select: text;\"><br style=\"user-select: text;\" \/><\/strong>Data da defesa: 14\/04\/2008<\/span><br style=\"user-select: text;\" \/><span style=\"color: #000000;\">Banca: Andr\u00e9a Daher<\/span><br style=\"user-select: text;\" \/><span style=\"color: #000000;\">Berenice de Oliveira Cavalcante<\/span><br style=\"user-select: text;\" \/><span style=\"color: #000000;\">Rodrigo Nunes Bentes Monteiro<\/span><br style=\"user-select: text;\" \/><span style=\"color: #000000;\">Antonio Edmilson Martins Rodrigues<\/span><br style=\"user-select: text;\" \/><span style=\"color: #000000;\">Marcelo Gantus Jasmin (presidente e orientador)<\/span><br style=\"user-select: text;\" \/><span style=\"color: #000000;\">Tese em PDF\u00a0\u00a0<a style=\"color: #000000;\" href=\"http:\/\/www2.dbd.puc-rio.br\/pergamum\/biblioteca\/php\/mostrateses.php?open=1&amp;arqtese=0410549_08_Indice.html\">aqui<\/a><\/span><\/td>\n<\/tr>\n<\/tbody>\n<\/table>\n<table style=\"user-select: text;\" width=\"625\">\n<tbody style=\"user-select: text;\">\n<tr style=\"user-select: text;\">\n<td style=\"user-select: text;\" width=\"791\"><span style=\"color: #000000;\"><strong style=\"user-select: text;\">Poesia em Progresso: Romantismos, Vanguardas Modernas e o Experimentalismo de H\u00e9lio Oiticica<\/strong><strong style=\"user-select: text;\"><br style=\"user-select: text;\" \/><\/strong>PATR\u00cdCIA DIAS GUIMAR\u00c3ES<strong style=\"user-select: text;\"><br style=\"user-select: text;\" \/><\/strong>Data da defesa: 17\/03\/2008<\/span><br style=\"user-select: text;\" \/><span style=\"color: #000000;\">Banca: Eduardo Henrique Passos Pereira<\/span><br style=\"user-select: text;\" \/><span style=\"color: #000000;\">Karl Erik Schollhammer<\/span><br style=\"user-select: text;\" \/><span style=\"color: #000000;\">Maria da Gl\u00f3ria Araujo Ferreira<\/span><br style=\"user-select: text;\" \/><span style=\"color: #000000;\">Paulo Guilherme Domenech Oneto<\/span><br style=\"user-select: text;\" \/><span style=\"color: #000000;\">Cec\u00edlia Cotrim Martins de Mello (presidente e orientador)<\/span><br style=\"user-select: text;\" \/><span style=\"color: #000000;\">Tese em PDF\u00a0\u00a0<span style=\"color: #0000ff;\"><a style=\"color: #0000ff;\" href=\"https:\/\/www.maxwell.vrac.puc-rio.br\/colecao.php?strSecao=resultado&amp;nrSeq=12265@1\">aqui<\/a><\/span><\/span><\/td>\n<\/tr>\n<\/tbody>\n<\/table>\n<table style=\"user-select: text;\" width=\"625\">\n<tbody style=\"user-select: text;\">\n<tr style=\"user-select: text;\">\n<td style=\"user-select: text;\" width=\"791\"><span style=\"color: #000000;\"><strong style=\"user-select: text;\">OS IMPASSES DA INTERPRETA\u00c7\u00c3O \u2013 O papel do sil\u00eancio na recep\u00e7\u00e3o da obra po\u00e9tica de Mallarm\u00e9 e da pintura de C\u00e9zanne<\/strong><strong style=\"user-select: text;\"><br style=\"user-select: text;\" \/><\/strong>OLGA DONATA GUERIZOLI KEMPINSKA<strong style=\"user-select: text;\"><br style=\"user-select: text;\" \/><\/strong>Data da defesa: 28\/02\/2008<\/span><br style=\"user-select: text;\" \/><span style=\"color: #000000;\">Banca: Karl Erik Schollhammer<\/span><br style=\"user-select: text;\" \/><span style=\"color: #000000;\">Fernando Augusto da Rocha Rodrigues<\/span><br style=\"user-select: text;\" \/><span style=\"color: #000000;\">Marcelo Jacques de Moraes<\/span><br style=\"user-select: text;\" \/><span style=\"color: #000000;\">Ronaldo Brito Fernandes<\/span><br style=\"user-select: text;\" \/><span style=\"color: #000000;\">Luiz de Fran\u00e7a Costa Lima Filho (presidente e orientador)<\/span><br style=\"user-select: text;\" \/><span style=\"color: #000000;\">Tese em PDF\u00a0\u00a0<span style=\"color: #0000ff;\"><a style=\"color: #0000ff;\" href=\"http:\/\/www2.dbd.puc-rio.br\/pergamum\/biblioteca\/php\/mostrateses.php?open=1&amp;arqtese=0410555_08_Indice.html\">aqui<\/a><\/span><\/span><\/td>\n<\/tr>\n<\/tbody>\n<\/table>\n<h3 style=\"user-select: text;\"><\/h3>\n<h3 style=\"user-select: text;\"><span style=\"color: #000000;\"><u style=\"user-select: text;\">Doutorado 2007<\/u><\/span><\/h3>\n<table style=\"user-select: text;\" width=\"625\">\n<tbody style=\"user-select: text;\">\n<tr style=\"user-select: text;\">\n<td style=\"user-select: text;\" width=\"791\"><span style=\"color: #000000;\"><strong style=\"user-select: text;\">Robert Morris em Estado de Dan\u00e7a<\/strong><strong style=\"user-select: text;\"><br style=\"user-select: text;\" \/><\/strong>PATRICIA LEAL AZEVEDO CORR\u00caA<strong style=\"user-select: text;\"><br style=\"user-select: text;\" \/><\/strong>Data da defesa: 21\/09\/2007<\/span><br style=\"user-select: text;\" \/><span style=\"color: #000000;\">Banca: Eleonora Batista Fabi\u00e3o<\/span><br style=\"user-select: text;\" \/><span style=\"color: #000000;\">Roberto Wagner Pereira<\/span><br style=\"user-select: text;\" \/><span style=\"color: #000000;\">Cec\u00edlia Martins de Mello<\/span><br style=\"user-select: text;\" \/><span style=\"color: #000000;\">Roberto Lu\u00eds Torres Conduru<\/span><br style=\"user-select: text;\" \/><span style=\"color: #000000;\">Ronaldo Brito Fernandes (presidente e orientador)<\/span><br style=\"user-select: text;\" \/><span style=\"color: #000000;\">Tese em PDF\u00a0\u00a0<span style=\"color: #0000ff;\"><a style=\"color: #0000ff;\" href=\"http:\/\/www2.dbd.puc-rio.br\/pergamum\/biblioteca\/php\/mostrateses.php?open=1&amp;arqtese=0310350_07_Indice.html\">aqui<\/a><\/span><\/span><\/td>\n<\/tr>\n<\/tbody>\n<\/table>\n<table style=\"user-select: text;\" width=\"625\">\n<tbody style=\"user-select: text;\">\n<tr style=\"user-select: text;\">\n<td style=\"user-select: text;\" width=\"791\"><span style=\"color: #000000;\"><strong style=\"user-select: text;\">Pensando um continente: a Revista Americana e a cria\u00e7\u00e3o de um projeto cultural para a Am\u00e9rica do Sul.<\/strong><strong style=\"user-select: text;\"><br style=\"user-select: text;\" \/><\/strong>FERNANDO LUIZ VALE CASTRO<strong style=\"user-select: text;\"><br style=\"user-select: text;\" \/><\/strong>Data da defesa: 15\/06\/2007<\/span><br style=\"user-select: text;\" \/><span style=\"color: #000000;\">Banca: Ricardo Henrique Salles<\/span><br style=\"user-select: text;\" \/><span style=\"color: #000000;\">Angela Maria de Castro Gomes<\/span><br style=\"user-select: text;\" \/><span style=\"color: #000000;\">Maria Elisa Noronha de S\u00e1 M\u00e4der<\/span><br style=\"user-select: text;\" \/><span style=\"color: #000000;\">Ilmar Rohloff de Mattos<\/span><br style=\"user-select: text;\" \/><span style=\"color: #000000;\">Marco Antonio Villela Pamplona (presidente e orientador)<\/span><br style=\"user-select: text;\" \/><span style=\"color: #000000;\">Tese em PDF\u00a0\u00a0<span style=\"color: #0000ff;\"><a style=\"color: #0000ff;\" href=\"https:\/\/www.maxwell.vrac.puc-rio.br\/colecao.php?strSecao=resultado&amp;nrSeq=11274@1\">aqui<\/a><\/span><\/span><\/td>\n<\/tr>\n<\/tbody>\n<\/table>\n<h3 style=\"user-select: text;\"><\/h3>\n<h3 style=\"user-select: text;\"><span style=\"color: #000000;\"><u style=\"user-select: text;\">Doutorado 2006<\/u><\/span><\/h3>\n<table style=\"user-select: text;\" width=\"625\">\n<tbody style=\"user-select: text;\">\n<tr style=\"user-select: text;\">\n<td style=\"user-select: text;\" width=\"786\"><span style=\"color: #000000;\"><strong style=\"user-select: text;\">O Futuro Aberto: Jacob Burckhardt, G.W.F. Hegel e o Problema da Continuidade Hist\u00f3rica<\/strong><strong style=\"user-select: text;\"><br style=\"user-select: text;\" \/><\/strong>JANA\u00cdNA PEREIRA DE OLIVEIRA<strong style=\"user-select: text;\"><br style=\"user-select: text;\" \/><\/strong>Data da defesa: 20\/12\/2006<\/span><br style=\"user-select: text;\" \/><span style=\"color: #000000;\">Banca: C\u00e1ssio da Silva Fernandes<\/span><br style=\"user-select: text;\" \/><span style=\"color: #000000;\">James Bastos Ar\u00eaas<\/span><br style=\"user-select: text;\" \/><span style=\"color: #000000;\">Pedro Spinola Pereira Caldas<\/span><br style=\"user-select: text;\" \/><span style=\"color: #000000;\">Antonio Edmilson Martins Rodrigues<\/span><br style=\"user-select: text;\" \/><span style=\"color: #000000;\">Marcelo Gantus Jasmin (presidente e orientador)<\/span><br style=\"user-select: text;\" \/><span style=\"color: #000000;\">Tese em PDF\u00a0\u00a0<span style=\"color: #0000ff;\"><a style=\"color: #0000ff;\" href=\"https:\/\/www.maxwell.vrac.puc-rio.br\/colecao.php?strSecao=resultado&amp;nrSeq=10108@1%20http:\/\/www.maxwell.lambda.ele.puc-rio.br\/Busca_etds.php?strSecao=resultado&amp;nrSeq=10108@2\">aqui<\/a><\/span><\/span><\/td>\n<\/tr>\n<\/tbody>\n<\/table>\n<table style=\"user-select: text;\" width=\"625\">\n<tbody style=\"user-select: text;\">\n<tr style=\"user-select: text;\">\n<td style=\"user-select: text;\" width=\"791\"><span style=\"color: #000000;\"><strong style=\"user-select: text;\">O discurso humanista de Erasmo: uma ret\u00f3rica da interioridade<\/strong><strong style=\"user-select: text;\"><br style=\"user-select: text;\" \/><\/strong>FABRINA MAGALHAES PINTO<strong style=\"user-select: text;\"><br style=\"user-select: text;\" \/><\/strong>Data da defesa: 15\/12\/2006<\/span><br style=\"user-select: text;\" \/><span style=\"color: #000000;\">Banca Francisco Jose Calazans Falcon<\/span><br style=\"user-select: text;\" \/><span style=\"color: #000000;\">Maria das Gra\u00e7as de Souza<\/span><br style=\"user-select: text;\" \/><span style=\"color: #000000;\">Danilo Marcondes de Souza Filho<\/span><br style=\"user-select: text;\" \/><span style=\"color: #000000;\">S\u00e9rgio Cardoso: <\/span><br style=\"user-select: text;\" \/><span style=\"color: #000000;\">Antonio Edmilson Martins Rodrigues (presidente e orientador)<\/span><br style=\"user-select: text;\" \/><span style=\"color: #000000;\">Tese em PDF\u00a0\u00a0<a style=\"color: #000000;\" href=\"http:\/\/www2.dbd.puc-rio.br\/pergamum\/biblioteca\/php\/mostrateses.php?open=1&amp;arqtese=0210209_06_Indice.html\">aqui<\/a><\/span><\/td>\n<\/tr>\n<\/tbody>\n<\/table>\n<table style=\"user-select: text;\" width=\"625\">\n<tbody style=\"user-select: text;\">\n<tr style=\"user-select: text;\">\n<td style=\"user-select: text;\" width=\"791\"><span style=\"color: #000000;\"><strong style=\"user-select: text;\">Yves Klein, Andy Warhol e Joseph Beuys: lugares de melancolia<\/strong><strong style=\"user-select: text;\"><br style=\"user-select: text;\" \/><\/strong>FERNANDA LOPES TORRES<strong style=\"user-select: text;\"><br style=\"user-select: text;\" \/><\/strong>Data da defesa: 07\/12\/2006<\/span><br style=\"user-select: text;\" \/><span style=\"color: #000000;\">Banca: Luiz Camillo Dolabella Portella Osorio de Almeida<\/span><br style=\"user-select: text;\" \/><span style=\"color: #000000;\">Rodrigo Figueira Naves<\/span><br style=\"user-select: text;\" \/><span style=\"color: #000000;\">Jose Thomaz Almeida Brum Duarte<\/span><br style=\"user-select: text;\" \/><span style=\"color: #000000;\">Sheila Cabo Geraldo<\/span><br style=\"user-select: text;\" \/><span style=\"color: #000000;\">Ronaldo Brito Fernandes (presidente e orientador)<\/span><br style=\"user-select: text;\" \/><span style=\"color: #000000;\">Tese em PDF\u00a0\u00a0<span style=\"color: #0000ff;\"><a style=\"color: #0000ff;\" href=\"https:\/\/www.maxwell.vrac.puc-rio.br\/colecao.php?strSecao=resultado&amp;nrSeq=10053@1%20http:\/\/www.maxwell.lambda.ele.puc-rio.br\/Busca_etds.php?strSecao=resultado&amp;nrSeq=10053@2\">aqui<\/a><\/span><\/span><\/td>\n<\/tr>\n<\/tbody>\n<\/table>\n<table style=\"user-select: text;\" width=\"625\">\n<tbody style=\"user-select: text;\">\n<tr style=\"user-select: text;\">\n<td style=\"user-select: text;\" width=\"791\"><span style=\"color: #000000;\"><strong style=\"user-select: text;\">A constru\u00e7\u00e3o do corpo em Pablo Picasso e Marcel Duchamp<\/strong><strong style=\"user-select: text;\"><br style=\"user-select: text;\" \/><\/strong>CARMEN S\u00cdLVIA MAIA DE PAIVA<strong style=\"user-select: text;\"><br style=\"user-select: text;\" \/><\/strong>Data da defesa: 12\/07\/2006<\/span><br style=\"user-select: text;\" \/><span style=\"color: #000000;\">Banca: Benilton Carlos Bezerra Junior<\/span><br style=\"user-select: text;\" \/><span style=\"color: #000000;\">Luiz Fernando Franco<\/span><br style=\"user-select: text;\" \/><span style=\"color: #000000;\">Ronaldo Brito Fernandes<\/span><br style=\"user-select: text;\" \/><span style=\"color: #000000;\">Sheila Cabo Geraldo<\/span><br style=\"user-select: text;\" \/><span style=\"color: #000000;\">Joao Masao Kamita (presidente e orientador)<\/span><br style=\"user-select: text;\" \/><span style=\"color: #000000;\">Tese em PDF\u00a0\u00a0<span style=\"color: #0000ff;\"><a style=\"color: #0000ff;\" href=\"http:\/\/www2.dbd.puc-rio.br\/pergamum\/biblioteca\/php\/mostrateses.php?open=1&amp;arqtese=0210221_06_Indice.html\">aqui<\/a><\/span><\/span><\/td>\n<\/tr>\n<\/tbody>\n<\/table>\n<table style=\"user-select: text;\" width=\"625\">\n<tbody style=\"user-select: text;\">\n<tr style=\"user-select: text;\">\n<td style=\"user-select: text;\" width=\"791\"><span style=\"color: #000000;\"><strong style=\"user-select: text;\">SETH: Um Cap\u00edtulo Singular na Caricatura Brasileira<\/strong><strong style=\"user-select: text;\"><br style=\"user-select: text;\" \/><\/strong>LUCIO PICAN\u00c7O MURUCI<strong style=\"user-select: text;\"><br style=\"user-select: text;\" \/><\/strong>Data da defesa: 29\/06\/2006<\/span><br style=\"user-select: text;\" \/><span style=\"color: #000000;\">Banca: Laura Moutinho Nery<\/span><br style=\"user-select: text;\" \/><span style=\"color: #000000;\">Francisco Jose Calazans Falcon<\/span><br style=\"user-select: text;\" \/><span style=\"color: #000000;\">Aluizio Alves Filho<\/span><br style=\"user-select: text;\" \/><span style=\"color: #000000;\">Jose Mauricio Saldanha Alvarez<\/span><br style=\"user-select: text;\" \/><span style=\"color: #000000;\">Antonio Edmilson Martins Rodrigues (presidente e orientador)<\/span><br style=\"user-select: text;\" \/><span style=\"color: #000000;\">Tese em PDF\u00a0\u00a0<span style=\"color: #0000ff;\"><a style=\"color: #0000ff;\" href=\"http:\/\/www2.dbd.puc-rio.br\/pergamum\/biblioteca\/php\/mostrateses.php?open=1&amp;arqtese=0210223_2006_Indice.html\">aqui<\/a><\/span><\/span><\/td>\n<\/tr>\n<\/tbody>\n<\/table>\n<table style=\"user-select: text;\" width=\"625\">\n<tbody style=\"user-select: text;\">\n<tr style=\"user-select: text;\">\n<td style=\"user-select: text;\" width=\"791\"><span style=\"color: #000000;\"><strong style=\"user-select: text;\">Estudos para Teatrologia: considera\u00e7\u00f5es sobre Die Geburt der Trag\u00f6die, de Friedrich Nietzsche<\/strong><strong style=\"user-select: text;\"><br style=\"user-select: text;\" \/><\/strong>SILVIA MARIA KUTCHMA FORMIGA<strong style=\"user-select: text;\"><br style=\"user-select: text;\" \/><\/strong>Data da defesa: 02\/06\/2006<\/span><br style=\"user-select: text;\" \/><span style=\"color: #000000;\">Banca: Ronaldo Brito Fernandes<\/span><br style=\"user-select: text;\" \/><span style=\"color: #000000;\">Fernando Augusto da Rocha Rodrigues<\/span><br style=\"user-select: text;\" \/><span style=\"color: #000000;\">Fl\u00e1via Maria Schlee Eyler<\/span><br style=\"user-select: text;\" \/><span style=\"color: #000000;\">Francisco Murari Pires<\/span><br style=\"user-select: text;\" \/><span style=\"color: #000000;\">Luiz de Fran\u00e7a Costa Lima Filho (presidente e orientador)<\/span><br style=\"user-select: text;\" \/><span style=\"color: #000000;\">Tese em PDF\u00a0\u00a0<span style=\"color: #0000ff;\"><a style=\"color: #0000ff;\" href=\"http:\/\/www2.dbd.puc-rio.br\/pergamum\/biblioteca\/php\/mostrateses.php?open=1&amp;arqtese=0210224_06_Indice.html\">aqui<\/a><\/span><\/span><\/td>\n<\/tr>\n<\/tbody>\n<\/table>\n<table style=\"user-select: text;\" width=\"625\">\n<tbody style=\"user-select: text;\">\n<tr style=\"user-select: text;\">\n<td style=\"user-select: text;\" width=\"791\"><span style=\"color: #000000;\"><strong style=\"user-select: text;\">A caricatura, microcosmo da quest\u00e3o da arte na modernidade<\/strong><strong style=\"user-select: text;\"><br style=\"user-select: text;\" \/><\/strong>LAURA MOUTINHO NERY<strong style=\"user-select: text;\"><br style=\"user-select: text;\" \/><\/strong>Data da defesa: 10\/03\/2006<\/span><br style=\"user-select: text;\" \/><span style=\"color: #000000;\">Banca: <\/span><br style=\"user-select: text;\" \/><span style=\"color: #000000;\">Marco Garaude Giannotti<\/span><br style=\"user-select: text;\" \/><span style=\"color: #000000;\">Antonio Edmilson Martins Rodrigues<\/span><br style=\"user-select: text;\" \/><span style=\"color: #000000;\">Vera L\u00facia de Oliveira Lins<\/span><br style=\"user-select: text;\" \/><span style=\"color: #000000;\">Ricardo Augusto Benzaquen de Araujo Luiz de Fran\u00e7a Costa Lima Filho (presidente e orientador)<\/span><br style=\"user-select: text;\" \/><span style=\"color: #000000;\">Tese em PDF\u00a0\u00a0<span style=\"color: #0000ff;\"><a style=\"color: #0000ff;\" href=\"http:\/\/www2.dbd.puc-rio.br\/pergamum\/biblioteca\/php\/mostrateses.php?open=1&amp;arqtese=0115388_06_Indice.html\">aqui<\/a><\/span><\/span><\/td>\n<\/tr>\n<\/tbody>\n<\/table>\n<h3 style=\"user-select: text;\"><\/h3>\n<h3 style=\"user-select: text;\"><span style=\"color: #000000;\"><u style=\"user-select: text;\">Doutorado 2005<\/u><\/span><\/h3>\n<table style=\"user-select: text;\" width=\"625\">\n<tbody style=\"user-select: text;\">\n<tr style=\"user-select: text;\">\n<td style=\"user-select: text;\" width=\"791\"><span style=\"color: #000000;\"><strong style=\"user-select: text;\">Os filhos das brenhas e o Imp\u00e9rio do Brasil: a etnografia do Instituto Hist\u00f3rico e Geogr\u00e1fico do Brasil (1840-1860)<\/strong><strong style=\"user-select: text;\"><br style=\"user-select: text;\" \/><\/strong>KAORI KODAMA<strong style=\"user-select: text;\"><br style=\"user-select: text;\" \/><\/strong>Data da defesa: 15\/12\/2005<\/span><br style=\"user-select: text;\" \/><span style=\"color: #000000;\">Banca: Manoel Luiz Lima Salgado Guimar\u00e3es<\/span><br style=\"user-select: text;\" \/><span style=\"color: #000000;\">Tem\u00edstocles Am\u00e9rico Corr\u00eaa Cezar<\/span><br style=\"user-select: text;\" \/><span style=\"color: #000000;\">Ivana Stolze Lima<\/span><br style=\"user-select: text;\" \/><span style=\"color: #000000;\">Robert Wegner<\/span><br style=\"user-select: text;\" \/><span style=\"color: #000000;\">Ilmar Rohloff de Mattos\u00a0(presidente e orientador)<\/span><br style=\"user-select: text;\" \/><span style=\"color: #000000;\">Tese em PDF\u00a0\u00a0<span style=\"color: #0000ff;\"><a style=\"color: #0000ff;\" href=\"https:\/\/www.maxwell.vrac.puc-rio.br\/colecao.php?strSecao=resultado&amp;nrSeq=8000@1\">aqui<\/a><\/span><\/span><\/td>\n<\/tr>\n<\/tbody>\n<\/table>\n<table style=\"user-select: text;\" width=\"625\">\n<tbody style=\"user-select: text;\">\n<tr style=\"user-select: text;\">\n<td style=\"user-select: text;\" width=\"791\"><span style=\"color: #000000;\"><strong style=\"user-select: text;\">Forma transitiva \u2013 po\u00e9tica de Paul Klee e Mira Schendel.<\/strong><strong style=\"user-select: text;\"><br style=\"user-select: text;\" \/><\/strong>MARIA BEATRIZ DA ROCHA LAG\u00d4A<strong style=\"user-select: text;\"><br style=\"user-select: text;\" \/><\/strong>Data da defesa: 15\/09\/2005<\/span><br style=\"user-select: text;\" \/><span style=\"color: #000000;\">Banca: Maria da Gl\u00f3ria Araujo Ferreira<\/span><br style=\"user-select: text;\" \/><span style=\"color: #000000;\">Paulo Venancio Filho<\/span><br style=\"user-select: text;\" \/><span style=\"color: #000000;\">Joao Masao Kamita<\/span><br style=\"user-select: text;\" \/><span style=\"color: #000000;\">Jose Thomaz Almeida Brum Duarte<\/span><br style=\"user-select: text;\" \/><span style=\"color: #000000;\">Cec\u00edlia Cotrim Martins de Mello (presidente e orientador)<\/span><br style=\"user-select: text;\" \/><span style=\"color: #000000;\">Tese em PDF\u00a0\u00a0<span style=\"color: #0000ff;\"><a style=\"color: #0000ff;\" href=\"https:\/\/www.maxwell.vrac.puc-rio.br\/colecao.php?strSecao=resultado&amp;nrSeq=7671@1\">aqui<\/a><\/span><\/span><\/td>\n<\/tr>\n<\/tbody>\n<\/table>\n<table style=\"user-select: text;\" width=\"625\">\n<tbody style=\"user-select: text;\">\n<tr style=\"user-select: text;\">\n<td style=\"user-select: text;\" width=\"791\"><span style=\"color: #000000;\"><strong style=\"user-select: text;\">O FUTURO POR HERAN\u00c7A. Hist\u00f3ria e cultura na proposta reformista de Ant\u00f4nio S\u00e9rgio<\/strong><strong style=\"user-select: text;\"><br style=\"user-select: text;\" \/><\/strong>ANA LUIZA MARQUES<strong style=\"user-select: text;\"><br style=\"user-select: text;\" \/><\/strong>Data da defesa: 26\/08\/2005<\/span><br style=\"user-select: text;\" \/><span style=\"color: #000000;\">Banca: Vera Cristina Goncalves de Andrade Bueno<\/span><br style=\"user-select: text;\" \/><span style=\"color: #000000;\">Francisco Jose Calazans Falcon<\/span><br style=\"user-select: text;\" \/><span style=\"color: #000000;\">Marcus Alexandre Motta<\/span><br style=\"user-select: text;\" \/><span style=\"color: #000000;\">Ricardo Augusto Benzaquen de Araujo<\/span><br style=\"user-select: text;\" \/><span style=\"color: #000000;\">Jos\u00e9 Carlos Barcellos<\/span><br style=\"user-select: text;\" \/><span style=\"color: #000000;\">Antonio Edmilson Martins Rodrigues (presidente e orientador)<\/span><br style=\"user-select: text;\" \/><span style=\"color: #000000;\">Tese em PDF\u00a0\u00a0<span style=\"color: #0000ff;\"><a style=\"color: #0000ff;\" href=\"http:\/\/www2.dbd.puc-rio.br\/pergamum\/biblioteca\/php\/mostrateses.php?open=1&amp;arqtese=0115385_05_Indice.html\">aqui<\/a><\/span><\/span><\/td>\n<\/tr>\n<\/tbody>\n<\/table>\n<table style=\"user-select: text;\" width=\"625\">\n<tbody style=\"user-select: text;\">\n<tr style=\"user-select: text;\">\n<td style=\"user-select: text;\" width=\"791\"><span style=\"color: #000000;\"><strong style=\"user-select: text;\">Richard Serra: G\u00eanese e Contexto<\/strong><strong style=\"user-select: text;\"><br style=\"user-select: text;\" \/><\/strong>RENATA CAMARGO S\u00c1<strong style=\"user-select: text;\"><br style=\"user-select: text;\" \/><\/strong>Data da defesa: 29\/07\/2005<\/span><br style=\"user-select: text;\" \/><span style=\"color: #000000;\">Banca: Lorenzo Mammi<\/span><br style=\"user-select: text;\" \/><span style=\"color: #000000;\">Cec\u00edlia Martins de Mello<\/span><br style=\"user-select: text;\" \/><span style=\"color: #000000;\">Roberto Lu\u00eds Torres Conduru<\/span><br style=\"user-select: text;\" \/><span style=\"color: #000000;\">S\u00e9rgio Ant\u00f4nio C\u00e2mara<\/span><br style=\"user-select: text;\" \/><span style=\"color: #000000;\">Joao Masao Kamita (presidente e orientador)<\/span><br style=\"user-select: text;\" \/><span style=\"color: #000000;\">Tese em PDF\u00a0\u00a0<span style=\"color: #0000ff;\"><a style=\"color: #0000ff;\" href=\"http:\/\/www2.dbd.puc-rio.br\/pergamum\/biblioteca\/php\/mostrateses.php?open=1&amp;arqtese=0016014_05_Indice.html\">aqui<\/a><\/span><\/span><\/td>\n<\/tr>\n<\/tbody>\n<\/table>\n<table style=\"user-select: text;\" width=\"625\">\n<tbody style=\"user-select: text;\">\n<tr style=\"user-select: text;\">\n<td style=\"user-select: text;\" width=\"791\"><span style=\"color: #000000;\"><strong style=\"user-select: text;\">Carradas de raz\u00f5es: Lucio Costa e a arquitetura moderna brasileira (1924-1951)<\/strong><strong style=\"user-select: text;\"><br style=\"user-select: text;\" \/><\/strong>OTAVIO LEONIDIO RIBEIRO<strong style=\"user-select: text;\"><br style=\"user-select: text;\" \/><\/strong>Data da defesa: 08\/04\/2005<\/span><br style=\"user-select: text;\" \/><span style=\"color: #000000;\">Banca: Luiz de Fran\u00e7a Costa Lima Filho<\/span><br style=\"user-select: text;\" \/><span style=\"color: #000000;\">Carlos Alberto Ferreira Martins<\/span><br style=\"user-select: text;\" \/><span style=\"color: #000000;\">Otilia Beatriz Fiori Arantes<\/span><br style=\"user-select: text;\" \/><span style=\"color: #000000;\">Ronaldo Brito Fernandes<\/span><br style=\"user-select: text;\" \/><span style=\"color: #000000;\">Joao Masao Kamita (presidente e orientador)<\/span><br style=\"user-select: text;\" \/><span style=\"color: #000000;\">Tese em PDF\u00a0\u00a0<span style=\"color: #0000ff;\"><a style=\"color: #0000ff;\" href=\"http:\/\/www2.dbd.puc-rio.br\/pergamum\/biblioteca\/php\/mostrateses.php?open=1&amp;arqtese=0115390_05_Indice.html\">aqui<\/a><\/span><\/span><\/td>\n<\/tr>\n<\/tbody>\n<\/table>\n<table style=\"user-select: text;\" width=\"625\">\n<tbody style=\"user-select: text;\">\n<tr style=\"user-select: text;\">\n<td style=\"user-select: text;\" width=\"791\"><span style=\"color: #000000;\"><strong style=\"user-select: text;\">Constru\u00e7\u00f5es de Paulo Ferreira Santos. A funda\u00e7\u00e3o de uma historiografia da Arquitetura e do Urbanismo no Brasil<\/strong><strong style=\"user-select: text;\"><br style=\"user-select: text;\" \/><\/strong>MARIA LIGIA FORTES SANCHES<strong style=\"user-select: text;\"><br style=\"user-select: text;\" \/><\/strong>Data da defesa: 08\/03\/2005<\/span><br style=\"user-select: text;\" \/><span style=\"color: #000000;\">Banca: Elizabete Rodrigues de Campos Martins<\/span><br style=\"user-select: text;\" \/><span style=\"color: #000000;\">Francisco Jose Calazans Falcon<\/span><br style=\"user-select: text;\" \/><span style=\"color: #000000;\">Hugo Massaki Segawa<\/span><br style=\"user-select: text;\" \/><span style=\"color: #000000;\">Antonio Edmilson Martins Rodrigues<\/span><br style=\"user-select: text;\" \/><span style=\"color: #000000;\">Joao Masao Kamita (presidente e orientador)<\/span><br style=\"user-select: text;\" \/><span style=\"color: #000000;\">Tese em PDF\u00a0\u00a0<span style=\"color: #0000ff;\"><a style=\"color: #0000ff;\" href=\"http:\/\/www2.dbd.puc-rio.br\/pergamum\/biblioteca\/php\/mostrateses.php?open=1&amp;arqtese=0016012_05_Indice.html\">aqui<\/a><\/span><\/span><\/td>\n<\/tr>\n<\/tbody>\n<\/table>\n<table style=\"user-select: text;\" width=\"625\">\n<tbody style=\"user-select: text;\">\n<tr style=\"user-select: text;\">\n<td style=\"user-select: text;\" width=\"791\"><span style=\"color: #000000;\"><strong style=\"user-select: text;\">Nietzsche ou todos os nomes da hist\u00f3ria<\/strong><strong style=\"user-select: text;\"><br style=\"user-select: text;\" \/><\/strong>S\u00c9RGIO ANT\u00d4NIO C\u00c2MARA<strong style=\"user-select: text;\"><br style=\"user-select: text;\" \/><\/strong>Data da defesa: 03\/02\/2005<\/span><br style=\"user-select: text;\" \/><span style=\"color: #000000;\">Banca: Karl Erik Schollhammer<\/span><br style=\"user-select: text;\" \/><span style=\"color: #000000;\">Cesar Augusto Coelho Guimar\u00e3es<\/span><br style=\"user-select: text;\" \/><span style=\"color: #000000;\">Ol\u00edmpio Jos\u00e9 Pimenta Neto<\/span><br style=\"user-select: text;\" \/><span style=\"color: #000000;\">Ricardo Augusto Benzaquen de Araujo<\/span><br style=\"user-select: text;\" \/><span style=\"color: #000000;\">Berenice de Oliveira Cavalcante (presidente e orientador)<\/span><br style=\"user-select: text;\" \/><span style=\"color: #000000;\">Tese em PDF\u00a0\u00a0<span style=\"color: #0000ff;\"><a style=\"color: #0000ff;\" href=\"http:\/\/www2.dbd.puc-rio.br\/pergamum\/biblioteca\/php\/mostrateses.php?open=1&amp;arqtese=0016016_05_Indice.html\">aqui<\/a><\/span><\/span><\/td>\n<\/tr>\n<\/tbody>\n<\/table>\n<h3 style=\"user-select: text;\"><\/h3>\n<h3 style=\"user-select: text;\"><span style=\"color: #000000;\"><u style=\"user-select: text;\">Doutorado 2004<\/u><\/span><\/h3>\n<table style=\"user-select: text;\" width=\"625\">\n<tbody style=\"user-select: text;\">\n<tr style=\"user-select: text;\">\n<td style=\"user-select: text;\" width=\"791\"><span style=\"color: #000000;\"><strong style=\"user-select: text;\">Com o Arado do Pensamento: a cultura democr\u00e1tica e cient\u00edfica da d\u00e9cada de 1880 no Rio de Janeiro<\/strong><strong style=\"user-select: text;\"><br style=\"user-select: text;\" \/><\/strong>MARIA TEREZA CHAVES DE MELLO<strong style=\"user-select: text;\"><br style=\"user-select: text;\" \/><\/strong>Data da defesa: 22\/10\/2004<\/span><br style=\"user-select: text;\" \/><span style=\"color: #000000;\">Banca: Eduardo Silva<\/span><br style=\"user-select: text;\" \/><span style=\"color: #000000;\">Marco Antonio Villela Pamplona<\/span><br style=\"user-select: text;\" \/><span style=\"color: #000000;\">Margarida de Souza Neves<\/span><br style=\"user-select: text;\" \/><span style=\"color: #000000;\">Ricardo Henrique Salles<\/span><br style=\"user-select: text;\" \/><span style=\"color: #000000;\">Ilmar Rohloff de Mattos (presidente e orientador)<\/span><br style=\"user-select: text;\" \/><span style=\"color: #000000;\">Tese em PDF\u00a0\u00a0<span style=\"color: #0000ff;\"><a style=\"color: #0000ff;\" href=\"http:\/\/www2.dbd.puc-rio.br\/pergamum\/biblioteca\/php\/mostrateses.php?open=1&amp;arqtese=0016013_04_Indice.html\">aqui<\/a><\/span><\/span><\/td>\n<\/tr>\n<\/tbody>\n<\/table>\n<table style=\"user-select: text;\" width=\"625\">\n<tbody style=\"user-select: text;\">\n<tr style=\"user-select: text;\">\n<td style=\"user-select: text;\" width=\"791\"><span style=\"color: #000000;\"><strong style=\"user-select: text;\">A Constru\u00e7\u00e3o de um Mundo \u2013 Ra\u00edzes Germ\u00e2nicas e Judaicas na Hist\u00f3ria Liter\u00e1ria de Erich Auerbach<\/strong><strong style=\"user-select: text;\"><br style=\"user-select: text;\" \/><\/strong>BEATRIZ CEPELOWICZ LESSA<strong style=\"user-select: text;\"><br style=\"user-select: text;\" \/><\/strong>Data da defesa: 29\/04\/2004<\/span><br style=\"user-select: text;\" \/><span style=\"color: #000000;\">Banca: Karl Erik Schollhammer<\/span><br style=\"user-select: text;\" \/><span style=\"color: #000000;\">Leopoldo Garcia Pinto Waizbort<\/span><br style=\"user-select: text;\" \/><span style=\"color: #000000;\">Vera L\u00facia de Oliveira Lins<\/span><br style=\"user-select: text;\" \/><span style=\"color: #000000;\">Ricardo Augusto Benzaquen de Araujo<\/span><br style=\"user-select: text;\" \/><span style=\"color: #000000;\">Luiz de Fran\u00e7a Costa Lima Filho (presidente e orientador)<\/span><br style=\"user-select: text;\" \/><span style=\"color: #000000;\">Tese em PDF\u00a0\u00a0<span style=\"color: #0000ff;\"><a style=\"color: #0000ff;\" href=\"https:\/\/www.maxwell.vrac.puc-rio.br\/colecao.php?strSecao=resultado&amp;nrSeq=5186@1\">aqui<\/a><\/span><\/span><\/td>\n<\/tr>\n<\/tbody>\n<\/table>\n<table style=\"user-select: text;\" width=\"625\">\n<tbody style=\"user-select: text;\">\n<tr style=\"user-select: text;\">\n<td style=\"user-select: text;\" width=\"791\"><span style=\"color: #000000;\"><strong style=\"user-select: text;\">QUE SIGNIFICA PENSAR HISTORICAMENTE: Uma interpreta\u00e7\u00e3o da teoria da hist\u00f3ria de Johann Gustav Droysen<\/strong><strong style=\"user-select: text;\"><br style=\"user-select: text;\" \/><\/strong>PEDRO SPINOLA PEREIRA CALDAS<strong style=\"user-select: text;\"><br style=\"user-select: text;\" \/><\/strong>Data da defesa: 02\/04\/2004<\/span><br style=\"user-select: text;\" \/><span style=\"color: #000000;\">Banca: Manoel Luiz Lima Salgado Guimar\u00e3es<\/span><br style=\"user-select: text;\" \/><span style=\"color: #000000;\">Virg\u00ednia Maria Gomes de Mattos Fontes<\/span><br style=\"user-select: text;\" \/><span style=\"color: #000000;\">Ricardo Augusto Benzaquen de Araujo<\/span><br style=\"user-select: text;\" \/><span style=\"color: #000000;\">Luiz de Fran\u00e7a Costa Lima Filho (presidente e orientador)<\/span><br style=\"user-select: text;\" \/><span style=\"color: #000000;\">Tese em PDF\u00a0\u00a0<span style=\"color: #0000ff;\"><a style=\"color: #0000ff;\" href=\"http:\/\/www2.dbd.puc-rio.br\/pergamum\/biblioteca\/php\/mostrateses.php?open=1&amp;arqtese=0016015_04_Indice.html\">aqui<\/a><\/span><\/span><\/td>\n<\/tr>\n<\/tbody>\n<\/table>\n<table style=\"user-select: text;\" width=\"625\">\n<tbody style=\"user-select: text;\">\n<tr style=\"user-select: text;\">\n<td style=\"user-select: text;\" width=\"791\"><span style=\"color: #000000;\"><strong style=\"user-select: text;\">O modernismo paradoxal de M\u00e1rio de Andrade<\/strong><strong style=\"user-select: text;\"><br style=\"user-select: text;\" \/><\/strong>JACKSON DE CARVALHO SAMPAIO<strong style=\"user-select: text;\"><br style=\"user-select: text;\" \/><\/strong>Data da defesa: 16\/02\/2004<\/span><br style=\"user-select: text;\" \/><span style=\"color: #000000;\">Banca: Eduardo Jardim de Moraes<\/span><br style=\"user-select: text;\" \/><span style=\"color: #000000;\">Cesar Augusto Coelho Guimar\u00e3es<\/span><br style=\"user-select: text;\" \/><span style=\"color: #000000;\">Monica Pimenta Velloso<\/span><br style=\"user-select: text;\" \/><span style=\"color: #000000;\">Julio Cesar Vallad\u00e3o Diniz<\/span><br style=\"user-select: text;\" \/><span style=\"color: #000000;\">Berenice de Oliveira Cavalcante (presidente e orientador)<\/span><br style=\"user-select: text;\" \/><span style=\"color: #000000;\">Tese em PDF\u00a0\u00a0<span style=\"color: #0000ff;\"><a style=\"color: #0000ff;\" href=\"http:\/\/www2.dbd.puc-rio.br\/pergamum\/biblioteca\/php\/mostrateses.php?open=1&amp;arqtese=9916157_04_Indice.html\">aqui<\/a><\/span><\/span><\/td>\n<\/tr>\n<\/tbody>\n<\/table>\n<h3 style=\"user-select: text;\"><\/h3>\n<h3 style=\"user-select: text;\"><span style=\"color: #000000;\"><u style=\"user-select: text;\">Doutorado 2003<\/u><\/span><\/h3>\n<table style=\"user-select: text;\" width=\"625\">\n<tbody style=\"user-select: text;\">\n<tr style=\"user-select: text;\">\n<td style=\"user-select: text;\" width=\"791\"><span style=\"color: #000000;\"><strong style=\"user-select: text;\">O Estado de Coisas no Brasil. Tr\u00eas imagens da desordem nos s\u00e9culos XVI e XVII<\/strong><strong style=\"user-select: text;\"><br style=\"user-select: text;\" \/><\/strong>M\u00c1RCIA DE PAIVA<strong style=\"user-select: text;\"><br style=\"user-select: text;\" \/><\/strong>Data da defesa: 19\/12\/2003<\/span><br style=\"user-select: text;\" \/><span style=\"color: #000000;\">Banca: Luciano Raposo de Almeida Figueiredo<\/span><br style=\"user-select: text;\" \/><span style=\"color: #000000;\">Ilmar Rohloff de Mattos<\/span><br style=\"user-select: text;\" \/><span style=\"color: #000000;\">Antonio Edmilson Martins Rodrigues<\/span><br style=\"user-select: text;\" \/><span style=\"color: #000000;\">Ronaldo Vainfas<\/span><br style=\"user-select: text;\" \/><span style=\"color: #000000;\">Francisco Jose Calazans Falcon (presidente e orientador)<\/span><br style=\"user-select: text;\" \/><span style=\"color: #000000;\">Tese em PDF\u00a0\u00a0<span style=\"color: #0000ff;\"><a style=\"color: #0000ff;\" href=\"https:\/\/www.maxwell.vrac.puc-rio.br\/colecao.php?strSecao=resultado&amp;nrSeq=8275@1%20http:\/\/www.maxwell.lambda.ele.puc-rio.br\/Busca_etds.php?strSecao=resultado&amp;nrSeq=8275@2\">aqui<\/a><\/span><\/span><\/td>\n<\/tr>\n<\/tbody>\n<\/table>\n<table style=\"user-select: text;\" width=\"625\">\n<tbody style=\"user-select: text;\">\n<tr style=\"user-select: text;\">\n<td style=\"user-select: text;\" width=\"791\"><span style=\"color: #000000;\"><strong style=\"user-select: text;\">COMO EXPLICAR ARTE \u00c0 LEBRES MORTAS? Estrat\u00e9gias da arte no segundo p\u00f3s-guerra: Tony Smith, Frank Stella, Donald Judd, Grupo Fluxus, Joseph Beuys e Andy Warhol.<\/strong><strong style=\"user-select: text;\"><br style=\"user-select: text;\" \/><\/strong>CHRISTINA ELIZA BACH<strong style=\"user-select: text;\"><br style=\"user-select: text;\" \/><\/strong>Data da defesa: 14\/11\/2003<\/span><br style=\"user-select: text;\" \/><span style=\"color: #000000;\">Banca: Vera Beatriz Cordeiro Siqueira<\/span><br style=\"user-select: text;\" \/><span style=\"color: #000000;\">Joao Masao Kamita<\/span><br style=\"user-select: text;\" \/><span style=\"color: #000000;\">Roberto Lu\u00eds Torres Conduru<\/span><br style=\"user-select: text;\" \/><span style=\"color: #000000;\">S\u00f4nia Salzstein Goldberg<\/span><br style=\"user-select: text;\" \/><span style=\"color: #000000;\">Ronaldo Brito Fernandes (presidente e orientador)<\/span><br style=\"user-select: text;\" \/><span style=\"color: #000000;\">Tese em PDF\u00a0\u00a0<span style=\"color: #0000ff;\"><a style=\"color: #0000ff;\" href=\"https:\/\/www.maxwell.vrac.puc-rio.br\/colecao.php?strSecao=resultado&amp;nrSeq=8277@1\">aqui<\/a><\/span><\/span><\/td>\n<\/tr>\n<\/tbody>\n<\/table>\n<table style=\"user-select: text;\" width=\"625\">\n<tbody style=\"user-select: text;\">\n<tr style=\"user-select: text;\">\n<td style=\"user-select: text;\" width=\"791\"><span style=\"color: #000000;\"><strong style=\"user-select: text;\">Arquitetura da arte: o paradoxo nos museus de arte moderna<\/strong><strong style=\"user-select: text;\"><br style=\"user-select: text;\" \/><\/strong>MARIA CRISTINA NASCENTES CABRAL<strong style=\"user-select: text;\"><br style=\"user-select: text;\" \/><\/strong>Data da defesa: 13\/11\/2003<\/span><br style=\"user-select: text;\" \/><span style=\"color: #000000;\">Banca: Vera Beatriz Cordeiro Siqueira<\/span><br style=\"user-select: text;\" \/><span style=\"color: #000000;\">Maria Cec\u00edlia Fran\u00e7a Louren\u00e7o<\/span><br style=\"user-select: text;\" \/><span style=\"color: #000000;\">Renato Luiz Sobral Anelli<\/span><br style=\"user-select: text;\" \/><span style=\"color: #000000;\">Roberto Lu\u00eds Torres Conduru<\/span><br style=\"user-select: text;\" \/><span style=\"color: #000000;\">Antonio Edmilson Martins Rodrigues (orientador)<\/span><br style=\"user-select: text;\" \/><span style=\"color: #000000;\">Joao Masao Kamita (presidente)<\/span><br style=\"user-select: text;\" \/><span style=\"color: #000000;\">Tese em PDF\u00a0\u00a0<span style=\"color: #0000ff;\"><a style=\"color: #0000ff;\" href=\"https:\/\/www.maxwell.vrac.puc-rio.br\/colecao.php?strSecao=resultado&amp;nrSeq=5106@1%20http:\/\/www.maxwell.lambda.ele.puc-rio.br\/Busca_etds.php?strSecao=resultado&amp;nrSeq=5106@3\">aqui<\/a><\/span><\/span><\/td>\n<\/tr>\n<\/tbody>\n<\/table>\n<table style=\"user-select: text;\" width=\"625\">\n<tbody style=\"user-select: text;\">\n<tr style=\"user-select: text;\">\n<td style=\"user-select: text;\" width=\"791\"><span style=\"color: #000000;\"><strong style=\"user-select: text;\">A Revista Brasileira: a vulgariza\u00e7\u00e3o cient\u00edfica e constru\u00e7\u00e3o da identidade nacional na passagem da Monarquia para a Rep\u00fablica<\/strong><strong style=\"user-select: text;\"><br style=\"user-select: text;\" \/><\/strong>MOEMA DE REZENDE VERGARA<strong style=\"user-select: text;\"><br style=\"user-select: text;\" \/><\/strong>Data da defesa: 12\/08\/2003<\/span><br style=\"user-select: text;\" \/><span style=\"color: #000000;\">Banca: Carlos Ziller Camenietzki<\/span><br style=\"user-select: text;\" \/><span style=\"color: #000000;\">Maria Margaret Lopes<\/span><br style=\"user-select: text;\" \/><span style=\"color: #000000;\">Ilmar Rohloff de Mattos<\/span><br style=\"user-select: text;\" \/><span style=\"color: #000000;\">Marco Antonio Villela Pamplona (presidente e orientador)<\/span><br style=\"user-select: text;\" \/><span style=\"color: #000000;\">Tese em PDF\u00a0\u00a0<span style=\"color: #0000ff;\"><a style=\"color: #0000ff;\" href=\"http:\/\/www2.dbd.puc-rio.br\/pergamum\/biblioteca\/php\/mostrateses.php?open=1&amp;arqtese=9916162_03_Indice.html\">aqui<\/a><\/span><\/span><\/td>\n<\/tr>\n<\/tbody>\n<\/table>\n<table style=\"user-select: text;\" width=\"625\">\n<tbody style=\"user-select: text;\">\n<tr style=\"user-select: text;\">\n<td style=\"user-select: text;\" width=\"791\"><span style=\"color: #000000;\"><strong style=\"user-select: text;\">Perip\u00e9cias do moderno em Latino America. Di\u00e1logos entre Brasil e Argentina; anos 1920-1940<\/strong><strong style=\"user-select: text;\"><br style=\"user-select: text;\" \/><\/strong>MARIANA PUGA<strong style=\"user-select: text;\"><br style=\"user-select: text;\" \/><\/strong>Data da defesa: 30\/06\/2003<\/span><br style=\"user-select: text;\" \/><span style=\"color: #000000;\">Banca: Francisco Jose Calazans Falcon<\/span><br style=\"user-select: text;\" \/><span style=\"color: #000000;\">Joao Masao Kamita<\/span><br style=\"user-select: text;\" \/><span style=\"color: #000000;\">Rachel Coutinho Marques da Silva<\/span><br style=\"user-select: text;\" \/><span style=\"color: #000000;\">Roberto Lu\u00eds Torres Conduru<\/span><br style=\"user-select: text;\" \/><span style=\"color: #000000;\">Roberto Segre<\/span><br style=\"user-select: text;\" \/><span style=\"color: #000000;\">Antonio Edmilson Martins Rodrigues (presidente e orientador)<\/span><br style=\"user-select: text;\" \/><span style=\"color: #000000;\">Tese em PDF\u00a0\u00a0<span style=\"color: #0000ff;\"><a style=\"color: #0000ff;\" href=\"http:\/\/www2.dbd.puc-rio.br\/pergamum\/biblioteca\/php\/mostrateses.php?open=1&amp;arqtese=9824919_03_Indice.html\">aqui<\/a><\/span><\/span><\/td>\n<\/tr>\n<\/tbody>\n<\/table>\n<table style=\"user-select: text;\" width=\"625\">\n<tbody style=\"user-select: text;\">\n<tr style=\"user-select: text;\">\n<td style=\"user-select: text;\" width=\"791\"><span style=\"color: #000000;\"><strong style=\"user-select: text;\">O sabor moderno: da Europa ao Rio de Janeiro na Rep\u00fablica Velha<\/strong><strong style=\"user-select: text;\"><br style=\"user-select: text;\" \/><\/strong>ENRIQUE RA\u00daL RENTER\u00cdA GUERRERO<strong style=\"user-select: text;\"><br style=\"user-select: text;\" \/><\/strong>Data da defesa: 29\/04\/2003<\/span><br style=\"user-select: text;\" \/><span style=\"color: #000000;\">Banca: Ulpiano Toledo Bezerra de Meneses<\/span><br style=\"user-select: text;\" \/><span style=\"color: #000000;\">Carlos Alvarez Maia<\/span><br style=\"user-select: text;\" \/><span style=\"color: #000000;\">Francisco Jose Calazans Falcon<\/span><br style=\"user-select: text;\" \/><span style=\"color: #000000;\">Jose Carlos Souza Rodrigues<\/span><br style=\"user-select: text;\" \/><span style=\"color: #000000;\">Anamaria de Moraes<\/span><br style=\"user-select: text;\" \/><span style=\"color: #000000;\">Antonio Edmilson Martins Rodrigues (presidente e orientador)<\/span><br style=\"user-select: text;\" \/><span style=\"color: #000000;\">Tese em PDF\u00a0\u00a0<span style=\"color: #0000ff;\"><a style=\"color: #0000ff;\" href=\"http:\/\/www2.dbd.puc-rio.br\/pergamum\/biblioteca\/php\/mostrateses.php?open=1&amp;arqtese=9815227_03_Indice.html\">aqui<\/a><\/span><\/span><\/td>\n<\/tr>\n<\/tbody>\n<\/table>\n<table style=\"user-select: text;\" width=\"625\">\n<tbody style=\"user-select: text;\">\n<tr style=\"user-select: text;\">\n<td style=\"user-select: text;\" width=\"791\"><span style=\"color: #000000;\"><strong style=\"user-select: text;\">A experi\u00eancia do tempo: modernidade e historiciza\u00e7\u00e3o no Imp\u00e9rio do Brasil (1813-1845)<\/strong><strong style=\"user-select: text;\"><br style=\"user-select: text;\" \/><\/strong>VALDEI LOPES DE ARAUJO<strong style=\"user-select: text;\"><br style=\"user-select: text;\" \/><\/strong>Data da defesa: 10\/04\/2003<\/span><br style=\"user-select: text;\" \/><span style=\"color: #000000;\">Banca: Lucia Maria Paschoal Guimar\u00e3es<\/span><br style=\"user-select: text;\" \/><span style=\"color: #000000;\">Ilmar Rohloff de Mattos<\/span><br style=\"user-select: text;\" \/><span style=\"color: #000000;\">Ricardo Augusto Benzaquen de Araujo<\/span><br style=\"user-select: text;\" \/><span style=\"color: #000000;\">Roberto Ac\u00edzelo Quelha de Souza<\/span><br style=\"user-select: text;\" \/><span style=\"color: #000000;\">Luiz de Fran\u00e7a Costa Lima Filho (presidente e orientador)<\/span><br style=\"user-select: text;\" \/><span style=\"color: #000000;\">Tese em PDF\u00a0\u00a0<span style=\"color: #0000ff;\"><a style=\"color: #0000ff;\" href=\"https:\/\/www.maxwell.vrac.puc-rio.br\/colecao.php?strSecao=resultado&amp;nrSeq=4293@1%20http:\/\/www.maxwell.lambda.ele.puc-rio.br\/Busca_etds.php?strSecao=resultado&amp;nrSeq=4293@2\">aqui<\/a><\/span><\/span><\/td>\n<\/tr>\n<\/tbody>\n<\/table>\n<table style=\"user-select: text;\" width=\"625\">\n<tbody style=\"user-select: text;\">\n<tr style=\"user-select: text;\">\n<td style=\"user-select: text;\" width=\"791\"><span style=\"color: #000000;\"><strong style=\"user-select: text;\">Da Monarquia \u00e0 Rep\u00fablica: um Estudo dos Conceitos de Civiliza\u00e7\u00e3o e Progresso na Cidade do Rio de Janeiro entre 1868 e 1906<\/strong><strong style=\"user-select: text;\"><br style=\"user-select: text;\" \/><\/strong>ANDRE NUNES DE AZEVEDO<strong style=\"user-select: text;\"><br style=\"user-select: text;\" \/><\/strong>Data da defesa: 03\/04\/2003<\/span><br style=\"user-select: text;\" \/><span style=\"color: #000000;\">Banca: L\u00facia Maria Bastos Pereira das Neves<\/span><br style=\"user-select: text;\" \/><span style=\"color: #000000;\">Lucia Maria Paschoal Guimar\u00e3es<\/span><br style=\"user-select: text;\" \/><span style=\"color: #000000;\">Francisco Jose Calazans Falcon<\/span><br style=\"user-select: text;\" \/><span style=\"color: #000000;\">Ilmar Rohloff de Mattos<\/span><br style=\"user-select: text;\" \/><span style=\"color: #000000;\">Antonio Edmilson Martins Rodrigues (presidente e orientador)<\/span><br style=\"user-select: text;\" \/><span style=\"color: #000000;\">Tese em PDF\u00a0\u00a0<span style=\"color: #0000ff;\"><a style=\"color: #0000ff;\" href=\"https:\/\/www.maxwell.vrac.puc-rio.br\/colecao.php?strSecao=resultado&amp;nrSeq=4276@1%20http:\/\/www.maxwell.lambda.ele.puc-rio.br\/Busca_etds.php?strSecao=resultado&amp;nrSeq=4276@2\">aqui<\/a><\/span><\/span><\/td>\n<\/tr>\n<\/tbody>\n<\/table>\n<table style=\"user-select: text;\" width=\"625\">\n<tbody style=\"user-select: text;\">\n<tr style=\"user-select: text;\">\n<td style=\"user-select: text;\" width=\"791\"><span style=\"color: #000000;\"><strong style=\"user-select: text;\">Corpos de Aus\u00eancias: Berlim e os monumentos a Auschwitz<\/strong><strong style=\"user-select: text;\"><br style=\"user-select: text;\" \/><\/strong>LEILA MARIA BRASIL DANZIGER<strong style=\"user-select: text;\"><br style=\"user-select: text;\" \/><\/strong>Data da defesa: 28\/03\/2003<\/span><br style=\"user-select: text;\" \/><span style=\"color: #000000;\">Banca: Ronaldo Brito Fernandes<\/span><br style=\"user-select: text;\" \/><span style=\"color: #000000;\">Marcio Orlando Seligmann-Silva<\/span><br style=\"user-select: text;\" \/><span style=\"color: #000000;\">Vera L\u00facia de Oliveira Lins<\/span><br style=\"user-select: text;\" \/><span style=\"color: #000000;\">Sheila Cabo Geraldo<\/span><br style=\"user-select: text;\" \/><span style=\"color: #000000;\">Zelia Milanez de Lossio e Seiblitz<\/span><br style=\"user-select: text;\" \/><span style=\"color: #000000;\">Luiz de Fran\u00e7a Costa Lima Filho (Orientador e Presidente)<\/span><br style=\"user-select: text;\" \/><span style=\"color: #000000;\">Tese em PDF\u00a0\u00a0<a style=\"color: #000000;\" href=\"http:\/\/www2.dbd.puc-rio.br\/pergamum\/biblioteca\/php\/mostrateses.php?open=1&amp;arqtese=9815228_03_Indice.html\">aqui<\/a><\/span><\/td>\n<\/tr>\n<\/tbody>\n<\/table>\n<h3 style=\"user-select: text;\"><\/h3>\n<h3 style=\"user-select: text;\"><span style=\"color: #000000;\"><u style=\"user-select: text;\">Doutorado 2002<\/u><\/span><\/h3>\n<table style=\"user-select: text;\" width=\"625\">\n<tbody style=\"user-select: text;\">\n<tr style=\"user-select: text;\">\n<td style=\"user-select: text;\" width=\"791\"><span style=\"color: #000000;\"><strong style=\"user-select: text;\">Descobrimentos de Capistrano. A Hist\u00f3ria do Brasil\u00a0\u201ca grandes tra\u00e7os e largas malhas<\/strong><strong style=\"user-select: text;\"><br style=\"user-select: text;\" \/><\/strong>DANIEL MESQUITA PEREIRA<strong style=\"user-select: text;\"><br style=\"user-select: text;\" \/><\/strong>Data da defesa: 10\/12\/2002<\/span><br style=\"user-select: text;\" \/><span style=\"color: #000000;\">Banca: Manoel Luiz Lima Salgado Guimar\u00e3es<\/span><br style=\"user-select: text;\" \/><span style=\"color: #000000;\">Francisco Jose Calazans Falcon<\/span><br style=\"user-select: text;\" \/><span style=\"color: #000000;\">Angela Maria de Castro Gomes<\/span><br style=\"user-select: text;\" \/><span style=\"color: #000000;\">Ricardo Henrique Salles<\/span><br style=\"user-select: text;\" \/><span style=\"color: #000000;\">Ilmar Rohloff de Mattos (presidente e orientador)<\/span><br style=\"user-select: text;\" \/><span style=\"color: #000000;\">Tese em PDF\u00a0\u00a0<span style=\"color: #0000ff;\"><a style=\"color: #0000ff;\" href=\"http:\/\/www2.dbd.puc-rio.br\/pergamum\/biblioteca\/php\/mostrateses.php?open=1&amp;arqtese=9824918_02_Indice.html\">aqui<\/a><\/span><\/span><\/td>\n<\/tr>\n<\/tbody>\n<\/table>\n<table style=\"user-select: text;\" width=\"625\">\n<tbody style=\"user-select: text;\">\n<tr style=\"user-select: text;\">\n<td style=\"user-select: text;\" width=\"791\"><span style=\"color: #000000;\"><strong style=\"user-select: text;\">UM ITINER\u00c1RIO NO S\u00c9CULO: Mudan\u00e7a, Disciplina e A\u00e7\u00e3o em Alceu Amoroso Lima<\/strong><strong style=\"user-select: text;\"><br style=\"user-select: text;\" \/><\/strong>MARCELO DA SILVA TIMOTHEO DA COSTA<strong style=\"user-select: text;\"><br style=\"user-select: text;\" \/><\/strong>Data da defesa: 11\/12\/2002<\/span><br style=\"user-select: text;\" \/><span style=\"color: #000000;\">Banca: Berenice de Oliveira Cavalcante<\/span><br style=\"user-select: text;\" \/><span style=\"color: #000000;\">Luiz Alberto G\u00f3mez de Souza<\/span><br style=\"user-select: text;\" \/><span style=\"color: #000000;\">Margarida de Souza Neves<\/span><br style=\"user-select: text;\" \/><span style=\"color: #000000;\">Maria Clara Lucchetti Bingemer<\/span><br style=\"user-select: text;\" \/><span style=\"color: #000000;\">Maria Helena Rolim Capelato<\/span><br style=\"user-select: text;\" \/><span style=\"color: #000000;\">Ricardo Augusto Benzaquen de Araujo (presidente e orientador)<\/span><br style=\"user-select: text;\" \/><span style=\"color: #000000;\">Tese em PDF\u00a0\u00a0<span style=\"color: #0000ff;\"><a style=\"color: #0000ff;\" href=\"https:\/\/www.maxwell.vrac.puc-rio.br\/colecao.php?strSecao=resultado&amp;nrSeq=3773@1%20http:\/\/www.maxwell.lambda.ele.puc-rio.br\/Busca_etds.php?strSecao=resultado&amp;nrSeq=3773@2%20http:\/\/www.maxwell.lambda.ele.puc-rio.br\/Busca_etds.php?strSecao=resultado&amp;nrSeq=3773@3\">aqui<\/a><\/span><\/span><\/td>\n<\/tr>\n<\/tbody>\n<\/table>\n<table style=\"user-select: text;\" width=\"625\">\n<tbody style=\"user-select: text;\">\n<tr style=\"user-select: text;\">\n<td style=\"user-select: text;\" width=\"791\"><span style=\"color: #000000;\"><strong style=\"user-select: text;\">Sexo, crime e sindicato\u201d: sensacionalismo e populismo nos jornais\u00a0\u00daltima Hora, O Dia e Luta Democr\u00e1tica durante o segundo governo Vargas (1951-1954)<\/strong><strong style=\"user-select: text;\"><br style=\"user-select: text;\" \/><\/strong>CARLA VIEIRA DE SIQUEIRA<strong style=\"user-select: text;\"><br style=\"user-select: text;\" \/><\/strong>Data da defesa: 29\/11\/2002<\/span><br style=\"user-select: text;\" \/><span style=\"color: #000000;\">Banca: Angela Maria de Castro Gomes<\/span><br style=\"user-select: text;\" \/><span style=\"color: #000000;\">Maria Helena Rolim Capelato<\/span><br style=\"user-select: text;\" \/><span style=\"color: #000000;\">MARIALVA CARLOS BARBOSA<\/span><br style=\"user-select: text;\" \/><span style=\"color: #000000;\">Ilmar Rohloff de Mattos<\/span><br style=\"user-select: text;\" \/><span style=\"color: #000000;\">Marco Antonio Villela Pamplona (presidente e orientador)<\/span><br style=\"user-select: text;\" \/><span style=\"color: #000000;\">Tese em PDF\u00a0\u00a0<span style=\"color: #0000ff;\"><a style=\"color: #0000ff;\" href=\"https:\/\/www.maxwell.vrac.puc-rio.br\/colecao.php?strSecao=resultado&amp;nrSeq=8552@1%20http:\/\/www.maxwell.lambda.ele.puc-rio.br\/Busca_etds.php?strSecao=resultado&amp;nrSeq=8552@2\">aqui<\/a><\/span><\/span><\/td>\n<\/tr>\n<\/tbody>\n<\/table>\n<table style=\"user-select: text;\" width=\"625\">\n<tbody style=\"user-select: text;\">\n<tr style=\"user-select: text;\">\n<td style=\"user-select: text;\" width=\"791\"><span style=\"color: #000000;\"><strong style=\"user-select: text;\">A totalidade encantada. Natureza, ci\u00eancia e arte em Alexander von Humboldt<\/strong><strong style=\"user-select: text;\"><br style=\"user-select: text;\" \/><\/strong>LUCIA RICOTTA VILELA PINTO<strong style=\"user-select: text;\"><br style=\"user-select: text;\" \/><\/strong>Data da defesa: 18\/10\/2002<\/span><br style=\"user-select: text;\" \/><span style=\"color: #000000;\">Banca: Karl Erik Schollhammer<\/span><br style=\"user-select: text;\" \/><span style=\"color: #000000;\">Fernando Augusto da Rocha Rodrigues<\/span><br style=\"user-select: text;\" \/><span style=\"color: #000000;\">Maria Lucia Mello e Oliveira Cacciola<\/span><br style=\"user-select: text;\" \/><span style=\"color: #000000;\">Ronaldo Brito Fernandes<\/span><br style=\"user-select: text;\" \/><span style=\"color: #000000;\">Luiz de Fran\u00e7a Costa Lima Filho (presidente e orientador)<\/span><br style=\"user-select: text;\" \/><span style=\"color: #000000;\">Tese em PDF\u00a0\u00a0<span style=\"color: #0000ff;\"><a style=\"color: #0000ff;\" href=\"http:\/\/www2.dbd.puc-rio.br\/pergamum\/biblioteca\/php\/mostrateses.php?open=1&amp;arqtese=9815229_02_Indice.html\">aqui<\/a><\/span><\/span><\/td>\n<\/tr>\n<\/tbody>\n<\/table>\n<table style=\"user-select: text;\" width=\"625\">\n<tbody style=\"user-select: text;\">\n<tr style=\"user-select: text;\">\n<td style=\"user-select: text;\" width=\"791\"><span style=\"color: #000000;\"><strong style=\"user-select: text;\">A INSTRU\u00c7\u00c3O DO POVO COMO MISS\u00c3O: O ensino p\u00fablico prim\u00e1rio na cidade do Rio de Janeiro entre os anos de 1870 e 1922<\/strong><strong style=\"user-select: text;\"><br style=\"user-select: text;\" \/><\/strong>ANA ALICE FERREIRA<strong style=\"user-select: text;\"><br style=\"user-select: text;\" \/><\/strong>Data da defesa: 07\/03\/2002<\/span><br style=\"user-select: text;\" \/><span style=\"color: #000000;\">Banca:<\/span><br style=\"user-select: text;\" \/><span style=\"color: #000000;\">Tese em PDF\u00a0\u00a0<span style=\"color: #0000ff;\"><u style=\"user-select: text;\">aqui<\/u><\/span><\/span><\/td>\n<\/tr>\n<\/tbody>\n<\/table>\n<p><\/p>","protected":false},"excerpt":{"rendered":"<p>Doutorado 2025 Os ensaios escondidos na obra Respiraci\u00f3n artificial de Ricardo PigliaMATEUS CAVALCANTI MELOData da defesa: 16\/09\/2024Banca: Diego Antonio GaleanoSelma Alves PantojaRoberto Guedes FerreiraFl\u00e1via Maria de CarvalhoRegiane Augusto de Mattos (presidente e orientador)Tese em PDF\u00a0\u00a0aqui Intervalos cinzas: Oswaldo Goeldi e<a class=\"moretag\" href=\"https:\/\/www.his.puc-rio.br\/pb\/doutorado\/\">&#8230;<\/a><\/br><a href=\"https:\/\/www.his.puc-rio.br\/pb\/doutorado\/\" class=\"read-more\">Leia mais..  <span class=\"glyphicon glyphicon-chevron-right\" ><\/span><\/a><\/p>\n","protected":false},"author":1,"featured_media":0,"parent":0,"menu_order":0,"comment_status":"closed","ping_status":"closed","template":"","meta":{"footnotes":""},"yoast_head":"<!-- This site is optimized with the Yoast SEO plugin v23.5 - https:\/\/yoast.com\/wordpress\/plugins\/seo\/ -->\n<title>DOUTORADO - Departamento de Hist\u00f3ria da PUC-Rio<\/title>\n<meta name=\"robots\" content=\"index, follow, max-snippet:-1, max-image-preview:large, max-video-preview:-1\" \/>\n<link rel=\"canonical\" href=\"http:\/\/www.his.puc-rio.br\/pb\/doutorado\/\" \/>\n<meta property=\"og:locale\" content=\"pt_BR\" \/>\n<meta property=\"og:type\" content=\"article\" \/>\n<meta property=\"og:title\" content=\"DOUTORADO - Departamento de Hist\u00f3ria da PUC-Rio\" \/>\n<meta property=\"og:description\" content=\"Doutorado 2025 Os ensaios escondidos na obra Respiraci\u00f3n artificial de Ricardo PigliaMATEUS CAVALCANTI MELOData da defesa: 16\/09\/2024Banca: Diego Antonio GaleanoSelma Alves PantojaRoberto Guedes FerreiraFl\u00e1via Maria de CarvalhoRegiane Augusto de Mattos (presidente e orientador)Tese em PDF\u00a0\u00a0aqui Intervalos cinzas: Oswaldo Goeldi e...Leia mais..\" \/>\n<meta property=\"og:url\" content=\"http:\/\/www.his.puc-rio.br\/pb\/doutorado\/\" \/>\n<meta property=\"og:site_name\" content=\"Departamento de Hist\u00f3ria da PUC-Rio\" \/>\n<meta property=\"article:modified_time\" content=\"2025-08-05T11:58:33+00:00\" \/>\n<meta name=\"twitter:card\" content=\"summary_large_image\" \/>\n<meta name=\"twitter:label1\" content=\"Est. tempo de leitura\" \/>\n\t<meta name=\"twitter:data1\" content=\"45 minutos\" \/>\n<script type=\"application\/ld+json\" class=\"yoast-schema-graph\">{\"@context\":\"https:\/\/schema.org\",\"@graph\":[{\"@type\":\"WebPage\",\"@id\":\"http:\/\/www.his.puc-rio.br\/pb\/doutorado\/\",\"url\":\"http:\/\/www.his.puc-rio.br\/pb\/doutorado\/\",\"name\":\"DOUTORADO - Departamento de Hist\u00f3ria da PUC-Rio\",\"isPartOf\":{\"@id\":\"http:\/\/www.his.puc-rio.br\/pb\/#website\"},\"datePublished\":\"2022-07-04T13:43:22+00:00\",\"dateModified\":\"2025-08-05T11:58:33+00:00\",\"breadcrumb\":{\"@id\":\"http:\/\/www.his.puc-rio.br\/pb\/doutorado\/#breadcrumb\"},\"inLanguage\":\"pt-BR\",\"potentialAction\":[{\"@type\":\"ReadAction\",\"target\":[[\"http:\/\/www.his.puc-rio.br\/pb\/doutorado\/\"]]}]},{\"@type\":\"BreadcrumbList\",\"@id\":\"http:\/\/www.his.puc-rio.br\/pb\/doutorado\/#breadcrumb\",\"itemListElement\":[{\"@type\":\"ListItem\",\"position\":1,\"name\":\"In\u00edcio\",\"item\":\"http:\/\/www.his.puc-rio.br\/pb\/\"},{\"@type\":\"ListItem\",\"position\":2,\"name\":\"DOUTORADO\"}]},{\"@type\":\"WebSite\",\"@id\":\"http:\/\/www.his.puc-rio.br\/pb\/#website\",\"url\":\"http:\/\/www.his.puc-rio.br\/pb\/\",\"name\":\"Departamento de Hist\u00f3ria da PUC-Rio\",\"description\":\"Cursos de Gradua\u00e7\u00e3o, P\u00f3s-gradua\u00e7\u00e3o, Mestrado e Doutorado\",\"potentialAction\":[{\"@type\":\"SearchAction\",\"target\":{\"@type\":\"EntryPoint\",\"urlTemplate\":\"http:\/\/www.his.puc-rio.br\/pb\/?s={search_term_string}\"},\"query-input\":{\"@type\":\"PropertyValueSpecification\",\"valueRequired\":true,\"valueName\":\"search_term_string\"}}],\"inLanguage\":\"pt-BR\"}]}<\/script>\n<!-- \/ Yoast SEO plugin. -->","yoast_head_json":{"title":"DOUTORADO - Departamento de Hist\u00f3ria da PUC-Rio","robots":{"index":"index","follow":"follow","max-snippet":"max-snippet:-1","max-image-preview":"max-image-preview:large","max-video-preview":"max-video-preview:-1"},"canonical":"http:\/\/www.his.puc-rio.br\/pb\/doutorado\/","og_locale":"pt_BR","og_type":"article","og_title":"DOUTORADO - Departamento de Hist\u00f3ria da PUC-Rio","og_description":"Doutorado 2025 Os ensaios escondidos na obra Respiraci\u00f3n artificial de Ricardo PigliaMATEUS CAVALCANTI MELOData da defesa: 16\/09\/2024Banca: Diego Antonio GaleanoSelma Alves PantojaRoberto Guedes FerreiraFl\u00e1via Maria de CarvalhoRegiane Augusto de Mattos (presidente e orientador)Tese em PDF\u00a0\u00a0aqui Intervalos cinzas: Oswaldo Goeldi e...Leia mais..","og_url":"http:\/\/www.his.puc-rio.br\/pb\/doutorado\/","og_site_name":"Departamento de Hist\u00f3ria da PUC-Rio","article_modified_time":"2025-08-05T11:58:33+00:00","twitter_card":"summary_large_image","twitter_misc":{"Est. tempo de leitura":"45 minutos"},"schema":{"@context":"https:\/\/schema.org","@graph":[{"@type":"WebPage","@id":"http:\/\/www.his.puc-rio.br\/pb\/doutorado\/","url":"http:\/\/www.his.puc-rio.br\/pb\/doutorado\/","name":"DOUTORADO - Departamento de Hist\u00f3ria da PUC-Rio","isPartOf":{"@id":"http:\/\/www.his.puc-rio.br\/pb\/#website"},"datePublished":"2022-07-04T13:43:22+00:00","dateModified":"2025-08-05T11:58:33+00:00","breadcrumb":{"@id":"http:\/\/www.his.puc-rio.br\/pb\/doutorado\/#breadcrumb"},"inLanguage":"pt-BR","potentialAction":[{"@type":"ReadAction","target":[["http:\/\/www.his.puc-rio.br\/pb\/doutorado\/"]]}]},{"@type":"BreadcrumbList","@id":"http:\/\/www.his.puc-rio.br\/pb\/doutorado\/#breadcrumb","itemListElement":[{"@type":"ListItem","position":1,"name":"In\u00edcio","item":"http:\/\/www.his.puc-rio.br\/pb\/"},{"@type":"ListItem","position":2,"name":"DOUTORADO"}]},{"@type":"WebSite","@id":"http:\/\/www.his.puc-rio.br\/pb\/#website","url":"http:\/\/www.his.puc-rio.br\/pb\/","name":"Departamento de Hist\u00f3ria da PUC-Rio","description":"Cursos de Gradua\u00e7\u00e3o, P\u00f3s-gradua\u00e7\u00e3o, Mestrado e Doutorado","potentialAction":[{"@type":"SearchAction","target":{"@type":"EntryPoint","urlTemplate":"http:\/\/www.his.puc-rio.br\/pb\/?s={search_term_string}"},"query-input":{"@type":"PropertyValueSpecification","valueRequired":true,"valueName":"search_term_string"}}],"inLanguage":"pt-BR"}]}},"_links":{"self":[{"href":"https:\/\/www.his.puc-rio.br\/pb\/wp-json\/wp\/v2\/pages\/3629"}],"collection":[{"href":"https:\/\/www.his.puc-rio.br\/pb\/wp-json\/wp\/v2\/pages"}],"about":[{"href":"https:\/\/www.his.puc-rio.br\/pb\/wp-json\/wp\/v2\/types\/page"}],"author":[{"embeddable":true,"href":"https:\/\/www.his.puc-rio.br\/pb\/wp-json\/wp\/v2\/users\/1"}],"replies":[{"embeddable":true,"href":"https:\/\/www.his.puc-rio.br\/pb\/wp-json\/wp\/v2\/comments?post=3629"}],"version-history":[{"count":11,"href":"https:\/\/www.his.puc-rio.br\/pb\/wp-json\/wp\/v2\/pages\/3629\/revisions"}],"predecessor-version":[{"id":4982,"href":"https:\/\/www.his.puc-rio.br\/pb\/wp-json\/wp\/v2\/pages\/3629\/revisions\/4982"}],"wp:attachment":[{"href":"https:\/\/www.his.puc-rio.br\/pb\/wp-json\/wp\/v2\/media?parent=3629"}],"curies":[{"name":"wp","href":"https:\/\/api.w.org\/{rel}","templated":true}]}}