{"id":4656,"date":"2024-08-19T07:46:14","date_gmt":"2024-08-19T10:46:14","guid":{"rendered":"http:\/\/www.his.puc-rio.br\/pb\/?post_type=tribe_events&#038;p=4656"},"modified":"2024-08-26T09:32:11","modified_gmt":"2024-08-26T12:32:11","slug":"reuniao-da-linha-experiencias-e-conexoes-culturais-4","status":"publish","type":"tribe_events","link":"https:\/\/www.his.puc-rio.br\/pb\/event\/reuniao-da-linha-experiencias-e-conexoes-culturais-4\/","title":{"rendered":"Reuni\u00e3o da Linha Experi\u00eancias e Conex\u00f5es Culturais"},"content":{"rendered":"<p><span style=\"color: #000000;\">M\u00e1rcio Romerito Arcoverde<\/span><br \/>\n<span style=\"color: #000000;\">Uma f\u00e1brica belga na Zona da Mata canavieira: uma abordagem geracional do p\u00f3saboli\u00e7\u00e3o<\/span><br \/>\n<span style=\"color: #000000;\">\u00e0 desindustrializa\u00e7\u00e3o dos anos 1960.<\/span><\/p>\n<p><span style=\"color: #000000;\">\u2022 Kamilla Campos<\/span><br \/>\n<span style=\"color: #000000;\">&#8220;De escravizadas \u00e0 faveladas: Experi\u00eancias de mulheres negras e viol\u00eancia de g\u00eanero no<\/span><br \/>\n<span style=\"color: #000000;\">processo de ocupa\u00e7\u00e3o do Morro da Provid\u00eancia&#8221;.<\/span><\/p>","protected":false},"excerpt":{"rendered":"<p>M\u00e1rcio Romerito Arcoverde Uma f\u00e1brica belga na Zona da Mata canavieira: uma abordagem geracional do p\u00f3saboli\u00e7\u00e3o \u00e0 desindustrializa\u00e7\u00e3o dos anos 1960. \u2022 Kamilla Campos &#8220;De escravizadas \u00e0 faveladas: Experi\u00eancias de mulheres negras e viol\u00eancia de g\u00eanero no processo de ocupa\u00e7\u00e3o<a class=\"moretag\" href=\"https:\/\/www.his.puc-rio.br\/pb\/event\/reuniao-da-linha-experiencias-e-conexoes-culturais-4\/\">&#8230;<\/a><\/br><a href=\"https:\/\/www.his.puc-rio.br\/pb\/event\/reuniao-da-linha-experiencias-e-conexoes-culturais-4\/\" class=\"read-more\">Leia mais..  <span class=\"glyphicon glyphicon-chevron-right\" ><\/span><\/a><\/p>\n","protected":false},"author":1,"featured_media":0,"comment_status":"closed","ping_status":"closed","template":"","meta":{"_tribe_events_status":"","_tribe_events_status_reason":"","footnotes":""},"tags":[],"tribe_events_cat":[],"yoast_head":"<!-- This site is optimized with the Yoast SEO plugin v23.5 - https:\/\/yoast.com\/wordpress\/plugins\/seo\/ -->\n<title>Reuni\u00e3o da Linha Experi\u00eancias e Conex\u00f5es Culturais - Departamento de Hist\u00f3ria da PUC-Rio<\/title>\n<meta name=\"robots\" content=\"index, follow, max-snippet:-1, max-image-preview:large, max-video-preview:-1\" \/>\n<link rel=\"canonical\" href=\"http:\/\/www.his.puc-rio.br\/pb\/event\/reuniao-da-linha-experiencias-e-conexoes-culturais-4\/\" \/>\n<meta property=\"og:locale\" content=\"pt_BR\" \/>\n<meta property=\"og:type\" content=\"article\" \/>\n<meta property=\"og:title\" content=\"Reuni\u00e3o da Linha Experi\u00eancias e Conex\u00f5es Culturais - Departamento de Hist\u00f3ria da PUC-Rio\" \/>\n<meta property=\"og:description\" content=\"M\u00e1rcio Romerito Arcoverde Uma f\u00e1brica belga na Zona da Mata canavieira: uma abordagem geracional do p\u00f3saboli\u00e7\u00e3o \u00e0 desindustrializa\u00e7\u00e3o dos anos 1960. \u2022 Kamilla Campos &#8220;De escravizadas \u00e0 faveladas: Experi\u00eancias de mulheres negras e viol\u00eancia de g\u00eanero no processo de ocupa\u00e7\u00e3o...Leia mais..\" \/>\n<meta property=\"og:url\" content=\"http:\/\/www.his.puc-rio.br\/pb\/event\/reuniao-da-linha-experiencias-e-conexoes-culturais-4\/\" \/>\n<meta property=\"og:site_name\" content=\"Departamento de Hist\u00f3ria da PUC-Rio\" \/>\n<meta property=\"article:modified_time\" content=\"2024-08-26T12:32:11+00:00\" \/>\n<meta name=\"twitter:card\" content=\"summary_large_image\" \/>\n<script type=\"application\/ld+json\" class=\"yoast-schema-graph\">{\"@context\":\"https:\/\/schema.org\",\"@graph\":[{\"@type\":\"WebPage\",\"@id\":\"http:\/\/www.his.puc-rio.br\/pb\/event\/reuniao-da-linha-experiencias-e-conexoes-culturais-4\/\",\"url\":\"http:\/\/www.his.puc-rio.br\/pb\/event\/reuniao-da-linha-experiencias-e-conexoes-culturais-4\/\",\"name\":\"Reuni\u00e3o da Linha Experi\u00eancias e Conex\u00f5es Culturais - Departamento de Hist\u00f3ria da PUC-Rio\",\"isPartOf\":{\"@id\":\"http:\/\/www.his.puc-rio.br\/pb\/#website\"},\"datePublished\":\"2024-08-19T10:46:14+00:00\",\"dateModified\":\"2024-08-26T12:32:11+00:00\",\"breadcrumb\":{\"@id\":\"http:\/\/www.his.puc-rio.br\/pb\/event\/reuniao-da-linha-experiencias-e-conexoes-culturais-4\/#breadcrumb\"},\"inLanguage\":\"pt-BR\",\"potentialAction\":[{\"@type\":\"ReadAction\",\"target\":[[\"http:\/\/www.his.puc-rio.br\/pb\/event\/reuniao-da-linha-experiencias-e-conexoes-culturais-4\/\"]]}]},{\"@type\":\"BreadcrumbList\",\"@id\":\"http:\/\/www.his.puc-rio.br\/pb\/event\/reuniao-da-linha-experiencias-e-conexoes-culturais-4\/#breadcrumb\",\"itemListElement\":[{\"@type\":\"ListItem\",\"position\":1,\"name\":\"In\u00edcio\",\"item\":\"http:\/\/www.his.puc-rio.br\/pb\/\"},{\"@type\":\"ListItem\",\"position\":2,\"name\":\"Eventos\",\"item\":\"http:\/\/www.his.puc-rio.br\/pb\/http-www-his-puc-rio-br-calendario\/\"},{\"@type\":\"ListItem\",\"position\":3,\"name\":\"Reuni\u00e3o da Linha Experi\u00eancias e Conex\u00f5es Culturais\"}]},{\"@type\":\"WebSite\",\"@id\":\"http:\/\/www.his.puc-rio.br\/pb\/#website\",\"url\":\"http:\/\/www.his.puc-rio.br\/pb\/\",\"name\":\"Departamento de Hist\u00f3ria da PUC-Rio\",\"description\":\"Cursos de Gradua\u00e7\u00e3o, P\u00f3s-gradua\u00e7\u00e3o, Mestrado e Doutorado\",\"potentialAction\":[{\"@type\":\"SearchAction\",\"target\":{\"@type\":\"EntryPoint\",\"urlTemplate\":\"http:\/\/www.his.puc-rio.br\/pb\/?s={search_term_string}\"},\"query-input\":{\"@type\":\"PropertyValueSpecification\",\"valueRequired\":true,\"valueName\":\"search_term_string\"}}],\"inLanguage\":\"pt-BR\"}]}<\/script>\n<!-- \/ Yoast SEO plugin. -->","yoast_head_json":{"title":"Reuni\u00e3o da Linha Experi\u00eancias e Conex\u00f5es Culturais - Departamento de Hist\u00f3ria da PUC-Rio","robots":{"index":"index","follow":"follow","max-snippet":"max-snippet:-1","max-image-preview":"max-image-preview:large","max-video-preview":"max-video-preview:-1"},"canonical":"http:\/\/www.his.puc-rio.br\/pb\/event\/reuniao-da-linha-experiencias-e-conexoes-culturais-4\/","og_locale":"pt_BR","og_type":"article","og_title":"Reuni\u00e3o da Linha Experi\u00eancias e Conex\u00f5es Culturais - Departamento de Hist\u00f3ria da PUC-Rio","og_description":"M\u00e1rcio Romerito Arcoverde Uma f\u00e1brica belga na Zona da Mata canavieira: uma abordagem geracional do p\u00f3saboli\u00e7\u00e3o \u00e0 desindustrializa\u00e7\u00e3o dos anos 1960. \u2022 Kamilla Campos &#8220;De escravizadas \u00e0 faveladas: Experi\u00eancias de mulheres negras e viol\u00eancia de g\u00eanero no processo de ocupa\u00e7\u00e3o...Leia mais..","og_url":"http:\/\/www.his.puc-rio.br\/pb\/event\/reuniao-da-linha-experiencias-e-conexoes-culturais-4\/","og_site_name":"Departamento de Hist\u00f3ria da PUC-Rio","article_modified_time":"2024-08-26T12:32:11+00:00","twitter_card":"summary_large_image","schema":{"@context":"https:\/\/schema.org","@graph":[{"@type":"WebPage","@id":"http:\/\/www.his.puc-rio.br\/pb\/event\/reuniao-da-linha-experiencias-e-conexoes-culturais-4\/","url":"http:\/\/www.his.puc-rio.br\/pb\/event\/reuniao-da-linha-experiencias-e-conexoes-culturais-4\/","name":"Reuni\u00e3o da Linha Experi\u00eancias e Conex\u00f5es Culturais - Departamento de Hist\u00f3ria da PUC-Rio","isPartOf":{"@id":"http:\/\/www.his.puc-rio.br\/pb\/#website"},"datePublished":"2024-08-19T10:46:14+00:00","dateModified":"2024-08-26T12:32:11+00:00","breadcrumb":{"@id":"http:\/\/www.his.puc-rio.br\/pb\/event\/reuniao-da-linha-experiencias-e-conexoes-culturais-4\/#breadcrumb"},"inLanguage":"pt-BR","potentialAction":[{"@type":"ReadAction","target":[["http:\/\/www.his.puc-rio.br\/pb\/event\/reuniao-da-linha-experiencias-e-conexoes-culturais-4\/"]]}]},{"@type":"BreadcrumbList","@id":"http:\/\/www.his.puc-rio.br\/pb\/event\/reuniao-da-linha-experiencias-e-conexoes-culturais-4\/#breadcrumb","itemListElement":[{"@type":"ListItem","position":1,"name":"In\u00edcio","item":"http:\/\/www.his.puc-rio.br\/pb\/"},{"@type":"ListItem","position":2,"name":"Eventos","item":"http:\/\/www.his.puc-rio.br\/pb\/http-www-his-puc-rio-br-calendario\/"},{"@type":"ListItem","position":3,"name":"Reuni\u00e3o da Linha Experi\u00eancias e Conex\u00f5es Culturais"}]},{"@type":"WebSite","@id":"http:\/\/www.his.puc-rio.br\/pb\/#website","url":"http:\/\/www.his.puc-rio.br\/pb\/","name":"Departamento de Hist\u00f3ria da PUC-Rio","description":"Cursos de Gradua\u00e7\u00e3o, P\u00f3s-gradua\u00e7\u00e3o, Mestrado e Doutorado","potentialAction":[{"@type":"SearchAction","target":{"@type":"EntryPoint","urlTemplate":"http:\/\/www.his.puc-rio.br\/pb\/?s={search_term_string}"},"query-input":{"@type":"PropertyValueSpecification","valueRequired":true,"valueName":"search_term_string"}}],"inLanguage":"pt-BR"}]}},"_links":{"self":[{"href":"https:\/\/www.his.puc-rio.br\/pb\/wp-json\/wp\/v2\/tribe_events\/4656"}],"collection":[{"href":"https:\/\/www.his.puc-rio.br\/pb\/wp-json\/wp\/v2\/tribe_events"}],"about":[{"href":"https:\/\/www.his.puc-rio.br\/pb\/wp-json\/wp\/v2\/types\/tribe_events"}],"author":[{"embeddable":true,"href":"https:\/\/www.his.puc-rio.br\/pb\/wp-json\/wp\/v2\/users\/1"}],"replies":[{"embeddable":true,"href":"https:\/\/www.his.puc-rio.br\/pb\/wp-json\/wp\/v2\/comments?post=4656"}],"version-history":[{"count":2,"href":"https:\/\/www.his.puc-rio.br\/pb\/wp-json\/wp\/v2\/tribe_events\/4656\/revisions"}],"predecessor-version":[{"id":4673,"href":"https:\/\/www.his.puc-rio.br\/pb\/wp-json\/wp\/v2\/tribe_events\/4656\/revisions\/4673"}],"wp:attachment":[{"href":"https:\/\/www.his.puc-rio.br\/pb\/wp-json\/wp\/v2\/media?parent=4656"}],"wp:term":[{"taxonomy":"post_tag","embeddable":true,"href":"https:\/\/www.his.puc-rio.br\/pb\/wp-json\/wp\/v2\/tags?post=4656"},{"taxonomy":"tribe_events_cat","embeddable":true,"href":"https:\/\/www.his.puc-rio.br\/pb\/wp-json\/wp\/v2\/tribe_events_cat?post=4656"}],"curies":[{"name":"wp","href":"https:\/\/api.w.org\/{rel}","templated":true}]}}