{"id":4793,"date":"2025-03-10T14:50:16","date_gmt":"2025-03-10T17:50:16","guid":{"rendered":"http:\/\/www.his.puc-rio.br\/pb\/?post_type=tribe_events&#038;p=4793"},"modified":"2025-03-10T14:50:16","modified_gmt":"2025-03-10T17:50:16","slug":"historia-as-sextas-tomaz-de-tassis-as-relacoes-entre-estetica-historia-e-filosofia-na-obra-de-vilem-flusser","status":"publish","type":"tribe_events","link":"https:\/\/www.his.puc-rio.br\/pb\/event\/historia-as-sextas-tomaz-de-tassis-as-relacoes-entre-estetica-historia-e-filosofia-na-obra-de-vilem-flusser\/","title":{"rendered":"Hist\u00f3ria \u00e0s Sextas &#8211; Tomaz de Tassis: &#8220;As rela\u00e7\u00f5es entre Est\u00e9tica, Hist\u00f3ria e Filosofia na obra de Vil\u00e9m Flusser."},"content":{"rendered":"<p><\/p>\n<h5>Hist\u00f3ria \u00e0s Sextas e a P\u00f3s Gradua\u00e7\u00e3o de Hist\u00f3ria convida:<br \/>\nTomaz de Tassis, apresentar\u00e1 seu projeto de pesquisa &#8220;As rela\u00e7\u00f5es entre Est\u00e9tica, Hist\u00f3ria e Filosofia na obra de Vil\u00e9m Flusser.<\/h5>\n<h5>Dia 14\/03\/25, \u00e0s 11h na sala F502<\/h5>\n<p><\/p>","protected":false},"excerpt":{"rendered":"<p>Hist\u00f3ria \u00e0s Sextas e a P\u00f3s Gradua\u00e7\u00e3o de Hist\u00f3ria convida: Tomaz de Tassis, apresentar\u00e1 seu projeto de pesquisa &#8220;As rela\u00e7\u00f5es entre Est\u00e9tica, Hist\u00f3ria e Filosofia na obra de Vil\u00e9m Flusser. Dia 14\/03\/25, \u00e0s 11h na sala F502<\/p>\n","protected":false},"author":1,"featured_media":4790,"comment_status":"closed","ping_status":"closed","template":"","meta":{"_tribe_events_status":"","_tribe_events_status_reason":"","footnotes":""},"tags":[],"tribe_events_cat":[],"yoast_head":"<!-- This site is optimized with the Yoast SEO plugin v23.5 - https:\/\/yoast.com\/wordpress\/plugins\/seo\/ -->\n<title>Hist\u00f3ria \u00e0s Sextas - Tomaz de Tassis: &quot;As rela\u00e7\u00f5es entre Est\u00e9tica, Hist\u00f3ria e Filosofia na obra de Vil\u00e9m Flusser. - Departamento de Hist\u00f3ria da PUC-Rio<\/title>\n<meta name=\"robots\" content=\"index, follow, max-snippet:-1, max-image-preview:large, max-video-preview:-1\" \/>\n<link rel=\"canonical\" href=\"http:\/\/www.his.puc-rio.br\/pb\/event\/historia-as-sextas-tomaz-de-tassis-as-relacoes-entre-estetica-historia-e-filosofia-na-obra-de-vilem-flusser\/\" \/>\n<meta property=\"og:locale\" content=\"pt_BR\" \/>\n<meta property=\"og:type\" content=\"article\" \/>\n<meta property=\"og:title\" content=\"Hist\u00f3ria \u00e0s Sextas - Tomaz de Tassis: &quot;As rela\u00e7\u00f5es entre Est\u00e9tica, Hist\u00f3ria e Filosofia na obra de Vil\u00e9m Flusser. - Departamento de Hist\u00f3ria da PUC-Rio\" \/>\n<meta property=\"og:description\" content=\"Hist\u00f3ria \u00e0s Sextas e a P\u00f3s Gradua\u00e7\u00e3o de Hist\u00f3ria convida: Tomaz de Tassis, apresentar\u00e1 seu projeto de pesquisa &#8220;As rela\u00e7\u00f5es entre Est\u00e9tica, Hist\u00f3ria e Filosofia na obra de Vil\u00e9m Flusser. Dia 14\/03\/25, \u00e0s 11h na sala F502\" \/>\n<meta property=\"og:url\" content=\"http:\/\/www.his.puc-rio.br\/pb\/event\/historia-as-sextas-tomaz-de-tassis-as-relacoes-entre-estetica-historia-e-filosofia-na-obra-de-vilem-flusser\/\" \/>\n<meta property=\"og:site_name\" content=\"Departamento de Hist\u00f3ria da PUC-Rio\" \/>\n<meta property=\"og:image\" content=\"http:\/\/www.his.puc-rio.br\/wp-content\/uploads\/Cartaz-Professor-Henrique-2025-site.png\" \/>\n\t<meta property=\"og:image:width\" content=\"1836\" \/>\n\t<meta property=\"og:image:height\" content=\"1000\" \/>\n\t<meta property=\"og:image:type\" content=\"image\/png\" \/>\n<meta name=\"twitter:card\" content=\"summary_large_image\" \/>\n<meta name=\"twitter:label1\" content=\"Est. tempo de leitura\" \/>\n\t<meta name=\"twitter:data1\" content=\"1 minuto\" \/>\n<script type=\"application\/ld+json\" class=\"yoast-schema-graph\">{\"@context\":\"https:\/\/schema.org\",\"@graph\":[{\"@type\":\"WebPage\",\"@id\":\"http:\/\/www.his.puc-rio.br\/pb\/event\/historia-as-sextas-tomaz-de-tassis-as-relacoes-entre-estetica-historia-e-filosofia-na-obra-de-vilem-flusser\/\",\"url\":\"http:\/\/www.his.puc-rio.br\/pb\/event\/historia-as-sextas-tomaz-de-tassis-as-relacoes-entre-estetica-historia-e-filosofia-na-obra-de-vilem-flusser\/\",\"name\":\"Hist\u00f3ria \u00e0s Sextas - Tomaz de Tassis: \\\"As rela\u00e7\u00f5es entre Est\u00e9tica, Hist\u00f3ria e Filosofia na obra de Vil\u00e9m Flusser. - Departamento de Hist\u00f3ria da PUC-Rio\",\"isPartOf\":{\"@id\":\"http:\/\/www.his.puc-rio.br\/pb\/#website\"},\"primaryImageOfPage\":{\"@id\":\"http:\/\/www.his.puc-rio.br\/pb\/event\/historia-as-sextas-tomaz-de-tassis-as-relacoes-entre-estetica-historia-e-filosofia-na-obra-de-vilem-flusser\/#primaryimage\"},\"image\":{\"@id\":\"http:\/\/www.his.puc-rio.br\/pb\/event\/historia-as-sextas-tomaz-de-tassis-as-relacoes-entre-estetica-historia-e-filosofia-na-obra-de-vilem-flusser\/#primaryimage\"},\"thumbnailUrl\":\"https:\/\/www.his.puc-rio.br\/wp-content\/uploads\/Cartaz-Professor-Henrique-2025-site.png\",\"datePublished\":\"2025-03-10T17:50:16+00:00\",\"dateModified\":\"2025-03-10T17:50:16+00:00\",\"breadcrumb\":{\"@id\":\"http:\/\/www.his.puc-rio.br\/pb\/event\/historia-as-sextas-tomaz-de-tassis-as-relacoes-entre-estetica-historia-e-filosofia-na-obra-de-vilem-flusser\/#breadcrumb\"},\"inLanguage\":\"pt-BR\",\"potentialAction\":[{\"@type\":\"ReadAction\",\"target\":[[\"http:\/\/www.his.puc-rio.br\/pb\/event\/historia-as-sextas-tomaz-de-tassis-as-relacoes-entre-estetica-historia-e-filosofia-na-obra-de-vilem-flusser\/\"]]}]},{\"@type\":\"ImageObject\",\"inLanguage\":\"pt-BR\",\"@id\":\"http:\/\/www.his.puc-rio.br\/pb\/event\/historia-as-sextas-tomaz-de-tassis-as-relacoes-entre-estetica-historia-e-filosofia-na-obra-de-vilem-flusser\/#primaryimage\",\"url\":\"https:\/\/www.his.puc-rio.br\/wp-content\/uploads\/Cartaz-Professor-Henrique-2025-site.png\",\"contentUrl\":\"https:\/\/www.his.puc-rio.br\/wp-content\/uploads\/Cartaz-Professor-Henrique-2025-site.png\",\"width\":1836,\"height\":1000},{\"@type\":\"BreadcrumbList\",\"@id\":\"http:\/\/www.his.puc-rio.br\/pb\/event\/historia-as-sextas-tomaz-de-tassis-as-relacoes-entre-estetica-historia-e-filosofia-na-obra-de-vilem-flusser\/#breadcrumb\",\"itemListElement\":[{\"@type\":\"ListItem\",\"position\":1,\"name\":\"In\u00edcio\",\"item\":\"http:\/\/www.his.puc-rio.br\/pb\/\"},{\"@type\":\"ListItem\",\"position\":2,\"name\":\"Eventos\",\"item\":\"http:\/\/www.his.puc-rio.br\/pb\/http-www-his-puc-rio-br-calendario\/\"},{\"@type\":\"ListItem\",\"position\":3,\"name\":\"Hist\u00f3ria \u00e0s Sextas &#8211; Tomaz de Tassis: &#8220;As rela\u00e7\u00f5es entre Est\u00e9tica, Hist\u00f3ria e Filosofia na obra de Vil\u00e9m Flusser.\"}]},{\"@type\":\"WebSite\",\"@id\":\"http:\/\/www.his.puc-rio.br\/pb\/#website\",\"url\":\"http:\/\/www.his.puc-rio.br\/pb\/\",\"name\":\"Departamento de Hist\u00f3ria da PUC-Rio\",\"description\":\"Cursos de Gradua\u00e7\u00e3o, P\u00f3s-gradua\u00e7\u00e3o, Mestrado e Doutorado\",\"potentialAction\":[{\"@type\":\"SearchAction\",\"target\":{\"@type\":\"EntryPoint\",\"urlTemplate\":\"http:\/\/www.his.puc-rio.br\/pb\/?s={search_term_string}\"},\"query-input\":{\"@type\":\"PropertyValueSpecification\",\"valueRequired\":true,\"valueName\":\"search_term_string\"}}],\"inLanguage\":\"pt-BR\"}]}<\/script>\n<!-- \/ Yoast SEO plugin. -->","yoast_head_json":{"title":"Hist\u00f3ria \u00e0s Sextas - Tomaz de Tassis: \"As rela\u00e7\u00f5es entre Est\u00e9tica, Hist\u00f3ria e Filosofia na obra de Vil\u00e9m Flusser. - Departamento de Hist\u00f3ria da PUC-Rio","robots":{"index":"index","follow":"follow","max-snippet":"max-snippet:-1","max-image-preview":"max-image-preview:large","max-video-preview":"max-video-preview:-1"},"canonical":"http:\/\/www.his.puc-rio.br\/pb\/event\/historia-as-sextas-tomaz-de-tassis-as-relacoes-entre-estetica-historia-e-filosofia-na-obra-de-vilem-flusser\/","og_locale":"pt_BR","og_type":"article","og_title":"Hist\u00f3ria \u00e0s Sextas - Tomaz de Tassis: \"As rela\u00e7\u00f5es entre Est\u00e9tica, Hist\u00f3ria e Filosofia na obra de Vil\u00e9m Flusser. - Departamento de Hist\u00f3ria da PUC-Rio","og_description":"Hist\u00f3ria \u00e0s Sextas e a P\u00f3s Gradua\u00e7\u00e3o de Hist\u00f3ria convida: Tomaz de Tassis, apresentar\u00e1 seu projeto de pesquisa &#8220;As rela\u00e7\u00f5es entre Est\u00e9tica, Hist\u00f3ria e Filosofia na obra de Vil\u00e9m Flusser. Dia 14\/03\/25, \u00e0s 11h na sala F502","og_url":"http:\/\/www.his.puc-rio.br\/pb\/event\/historia-as-sextas-tomaz-de-tassis-as-relacoes-entre-estetica-historia-e-filosofia-na-obra-de-vilem-flusser\/","og_site_name":"Departamento de Hist\u00f3ria da PUC-Rio","og_image":[{"width":1836,"height":1000,"url":"http:\/\/www.his.puc-rio.br\/wp-content\/uploads\/Cartaz-Professor-Henrique-2025-site.png","type":"image\/png"}],"twitter_card":"summary_large_image","twitter_misc":{"Est. tempo de leitura":"1 minuto"},"schema":{"@context":"https:\/\/schema.org","@graph":[{"@type":"WebPage","@id":"http:\/\/www.his.puc-rio.br\/pb\/event\/historia-as-sextas-tomaz-de-tassis-as-relacoes-entre-estetica-historia-e-filosofia-na-obra-de-vilem-flusser\/","url":"http:\/\/www.his.puc-rio.br\/pb\/event\/historia-as-sextas-tomaz-de-tassis-as-relacoes-entre-estetica-historia-e-filosofia-na-obra-de-vilem-flusser\/","name":"Hist\u00f3ria \u00e0s Sextas - Tomaz de Tassis: \"As rela\u00e7\u00f5es entre Est\u00e9tica, Hist\u00f3ria e Filosofia na obra de Vil\u00e9m Flusser. - Departamento de Hist\u00f3ria da PUC-Rio","isPartOf":{"@id":"http:\/\/www.his.puc-rio.br\/pb\/#website"},"primaryImageOfPage":{"@id":"http:\/\/www.his.puc-rio.br\/pb\/event\/historia-as-sextas-tomaz-de-tassis-as-relacoes-entre-estetica-historia-e-filosofia-na-obra-de-vilem-flusser\/#primaryimage"},"image":{"@id":"http:\/\/www.his.puc-rio.br\/pb\/event\/historia-as-sextas-tomaz-de-tassis-as-relacoes-entre-estetica-historia-e-filosofia-na-obra-de-vilem-flusser\/#primaryimage"},"thumbnailUrl":"https:\/\/www.his.puc-rio.br\/wp-content\/uploads\/Cartaz-Professor-Henrique-2025-site.png","datePublished":"2025-03-10T17:50:16+00:00","dateModified":"2025-03-10T17:50:16+00:00","breadcrumb":{"@id":"http:\/\/www.his.puc-rio.br\/pb\/event\/historia-as-sextas-tomaz-de-tassis-as-relacoes-entre-estetica-historia-e-filosofia-na-obra-de-vilem-flusser\/#breadcrumb"},"inLanguage":"pt-BR","potentialAction":[{"@type":"ReadAction","target":[["http:\/\/www.his.puc-rio.br\/pb\/event\/historia-as-sextas-tomaz-de-tassis-as-relacoes-entre-estetica-historia-e-filosofia-na-obra-de-vilem-flusser\/"]]}]},{"@type":"ImageObject","inLanguage":"pt-BR","@id":"http:\/\/www.his.puc-rio.br\/pb\/event\/historia-as-sextas-tomaz-de-tassis-as-relacoes-entre-estetica-historia-e-filosofia-na-obra-de-vilem-flusser\/#primaryimage","url":"https:\/\/www.his.puc-rio.br\/wp-content\/uploads\/Cartaz-Professor-Henrique-2025-site.png","contentUrl":"https:\/\/www.his.puc-rio.br\/wp-content\/uploads\/Cartaz-Professor-Henrique-2025-site.png","width":1836,"height":1000},{"@type":"BreadcrumbList","@id":"http:\/\/www.his.puc-rio.br\/pb\/event\/historia-as-sextas-tomaz-de-tassis-as-relacoes-entre-estetica-historia-e-filosofia-na-obra-de-vilem-flusser\/#breadcrumb","itemListElement":[{"@type":"ListItem","position":1,"name":"In\u00edcio","item":"http:\/\/www.his.puc-rio.br\/pb\/"},{"@type":"ListItem","position":2,"name":"Eventos","item":"http:\/\/www.his.puc-rio.br\/pb\/http-www-his-puc-rio-br-calendario\/"},{"@type":"ListItem","position":3,"name":"Hist\u00f3ria \u00e0s Sextas &#8211; Tomaz de Tassis: &#8220;As rela\u00e7\u00f5es entre Est\u00e9tica, Hist\u00f3ria e Filosofia na obra de Vil\u00e9m Flusser."}]},{"@type":"WebSite","@id":"http:\/\/www.his.puc-rio.br\/pb\/#website","url":"http:\/\/www.his.puc-rio.br\/pb\/","name":"Departamento de Hist\u00f3ria da PUC-Rio","description":"Cursos de Gradua\u00e7\u00e3o, P\u00f3s-gradua\u00e7\u00e3o, Mestrado e Doutorado","potentialAction":[{"@type":"SearchAction","target":{"@type":"EntryPoint","urlTemplate":"http:\/\/www.his.puc-rio.br\/pb\/?s={search_term_string}"},"query-input":{"@type":"PropertyValueSpecification","valueRequired":true,"valueName":"search_term_string"}}],"inLanguage":"pt-BR"}]}},"_links":{"self":[{"href":"https:\/\/www.his.puc-rio.br\/pb\/wp-json\/wp\/v2\/tribe_events\/4793"}],"collection":[{"href":"https:\/\/www.his.puc-rio.br\/pb\/wp-json\/wp\/v2\/tribe_events"}],"about":[{"href":"https:\/\/www.his.puc-rio.br\/pb\/wp-json\/wp\/v2\/types\/tribe_events"}],"author":[{"embeddable":true,"href":"https:\/\/www.his.puc-rio.br\/pb\/wp-json\/wp\/v2\/users\/1"}],"replies":[{"embeddable":true,"href":"https:\/\/www.his.puc-rio.br\/pb\/wp-json\/wp\/v2\/comments?post=4793"}],"version-history":[{"count":1,"href":"https:\/\/www.his.puc-rio.br\/pb\/wp-json\/wp\/v2\/tribe_events\/4793\/revisions"}],"predecessor-version":[{"id":4794,"href":"https:\/\/www.his.puc-rio.br\/pb\/wp-json\/wp\/v2\/tribe_events\/4793\/revisions\/4794"}],"wp:featuredmedia":[{"embeddable":true,"href":"https:\/\/www.his.puc-rio.br\/pb\/wp-json\/wp\/v2\/media\/4790"}],"wp:attachment":[{"href":"https:\/\/www.his.puc-rio.br\/pb\/wp-json\/wp\/v2\/media?parent=4793"}],"wp:term":[{"taxonomy":"post_tag","embeddable":true,"href":"https:\/\/www.his.puc-rio.br\/pb\/wp-json\/wp\/v2\/tags?post=4793"},{"taxonomy":"tribe_events_cat","embeddable":true,"href":"https:\/\/www.his.puc-rio.br\/pb\/wp-json\/wp\/v2\/tribe_events_cat?post=4793"}],"curies":[{"name":"wp","href":"https:\/\/api.w.org\/{rel}","templated":true}]}}