{"id":5146,"date":"2025-11-04T14:49:17","date_gmt":"2025-11-04T17:49:17","guid":{"rendered":"http:\/\/www.his.puc-rio.br\/pb\/?post_type=tribe_events&#038;p=5146"},"modified":"2025-11-04T14:49:17","modified_gmt":"2025-11-04T17:49:17","slug":"lancamento-dos-livros-do-antonio-e-do-lucas-dialogos-nas-cortes-antigas-a-recepcao-maquiaveliana-da-historiografia-classica-e-uma-revolucao-em-tempo-inoportuno-figuracoes-do-tempo-historico","status":"publish","type":"tribe_events","link":"https:\/\/www.his.puc-rio.br\/pb\/event\/lancamento-dos-livros-do-antonio-e-do-lucas-dialogos-nas-cortes-antigas-a-recepcao-maquiaveliana-da-historiografia-classica-e-uma-revolucao-em-tempo-inoportuno-figuracoes-do-tempo-historico-nac\/","title":{"rendered":"Lan\u00e7amento dos livros do Antonio e do Lucas &#8211; &#8220;Di\u00e1logos nas cortes antigas: a recep\u00e7\u00e3o maquiaveliana da historiografia cl\u00e1ssica&#8221; e &#8220;Uma revolu\u00e7\u00e3o em tempo inoportuno: figura\u00e7\u00f5es do tempo hist\u00f3rico nacional na &#8220;Hist\u00f3ria da Revolu\u00e7\u00e3o de Pernambuco em 1817&#8221;, de Francisco Muniz Tavares&#8221;"},"content":{"rendered":"","protected":false},"excerpt":{"rendered":"","protected":false},"author":1,"featured_media":0,"comment_status":"closed","ping_status":"closed","template":"","meta":{"_tribe_events_status":"","_tribe_events_status_reason":"","footnotes":""},"tags":[],"tribe_events_cat":[],"yoast_head":"<!-- This site is optimized with the Yoast SEO plugin v23.5 - https:\/\/yoast.com\/wordpress\/plugins\/seo\/ -->\n<title>Lan\u00e7amento dos livros do Antonio e do Lucas - &quot;Di\u00e1logos nas cortes antigas: a recep\u00e7\u00e3o maquiaveliana da historiografia cl\u00e1ssica&quot; e &quot;Uma revolu\u00e7\u00e3o em tempo inoportuno: figura\u00e7\u00f5es do tempo hist\u00f3rico nacional na &quot;Hist\u00f3ria da Revolu\u00e7\u00e3o de Pernambuco em 1817&quot;, de Francisco Muniz Tavares&quot; - Departamento de Hist\u00f3ria da PUC-Rio<\/title>\n<meta name=\"robots\" content=\"index, follow, max-snippet:-1, max-image-preview:large, max-video-preview:-1\" \/>\n<link rel=\"canonical\" href=\"http:\/\/www.his.puc-rio.br\/pb\/event\/lancamento-dos-livros-do-antonio-e-do-lucas-dialogos-nas-cortes-antigas-a-recepcao-maquiaveliana-da-historiografia-classica-e-uma-revolucao-em-tempo-inoportuno-figuracoes-do-tempo-historico-nac\/\" \/>\n<meta property=\"og:locale\" content=\"pt_BR\" \/>\n<meta property=\"og:type\" content=\"article\" \/>\n<meta property=\"og:title\" content=\"Lan\u00e7amento dos livros do Antonio e do Lucas - &quot;Di\u00e1logos nas cortes antigas: a recep\u00e7\u00e3o maquiaveliana da historiografia cl\u00e1ssica&quot; e &quot;Uma revolu\u00e7\u00e3o em tempo inoportuno: figura\u00e7\u00f5es do tempo hist\u00f3rico nacional na &quot;Hist\u00f3ria da Revolu\u00e7\u00e3o de Pernambuco em 1817&quot;, de Francisco Muniz Tavares&quot; - Departamento de Hist\u00f3ria da PUC-Rio\" \/>\n<meta property=\"og:url\" content=\"http:\/\/www.his.puc-rio.br\/pb\/event\/lancamento-dos-livros-do-antonio-e-do-lucas-dialogos-nas-cortes-antigas-a-recepcao-maquiaveliana-da-historiografia-classica-e-uma-revolucao-em-tempo-inoportuno-figuracoes-do-tempo-historico-nac\/\" \/>\n<meta property=\"og:site_name\" content=\"Departamento de Hist\u00f3ria da PUC-Rio\" \/>\n<meta name=\"twitter:card\" content=\"summary_large_image\" \/>\n<script type=\"application\/ld+json\" class=\"yoast-schema-graph\">{\"@context\":\"https:\/\/schema.org\",\"@graph\":[{\"@type\":\"WebPage\",\"@id\":\"http:\/\/www.his.puc-rio.br\/pb\/event\/lancamento-dos-livros-do-antonio-e-do-lucas-dialogos-nas-cortes-antigas-a-recepcao-maquiaveliana-da-historiografia-classica-e-uma-revolucao-em-tempo-inoportuno-figuracoes-do-tempo-historico-nac\/\",\"url\":\"http:\/\/www.his.puc-rio.br\/pb\/event\/lancamento-dos-livros-do-antonio-e-do-lucas-dialogos-nas-cortes-antigas-a-recepcao-maquiaveliana-da-historiografia-classica-e-uma-revolucao-em-tempo-inoportuno-figuracoes-do-tempo-historico-nac\/\",\"name\":\"Lan\u00e7amento dos livros do Antonio e do Lucas - \\\"Di\u00e1logos nas cortes antigas: a recep\u00e7\u00e3o maquiaveliana da historiografia cl\u00e1ssica\\\" e \\\"Uma revolu\u00e7\u00e3o em tempo inoportuno: figura\u00e7\u00f5es do tempo hist\u00f3rico nacional na \\\"Hist\u00f3ria da Revolu\u00e7\u00e3o de Pernambuco em 1817\\\", de Francisco Muniz Tavares\\\" - Departamento de Hist\u00f3ria da PUC-Rio\",\"isPartOf\":{\"@id\":\"http:\/\/www.his.puc-rio.br\/pb\/#website\"},\"datePublished\":\"2025-11-04T17:49:17+00:00\",\"dateModified\":\"2025-11-04T17:49:17+00:00\",\"breadcrumb\":{\"@id\":\"http:\/\/www.his.puc-rio.br\/pb\/event\/lancamento-dos-livros-do-antonio-e-do-lucas-dialogos-nas-cortes-antigas-a-recepcao-maquiaveliana-da-historiografia-classica-e-uma-revolucao-em-tempo-inoportuno-figuracoes-do-tempo-historico-nac\/#breadcrumb\"},\"inLanguage\":\"pt-BR\",\"potentialAction\":[{\"@type\":\"ReadAction\",\"target\":[[\"http:\/\/www.his.puc-rio.br\/pb\/event\/lancamento-dos-livros-do-antonio-e-do-lucas-dialogos-nas-cortes-antigas-a-recepcao-maquiaveliana-da-historiografia-classica-e-uma-revolucao-em-tempo-inoportuno-figuracoes-do-tempo-historico-nac\/\"]]}]},{\"@type\":\"BreadcrumbList\",\"@id\":\"http:\/\/www.his.puc-rio.br\/pb\/event\/lancamento-dos-livros-do-antonio-e-do-lucas-dialogos-nas-cortes-antigas-a-recepcao-maquiaveliana-da-historiografia-classica-e-uma-revolucao-em-tempo-inoportuno-figuracoes-do-tempo-historico-nac\/#breadcrumb\",\"itemListElement\":[{\"@type\":\"ListItem\",\"position\":1,\"name\":\"In\u00edcio\",\"item\":\"http:\/\/www.his.puc-rio.br\/pb\/\"},{\"@type\":\"ListItem\",\"position\":2,\"name\":\"Eventos\",\"item\":\"http:\/\/www.his.puc-rio.br\/pb\/http-www-his-puc-rio-br-calendario\/\"},{\"@type\":\"ListItem\",\"position\":3,\"name\":\"Lan\u00e7amento dos livros do Antonio e do Lucas &#8211; &#8220;Di\u00e1logos nas cortes antigas: a recep\u00e7\u00e3o maquiaveliana da historiografia cl\u00e1ssica&#8221; e &#8220;Uma revolu\u00e7\u00e3o em tempo inoportuno: figura\u00e7\u00f5es do tempo hist\u00f3rico nacional na &#8220;Hist\u00f3ria da Revolu\u00e7\u00e3o de Pernambuco em 1817&#8243;, de Francisco Muniz Tavares&#8221;\"}]},{\"@type\":\"WebSite\",\"@id\":\"http:\/\/www.his.puc-rio.br\/pb\/#website\",\"url\":\"http:\/\/www.his.puc-rio.br\/pb\/\",\"name\":\"Departamento de Hist\u00f3ria da PUC-Rio\",\"description\":\"Cursos de Gradua\u00e7\u00e3o, P\u00f3s-gradua\u00e7\u00e3o, Mestrado e Doutorado\",\"potentialAction\":[{\"@type\":\"SearchAction\",\"target\":{\"@type\":\"EntryPoint\",\"urlTemplate\":\"http:\/\/www.his.puc-rio.br\/pb\/?s={search_term_string}\"},\"query-input\":{\"@type\":\"PropertyValueSpecification\",\"valueRequired\":true,\"valueName\":\"search_term_string\"}}],\"inLanguage\":\"pt-BR\"}]}<\/script>\n<!-- \/ Yoast SEO plugin. -->","yoast_head_json":{"title":"Lan\u00e7amento dos livros do Antonio e do Lucas - \"Di\u00e1logos nas cortes antigas: a recep\u00e7\u00e3o maquiaveliana da historiografia cl\u00e1ssica\" e \"Uma revolu\u00e7\u00e3o em tempo inoportuno: figura\u00e7\u00f5es do tempo hist\u00f3rico nacional na \"Hist\u00f3ria da Revolu\u00e7\u00e3o de Pernambuco em 1817\", de Francisco Muniz Tavares\" - Departamento de Hist\u00f3ria da PUC-Rio","robots":{"index":"index","follow":"follow","max-snippet":"max-snippet:-1","max-image-preview":"max-image-preview:large","max-video-preview":"max-video-preview:-1"},"canonical":"http:\/\/www.his.puc-rio.br\/pb\/event\/lancamento-dos-livros-do-antonio-e-do-lucas-dialogos-nas-cortes-antigas-a-recepcao-maquiaveliana-da-historiografia-classica-e-uma-revolucao-em-tempo-inoportuno-figuracoes-do-tempo-historico-nac\/","og_locale":"pt_BR","og_type":"article","og_title":"Lan\u00e7amento dos livros do Antonio e do Lucas - \"Di\u00e1logos nas cortes antigas: a recep\u00e7\u00e3o maquiaveliana da historiografia cl\u00e1ssica\" e \"Uma revolu\u00e7\u00e3o em tempo inoportuno: figura\u00e7\u00f5es do tempo hist\u00f3rico nacional na \"Hist\u00f3ria da Revolu\u00e7\u00e3o de Pernambuco em 1817\", de Francisco Muniz Tavares\" - Departamento de Hist\u00f3ria da PUC-Rio","og_url":"http:\/\/www.his.puc-rio.br\/pb\/event\/lancamento-dos-livros-do-antonio-e-do-lucas-dialogos-nas-cortes-antigas-a-recepcao-maquiaveliana-da-historiografia-classica-e-uma-revolucao-em-tempo-inoportuno-figuracoes-do-tempo-historico-nac\/","og_site_name":"Departamento de Hist\u00f3ria da PUC-Rio","twitter_card":"summary_large_image","schema":{"@context":"https:\/\/schema.org","@graph":[{"@type":"WebPage","@id":"http:\/\/www.his.puc-rio.br\/pb\/event\/lancamento-dos-livros-do-antonio-e-do-lucas-dialogos-nas-cortes-antigas-a-recepcao-maquiaveliana-da-historiografia-classica-e-uma-revolucao-em-tempo-inoportuno-figuracoes-do-tempo-historico-nac\/","url":"http:\/\/www.his.puc-rio.br\/pb\/event\/lancamento-dos-livros-do-antonio-e-do-lucas-dialogos-nas-cortes-antigas-a-recepcao-maquiaveliana-da-historiografia-classica-e-uma-revolucao-em-tempo-inoportuno-figuracoes-do-tempo-historico-nac\/","name":"Lan\u00e7amento dos livros do Antonio e do Lucas - \"Di\u00e1logos nas cortes antigas: a recep\u00e7\u00e3o maquiaveliana da historiografia cl\u00e1ssica\" e \"Uma revolu\u00e7\u00e3o em tempo inoportuno: figura\u00e7\u00f5es do tempo hist\u00f3rico nacional na \"Hist\u00f3ria da Revolu\u00e7\u00e3o de Pernambuco em 1817\", de Francisco Muniz Tavares\" - Departamento de Hist\u00f3ria da PUC-Rio","isPartOf":{"@id":"http:\/\/www.his.puc-rio.br\/pb\/#website"},"datePublished":"2025-11-04T17:49:17+00:00","dateModified":"2025-11-04T17:49:17+00:00","breadcrumb":{"@id":"http:\/\/www.his.puc-rio.br\/pb\/event\/lancamento-dos-livros-do-antonio-e-do-lucas-dialogos-nas-cortes-antigas-a-recepcao-maquiaveliana-da-historiografia-classica-e-uma-revolucao-em-tempo-inoportuno-figuracoes-do-tempo-historico-nac\/#breadcrumb"},"inLanguage":"pt-BR","potentialAction":[{"@type":"ReadAction","target":[["http:\/\/www.his.puc-rio.br\/pb\/event\/lancamento-dos-livros-do-antonio-e-do-lucas-dialogos-nas-cortes-antigas-a-recepcao-maquiaveliana-da-historiografia-classica-e-uma-revolucao-em-tempo-inoportuno-figuracoes-do-tempo-historico-nac\/"]]}]},{"@type":"BreadcrumbList","@id":"http:\/\/www.his.puc-rio.br\/pb\/event\/lancamento-dos-livros-do-antonio-e-do-lucas-dialogos-nas-cortes-antigas-a-recepcao-maquiaveliana-da-historiografia-classica-e-uma-revolucao-em-tempo-inoportuno-figuracoes-do-tempo-historico-nac\/#breadcrumb","itemListElement":[{"@type":"ListItem","position":1,"name":"In\u00edcio","item":"http:\/\/www.his.puc-rio.br\/pb\/"},{"@type":"ListItem","position":2,"name":"Eventos","item":"http:\/\/www.his.puc-rio.br\/pb\/http-www-his-puc-rio-br-calendario\/"},{"@type":"ListItem","position":3,"name":"Lan\u00e7amento dos livros do Antonio e do Lucas &#8211; &#8220;Di\u00e1logos nas cortes antigas: a recep\u00e7\u00e3o maquiaveliana da historiografia cl\u00e1ssica&#8221; e &#8220;Uma revolu\u00e7\u00e3o em tempo inoportuno: figura\u00e7\u00f5es do tempo hist\u00f3rico nacional na &#8220;Hist\u00f3ria da Revolu\u00e7\u00e3o de Pernambuco em 1817&#8243;, de Francisco Muniz Tavares&#8221;"}]},{"@type":"WebSite","@id":"http:\/\/www.his.puc-rio.br\/pb\/#website","url":"http:\/\/www.his.puc-rio.br\/pb\/","name":"Departamento de Hist\u00f3ria da PUC-Rio","description":"Cursos de Gradua\u00e7\u00e3o, P\u00f3s-gradua\u00e7\u00e3o, Mestrado e Doutorado","potentialAction":[{"@type":"SearchAction","target":{"@type":"EntryPoint","urlTemplate":"http:\/\/www.his.puc-rio.br\/pb\/?s={search_term_string}"},"query-input":{"@type":"PropertyValueSpecification","valueRequired":true,"valueName":"search_term_string"}}],"inLanguage":"pt-BR"}]}},"_links":{"self":[{"href":"https:\/\/www.his.puc-rio.br\/pb\/wp-json\/wp\/v2\/tribe_events\/5146"}],"collection":[{"href":"https:\/\/www.his.puc-rio.br\/pb\/wp-json\/wp\/v2\/tribe_events"}],"about":[{"href":"https:\/\/www.his.puc-rio.br\/pb\/wp-json\/wp\/v2\/types\/tribe_events"}],"author":[{"embeddable":true,"href":"https:\/\/www.his.puc-rio.br\/pb\/wp-json\/wp\/v2\/users\/1"}],"replies":[{"embeddable":true,"href":"https:\/\/www.his.puc-rio.br\/pb\/wp-json\/wp\/v2\/comments?post=5146"}],"version-history":[{"count":1,"href":"https:\/\/www.his.puc-rio.br\/pb\/wp-json\/wp\/v2\/tribe_events\/5146\/revisions"}],"predecessor-version":[{"id":5147,"href":"https:\/\/www.his.puc-rio.br\/pb\/wp-json\/wp\/v2\/tribe_events\/5146\/revisions\/5147"}],"wp:attachment":[{"href":"https:\/\/www.his.puc-rio.br\/pb\/wp-json\/wp\/v2\/media?parent=5146"}],"wp:term":[{"taxonomy":"post_tag","embeddable":true,"href":"https:\/\/www.his.puc-rio.br\/pb\/wp-json\/wp\/v2\/tags?post=5146"},{"taxonomy":"tribe_events_cat","embeddable":true,"href":"https:\/\/www.his.puc-rio.br\/pb\/wp-json\/wp\/v2\/tribe_events_cat?post=5146"}],"curies":[{"name":"wp","href":"https:\/\/api.w.org\/{rel}","templated":true}]}}